{"id":43434,"date":"2025-11-11T14:06:18","date_gmt":"2025-11-11T13:06:18","guid":{"rendered":"https:\/\/www.yuveo.de\/pieghe\/trattamento-delle-rughe-con-il-laser-duesseldorf\/"},"modified":"2025-12-17T13:09:21","modified_gmt":"2025-12-17T12:09:21","slug":"trattamento-delle-rughe-con-il-laser-duesseldorf","status":"publish","type":"page","link":"https:\/\/www.yuveo.de\/it\/pieghe\/trattamento-delle-rughe-con-il-laser-duesseldorf\/","title":{"rendered":"Trattamento delle rughe con il laser D\u00fcsseldorf"},"content":{"rendered":"\t\t<div data-elementor-type=\"wp-page\" data-elementor-id=\"43434\" class=\"elementor elementor-43434 elementor-43040\" data-elementor-post-type=\"page\">\n\t\t\t\t\t\t<section class=\"elementor-section elementor-top-section elementor-element elementor-element-1b68fc21 elementor-section-boxed elementor-section-height-default elementor-section-height-default\" data-id=\"1b68fc21\" data-element_type=\"section\" data-e-type=\"section\">\n\t\t\t\t\t\t<div class=\"elementor-container elementor-column-gap-default\">\n\t\t\t\t\t<div class=\"elementor-column elementor-col-50 elementor-top-column elementor-element elementor-element-16a7299c\" data-id=\"16a7299c\" data-element_type=\"column\" data-e-type=\"column\">\n\t\t\t<div class=\"elementor-widget-wrap elementor-element-populated\">\n\t\t\t\t\t\t<div class=\"elementor-element elementor-element-73b38e7c elementor-widget elementor-widget-text-editor\" data-id=\"73b38e7c\" data-element_type=\"widget\" data-e-type=\"widget\" data-widget_type=\"text-editor.default\">\n\t\t\t\t<div class=\"elementor-widget-container\">\n\t\t\t\t\t\t\t\t\t<div class=\"elementor-element elementor-element-7b6ae9e9 elementor-widget elementor-widget-text-editor\" data-id=\"7b6ae9e9\" data-element_type=\"widget\" data-widget_type=\"text-editor.default\"><div class=\"elementor-widget-container\"><div class=\"elementor-text-editor elementor-clearfix\"><p>Il trattamento laser frazionato per il trattamento delle rughe e il ringiovanimento della pelle fa parte della gamma di trattamenti estetici e delicati della Clinica Yuveo.<\/p><p>Questa tecnologia laser ci permette di ridurre le rughe, migliorare la struttura della pelle e ottenere un effetto di ringiovanimento sulla pelle del viso, del collo e del d\u00e9collet\u00e9.<\/p><p>Viene utilizzato un laser CO\u2082 che genera microfasci sottili che trattano piccole aree della superficie cutanea, mentre la pelle circostante rimane illesa.<\/p><p>Questa tecnica laser ti offre risultati naturali, efficaci e duraturi per una pelle bellissima.<\/p><\/div><\/div><\/div>\t\t\t\t\t\t\t\t<\/div>\n\t\t\t\t<\/div>\n\t\t\t\t\t<\/div>\n\t\t<\/div>\n\t\t\t\t<div class=\"elementor-column elementor-col-50 elementor-top-column elementor-element elementor-element-1bb89804\" data-id=\"1bb89804\" data-element_type=\"column\" data-e-type=\"column\">\n\t\t\t<div class=\"elementor-widget-wrap elementor-element-populated\">\n\t\t\t\t\t\t<div class=\"elementor-element elementor-element-1b2512ff elementor-widget elementor-widget-table-of-contents\" data-id=\"1b2512ff\" data-element_type=\"widget\" data-e-type=\"widget\" data-settings=\"{&quot;exclude_headings_by_selector&quot;:[],&quot;headings_by_tags&quot;:[&quot;h1&quot;,&quot;h2&quot;],&quot;marker_view&quot;:&quot;bullets&quot;,&quot;no_headings_message&quot;:&quot;Es wurden keine \\u00dcberschriften auf dieser Seite gefunden.&quot;,&quot;icon&quot;:{&quot;value&quot;:&quot;fas fa-circle&quot;,&quot;library&quot;:&quot;fa-solid&quot;},&quot;min_height&quot;:{&quot;unit&quot;:&quot;px&quot;,&quot;size&quot;:&quot;&quot;,&quot;sizes&quot;:[]},&quot;min_height_tablet&quot;:{&quot;unit&quot;:&quot;px&quot;,&quot;size&quot;:&quot;&quot;,&quot;sizes&quot;:[]},&quot;min_height_mobile&quot;:{&quot;unit&quot;:&quot;px&quot;,&quot;size&quot;:&quot;&quot;,&quot;sizes&quot;:[]}}\" data-widget_type=\"table-of-contents.default\">\n\t\t\t\t<div class=\"elementor-widget-container\">\n\t\t\t\t\t\t\t\t\t<div class=\"elementor-toc__header\">\n\t\t\t\t\t\t<h4 class=\"elementor-toc__header-title\">\n\t\t\t\tContenuti\t\t\t<\/h4>\n\t\t\t\t\t\t\t\t<\/div>\n\t\t\t\t<div id=\"elementor-toc__1b2512ff\" class=\"elementor-toc__body\">\n\t\t\t<div class=\"elementor-toc__spinner-container\">\n\t\t\t\t<i class=\"elementor-toc__spinner eicon-animation-spin eicon-loading\" aria-hidden=\"true\"><\/i>\t\t\t<\/div>\n\t\t<\/div>\n\t\t\t\t\t\t<\/div>\n\t\t\t\t<\/div>\n\t\t\t\t\t<\/div>\n\t\t<\/div>\n\t\t\t\t\t<\/div>\n\t\t<\/section>\n\t\t\t\t<section class=\"elementor-section elementor-top-section elementor-element elementor-element-40e5f62b elementor-section-height-min-height hosec elementor-section-stretched elementor-section-boxed elementor-section-height-default elementor-section-items-middle\" data-id=\"40e5f62b\" data-element_type=\"section\" data-e-type=\"section\" data-settings=\"{&quot;background_background&quot;:&quot;classic&quot;,&quot;stretch_section&quot;:&quot;section-stretched&quot;}\">\n\t\t\t\t\t\t<div class=\"elementor-container elementor-column-gap-default\">\n\t\t\t\t\t<div class=\"elementor-column elementor-col-50 elementor-top-column elementor-element elementor-element-7ee12e39\" data-id=\"7ee12e39\" data-element_type=\"column\" data-e-type=\"column\">\n\t\t\t<div class=\"elementor-widget-wrap elementor-element-populated\">\n\t\t\t\t\t\t<div class=\"elementor-element elementor-element-21622c10 elementor-widget elementor-widget-heading\" data-id=\"21622c10\" data-element_type=\"widget\" data-e-type=\"widget\" data-widget_type=\"heading.default\">\n\t\t\t\t<div class=\"elementor-widget-container\">\n\t\t\t\t\t<p class=\"elementor-heading-title elementor-size-default\">Clinica Yuveo<\/p>\t\t\t\t<\/div>\n\t\t\t\t<\/div>\n\t\t\t\t<div class=\"elementor-element elementor-element-24a91db5 elementor-widget elementor-widget-heading\" data-id=\"24a91db5\" data-element_type=\"widget\" data-e-type=\"widget\" data-widget_type=\"heading.default\">\n\t\t\t\t<div class=\"elementor-widget-container\">\n\t\t\t\t\t<h2 class=\"elementor-heading-title elementor-size-default\">Caratteristiche speciali del trattamento delle rughe con il laser<\/h2>\t\t\t\t<\/div>\n\t\t\t\t<\/div>\n\t\t\t\t<div class=\"elementor-element elementor-element-459eab8d elementor-widget elementor-widget-text-editor\" data-id=\"459eab8d\" data-element_type=\"widget\" data-e-type=\"widget\" data-widget_type=\"text-editor.default\">\n\t\t\t\t<div class=\"elementor-widget-container\">\n\t\t\t\t\t\t\t\t\t<p>Attenuazione delle rughe, trattamento delle cicatrici, ringiovanimento della pelle: Grazie alla tecnologia laser all&#8217;avanguardia, otteniamo risultati meravigliosi senza ricorrere alla chirurgia.<\/p>\t\t\t\t\t\t\t\t<\/div>\n\t\t\t\t<\/div>\n\t\t\t\t<div class=\"elementor-element elementor-element-ad75d17 elementor-align-left elementor-tablet-align-left elementor-widget elementor-widget-button\" data-id=\"ad75d17\" data-element_type=\"widget\" data-e-type=\"widget\" data-widget_type=\"button.default\">\n\t\t\t\t<div class=\"elementor-widget-container\">\n\t\t\t\t\t\t\t\t\t<div class=\"elementor-button-wrapper\">\n\t\t\t\t\t<a class=\"elementor-button elementor-button-link elementor-size-md\" href=\"https:\/\/www.yuveo.de\/it\/fissa-un-appuntamento\/\">\n\t\t\t\t\t\t<span class=\"elementor-button-content-wrapper\">\n\t\t\t\t\t\t<span class=\"elementor-button-icon\">\n\t\t\t\t<i aria-hidden=\"true\" class=\"fas fa-long-arrow-alt-right\"><\/i>\t\t\t<\/span>\n\t\t\t\t\t\t\t\t\t<span class=\"elementor-button-text\">Fissa un appuntamento<\/span>\n\t\t\t\t\t<\/span>\n\t\t\t\t\t<\/a>\n\t\t\t\t<\/div>\n\t\t\t\t\t\t\t\t<\/div>\n\t\t\t\t<\/div>\n\t\t\t\t\t<\/div>\n\t\t<\/div>\n\t\t\t\t<div class=\"elementor-column elementor-col-50 elementor-top-column elementor-element elementor-element-7aa586d1\" data-id=\"7aa586d1\" data-element_type=\"column\" data-e-type=\"column\" data-settings=\"{&quot;motion_fx_motion_fx_scrolling&quot;:&quot;yes&quot;,&quot;motion_fx_translateY_effect&quot;:&quot;yes&quot;,&quot;motion_fx_translateY_speed&quot;:{&quot;unit&quot;:&quot;px&quot;,&quot;size&quot;:&quot;1&quot;,&quot;sizes&quot;:[]},&quot;motion_fx_translateY_affectedRange&quot;:{&quot;unit&quot;:&quot;%&quot;,&quot;size&quot;:&quot;&quot;,&quot;sizes&quot;:{&quot;start&quot;:&quot;0&quot;,&quot;end&quot;:&quot;50&quot;}},&quot;motion_fx_opacity_effect&quot;:&quot;yes&quot;,&quot;motion_fx_opacity_range&quot;:{&quot;unit&quot;:&quot;%&quot;,&quot;size&quot;:&quot;&quot;,&quot;sizes&quot;:{&quot;start&quot;:&quot;0&quot;,&quot;end&quot;:&quot;30&quot;}},&quot;motion_fx_devices&quot;:[&quot;desktop&quot;,&quot;tablet&quot;],&quot;motion_fx_opacity_direction&quot;:&quot;out-in&quot;,&quot;motion_fx_opacity_level&quot;:{&quot;unit&quot;:&quot;px&quot;,&quot;size&quot;:10,&quot;sizes&quot;:[]}}\">\n\t\t\t<div class=\"elementor-widget-wrap elementor-element-populated\">\n\t\t\t\t\t\t<section class=\"elementor-section elementor-inner-section elementor-element elementor-element-434afa85 elementor-section-boxed elementor-section-height-default elementor-section-height-default\" data-id=\"434afa85\" data-element_type=\"section\" data-e-type=\"section\">\n\t\t\t\t\t\t<div class=\"elementor-container elementor-column-gap-default\">\n\t\t\t\t\t<div class=\"elementor-column elementor-col-50 elementor-inner-column elementor-element elementor-element-247f999d\" data-id=\"247f999d\" data-element_type=\"column\" data-e-type=\"column\">\n\t\t\t<div class=\"elementor-widget-wrap elementor-element-populated\">\n\t\t\t\t\t\t<div class=\"elementor-element elementor-element-adf5122 elementor-cta--skin-cover elementor-cta--valign-middle elementor-widget elementor-widget-call-to-action\" data-id=\"adf5122\" data-element_type=\"widget\" data-e-type=\"widget\" data-widget_type=\"call-to-action.default\">\n\t\t\t\t<div class=\"elementor-widget-container\">\n\t\t\t\t\t\t\t<div class=\"elementor-cta\">\n\t\t\t\t\t<div class=\"elementor-cta__bg-wrapper\">\n\t\t\t\t<div class=\"elementor-cta__bg elementor-bg\" style=\"background-image: url();\" role=\"img\" aria-label=\"\"><\/div>\n\t\t\t\t<div class=\"elementor-cta__bg-overlay\"><\/div>\n\t\t\t<\/div>\n\t\t\t\t\t\t\t<div class=\"elementor-cta__content\">\n\t\t\t\t\n\t\t\t\t\t\t\t\t\t<h3 class=\"elementor-cta__title elementor-cta__content-item elementor-content-item\">\n\t\t\t\t\t\tAttenua le rughe\t\t\t\t\t<\/h3>\n\t\t\t\t\n\t\t\t\t\t\t\t\t\t<div class=\"elementor-cta__description elementor-cta__content-item elementor-content-item\">\n\t\t\t\t\t\tAree: occhi, viso, collo, d\u00e9collet\u00e9, effetto: riduzione delle rughe, nuova freschezza, ringiovanimento della pelle\t\t\t\t\t<\/div>\n\t\t\t\t\n\t\t\t\t\t\t\t<\/div>\n\t\t\t\t\t\t<\/div>\n\t\t\t\t\t\t<\/div>\n\t\t\t\t<\/div>\n\t\t\t\t\t<\/div>\n\t\t<\/div>\n\t\t\t\t<div class=\"elementor-column elementor-col-50 elementor-inner-column elementor-element elementor-element-22cb60cd\" data-id=\"22cb60cd\" data-element_type=\"column\" data-e-type=\"column\">\n\t\t\t<div class=\"elementor-widget-wrap elementor-element-populated\">\n\t\t\t\t\t\t<div class=\"elementor-element elementor-element-780376bc elementor-cta--skin-cover elementor-cta--valign-middle elementor-widget elementor-widget-call-to-action\" data-id=\"780376bc\" data-element_type=\"widget\" data-e-type=\"widget\" data-widget_type=\"call-to-action.default\">\n\t\t\t\t<div class=\"elementor-widget-container\">\n\t\t\t\t\t\t\t<div class=\"elementor-cta\">\n\t\t\t\t\t<div class=\"elementor-cta__bg-wrapper\">\n\t\t\t\t<div class=\"elementor-cta__bg elementor-bg\" style=\"background-image: url();\" role=\"img\" aria-label=\"\"><\/div>\n\t\t\t\t<div class=\"elementor-cta__bg-overlay\"><\/div>\n\t\t\t<\/div>\n\t\t\t\t\t\t\t<div class=\"elementor-cta__content\">\n\t\t\t\t\n\t\t\t\t\t\t\t\t\t<h3 class=\"elementor-cta__title elementor-cta__content-item elementor-content-item\">\n\t\t\t\t\t\tTrattamento delle cicatrici\t\t\t\t\t<\/h3>\n\t\t\t\t\n\t\t\t\t\t\t\t\t\t<div class=\"elementor-cta__description elementor-cta__content-item elementor-content-item\">\n\t\t\t\t\t\tIl laser consente di migliorare l'aspetto della pelle con cicatrici leggermente pronunciate e cicatrici da acne.\t\t\t\t\t<\/div>\n\t\t\t\t\n\t\t\t\t\t\t\t<\/div>\n\t\t\t\t\t\t<\/div>\n\t\t\t\t\t\t<\/div>\n\t\t\t\t<\/div>\n\t\t\t\t\t<\/div>\n\t\t<\/div>\n\t\t\t\t\t<\/div>\n\t\t<\/section>\n\t\t\t\t<section class=\"elementor-section elementor-inner-section elementor-element elementor-element-62469f0f elementor-section-boxed elementor-section-height-default elementor-section-height-default\" data-id=\"62469f0f\" data-element_type=\"section\" data-e-type=\"section\">\n\t\t\t\t\t\t<div class=\"elementor-container elementor-column-gap-default\">\n\t\t\t\t\t<div class=\"elementor-column elementor-col-50 elementor-inner-column elementor-element elementor-element-4a9d0833\" data-id=\"4a9d0833\" data-element_type=\"column\" data-e-type=\"column\">\n\t\t\t<div class=\"elementor-widget-wrap elementor-element-populated\">\n\t\t\t\t\t\t<div class=\"elementor-element elementor-element-4ebf386c elementor-cta--skin-cover elementor-cta--valign-middle elementor-widget elementor-widget-call-to-action\" data-id=\"4ebf386c\" data-element_type=\"widget\" data-e-type=\"widget\" data-widget_type=\"call-to-action.default\">\n\t\t\t\t<div class=\"elementor-widget-container\">\n\t\t\t\t\t\t\t<div class=\"elementor-cta\">\n\t\t\t\t\t<div class=\"elementor-cta__bg-wrapper\">\n\t\t\t\t<div class=\"elementor-cta__bg elementor-bg\" style=\"background-image: url();\" role=\"img\" aria-label=\"\"><\/div>\n\t\t\t\t<div class=\"elementor-cta__bg-overlay\"><\/div>\n\t\t\t<\/div>\n\t\t\t\t\t\t\t<div class=\"elementor-cta__content\">\n\t\t\t\t\n\t\t\t\t\t\t\t\t\t<h3 class=\"elementor-cta__title elementor-cta__content-item elementor-content-item\">\n\t\t\t\t\t\tRingiovanimento della pelle\t\t\t\t\t<\/h3>\n\t\t\t\t\n\t\t\t\t\t\t\t\t\t<div class=\"elementor-cta__description elementor-cta__content-item elementor-content-item\">\n\t\t\t\t\t\tLa formazione naturale di nuovo collagene ed elastina viene stimolata, ottenendo un significativo effetto tensore della pelle.\t\t\t\t\t<\/div>\n\t\t\t\t\n\t\t\t\t\t\t\t<\/div>\n\t\t\t\t\t\t<\/div>\n\t\t\t\t\t\t<\/div>\n\t\t\t\t<\/div>\n\t\t\t\t\t<\/div>\n\t\t<\/div>\n\t\t\t\t<div class=\"elementor-column elementor-col-50 elementor-inner-column elementor-element elementor-element-60a09e0d\" data-id=\"60a09e0d\" data-element_type=\"column\" data-e-type=\"column\">\n\t\t\t<div class=\"elementor-widget-wrap elementor-element-populated\">\n\t\t\t\t\t\t<div class=\"elementor-element elementor-element-6e9ce873 elementor-cta--skin-cover elementor-cta--valign-middle elementor-widget elementor-widget-call-to-action\" data-id=\"6e9ce873\" data-element_type=\"widget\" data-e-type=\"widget\" data-widget_type=\"call-to-action.default\">\n\t\t\t\t<div class=\"elementor-widget-container\">\n\t\t\t\t\t\t\t<a class=\"elementor-cta\" href=\"#\">\n\t\t\t\t\t<div class=\"elementor-cta__bg-wrapper\">\n\t\t\t\t<div class=\"elementor-cta__bg elementor-bg\" style=\"background-image: url();\" role=\"img\" aria-label=\"\"><\/div>\n\t\t\t\t<div class=\"elementor-cta__bg-overlay\"><\/div>\n\t\t\t<\/div>\n\t\t\t\t\t\t\t<div class=\"elementor-cta__content\">\n\t\t\t\t\n\t\t\t\t\t\t\t\t\t<h3 class=\"elementor-cta__title elementor-cta__content-item elementor-content-item\">\n\t\t\t\t\t\tVenezia Lifting\t\t\t\t\t<\/h3>\n\t\t\t\t\n\t\t\t\t\t\t\t\t\t<div class=\"elementor-cta__description elementor-cta__content-item elementor-content-item\">\n\t\t\t\t\t\tOpzione delicata: serraggio delle palpebre e della pelle con il laser CO2 soft lifting: minimamente invasivo, senza chirurgia, senza lunghi tempi di inattivit\u00e0!\t\t\t\t\t<\/div>\n\t\t\t\t\n\t\t\t\t\t\t\t<\/div>\n\t\t\t\t\t\t<\/a>\n\t\t\t\t\t\t<\/div>\n\t\t\t\t<\/div>\n\t\t\t\t\t<\/div>\n\t\t<\/div>\n\t\t\t\t\t<\/div>\n\t\t<\/section>\n\t\t\t\t\t<\/div>\n\t\t<\/div>\n\t\t\t\t\t<\/div>\n\t\t<\/section>\n\t\t\t\t<section class=\"elementor-section elementor-top-section elementor-element elementor-element-233e1974 elementor-section-boxed elementor-section-height-default elementor-section-height-default\" data-id=\"233e1974\" data-element_type=\"section\" data-e-type=\"section\">\n\t\t\t\t\t\t<div class=\"elementor-container elementor-column-gap-default\">\n\t\t\t\t\t<div class=\"elementor-column elementor-col-50 elementor-top-column elementor-element elementor-element-2cc1acc1\" data-id=\"2cc1acc1\" data-element_type=\"column\" data-e-type=\"column\">\n\t\t\t<div class=\"elementor-widget-wrap elementor-element-populated\">\n\t\t\t\t\t\t<div class=\"elementor-element elementor-element-21dccd06 elementor-widget elementor-widget-heading\" data-id=\"21dccd06\" data-element_type=\"widget\" data-e-type=\"widget\" data-widget_type=\"heading.default\">\n\t\t\t\t<div class=\"elementor-widget-container\">\n\t\t\t\t\t<h2 class=\"elementor-heading-title elementor-size-default\">Trattamento delle rughe con il laser<\/h2>\t\t\t\t<\/div>\n\t\t\t\t<\/div>\n\t\t\t\t<div class=\"elementor-element elementor-element-3f437040 elementor-widget elementor-widget-text-editor\" data-id=\"3f437040\" data-element_type=\"widget\" data-e-type=\"widget\" data-widget_type=\"text-editor.default\">\n\t\t\t\t<div class=\"elementor-widget-container\">\n\t\t\t\t\t\t\t\t\t<p>Utilizziamo il laser CO\u2082 frazionato per il lifting laser della pelle nelle seguenti aree: Occhi, viso, collo, d\u00e9collet\u00e9 e mani.<\/p><p>Il laser frazionale \u00e8 particolarmente delicato sulla pelle. Questo laser posiziona punti precisi tra i quali la pelle guarisce rapidamente. <\/p><p>L&#8217;<strong>obiettivo<\/strong> \u00e8 quello di ridurre o rimpicciolire il tessuto cutaneo in eccesso e ripristinare l&#8217;elasticit\u00e0 della pelle.<\/p><p><strong>Modalit\u00e0 laser ablativo:<\/strong> per ottenere un effetto particolarmente forte, possiamo utilizzare il laser frazionato in modalit\u00e0 ablativa. In questo caso, per\u00f2, \u00e8 necessario prevedere un tempo di inattivit\u00e0 leggermente pi\u00f9 lungo dopo il trattamento. <\/p><p><strong>Effetto:<\/strong> il laser applica delicatamente il calore in profondit\u00e0 nella pelle, stimolando la rigenerazione e il rimodellamento del collagene e dell&#8217;elastina della pelle stessa. Poich\u00e9 solo una parte della pelle viene laserata, le aree trattate guariscono rapidamente. <\/p><p><strong>Effetto:<\/strong> il lifting laser offre un effetto molto buono e duraturo, con intensit\u00e0 diverse a seconda delle preferenze personali. Il cambiamento apportato dalla procedura pu\u00f2 durare per molti anni. <\/p><p><strong>Effetti in dettaglio:<\/strong><\/p><ul><li>Rassodamento della pelle<\/li><li>Attenua le rughe, riduce le cicatrici e le macchie di pigmentazione<\/li><li>Ringiovanimento della pelle<\/li><\/ul>\t\t\t\t\t\t\t\t<\/div>\n\t\t\t\t<\/div>\n\t\t\t\t\t<\/div>\n\t\t<\/div>\n\t\t\t\t<div class=\"elementor-column elementor-col-50 elementor-top-column elementor-element elementor-element-27260153 parent-sticky\" data-id=\"27260153\" data-element_type=\"column\" data-e-type=\"column\">\n\t\t\t<div class=\"elementor-widget-wrap elementor-element-populated\">\n\t\t\t\t\t\t<div class=\"elementor-element elementor-element-6593f14a titlesticky  elementor-widget elementor-widget-image\" data-id=\"6593f14a\" data-element_type=\"widget\" data-e-type=\"widget\" data-widget_type=\"image.default\">\n\t\t\t\t<div class=\"elementor-widget-container\">\n\t\t\t\t\t\t\t\t\t\t\t\t<figure class=\"wp-caption\">\n\t\t\t\t\t\t\t\t\t\t<img fetchpriority=\"high\" decoding=\"async\" width=\"800\" height=\"534\" src=\"https:\/\/www.yuveo.de\/wp-content\/uploads\/2025\/12\/ME-Image-AdobeStock_450000054-1024x683.jpeg\" class=\"attachment-large size-large wp-image-43387\" alt=\"Mann, Gesicht, Aknenarben\" srcset=\"https:\/\/www.yuveo.de\/wp-content\/uploads\/2025\/12\/ME-Image-AdobeStock_450000054-1024x683.jpeg 1024w, https:\/\/www.yuveo.de\/wp-content\/uploads\/2025\/12\/ME-Image-AdobeStock_450000054-300x200.jpeg 300w, https:\/\/www.yuveo.de\/wp-content\/uploads\/2025\/12\/ME-Image-AdobeStock_450000054-768x512.jpeg 768w, https:\/\/www.yuveo.de\/wp-content\/uploads\/2025\/12\/ME-Image-AdobeStock_450000054-1536x1024.jpeg 1536w, https:\/\/www.yuveo.de\/wp-content\/uploads\/2025\/12\/ME-Image-AdobeStock_450000054-2048x1365.jpeg 2048w\" sizes=\"(max-width: 800px) 100vw, 800px\" \/>\t\t\t\t\t\t\t\t\t\t\t<figcaption class=\"widget-image-caption wp-caption-text\">Il laser CO2 \u00e8 molto indicato anche per il trattamento delle cicatrici da acne.<\/figcaption>\n\t\t\t\t\t\t\t\t\t\t<\/figure>\n\t\t\t\t\t\t\t\t\t<\/div>\n\t\t\t\t<\/div>\n\t\t\t\t\t<\/div>\n\t\t<\/div>\n\t\t\t\t\t<\/div>\n\t\t<\/section>\n\t\t\t\t<section class=\"elementor-section elementor-top-section elementor-element elementor-element-e88d372 elementor-section-boxed elementor-section-height-default elementor-section-height-default\" data-id=\"e88d372\" data-element_type=\"section\" data-e-type=\"section\">\n\t\t\t\t\t\t<div class=\"elementor-container elementor-column-gap-default\">\n\t\t\t\t\t<div class=\"elementor-column elementor-col-50 elementor-top-column elementor-element elementor-element-5822681\" data-id=\"5822681\" data-element_type=\"column\" data-e-type=\"column\">\n\t\t\t<div class=\"elementor-widget-wrap elementor-element-populated\">\n\t\t\t\t\t\t<div class=\"elementor-element elementor-element-db26943 elementor-widget elementor-widget-heading\" data-id=\"db26943\" data-element_type=\"widget\" data-e-type=\"widget\" data-widget_type=\"heading.default\">\n\t\t\t\t<div class=\"elementor-widget-container\">\n\t\t\t\t\t<h2 class=\"elementor-heading-title elementor-size-default\">Quale laser utilizziamo?<\/h2>\t\t\t\t<\/div>\n\t\t\t\t<\/div>\n\t\t\t\t<div class=\"elementor-element elementor-element-735e3c1 elementor-widget elementor-widget-text-editor\" data-id=\"735e3c1\" data-element_type=\"widget\" data-e-type=\"widget\" data-widget_type=\"text-editor.default\">\n\t\t\t\t<div class=\"elementor-widget-container\">\n\t\t\t\t\t\t\t\t\t<p>Il <strong>laser CO\u2082<\/strong> \u00e8 un laser frazionale e ablativo per il trattamento della pelle che contribuisce alla <strong>produzione di nuovo collagene<\/strong> e migliora l&#8217;aspetto della pelle.<\/p><p>Grazie ai brevi impulsi laser sulla pelle, siamo in grado di fornire un trattamento particolarmente delicato, che porta a una guarigione pi\u00f9 rapida delle aree cutanee trattate.<\/p><p>Utilizzando una sezione aggiuntiva della testa del dispositivo laser, possiamo anche eseguire un <strong>lifting veneziano<\/strong> meno invasivo. Durante questo trattamento si verifica solo un leggero arrossamento della pelle, che scompare dopo 2-5 giorni. <\/p><h3>Vantaggi del laser<\/h3><ul><li>Rinnovamento cutaneo preciso e controllato<\/li><li>Meno tempi morti grazie alla tecnologia frazionata<\/li><li>Effetti rassodanti di lunga durata grazie alla rigenerazione del collagene<\/li><li>Pelle visibilmente pi\u00f9 fresca, pi\u00f9 liscia e pi\u00f9 giovane<\/li><\/ul>\t\t\t\t\t\t\t\t<\/div>\n\t\t\t\t<\/div>\n\t\t\t\t\t<\/div>\n\t\t<\/div>\n\t\t\t\t<div class=\"elementor-column elementor-col-50 elementor-top-column elementor-element elementor-element-76e9714 parent-sticky\" data-id=\"76e9714\" data-element_type=\"column\" data-e-type=\"column\">\n\t\t\t<div class=\"elementor-widget-wrap elementor-element-populated\">\n\t\t\t\t\t\t<div class=\"elementor-element elementor-element-0659caa titlesticky  elementor-widget elementor-widget-image\" data-id=\"0659caa\" data-element_type=\"widget\" data-e-type=\"widget\" data-widget_type=\"image.default\">\n\t\t\t\t<div class=\"elementor-widget-container\">\n\t\t\t\t\t\t\t\t\t\t\t\t<figure class=\"wp-caption\">\n\t\t\t\t\t\t\t\t\t\t<img decoding=\"async\" width=\"800\" height=\"534\" src=\"https:\/\/www.yuveo.de\/wp-content\/uploads\/2025\/12\/DSC07857-2-1024x683.jpg\" class=\"attachment-large size-large wp-image-43396\" alt=\"Dr. Schumann-Averkiou behandlet Patientin mit fraktioniertem CO2 Laser\" srcset=\"https:\/\/www.yuveo.de\/wp-content\/uploads\/2025\/12\/DSC07857-2-1024x683.jpg 1024w, https:\/\/www.yuveo.de\/wp-content\/uploads\/2025\/12\/DSC07857-2-300x200.jpg 300w, https:\/\/www.yuveo.de\/wp-content\/uploads\/2025\/12\/DSC07857-2-768x512.jpg 768w, https:\/\/www.yuveo.de\/wp-content\/uploads\/2025\/12\/DSC07857-2-1536x1024.jpg 1536w, https:\/\/www.yuveo.de\/wp-content\/uploads\/2025\/12\/DSC07857-2-2048x1365.jpg 2048w\" sizes=\"(max-width: 800px) 100vw, 800px\" \/>\t\t\t\t\t\t\t\t\t\t\t<figcaption class=\"widget-image-caption wp-caption-text\">Trattamento laser di un paziente con il laser CO2 frazionale<\/figcaption>\n\t\t\t\t\t\t\t\t\t\t<\/figure>\n\t\t\t\t\t\t\t\t\t<\/div>\n\t\t\t\t<\/div>\n\t\t\t\t\t<\/div>\n\t\t<\/div>\n\t\t\t\t\t<\/div>\n\t\t<\/section>\n\t\t\t\t<section class=\"elementor-section elementor-top-section elementor-element elementor-element-c2da341 elementor-section-boxed elementor-section-height-default elementor-section-height-default\" data-id=\"c2da341\" data-element_type=\"section\" data-e-type=\"section\">\n\t\t\t\t\t\t<div class=\"elementor-container elementor-column-gap-default\">\n\t\t\t\t\t<div class=\"elementor-column elementor-col-50 elementor-top-column elementor-element elementor-element-142595d\" data-id=\"142595d\" data-element_type=\"column\" data-e-type=\"column\">\n\t\t\t<div class=\"elementor-widget-wrap elementor-element-populated\">\n\t\t\t\t\t\t<div class=\"elementor-element elementor-element-3bc2065 elementor-widget elementor-widget-heading\" data-id=\"3bc2065\" data-element_type=\"widget\" data-e-type=\"widget\" data-widget_type=\"heading.default\">\n\t\t\t\t<div class=\"elementor-widget-container\">\n\t\t\t\t\t<h2 class=\"elementor-heading-title elementor-size-default\">Cosa c'\u00e8 di cos\u00ec speciale in Venezia Lifting?<\/h2>\t\t\t\t<\/div>\n\t\t\t\t<\/div>\n\t\t\t\t<div class=\"elementor-element elementor-element-3d7cd26 elementor-widget elementor-widget-text-editor\" data-id=\"3d7cd26\" data-element_type=\"widget\" data-e-type=\"widget\" data-widget_type=\"text-editor.default\">\n\t\t\t\t<div class=\"elementor-widget-container\">\n\t\t\t\t\t\t\t\t\t<p>Il <strong>lifting<\/strong> soft <strong>venezia<\/strong> con il<sub>laser CO2<\/sub> \u00e8 una variante molto delicata del trattamento laser grazie alla procedura non ablativa\/soft-ablativa.<\/p><p>Se i cambiamenti intorno agli occhi o alla pelle del viso non sono ancora cos\u00ec gravi, o se non si desidera un intervento chirurgico, il Lifting Venezia con il laser CO\u2082 frazionato \u00e8 un&#8217;opzione.<\/p><p>Un solo trattamento con questo laser CO\u2082 frazionato in un&#8217;impostazione delicata (con la sezione separata della testa) stimola la formazione di nuovo collagene e determina il rassodamento della pelle del corpo. Questo significa freschezza per occhi, viso, collo e d\u00e9collet\u00e9. <\/p><p>Vengono trattati i seguenti casi:<\/p><ul><li>Rughe<\/li><li>pelle a pori larghi<\/li><li>Cicatrici<\/li><li>Pigmentazione o arrossamento della pelle<\/li><\/ul><p>Si consigliano 3 trattamenti a intervalli di circa 4 settimane.<\/p><p><strong>Effetti collaterali:<\/strong> nella modalit\u00e0 non ablativa, la pelle rimane intatta e si verifica solo un arrossamento temporaneo della pelle.<\/p><p>La procedura soft-ablativa crea anche piccole macchie che scompaiono dopo pochi giorni.<\/p>\t\t\t\t\t\t\t\t<\/div>\n\t\t\t\t<\/div>\n\t\t\t\t\t<\/div>\n\t\t<\/div>\n\t\t\t\t<div class=\"elementor-column elementor-col-50 elementor-top-column elementor-element elementor-element-515e0cb parent-sticky\" data-id=\"515e0cb\" data-element_type=\"column\" data-e-type=\"column\">\n\t\t\t<div class=\"elementor-widget-wrap elementor-element-populated\">\n\t\t\t\t\t\t<div class=\"elementor-element elementor-element-557b5a0 titlesticky  elementor-widget elementor-widget-image\" data-id=\"557b5a0\" data-element_type=\"widget\" data-e-type=\"widget\" data-widget_type=\"image.default\">\n\t\t\t\t<div class=\"elementor-widget-container\">\n\t\t\t\t\t\t\t\t\t\t\t\t<figure class=\"wp-caption\">\n\t\t\t\t\t\t\t\t\t\t<img decoding=\"async\" width=\"683\" height=\"1024\" src=\"https:\/\/www.yuveo.de\/wp-content\/uploads\/2025\/12\/DSC07853-683x1024.jpg\" class=\"attachment-large size-large wp-image-43405\" alt=\"Dr. Schumann Averkiou Behandlung einer Patientin mit dem fraktionierten CO2 Laser\" srcset=\"https:\/\/www.yuveo.de\/wp-content\/uploads\/2025\/12\/DSC07853-683x1024.jpg 683w, https:\/\/www.yuveo.de\/wp-content\/uploads\/2025\/12\/DSC07853-200x300.jpg 200w, https:\/\/www.yuveo.de\/wp-content\/uploads\/2025\/12\/DSC07853-768x1152.jpg 768w, https:\/\/www.yuveo.de\/wp-content\/uploads\/2025\/12\/DSC07853-1024x1536.jpg 1024w, https:\/\/www.yuveo.de\/wp-content\/uploads\/2025\/12\/DSC07853-1365x2048.jpg 1365w, https:\/\/www.yuveo.de\/wp-content\/uploads\/2025\/12\/DSC07853-scaled.jpg 1707w\" sizes=\"(max-width: 683px) 100vw, 683px\" \/>\t\t\t\t\t\t\t\t\t\t\t<figcaption class=\"widget-image-caption wp-caption-text\">Trattamento laser con il laser CO2 frazionato<\/figcaption>\n\t\t\t\t\t\t\t\t\t\t<\/figure>\n\t\t\t\t\t\t\t\t\t<\/div>\n\t\t\t\t<\/div>\n\t\t\t\t\t<\/div>\n\t\t<\/div>\n\t\t\t\t\t<\/div>\n\t\t<\/section>\n\t\t\t\t<section class=\"elementor-section elementor-top-section elementor-element elementor-element-5f42be3b elementor-section-boxed elementor-section-height-default elementor-section-height-default\" data-id=\"5f42be3b\" data-element_type=\"section\" data-e-type=\"section\">\n\t\t\t\t\t\t<div class=\"elementor-container elementor-column-gap-default\">\n\t\t\t\t\t<div class=\"elementor-column elementor-col-50 elementor-top-column elementor-element elementor-element-1ba0d94f parent-sticky\" data-id=\"1ba0d94f\" data-element_type=\"column\" data-e-type=\"column\">\n\t\t\t<div class=\"elementor-widget-wrap elementor-element-populated\">\n\t\t\t\t\t\t<div class=\"elementor-element elementor-element-308dcf42 elementor-widget elementor-widget-heading\" data-id=\"308dcf42\" data-element_type=\"widget\" data-e-type=\"widget\" data-widget_type=\"heading.default\">\n\t\t\t\t<div class=\"elementor-widget-container\">\n\t\t\t\t\t<h2 class=\"elementor-heading-title elementor-size-default\">Fatti sul trattamento laser<\/h2>\t\t\t\t<\/div>\n\t\t\t\t<\/div>\n\t\t\t\t<div class=\"elementor-element elementor-element-bbe292e titlesticky  elementor-widget elementor-widget-text-editor\" data-id=\"bbe292e\" data-element_type=\"widget\" data-e-type=\"widget\" data-widget_type=\"text-editor.default\">\n\t\t\t\t<div class=\"elementor-widget-container\">\n\t\t\t\t\t\t\t\t\t<ul><li><strong>Tipo di trattamento:<br><\/strong>ablativo<\/li><li><strong>Durata del trattamento:<br><\/strong>circa 20 &#8211; 30 min.<\/li><li><strong>Anestesia:<br><\/strong>crema anestetica locale<\/li><li><strong>Ricovero:<\/strong> <br>ambulatoriale<\/li><li><strong>Cura successiva:<\/strong> <br>Raffreddamento subito dopo la terapia laser, protezione solare per diverse settimane.<\/li><li><strong>Tipo di pelle:<\/strong> <br>Adatto a tutti i tipi di pelle<\/li><li><strong>Risultato completamente visibile:<\/strong> <br>dopo 4-6 mesi<\/li><\/ul>\t\t\t\t\t\t\t\t<\/div>\n\t\t\t\t<\/div>\n\t\t\t\t\t<\/div>\n\t\t<\/div>\n\t\t\t\t<div class=\"elementor-column elementor-col-50 elementor-top-column elementor-element elementor-element-d957423 parent-sticky\" data-id=\"d957423\" data-element_type=\"column\" data-e-type=\"column\">\n\t\t\t<div class=\"elementor-widget-wrap elementor-element-populated\">\n\t\t\t\t\t\t<div class=\"elementor-element elementor-element-c5828b9 elementor-widget elementor-widget-heading\" data-id=\"c5828b9\" data-element_type=\"widget\" data-e-type=\"widget\" data-widget_type=\"heading.default\">\n\t\t\t\t<div class=\"elementor-widget-container\">\n\t\t\t\t\t<h2 class=\"elementor-heading-title elementor-size-default\">Fatti su Venezia Lifting<\/h2>\t\t\t\t<\/div>\n\t\t\t\t<\/div>\n\t\t\t\t<div class=\"elementor-element elementor-element-bd2fadc titlesticky  elementor-widget elementor-widget-text-editor\" data-id=\"bd2fadc\" data-element_type=\"widget\" data-e-type=\"widget\" data-widget_type=\"text-editor.default\">\n\t\t\t\t<div class=\"elementor-widget-container\">\n\t\t\t\t\t\t\t\t\t<ul><li><strong>Tipo di trattamento:<br><\/strong>non\/sofisticato<\/li><li><strong>Durata del trattamento:<br><\/strong>circa 20 &#8211; 30 min.<\/li><li><strong>Anestesia:<br><\/strong>crema anestetica locale<\/li><li><strong>Trattamento:<\/strong> <br>ambulatoriale, per un totale di 3 trattamenti a intervalli di 4 settimane.<\/li><li><strong>Cura successiva:<\/strong> <br>Raffreddamento subito dopo la terapia laser, protezione solare per diverse settimane.<\/li><li><strong>Tipo di pelle:<\/strong> <br>Adatto a tutti i tipi di pelle<\/li><li><strong>Sociabilit\u00e0:<\/strong> <br>dopo circa 2 giorni<\/li><\/ul>\t\t\t\t\t\t\t\t<\/div>\n\t\t\t\t<\/div>\n\t\t\t\t\t<\/div>\n\t\t<\/div>\n\t\t\t\t\t<\/div>\n\t\t<\/section>\n\t\t\t\t<section class=\"elementor-section elementor-top-section elementor-element elementor-element-23e0fb6 elementor-section-boxed elementor-section-height-default elementor-section-height-default\" data-id=\"23e0fb6\" data-element_type=\"section\" data-e-type=\"section\">\n\t\t\t\t\t\t<div class=\"elementor-container elementor-column-gap-default\">\n\t\t\t\t\t<div class=\"elementor-column elementor-col-100 elementor-top-column elementor-element elementor-element-c148940\" data-id=\"c148940\" data-element_type=\"column\" data-e-type=\"column\">\n\t\t\t<div class=\"elementor-widget-wrap elementor-element-populated\">\n\t\t\t\t\t\t<div class=\"elementor-element elementor-element-778e8a3 elementor-widget elementor-widget-heading\" data-id=\"778e8a3\" data-element_type=\"widget\" data-e-type=\"widget\" data-widget_type=\"heading.default\">\n\t\t\t\t<div class=\"elementor-widget-container\">\n\t\t\t\t\t<h2 class=\"elementor-heading-title elementor-size-default\">Domande frequenti sulla terapia laser della pelle  <\/h2>\t\t\t\t<\/div>\n\t\t\t\t<\/div>\n\t\t\t\t<div class=\"elementor-element elementor-element-afec92b elementor-widget elementor-widget-accordion\" data-id=\"afec92b\" data-element_type=\"widget\" data-e-type=\"widget\" data-widget_type=\"accordion.default\">\n\t\t\t\t<div class=\"elementor-widget-container\">\n\t\t\t\t\t\t\t<div class=\"elementor-accordion\">\n\t\t\t\t\t\t\t<div class=\"elementor-accordion-item\">\n\t\t\t\t\t<h3 id=\"elementor-tab-title-1841\" class=\"elementor-tab-title\" data-tab=\"1\" role=\"button\" aria-controls=\"elementor-tab-content-1841\" aria-expanded=\"false\">\n\t\t\t\t\t\t\t\t\t\t\t\t\t<span class=\"elementor-accordion-icon elementor-accordion-icon-left\" aria-hidden=\"true\">\n\t\t\t\t\t\t\t\t\t\t\t\t\t\t\t<span class=\"elementor-accordion-icon-closed\"><i class=\"fas fa-plus\"><\/i><\/span>\n\t\t\t\t\t\t\t\t<span class=\"elementor-accordion-icon-opened\"><i class=\"fas fa-minus\"><\/i><\/span>\n\t\t\t\t\t\t\t\t\t\t\t\t\t\t<\/span>\n\t\t\t\t\t\t\t\t\t\t\t\t<a class=\"elementor-accordion-title\" tabindex=\"0\">Per quali trattamenti \u00e8 particolarmente indicato il laser CO\u2082 frazionato?<\/a>\n\t\t\t\t\t<\/h3>\n\t\t\t\t\t<div id=\"elementor-tab-content-1841\" class=\"elementor-tab-content elementor-clearfix\" data-tab=\"1\" role=\"region\" aria-labelledby=\"elementor-tab-title-1841\"><p>Questa tecnica \u00e8 ideale per il ringiovanimento del viso (riduzione delle rughe), il rinfresco della pelle, il miglioramento della texture della pelle, l&#8217;affinamento della texture della pelle a pori larghi, i danni del sole e le cicatrici leggere\/acneiche, nonch\u00e9 il rilassamento cutaneo su viso, collo, d\u00e9collet\u00e9 o mani.<\/p>\n<p>.<\/p>\n<\/div>\n\t\t\t\t<\/div>\n\t\t\t\t\t\t\t<div class=\"elementor-accordion-item\">\n\t\t\t\t\t<h3 id=\"elementor-tab-title-1842\" class=\"elementor-tab-title\" data-tab=\"2\" role=\"button\" aria-controls=\"elementor-tab-content-1842\" aria-expanded=\"false\">\n\t\t\t\t\t\t\t\t\t\t\t\t\t<span class=\"elementor-accordion-icon elementor-accordion-icon-left\" aria-hidden=\"true\">\n\t\t\t\t\t\t\t\t\t\t\t\t\t\t\t<span class=\"elementor-accordion-icon-closed\"><i class=\"fas fa-plus\"><\/i><\/span>\n\t\t\t\t\t\t\t\t<span class=\"elementor-accordion-icon-opened\"><i class=\"fas fa-minus\"><\/i><\/span>\n\t\t\t\t\t\t\t\t\t\t\t\t\t\t<\/span>\n\t\t\t\t\t\t\t\t\t\t\t\t<a class=\"elementor-accordion-title\" tabindex=\"0\">Quali componenti svolgono un ruolo nel laser?<\/a>\n\t\t\t\t\t<\/h3>\n\t\t\t\t\t<div id=\"elementor-tab-content-1842\" class=\"elementor-tab-content elementor-clearfix\" data-tab=\"2\" role=\"region\" aria-labelledby=\"elementor-tab-title-1842\"><p>Il<strong> laser<\/strong> \u00e8 un moderno <strong>laser CO\u2082 frazionale<\/strong> per un rinnovamento della pelle delicato ed efficace.<br \/>Combina la comprovata <strong>tecnologia CO\u2082<\/strong> con l&#8217;innovativa <strong>ablazione frazionale<\/strong> per trattare i problemi della pelle in modo mirato e stimolare allo stesso tempo la rigenerazione naturale.<\/p>\n<\/div>\n\t\t\t\t<\/div>\n\t\t\t\t\t\t\t<div class=\"elementor-accordion-item\">\n\t\t\t\t\t<h3 id=\"elementor-tab-title-1843\" class=\"elementor-tab-title\" data-tab=\"3\" role=\"button\" aria-controls=\"elementor-tab-content-1843\" aria-expanded=\"false\">\n\t\t\t\t\t\t\t\t\t\t\t\t\t<span class=\"elementor-accordion-icon elementor-accordion-icon-left\" aria-hidden=\"true\">\n\t\t\t\t\t\t\t\t\t\t\t\t\t\t\t<span class=\"elementor-accordion-icon-closed\"><i class=\"fas fa-plus\"><\/i><\/span>\n\t\t\t\t\t\t\t\t<span class=\"elementor-accordion-icon-opened\"><i class=\"fas fa-minus\"><\/i><\/span>\n\t\t\t\t\t\t\t\t\t\t\t\t\t\t<\/span>\n\t\t\t\t\t\t\t\t\t\t\t\t<a class=\"elementor-accordion-title\" tabindex=\"0\">Come funziona questo laser?<\/a>\n\t\t\t\t\t<\/h3>\n\t\t\t\t\t<div id=\"elementor-tab-content-1843\" class=\"elementor-tab-content elementor-clearfix\" data-tab=\"3\" role=\"region\" aria-labelledby=\"elementor-tab-title-1843\"><p>Aiuta a stimolare la <strong>formazione di collagene ed elastina<\/strong> negli strati pi\u00f9 profondi della pelle e porta a un miglioramento significativo della <strong>struttura, della compattezza e del colorito<\/strong>, con un tempo di recupero significativamente pi\u00f9 breve rispetto ai laser CO\u2082 convenzionali.<\/p>\n<\/div>\n\t\t\t\t<\/div>\n\t\t\t\t\t\t\t<div class=\"elementor-accordion-item\">\n\t\t\t\t\t<h3 id=\"elementor-tab-title-1844\" class=\"elementor-tab-title\" data-tab=\"4\" role=\"button\" aria-controls=\"elementor-tab-content-1844\" aria-expanded=\"false\">\n\t\t\t\t\t\t\t\t\t\t\t\t\t<span class=\"elementor-accordion-icon elementor-accordion-icon-left\" aria-hidden=\"true\">\n\t\t\t\t\t\t\t\t\t\t\t\t\t\t\t<span class=\"elementor-accordion-icon-closed\"><i class=\"fas fa-plus\"><\/i><\/span>\n\t\t\t\t\t\t\t\t<span class=\"elementor-accordion-icon-opened\"><i class=\"fas fa-minus\"><\/i><\/span>\n\t\t\t\t\t\t\t\t\t\t\t\t\t\t<\/span>\n\t\t\t\t\t\t\t\t\t\t\t\t<a class=\"elementor-accordion-title\" tabindex=\"0\">Cosa devo tenere a mente durante la fase post-terapia?<\/a>\n\t\t\t\t\t<\/h3>\n\t\t\t\t\t<div id=\"elementor-tab-content-1844\" class=\"elementor-tab-content elementor-clearfix\" data-tab=\"4\" role=\"region\" aria-labelledby=\"elementor-tab-title-1844\"><p>Dopo il trattamento con il laser CO\u2082 frazionato, l&#8217;area cutanea trattata deve essere raffreddata secondo le nostre istruzioni.<\/p>\n<p>Alcune settimane dopo il trattamento, assicurati di utilizzare un&#8217;adeguata protezione solare.<\/p>\n<\/div>\n\t\t\t\t<\/div>\n\t\t\t\t\t\t\t<div class=\"elementor-accordion-item\">\n\t\t\t\t\t<h3 id=\"elementor-tab-title-1845\" class=\"elementor-tab-title\" data-tab=\"5\" role=\"button\" aria-controls=\"elementor-tab-content-1845\" aria-expanded=\"false\">\n\t\t\t\t\t\t\t\t\t\t\t\t\t<span class=\"elementor-accordion-icon elementor-accordion-icon-left\" aria-hidden=\"true\">\n\t\t\t\t\t\t\t\t\t\t\t\t\t\t\t<span class=\"elementor-accordion-icon-closed\"><i class=\"fas fa-plus\"><\/i><\/span>\n\t\t\t\t\t\t\t\t<span class=\"elementor-accordion-icon-opened\"><i class=\"fas fa-minus\"><\/i><\/span>\n\t\t\t\t\t\t\t\t\t\t\t\t\t\t<\/span>\n\t\t\t\t\t\t\t\t\t\t\t\t<a class=\"elementor-accordion-title\" tabindex=\"0\">Quanto tempo devo prendere dopo il trattamento delle rughe?<\/a>\n\t\t\t\t\t<\/h3>\n\t\t\t\t\t<div id=\"elementor-tab-content-1845\" class=\"elementor-tab-content elementor-clearfix\" data-tab=\"5\" role=\"region\" aria-labelledby=\"elementor-tab-title-1845\"><p>Variante 1: ablativo:<\/p>\n<p>Variante 2: non\/soft-ablativo:<\/p>\n<\/div>\n\t\t\t\t<\/div>\n\t\t\t\t\t\t\t\t<\/div>\n\t\t\t\t\t\t<\/div>\n\t\t\t\t<\/div>\n\t\t\t\t\t<\/div>\n\t\t<\/div>\n\t\t\t\t\t<\/div>\n\t\t<\/section>\n\t\t\t\t<section class=\"elementor-section elementor-top-section elementor-element elementor-element-1372c544 elementor-reverse-mobile elementor-section-boxed elementor-section-height-default elementor-section-height-default\" data-id=\"1372c544\" data-element_type=\"section\" data-e-type=\"section\">\n\t\t\t\t\t\t<div class=\"elementor-container elementor-column-gap-default\">\n\t\t\t\t\t<div class=\"elementor-column elementor-col-100 elementor-top-column elementor-element elementor-element-7efd0820\" data-id=\"7efd0820\" data-element_type=\"column\" data-e-type=\"column\">\n\t\t\t<div class=\"elementor-widget-wrap elementor-element-populated\">\n\t\t\t\t\t\t<div class=\"elementor-element elementor-element-6f83c38a elementor-widget elementor-widget-heading\" data-id=\"6f83c38a\" data-element_type=\"widget\" data-e-type=\"widget\" data-widget_type=\"heading.default\">\n\t\t\t\t<div class=\"elementor-widget-container\">\n\t\t\t\t\t<h2 class=\"elementor-heading-title elementor-size-default\">Argomenti correlati: pelle, rughe, cicatrici<\/h2>\t\t\t\t<\/div>\n\t\t\t\t<\/div>\n\t\t\t\t<div class=\"elementor-element elementor-element-6c046f72 elementor-widget elementor-widget-text-editor\" data-id=\"6c046f72\" data-element_type=\"widget\" data-e-type=\"widget\" data-widget_type=\"text-editor.default\">\n\t\t\t\t<div class=\"elementor-widget-container\">\n\t\t\t\t\t\t\t\t\t<ul><li><a href=\"https:\/\/www.yuveo.de\/it\/pieghe\/sollevamento-del-filo\/\">Sollevamento del filo<\/a><\/li><li><a href=\"https:\/\/www.yuveo.de\/it\/pieghe\/trattamento-delle-rughe-con-sculptra\/\">Sculptra\u00ae<\/a><\/li><li><a href=\"https:\/\/www.yuveo.de\/it\/pieghe\/iniezione-di-rughe-con-profhilo\/\">Profhilo<\/a><\/li><li><a href=\"https:\/\/www.yuveo.de\/it\/pieghe\/trattamento-delle-rughe-con-acido-ialuronico\/\">Iniezione di rughe con acido ialuronico<\/a><\/li><li><a href=\"https:\/\/www.yuveo.de\/it\/pieghe\/rughe-rughe-del-viso\/\">Rughe del viso<\/a><\/li><li><a href=\"https:\/\/www.yuveo.de\/it\/pieghe\/needling\/\">Needling<\/a><\/li><li><a href=\"https:\/\/www.yuveo.de\/it\/op\/senza-intervento-chirurgico\/\">Bttx<\/a><\/li><li><a href=\"https:\/\/www.yuveo.de\/it\/lexikon\/filler-per-rughe-e-viso\/\">Riempitivo<\/a><\/li><\/ul>\t\t\t\t\t\t\t\t<\/div>\n\t\t\t\t<\/div>\n\t\t\t\t\t<\/div>\n\t\t<\/div>\n\t\t\t\t\t<\/div>\n\t\t<\/section>\n\t\t\t\t<\/div>\n\t\t","protected":false},"excerpt":{"rendered":"<p>Il trattamento laser frazionato per il trattamento delle rughe e il ringiovanimento della pelle fa parte della gamma di trattamenti estetici e delicati della Clinica Yuveo. Questa tecnologia laser ci permette di ridurre le rughe, migliorare la struttura della pelle e ottenere un effetto di ringiovanimento sulla pelle del viso, del collo e del d\u00e9collet\u00e9. [&hellip;]<\/p>\n","protected":false},"author":1,"featured_media":0,"parent":38170,"menu_order":0,"comment_status":"closed","ping_status":"closed","template":"","meta":{"_acf_changed":false,"footnotes":""},"class_list":["post-43434","page","type-page","status-publish","hentry"],"acf":[],"_links":{"self":[{"href":"https:\/\/www.yuveo.de\/it\/wp-json\/wp\/v2\/pages\/43434","targetHints":{"allow":["GET"]}}],"collection":[{"href":"https:\/\/www.yuveo.de\/it\/wp-json\/wp\/v2\/pages"}],"about":[{"href":"https:\/\/www.yuveo.de\/it\/wp-json\/wp\/v2\/types\/page"}],"author":[{"embeddable":true,"href":"https:\/\/www.yuveo.de\/it\/wp-json\/wp\/v2\/users\/1"}],"replies":[{"embeddable":true,"href":"https:\/\/www.yuveo.de\/it\/wp-json\/wp\/v2\/comments?post=43434"}],"version-history":[{"count":1,"href":"https:\/\/www.yuveo.de\/it\/wp-json\/wp\/v2\/pages\/43434\/revisions"}],"predecessor-version":[{"id":43435,"href":"https:\/\/www.yuveo.de\/it\/wp-json\/wp\/v2\/pages\/43434\/revisions\/43435"}],"up":[{"embeddable":true,"href":"https:\/\/www.yuveo.de\/it\/wp-json\/wp\/v2\/pages\/38170"}],"wp:attachment":[{"href":"https:\/\/www.yuveo.de\/it\/wp-json\/wp\/v2\/media?parent=43434"}],"curies":[{"name":"wp","href":"https:\/\/api.w.org\/{rel}","templated":true}]}}