{"id":38912,"date":"2021-02-16T08:55:29","date_gmt":"2021-02-16T07:55:29","guid":{"rendered":"https:\/\/dev.yuveo.eu\/op\/testa\/sollevamento-della-fronte\/"},"modified":"2025-09-02T09:05:09","modified_gmt":"2025-09-02T07:05:09","slug":"sollevamento-della-fronte","status":"publish","type":"page","link":"https:\/\/www.yuveo.de\/it\/op\/testa\/sollevamento-della-fronte\/","title":{"rendered":"Sollevamento della fronte"},"content":{"rendered":"\t\t<div data-elementor-type=\"wp-page\" data-elementor-id=\"38912\" class=\"elementor elementor-38912 elementor-13265\" data-elementor-post-type=\"page\">\n\t\t\t\t\t\t<section class=\"elementor-section elementor-top-section elementor-element elementor-element-610e727a elementor-section-boxed elementor-section-height-default elementor-section-height-default\" data-id=\"610e727a\" data-element_type=\"section\" data-e-type=\"section\">\n\t\t\t\t\t\t<div class=\"elementor-container elementor-column-gap-default\">\n\t\t\t\t\t<div class=\"elementor-column elementor-col-50 elementor-top-column elementor-element elementor-element-5d635432\" data-id=\"5d635432\" data-element_type=\"column\" data-e-type=\"column\">\n\t\t\t<div class=\"elementor-widget-wrap elementor-element-populated\">\n\t\t\t\t\t\t<div class=\"elementor-element elementor-element-3ba1a315 elementor-widget elementor-widget-text-editor\" data-id=\"3ba1a315\" data-element_type=\"widget\" data-e-type=\"widget\" data-widget_type=\"text-editor.default\">\n\t\t\t\t<div class=\"elementor-widget-container\">\n\t\t\t\t\t\t\t\t\t<p>Il <strong>lifting della fronte <\/strong> \u00e8 l&#8217;opzione di trattamento ideale per correggere le <strong>rughe gravi sulla fronte<\/strong> e sollevare le <strong>sopracciglia profonde<\/strong>. Questo \u00e8 particolarmente vero quando le iniezioni di rughe<a href=\"https:\/\/www.yuveo.de\/it\/pieghe\/rilassante-muscolare-btx\/\">(Btx<\/a>, filler) sono poco efficaci! <\/p><p>Presso la Clinica Yueveo di D\u00fcsseldorf possiamo attenuare le rughe trasversali della fronte con un lifting della fronte.<\/p><p>\u00c8 anche possibile sollevare le sopracciglia che si sono abbassate troppo. Questo di solito porta almeno a una riduzione delle <a class=\"encyclopedia tooltipstered\" href=\"https:\/\/www.yuveo.de\/it\/op\/testa\/correzione-delle-palpebre\/rimuovere-le-palpebre-cadenti\/\" target=\"_self\">palpebre cadenti<\/a>. <\/p><p>Un grande vantaggio del lifting della fronte \u00e8 la sua <strong>lunga durata<\/strong> rispetto al trattamento Btx. Purtroppo quest&#8217;ultimo ha una durata d&#8217;azione approssimativa di soli 3-6 mesi. <\/p>\t\t\t\t\t\t\t\t<\/div>\n\t\t\t\t<\/div>\n\t\t\t\t\t<\/div>\n\t\t<\/div>\n\t\t\t\t<div class=\"elementor-column elementor-col-50 elementor-top-column elementor-element elementor-element-66b0fc7d\" data-id=\"66b0fc7d\" data-element_type=\"column\" data-e-type=\"column\">\n\t\t\t<div class=\"elementor-widget-wrap elementor-element-populated\">\n\t\t\t\t\t\t<div class=\"elementor-element elementor-element-1da8168 elementor-widget elementor-widget-table-of-contents\" data-id=\"1da8168\" data-element_type=\"widget\" data-e-type=\"widget\" data-settings=\"{&quot;exclude_headings_by_selector&quot;:[],&quot;headings_by_tags&quot;:[&quot;h1&quot;,&quot;h2&quot;],&quot;marker_view&quot;:&quot;bullets&quot;,&quot;no_headings_message&quot;:&quot;No headings were found on this page.&quot;,&quot;icon&quot;:{&quot;value&quot;:&quot;fas fa-circle&quot;,&quot;library&quot;:&quot;fa-solid&quot;},&quot;min_height&quot;:{&quot;unit&quot;:&quot;px&quot;,&quot;size&quot;:&quot;&quot;,&quot;sizes&quot;:[]},&quot;min_height_tablet&quot;:{&quot;unit&quot;:&quot;px&quot;,&quot;size&quot;:&quot;&quot;,&quot;sizes&quot;:[]},&quot;min_height_mobile&quot;:{&quot;unit&quot;:&quot;px&quot;,&quot;size&quot;:&quot;&quot;,&quot;sizes&quot;:[]}}\" data-widget_type=\"table-of-contents.default\">\n\t\t\t\t<div class=\"elementor-widget-container\">\n\t\t\t\t\t\t\t\t\t<div class=\"elementor-toc__header\">\n\t\t\t\t\t\t<h4 class=\"elementor-toc__header-title\">\n\t\t\t\tContenuti\t\t\t<\/h4>\n\t\t\t\t\t\t\t\t<\/div>\n\t\t\t\t<div id=\"elementor-toc__1da8168\" class=\"elementor-toc__body\">\n\t\t\t<div class=\"elementor-toc__spinner-container\">\n\t\t\t\t<i class=\"elementor-toc__spinner eicon-animation-spin eicon-loading\" aria-hidden=\"true\"><\/i>\t\t\t<\/div>\n\t\t<\/div>\n\t\t\t\t\t\t<\/div>\n\t\t\t\t<\/div>\n\t\t\t\t\t<\/div>\n\t\t<\/div>\n\t\t\t\t\t<\/div>\n\t\t<\/section>\n\t\t\t\t<section class=\"elementor-section elementor-top-section elementor-element elementor-element-7d98a557 elementor-section-height-min-height hosec elementor-section-stretched elementor-section-boxed elementor-section-height-default elementor-section-items-middle\" data-id=\"7d98a557\" data-element_type=\"section\" data-e-type=\"section\" data-settings=\"{&quot;background_background&quot;:&quot;classic&quot;,&quot;stretch_section&quot;:&quot;section-stretched&quot;}\">\n\t\t\t\t\t\t<div class=\"elementor-container elementor-column-gap-default\">\n\t\t\t\t\t<div class=\"elementor-column elementor-col-50 elementor-top-column elementor-element elementor-element-5dcb2ba9\" data-id=\"5dcb2ba9\" data-element_type=\"column\" data-e-type=\"column\">\n\t\t\t<div class=\"elementor-widget-wrap elementor-element-populated\">\n\t\t\t\t\t\t<div class=\"elementor-element elementor-element-4f3da59c elementor-widget elementor-widget-heading\" data-id=\"4f3da59c\" data-element_type=\"widget\" data-e-type=\"widget\" data-widget_type=\"heading.default\">\n\t\t\t\t<div class=\"elementor-widget-container\">\n\t\t\t\t\t<p class=\"elementor-heading-title elementor-size-default\">Clinica Yuveo<\/p>\t\t\t\t<\/div>\n\t\t\t\t<\/div>\n\t\t\t\t<div class=\"elementor-element elementor-element-7ef1c975 elementor-widget elementor-widget-heading\" data-id=\"7ef1c975\" data-element_type=\"widget\" data-e-type=\"widget\" data-widget_type=\"heading.default\">\n\t\t\t\t<div class=\"elementor-widget-container\">\n\t\t\t\t\t<h2 class=\"elementor-heading-title elementor-size-default\">Caratteristiche speciali del lifting della fronte<\/h2>\t\t\t\t<\/div>\n\t\t\t\t<\/div>\n\t\t\t\t<div class=\"elementor-element elementor-element-3ec9793f elementor-widget elementor-widget-text-editor\" data-id=\"3ec9793f\" data-element_type=\"widget\" data-e-type=\"widget\" data-widget_type=\"text-editor.default\">\n\t\t\t\t<div class=\"elementor-widget-container\">\n\t\t\t\t\t\t\t\t\t<p>Il <strong>lifting della fronte<\/strong> viene eseguito molto raramente sugli <strong>uomini<\/strong>. Il motivo \u00e8 ovvio. La calvizie prevista \u00e8 difficilmente stimabile!  <\/p>\t\t\t\t\t\t\t\t<\/div>\n\t\t\t\t<\/div>\n\t\t\t\t<div class=\"elementor-element elementor-element-1bc111db elementor-align-left elementor-tablet-align-left elementor-widget elementor-widget-button\" data-id=\"1bc111db\" data-element_type=\"widget\" data-e-type=\"widget\" data-widget_type=\"button.default\">\n\t\t\t\t<div class=\"elementor-widget-container\">\n\t\t\t\t\t\t\t\t\t<div class=\"elementor-button-wrapper\">\n\t\t\t\t\t<a class=\"elementor-button elementor-button-link elementor-size-md\" href=\"https:\/\/www.yuveo.de\/it\/fissa-un-appuntamento\/\">\n\t\t\t\t\t\t<span class=\"elementor-button-content-wrapper\">\n\t\t\t\t\t\t<span class=\"elementor-button-icon\">\n\t\t\t\t<i aria-hidden=\"true\" class=\"fas fa-long-arrow-alt-right\"><\/i>\t\t\t<\/span>\n\t\t\t\t\t\t\t\t\t<span class=\"elementor-button-text\">Fissa un appuntamento<\/span>\n\t\t\t\t\t<\/span>\n\t\t\t\t\t<\/a>\n\t\t\t\t<\/div>\n\t\t\t\t\t\t\t\t<\/div>\n\t\t\t\t<\/div>\n\t\t\t\t\t<\/div>\n\t\t<\/div>\n\t\t\t\t<div class=\"elementor-column elementor-col-50 elementor-top-column elementor-element elementor-element-3ddd2902\" data-id=\"3ddd2902\" data-element_type=\"column\" data-e-type=\"column\" data-settings=\"{&quot;motion_fx_motion_fx_scrolling&quot;:&quot;yes&quot;,&quot;motion_fx_translateY_effect&quot;:&quot;yes&quot;,&quot;motion_fx_translateY_speed&quot;:{&quot;unit&quot;:&quot;px&quot;,&quot;size&quot;:&quot;1&quot;,&quot;sizes&quot;:[]},&quot;motion_fx_translateY_affectedRange&quot;:{&quot;unit&quot;:&quot;%&quot;,&quot;size&quot;:&quot;&quot;,&quot;sizes&quot;:{&quot;start&quot;:&quot;0&quot;,&quot;end&quot;:&quot;50&quot;}},&quot;motion_fx_opacity_effect&quot;:&quot;yes&quot;,&quot;motion_fx_opacity_range&quot;:{&quot;unit&quot;:&quot;%&quot;,&quot;size&quot;:&quot;&quot;,&quot;sizes&quot;:{&quot;start&quot;:&quot;0&quot;,&quot;end&quot;:&quot;30&quot;}},&quot;motion_fx_devices&quot;:[&quot;desktop&quot;,&quot;tablet&quot;],&quot;motion_fx_opacity_direction&quot;:&quot;out-in&quot;,&quot;motion_fx_opacity_level&quot;:{&quot;unit&quot;:&quot;px&quot;,&quot;size&quot;:10,&quot;sizes&quot;:[]}}\">\n\t\t\t<div class=\"elementor-widget-wrap elementor-element-populated\">\n\t\t\t\t\t\t<section class=\"elementor-section elementor-inner-section elementor-element elementor-element-50c5bf2d elementor-section-boxed elementor-section-height-default elementor-section-height-default\" data-id=\"50c5bf2d\" data-element_type=\"section\" data-e-type=\"section\">\n\t\t\t\t\t\t<div class=\"elementor-container elementor-column-gap-default\">\n\t\t\t\t\t<div class=\"elementor-column elementor-col-50 elementor-inner-column elementor-element elementor-element-b169a9c\" data-id=\"b169a9c\" data-element_type=\"column\" data-e-type=\"column\">\n\t\t\t<div class=\"elementor-widget-wrap elementor-element-populated\">\n\t\t\t\t\t\t<div class=\"elementor-element elementor-element-625e63f3 elementor-cta--skin-cover elementor-cta--valign-middle elementor-widget elementor-widget-call-to-action\" data-id=\"625e63f3\" data-element_type=\"widget\" data-e-type=\"widget\" data-widget_type=\"call-to-action.default\">\n\t\t\t\t<div class=\"elementor-widget-container\">\n\t\t\t\t\t\t\t<div class=\"elementor-cta\">\n\t\t\t\t\t<div class=\"elementor-cta__bg-wrapper\">\n\t\t\t\t<div class=\"elementor-cta__bg elementor-bg\" style=\"background-image: url();\" role=\"img\" aria-label=\"\"><\/div>\n\t\t\t\t<div class=\"elementor-cta__bg-overlay\"><\/div>\n\t\t\t<\/div>\n\t\t\t\t\t\t\t<div class=\"elementor-cta__content\">\n\t\t\t\t\n\t\t\t\t\t\t\t\t\t<h3 class=\"elementor-cta__title elementor-cta__content-item elementor-content-item\">\n\t\t\t\t\t\tSollevamento della fronte\t\t\t\t\t<\/h3>\n\t\t\t\t\n\t\t\t\t\t\t\t\t\t<div class=\"elementor-cta__description elementor-cta__content-item elementor-content-item\">\n\t\t\t\t\t\tLe rughe trasversali della fronte, ad esempio le rughe di espressione, possono essere efficacemente attenuate a lungo termine con un lifting della fronte.\t\t\t\t\t<\/div>\n\t\t\t\t\n\t\t\t\t\t\t\t<\/div>\n\t\t\t\t\t\t<\/div>\n\t\t\t\t\t\t<\/div>\n\t\t\t\t<\/div>\n\t\t\t\t\t<\/div>\n\t\t<\/div>\n\t\t\t\t<div class=\"elementor-column elementor-col-50 elementor-inner-column elementor-element elementor-element-2dcb4286\" data-id=\"2dcb4286\" data-element_type=\"column\" data-e-type=\"column\">\n\t\t\t<div class=\"elementor-widget-wrap elementor-element-populated\">\n\t\t\t\t\t\t<div class=\"elementor-element elementor-element-33b47e22 elementor-cta--skin-cover elementor-cta--valign-middle elementor-widget elementor-widget-call-to-action\" data-id=\"33b47e22\" data-element_type=\"widget\" data-e-type=\"widget\" data-widget_type=\"call-to-action.default\">\n\t\t\t\t<div class=\"elementor-widget-container\">\n\t\t\t\t\t\t\t<div class=\"elementor-cta\">\n\t\t\t\t\t<div class=\"elementor-cta__bg-wrapper\">\n\t\t\t\t<div class=\"elementor-cta__bg elementor-bg\" style=\"background-image: url();\" role=\"img\" aria-label=\"\"><\/div>\n\t\t\t\t<div class=\"elementor-cta__bg-overlay\"><\/div>\n\t\t\t<\/div>\n\t\t\t\t\t\t\t<div class=\"elementor-cta__content\">\n\t\t\t\t\n\t\t\t\t\t\t\t\t\t<h3 class=\"elementor-cta__title elementor-cta__content-item elementor-content-item\">\n\t\t\t\t\t\tLifting della fronte e correzione delle palpebre\t\t\t\t\t<\/h3>\n\t\t\t\t\n\t\t\t\t\t\t\t\t\t<div class=\"elementor-cta__description elementor-cta__content-item elementor-content-item\">\n\t\t\t\t\t\tSe \u00e8 previsto un lifting della palpebra superiore e un lifting della fronte, ha pi\u00f9 senso eseguire il lifting della fronte prima della correzione delle palpebre.  \t\t\t\t\t<\/div>\n\t\t\t\t\n\t\t\t\t\t\t\t<\/div>\n\t\t\t\t\t\t<\/div>\n\t\t\t\t\t\t<\/div>\n\t\t\t\t<\/div>\n\t\t\t\t\t<\/div>\n\t\t<\/div>\n\t\t\t\t\t<\/div>\n\t\t<\/section>\n\t\t\t\t<section class=\"elementor-section elementor-inner-section elementor-element elementor-element-22be2ed1 elementor-section-boxed elementor-section-height-default elementor-section-height-default\" data-id=\"22be2ed1\" data-element_type=\"section\" data-e-type=\"section\">\n\t\t\t\t\t\t<div class=\"elementor-container elementor-column-gap-default\">\n\t\t\t\t\t<div class=\"elementor-column elementor-col-50 elementor-inner-column elementor-element elementor-element-2f0f4960\" data-id=\"2f0f4960\" data-element_type=\"column\" data-e-type=\"column\">\n\t\t\t<div class=\"elementor-widget-wrap elementor-element-populated\">\n\t\t\t\t\t\t<div class=\"elementor-element elementor-element-452921cc elementor-cta--skin-cover elementor-cta--valign-middle elementor-widget elementor-widget-call-to-action\" data-id=\"452921cc\" data-element_type=\"widget\" data-e-type=\"widget\" data-widget_type=\"call-to-action.default\">\n\t\t\t\t<div class=\"elementor-widget-container\">\n\t\t\t\t\t\t\t<div class=\"elementor-cta\">\n\t\t\t\t\t<div class=\"elementor-cta__bg-wrapper\">\n\t\t\t\t<div class=\"elementor-cta__bg elementor-bg\" style=\"background-image: url();\" role=\"img\" aria-label=\"\"><\/div>\n\t\t\t\t<div class=\"elementor-cta__bg-overlay\"><\/div>\n\t\t\t<\/div>\n\t\t\t\t\t\t\t<div class=\"elementor-cta__content\">\n\t\t\t\t\n\t\t\t\t\t\t\t\t\t<h3 class=\"elementor-cta__title elementor-cta__content-item elementor-content-item\">\n\t\t\t\t\t\tSollevamento della fronte - intervento chirurgico per uomini?\t\t\t\t\t<\/h3>\n\t\t\t\t\n\t\t\t\t\t\t\t\t\t<div class=\"elementor-cta__description elementor-cta__content-item elementor-content-item\">\n\t\t\t\t\t\tIn generale, per quanto riguarda la possibilit\u00e0 di calvizie, gli interventi di lifting della fronte vengono eseguiti raramente sugli uomini.\t\t\t\t\t<\/div>\n\t\t\t\t\n\t\t\t\t\t\t\t<\/div>\n\t\t\t\t\t\t<\/div>\n\t\t\t\t\t\t<\/div>\n\t\t\t\t<\/div>\n\t\t\t\t\t<\/div>\n\t\t<\/div>\n\t\t\t\t<div class=\"elementor-column elementor-col-50 elementor-inner-column elementor-element elementor-element-6a30b243\" data-id=\"6a30b243\" data-element_type=\"column\" data-e-type=\"column\">\n\t\t\t<div class=\"elementor-widget-wrap elementor-element-populated\">\n\t\t\t\t\t\t<div class=\"elementor-element elementor-element-31db1bd7 elementor-cta--skin-cover elementor-cta--valign-middle elementor-widget elementor-widget-call-to-action\" data-id=\"31db1bd7\" data-element_type=\"widget\" data-e-type=\"widget\" data-widget_type=\"call-to-action.default\">\n\t\t\t\t<div class=\"elementor-widget-container\">\n\t\t\t\t\t\t\t<a class=\"elementor-cta\" href=\"https:\/\/www.yuveo.de\/it\/pieghe\/rilassante-muscolare-btx\/\">\n\t\t\t\t\t<div class=\"elementor-cta__bg-wrapper\">\n\t\t\t\t<div class=\"elementor-cta__bg elementor-bg\" style=\"background-image: url();\" role=\"img\" aria-label=\"\"><\/div>\n\t\t\t\t<div class=\"elementor-cta__bg-overlay\"><\/div>\n\t\t\t<\/div>\n\t\t\t\t\t\t\t<div class=\"elementor-cta__content\">\n\t\t\t\t\n\t\t\t\t\t\t\t\t\t<h3 class=\"elementor-cta__title elementor-cta__content-item elementor-content-item\">\n\t\t\t\t\t\tTrattamento Btx\t\t\t\t\t<\/h3>\n\t\t\t\t\n\t\t\t\t\t\t\t\t\t<div class=\"elementor-cta__description elementor-cta__content-item elementor-content-item\">\n\t\t\t\t\t\tOggi le rughe della fronte vengono solitamente trattate con la Btx senza ricorrere a un lifting chirurgico della fronte. Con un basso dosaggio, otteniamo una distensione estetica della fronte. \t\t\t\t\t<\/div>\n\t\t\t\t\n\t\t\t\t\t\t\t<\/div>\n\t\t\t\t\t\t<\/a>\n\t\t\t\t\t\t<\/div>\n\t\t\t\t<\/div>\n\t\t\t\t\t<\/div>\n\t\t<\/div>\n\t\t\t\t\t<\/div>\n\t\t<\/section>\n\t\t\t\t\t<\/div>\n\t\t<\/div>\n\t\t\t\t\t<\/div>\n\t\t<\/section>\n\t\t\t\t<section class=\"elementor-section elementor-top-section elementor-element elementor-element-132ad710 elementor-section-boxed elementor-section-height-default elementor-section-height-default\" data-id=\"132ad710\" data-element_type=\"section\" data-e-type=\"section\">\n\t\t\t\t\t\t<div class=\"elementor-container elementor-column-gap-default\">\n\t\t\t\t\t<div class=\"elementor-column elementor-col-50 elementor-top-column elementor-element elementor-element-44f981b8\" data-id=\"44f981b8\" data-element_type=\"column\" data-e-type=\"column\">\n\t\t\t<div class=\"elementor-widget-wrap elementor-element-populated\">\n\t\t\t\t\t\t<div class=\"elementor-element elementor-element-fa75935 elementor-widget elementor-widget-heading\" data-id=\"fa75935\" data-element_type=\"widget\" data-e-type=\"widget\" data-widget_type=\"heading.default\">\n\t\t\t\t<div class=\"elementor-widget-container\">\n\t\t\t\t\t<h2 class=\"elementor-heading-title elementor-size-default\">Metodi chirurgici per il lifting della fronte<\/h2>\t\t\t\t<\/div>\n\t\t\t\t<\/div>\n\t\t\t\t<div class=\"elementor-element elementor-element-5622c33a elementor-widget elementor-widget-text-editor\" data-id=\"5622c33a\" data-element_type=\"widget\" data-e-type=\"widget\" data-widget_type=\"text-editor.default\">\n\t\t\t\t<div class=\"elementor-widget-container\">\n\t\t\t\t\t\t\t\t\t<p>Presso la Clinica Yuveo di D\u00fcsseldorf possiamo eseguire un <strong>lifting della fronte<\/strong>, come un <a href=\"https:\/\/www.yuveo.de\/it\/op\/testa\/lifting-viso-duesseldorf\/\">lifting<\/a>, in <strong>anestesia locale con sonno crepuscolare<\/strong> o in anestesia generale.<\/p><p>In linea di massima, \u00e8 possibile effettuare una procedura <strong>ambulatoriale<\/strong>. Tuttavia, \u00e8 pi\u00f9 sicuro rimanere in ospedale per almeno una notte per il monitoraggio. <\/p><p>Prima del lifting della fronte, i capelli e le orecchie devono essere lavati accuratamente per ridurre il numero di germi prima dell&#8217;operazione.<\/p><p>Qui esaminiamo il <strong>lifting convenzionale della fronte<\/strong>. Il <strong>lifting endoscopico della fronte<\/strong> presenta il vantaggio di incisioni appena visibili e pi\u00f9 piccole nell&#8217;area pelosa e di una guarigione pi\u00f9 rapida. Tuttavia, l&#8217;effetto tensore sulla pelle \u00e8 meno pronunciato perch\u00e9 la pelle in eccesso non pu\u00f2 essere rimossa.  <\/p><h3>Sollevamento della fronte con incisione nella zona pelosa<\/h3><p>Nel caso di un <strong>lifting della fronte<\/strong>, l&#8217;<strong>incisione<\/strong> viene praticata qualche centimetro sopra l&#8217;attaccatura dei capelli se la fronte ha un&#8217;attaccatura bassa.<\/p><p>I nostri chirurghi plastici staccano quindi uno strato solido di fibre, chiamato galea, dal periostio e lo sezionano verso la radice del naso. Qui possiamo anche rimuovere due muscoli che sono la causa delle <strong>rughe<\/strong> orizzontali e trasversali. <\/p><p>In un lifting della fronte, facciamo particolare attenzione a non stringere troppo la pelle, ma piuttosto lo strato di fibre pi\u00f9 profondo e compatto (galea). Questo ci permette di suturare la pelle alla fine senza tensioni dopo aver rimosso l&#8217;eccesso di pelle nell&#8217;area pelosa. <\/p><p>Assottigliamo anche il muscolo della fronte per indebolirlo. Lo facciamo delicatamente per proteggere due nervi che forniscono alla fronte la sensazione della pelle. <\/p><h3>Sollevamento della fronte con incisione all&#8217;attaccatura dei capelli<\/h3><p>In caso di <strong>attaccatura dei capelli alta<\/strong>, l&#8217;incisione per il lifting della fronte deve essere effettuata all&#8217;<strong>attaccatura dei capelli<\/strong>. In questo modo, la fronte non sembrer\u00e0 ancora pi\u00f9 grande dopo il lifting. <\/p><p>La sottile cicatrice \u00e8<strong> appena visibile<\/strong> all&#8217;attaccatura dei capelli. Questo \u00e8 particolarmente vero se l&#8217;incisione \u00e8 a forma di &#8220;W&#8221;. In caso contrario, si procede come descritto in precedenza.  <\/p>\t\t\t\t\t\t\t\t<\/div>\n\t\t\t\t<\/div>\n\t\t\t\t\t<\/div>\n\t\t<\/div>\n\t\t\t\t<div class=\"elementor-column elementor-col-50 elementor-top-column elementor-element elementor-element-7f7085f6 parent-sticky\" data-id=\"7f7085f6\" data-element_type=\"column\" data-e-type=\"column\">\n\t\t\t<div class=\"elementor-widget-wrap elementor-element-populated\">\n\t\t\t\t\t\t<div class=\"elementor-element elementor-element-92d39fe titlesticky  elementor-widget elementor-widget-image\" data-id=\"92d39fe\" data-element_type=\"widget\" data-e-type=\"widget\" data-widget_type=\"image.default\">\n\t\t\t\t<div class=\"elementor-widget-container\">\n\t\t\t\t\t\t\t\t\t\t\t\t\t\t\t<img fetchpriority=\"high\" decoding=\"async\" width=\"367\" height=\"550\" src=\"https:\/\/www.yuveo.de\/wp-content\/uploads\/2021\/03\/stirnlifting-550px.jpg\" class=\"attachment-large size-large wp-image-37419\" alt=\"faltenbehandlung\" srcset=\"https:\/\/www.yuveo.de\/wp-content\/uploads\/2021\/03\/stirnlifting-550px.jpg 367w, https:\/\/www.yuveo.de\/wp-content\/uploads\/2021\/03\/stirnlifting-550px-200x300.jpg 200w\" sizes=\"(max-width: 367px) 100vw, 367px\" \/>\t\t\t\t\t\t\t\t\t\t\t\t\t\t\t<\/div>\n\t\t\t\t<\/div>\n\t\t\t\t\t<\/div>\n\t\t<\/div>\n\t\t\t\t\t<\/div>\n\t\t<\/section>\n\t\t\t\t<section class=\"elementor-section elementor-top-section elementor-element elementor-element-599a66c9 elementor-section-boxed elementor-section-height-default elementor-section-height-default\" data-id=\"599a66c9\" data-element_type=\"section\" data-e-type=\"section\">\n\t\t\t\t\t\t<div class=\"elementor-container elementor-column-gap-default\">\n\t\t\t\t\t<div class=\"elementor-column elementor-col-50 elementor-top-column elementor-element elementor-element-7c355c90\" data-id=\"7c355c90\" data-element_type=\"column\" data-e-type=\"column\">\n\t\t\t<div class=\"elementor-widget-wrap elementor-element-populated\">\n\t\t\t\t\t\t<div class=\"elementor-element elementor-element-2e9a1991 elementor-widget elementor-widget-heading\" data-id=\"2e9a1991\" data-element_type=\"widget\" data-e-type=\"widget\" data-widget_type=\"heading.default\">\n\t\t\t\t<div class=\"elementor-widget-container\">\n\t\t\t\t\t<h2 class=\"elementor-heading-title elementor-size-default\">Domande frequenti sul lifting della fronte<\/h2>\t\t\t\t<\/div>\n\t\t\t\t<\/div>\n\t\t\t\t<div class=\"elementor-element elementor-element-54be7e24 elementor-widget elementor-widget-accordion\" data-id=\"54be7e24\" data-element_type=\"widget\" data-e-type=\"widget\" data-widget_type=\"accordion.default\">\n\t\t\t\t<div class=\"elementor-widget-container\">\n\t\t\t\t\t\t\t<div class=\"elementor-accordion\">\n\t\t\t\t\t\t\t<div class=\"elementor-accordion-item\">\n\t\t\t\t\t<h3 id=\"elementor-tab-title-1421\" class=\"elementor-tab-title\" data-tab=\"1\" role=\"button\" aria-controls=\"elementor-tab-content-1421\" aria-expanded=\"false\">\n\t\t\t\t\t\t\t\t\t\t\t\t\t<span class=\"elementor-accordion-icon elementor-accordion-icon-left\" aria-hidden=\"true\">\n\t\t\t\t\t\t\t\t\t\t\t\t\t\t\t<span class=\"elementor-accordion-icon-closed\"><i class=\"fas fa-plus\"><\/i><\/span>\n\t\t\t\t\t\t\t\t<span class=\"elementor-accordion-icon-opened\"><i class=\"fas fa-minus\"><\/i><\/span>\n\t\t\t\t\t\t\t\t\t\t\t\t\t\t<\/span>\n\t\t\t\t\t\t\t\t\t\t\t\t<a class=\"elementor-accordion-title\" tabindex=\"0\">Cosa bisogna considerare per un lifting della palpebra superiore che deve essere seguito da un lifting della fronte?<\/a>\n\t\t\t\t\t<\/h3>\n\t\t\t\t\t<div id=\"elementor-tab-content-1421\" class=\"elementor-tab-content elementor-clearfix\" data-tab=\"1\" role=\"region\" aria-labelledby=\"elementor-tab-title-1421\"><p>Se si esegue un lifting della fronte dopo un <a href=\"https:\/\/www.yuveo.de\/it\/op\/testa\/correzione-delle-palpebre\/sollevamento-della-palpebra-superiore\/\">lifting della palpebra superiore<\/a>, dobbiamo assicurarci che le sopracciglia non vengano tirate troppo.<\/p>\n<p>Se le palpebre vengono sollevate eccessivamente, potrebbe verificarsi <strong>un disturbo della chiusura palpebrale<\/strong>.<\/p>\n<p>Il nostro studio Yuveo-tem D\u00fcsselorf consiglia quindi: se \u00e8 previsto un lifting della palpebra superiore e un lifting della fronte, \u00e8 pi\u00f9 sensato eseguire il lifting della fronte <strong>prima della<\/strong> correzione delle palpebre.<\/p>\n<p>I piccoli cedimenti della palpebra superiore possono scomparire.<\/p>\n<\/div>\n\t\t\t\t<\/div>\n\t\t\t\t\t\t\t<div class=\"elementor-accordion-item\">\n\t\t\t\t\t<h3 id=\"elementor-tab-title-1422\" class=\"elementor-tab-title\" data-tab=\"2\" role=\"button\" aria-controls=\"elementor-tab-content-1422\" aria-expanded=\"false\">\n\t\t\t\t\t\t\t\t\t\t\t\t\t<span class=\"elementor-accordion-icon elementor-accordion-icon-left\" aria-hidden=\"true\">\n\t\t\t\t\t\t\t\t\t\t\t\t\t\t\t<span class=\"elementor-accordion-icon-closed\"><i class=\"fas fa-plus\"><\/i><\/span>\n\t\t\t\t\t\t\t\t<span class=\"elementor-accordion-icon-opened\"><i class=\"fas fa-minus\"><\/i><\/span>\n\t\t\t\t\t\t\t\t\t\t\t\t\t\t<\/span>\n\t\t\t\t\t\t\t\t\t\t\t\t<a class=\"elementor-accordion-title\" tabindex=\"0\">Cosa c'\u00e8 da dire sulla Btx e sul lifting della fronte?<\/a>\n\t\t\t\t\t<\/h3>\n\t\t\t\t\t<div id=\"elementor-tab-content-1422\" class=\"elementor-tab-content elementor-clearfix\" data-tab=\"2\" role=\"region\" aria-labelledby=\"elementor-tab-title-1422\"><p>Oggi le <strong>rughe della fronte<\/strong> vengono solitamente trattate con Bttx A<a href=\"https:\/\/www.yuveo.de\/it\/pieghe\/rilassante-muscolare-btx\/\">(Btx<\/a>) senza ricorrere a un <strong>lifting<\/strong> chirurgico <strong>della fronte<\/strong>. A basse dosi, il nostro team Yuveo riesce a ottenere un&#8217;adeguata <strong>distensione della<\/strong> fronte. <\/p>\n<p>Tuttavia, se le rughe sono gi\u00e0 molto profonde ed eventualmente cicatrizzate, la Btx non pu\u00f2 pi\u00f9 attenuarle a sufficienza.<\/p>\n<p>Se si utilizza una dose pi\u00f9 elevata di veleno, spesso si corre il rischio che le sopracciglia si abbassino a causa del blocco pi\u00f9 forte del muscolo della fronte, per cui in questi casi si pu\u00f2 prendere in considerazione un lifting <strong>chirurgico<\/strong> delle sopracciglia.<\/p>\n<\/div>\n\t\t\t\t<\/div>\n\t\t\t\t\t\t\t<div class=\"elementor-accordion-item\">\n\t\t\t\t\t<h3 id=\"elementor-tab-title-1423\" class=\"elementor-tab-title\" data-tab=\"3\" role=\"button\" aria-controls=\"elementor-tab-content-1423\" aria-expanded=\"false\">\n\t\t\t\t\t\t\t\t\t\t\t\t\t<span class=\"elementor-accordion-icon elementor-accordion-icon-left\" aria-hidden=\"true\">\n\t\t\t\t\t\t\t\t\t\t\t\t\t\t\t<span class=\"elementor-accordion-icon-closed\"><i class=\"fas fa-plus\"><\/i><\/span>\n\t\t\t\t\t\t\t\t<span class=\"elementor-accordion-icon-opened\"><i class=\"fas fa-minus\"><\/i><\/span>\n\t\t\t\t\t\t\t\t\t\t\t\t\t\t<\/span>\n\t\t\t\t\t\t\t\t\t\t\t\t<a class=\"elementor-accordion-title\" tabindex=\"0\">Il lifting della fronte per gli uomini \u00e8 un'opzione possibile?<\/a>\n\t\t\t\t\t<\/h3>\n\t\t\t\t\t<div id=\"elementor-tab-content-1423\" class=\"elementor-tab-content elementor-clearfix\" data-tab=\"3\" role=\"region\" aria-labelledby=\"elementor-tab-title-1423\"><p>Il <strong>lifting della fronte<\/strong> viene eseguito molto <strong>raramente<\/strong> sugli <strong>uomini<\/strong>. Il motivo \u00e8 ovvio: la calvizie prevista \u00e8 quasi impossibile da stimare e quindi anche la posizione successiva della cicatrice. <\/p>\n<p>Per gli uomini che non temono un trapianto di capelli in futuro, quest&#8217;ultimo non \u00e8 un argomento contro il lifting della fronte.<\/p>\n<p>In generale, tuttavia, l&#8217;intervento di lifting della fronte viene eseguito <strong>raramente<\/strong> sugli uomini.<\/p>\n<\/div>\n\t\t\t\t<\/div>\n\t\t\t\t\t\t\t<div class=\"elementor-accordion-item\">\n\t\t\t\t\t<h3 id=\"elementor-tab-title-1424\" class=\"elementor-tab-title\" data-tab=\"4\" role=\"button\" aria-controls=\"elementor-tab-content-1424\" aria-expanded=\"false\">\n\t\t\t\t\t\t\t\t\t\t\t\t\t<span class=\"elementor-accordion-icon elementor-accordion-icon-left\" aria-hidden=\"true\">\n\t\t\t\t\t\t\t\t\t\t\t\t\t\t\t<span class=\"elementor-accordion-icon-closed\"><i class=\"fas fa-plus\"><\/i><\/span>\n\t\t\t\t\t\t\t\t<span class=\"elementor-accordion-icon-opened\"><i class=\"fas fa-minus\"><\/i><\/span>\n\t\t\t\t\t\t\t\t\t\t\t\t\t\t<\/span>\n\t\t\t\t\t\t\t\t\t\t\t\t<a class=\"elementor-accordion-title\" tabindex=\"0\">Qual \u00e8 il trattamento successivo al lifting della fronte presso la Clinica Yuveo di D\u00fcsseldorf?<\/a>\n\t\t\t\t\t<\/h3>\n\t\t\t\t\t<div id=\"elementor-tab-content-1424\" class=\"elementor-tab-content elementor-clearfix\" data-tab=\"4\" role=\"region\" aria-labelledby=\"elementor-tab-title-1424\"><p>Nei primi giorni dopo il lifting della fronte, un <strong>raffreddamento<\/strong> frequente riduce il gonfiore e accelera la guarigione della ferita.<\/p>\n<p>Per lo stesso motivo, dopo il lifting della fronte si raccomanda una <strong>posizione elevata della testa<\/strong> durante il sonno.<\/p>\n<p>\u00c8 necessario evitare forti <strong>espressioni facciali<\/strong> nella zona della fronte e altre sollecitazioni meccaniche, soprattutto nella prima settimana.<\/p>\n<p>I <strong>punti<\/strong> sottili vengono rimossi una settimana dopo l&#8217;intervento.<\/p>\n<p>\u00c8 possibile che si verifichi un <strong>intorpidimento<\/strong> al di sopra della linea di incisione. Tuttavia, di solito si tratta di un fenomeno temporaneo. <\/p>\n<p>La <strong>perdita di capelli<\/strong> pu\u00f2 verificarsi anche al di sotto della linea di incisione, ma di solito \u00e8 temporanea.<\/p>\n<\/div>\n\t\t\t\t<\/div>\n\t\t\t\t\t\t\t\t\t\t<script type=\"application\/ld+json\">{\"@context\":\"https:\\\/\\\/schema.org\",\"@type\":\"FAQPage\",\"mainEntity\":[{\"@type\":\"Question\",\"name\":\"Cosa bisogna considerare per un lifting della palpebra superiore che deve essere seguito da un lifting della fronte?\",\"acceptedAnswer\":{\"@type\":\"Answer\",\"text\":\"<p>Se si esegue un lifting della fronte dopo un <a href=\\\"https:\\\/\\\/www.yuveo.de\\\/it\\\/op\\\/testa\\\/correzione-delle-palpebre\\\/sollevamento-della-palpebra-superiore\\\/\\\">lifting della palpebra superiore<\\\/a>, dobbiamo assicurarci che le sopracciglia non vengano tirate troppo.<\\\/p>\\n<p>Se le palpebre vengono sollevate eccessivamente, potrebbe verificarsi <strong>un disturbo della chiusura palpebrale<\\\/strong>.<\\\/p>\\n<p>Il nostro studio Yuveo-tem D\\u00fcsselorf consiglia quindi: se \\u00e8 previsto un lifting della palpebra superiore e un lifting della fronte, \\u00e8 pi\\u00f9 sensato eseguire il lifting della fronte <strong>prima della<\\\/strong> correzione delle palpebre.<\\\/p>\\n<p>I piccoli cedimenti della palpebra superiore possono scomparire.<\\\/p>\\n\"}},{\"@type\":\"Question\",\"name\":\"Cosa c'\\u00e8 da dire sulla Btx e sul lifting della fronte?\",\"acceptedAnswer\":{\"@type\":\"Answer\",\"text\":\"<p>Oggi le <strong>rughe della fronte<\\\/strong> vengono solitamente trattate con Bttx A<a href=\\\"https:\\\/\\\/www.yuveo.de\\\/it\\\/pieghe\\\/rilassante-muscolare-btx\\\/\\\">(Btx<\\\/a>) senza ricorrere a un <strong>lifting<\\\/strong> chirurgico <strong>della fronte<\\\/strong>. A basse dosi, il nostro team Yuveo riesce a ottenere un&#8217;adeguata <strong>distensione della<\\\/strong> fronte. <\\\/p>\\n<p>Tuttavia, se le rughe sono gi\\u00e0 molto profonde ed eventualmente cicatrizzate, la Btx non pu\\u00f2 pi\\u00f9 attenuarle a sufficienza.<\\\/p>\\n<p>Se si utilizza una dose pi\\u00f9 elevata di veleno, spesso si corre il rischio che le sopracciglia si abbassino a causa del blocco pi\\u00f9 forte del muscolo della fronte, per cui in questi casi si pu\\u00f2 prendere in considerazione un lifting <strong>chirurgico<\\\/strong> delle sopracciglia.<\\\/p>\\n\"}},{\"@type\":\"Question\",\"name\":\"Il lifting della fronte per gli uomini \\u00e8 un'opzione possibile?\",\"acceptedAnswer\":{\"@type\":\"Answer\",\"text\":\"<p>Il <strong>lifting della fronte<\\\/strong> viene eseguito molto <strong>raramente<\\\/strong> sugli <strong>uomini<\\\/strong>. Il motivo \\u00e8 ovvio: la calvizie prevista \\u00e8 quasi impossibile da stimare e quindi anche la posizione successiva della cicatrice. <\\\/p>\\n<p>Per gli uomini che non temono un trapianto di capelli in futuro, quest&#8217;ultimo non \\u00e8 un argomento contro il lifting della fronte.<\\\/p>\\n<p>In generale, tuttavia, l&#8217;intervento di lifting della fronte viene eseguito <strong>raramente<\\\/strong> sugli uomini.<\\\/p>\\n\"}},{\"@type\":\"Question\",\"name\":\"Qual \\u00e8 il trattamento successivo al lifting della fronte presso la Clinica Yuveo di D\\u00fcsseldorf?\",\"acceptedAnswer\":{\"@type\":\"Answer\",\"text\":\"<p>Nei primi giorni dopo il lifting della fronte, un <strong>raffreddamento<\\\/strong> frequente riduce il gonfiore e accelera la guarigione della ferita.<\\\/p>\\n<p>Per lo stesso motivo, dopo il lifting della fronte si raccomanda una <strong>posizione elevata della testa<\\\/strong> durante il sonno.<\\\/p>\\n<p>\\u00c8 necessario evitare forti <strong>espressioni facciali<\\\/strong> nella zona della fronte e altre sollecitazioni meccaniche, soprattutto nella prima settimana.<\\\/p>\\n<p>I <strong>punti<\\\/strong> sottili vengono rimossi una settimana dopo l&#8217;intervento.<\\\/p>\\n<p>\\u00c8 possibile che si verifichi un <strong>intorpidimento<\\\/strong> al di sopra della linea di incisione. Tuttavia, di solito si tratta di un fenomeno temporaneo. <\\\/p>\\n<p>La <strong>perdita di capelli<\\\/strong> pu\\u00f2 verificarsi anche al di sotto della linea di incisione, ma di solito \\u00e8 temporanea.<\\\/p>\\n\"}}]}<\/script>\n\t\t\t\t\t<\/div>\n\t\t\t\t\t\t<\/div>\n\t\t\t\t<\/div>\n\t\t\t\t\t<\/div>\n\t\t<\/div>\n\t\t\t\t<div class=\"elementor-column elementor-col-50 elementor-top-column elementor-element elementor-element-30e79271 parent-sticky\" data-id=\"30e79271\" data-element_type=\"column\" data-e-type=\"column\">\n\t\t\t<div class=\"elementor-widget-wrap elementor-element-populated\">\n\t\t\t\t\t\t<div class=\"elementor-element elementor-element-297f3876 elementor-widget elementor-widget-heading\" data-id=\"297f3876\" data-element_type=\"widget\" data-e-type=\"widget\" data-widget_type=\"heading.default\">\n\t\t\t\t<div class=\"elementor-widget-container\">\n\t\t\t\t\t<h2 class=\"elementor-heading-title elementor-size-default\">Verifica dei fatti<\/h2>\t\t\t\t<\/div>\n\t\t\t\t<\/div>\n\t\t\t\t<div class=\"elementor-element elementor-element-2107ff57 titlesticky  elementor-widget elementor-widget-text-editor\" data-id=\"2107ff57\" data-element_type=\"widget\" data-e-type=\"widget\" data-widget_type=\"text-editor.default\">\n\t\t\t\t<div class=\"elementor-widget-container\">\n\t\t\t\t\t\t\t\t\t<ul>\n \t<li><strong>Medici:<\/strong> Dr. Schumann e Dr. Schumann-Averkiou<\/li>\n \t<li>\n<strong>Anestesia:\n<\/strong> Anestesia locale con sonno crepuscolare, anestesia generale se necessario.<\/li>\n \t<li><strong>Ricovero ospedaliero:<\/strong>\nambulatoriale o 1 giorno di ricovero.<\/li>\n \t<li><strong>Cura successiva:<\/strong>\nRaffreddare, sollevare la testa, attenuare le espressioni del viso.<\/li>\n \t<li><strong>Rimuovere i punti:<\/strong>\n1 settimana dopo l&#8217;intervento<strong>.<\/strong><\/li>\n<\/ul>\t\t\t\t\t\t\t\t<\/div>\n\t\t\t\t<\/div>\n\t\t\t\t\t<\/div>\n\t\t<\/div>\n\t\t\t\t\t<\/div>\n\t\t<\/section>\n\t\t\t\t<section class=\"elementor-section elementor-top-section elementor-element elementor-element-3e300352 elementor-reverse-mobile elementor-section-boxed elementor-section-height-default elementor-section-height-default\" data-id=\"3e300352\" data-element_type=\"section\" data-e-type=\"section\">\n\t\t\t\t\t\t<div class=\"elementor-container elementor-column-gap-default\">\n\t\t\t\t\t<div class=\"elementor-column elementor-col-50 elementor-top-column elementor-element elementor-element-2d0f0ca5\" data-id=\"2d0f0ca5\" data-element_type=\"column\" data-e-type=\"column\">\n\t\t\t<div class=\"elementor-widget-wrap elementor-element-populated\">\n\t\t\t\t\t\t<div class=\"elementor-element elementor-element-2cc16a43 elementor-widget elementor-widget-heading\" data-id=\"2cc16a43\" data-element_type=\"widget\" data-e-type=\"widget\" data-widget_type=\"heading.default\">\n\t\t\t\t<div class=\"elementor-widget-container\">\n\t\t\t\t\t<h2 class=\"elementor-heading-title elementor-size-default\">Argomenti correlati  <\/h2>\t\t\t\t<\/div>\n\t\t\t\t<\/div>\n\t\t\t\t<div class=\"elementor-element elementor-element-2702f670 elementor-widget elementor-widget-text-editor\" data-id=\"2702f670\" data-element_type=\"widget\" data-e-type=\"widget\" data-widget_type=\"text-editor.default\">\n\t\t\t\t<div class=\"elementor-widget-container\">\n\t\t\t\t\t\t\t\t\t<p>Qui troverai informazioni su argomenti correlati all&#8217;intervento di lifting:<\/p><ul><li><a href=\"https:\/\/www.yuveo.de\/it\/op\/testa\/lifting-viso-duesseldorf\/\">Lifting del viso<\/a><\/li><li><a href=\"https:\/\/www.yuveo.de\/it\/op\/testa\/mini-lifting\/\">Mini lifting<\/a><\/li><li><a href=\"https:\/\/www.yuveo.de\/it\/pieghe\/rilassante-muscolare-btx\/\">Btx<\/a><\/li><li><a href=\"https:\/\/www.yuveo.de\/it\/lexikon\/filler-per-rughe-e-viso\/\">Riempitivo<\/a><\/li><li><a href=\"https:\/\/www.yuveo.de\/it\/op\/testa\/impianti-facciali\/correzione-del-tempio-con-impianti\/\">Correzione del tempio con impianti<\/a><\/li><li><a href=\"https:\/\/www.yuveo.de\/it\/op\/testa\/correzione-del-mento\/chirurgia-della-mascella-con-impianti-dellangolo-mandibolare\/\">Funzionamento della mascella<\/a><\/li><li><a href=\"https:\/\/www.yuveo.de\/it\/op\/testa\/correzione-delle-guance\/\">Correzione delle guance<\/a><\/li><li><a href=\"https:\/\/www.yuveo.de\/it\/op\/testa\/correzione-del-mento\/contornare-la-mascella\/\">Contornare la mascella<\/a><\/li><\/ul>\t\t\t\t\t\t\t\t<\/div>\n\t\t\t\t<\/div>\n\t\t\t\t\t<\/div>\n\t\t<\/div>\n\t\t\t\t<div class=\"elementor-column elementor-col-50 elementor-top-column elementor-element elementor-element-607a1055\" data-id=\"607a1055\" data-element_type=\"column\" data-e-type=\"column\">\n\t\t\t<div class=\"elementor-widget-wrap elementor-element-populated\">\n\t\t\t\t\t\t<div class=\"elementor-element elementor-element-da1ebc1 elementor-widget elementor-widget-image\" data-id=\"da1ebc1\" data-element_type=\"widget\" data-e-type=\"widget\" data-widget_type=\"image.default\">\n\t\t\t\t<div class=\"elementor-widget-container\">\n\t\t\t\t\t\t\t\t\t\t\t\t\t\t\t<img decoding=\"async\" width=\"800\" height=\"465\" src=\"https:\/\/www.yuveo.de\/wp-content\/uploads\/2021\/01\/header-dr-schumann-averkiou-yuveo-1-1024x595.jpg\" class=\"attachment-large size-large wp-image-37227\" alt=\"yuveo\" srcset=\"https:\/\/www.yuveo.de\/wp-content\/uploads\/2021\/01\/header-dr-schumann-averkiou-yuveo-1-1024x595.jpg 1024w, https:\/\/www.yuveo.de\/wp-content\/uploads\/2021\/01\/header-dr-schumann-averkiou-yuveo-1-300x174.jpg 300w, https:\/\/www.yuveo.de\/wp-content\/uploads\/2021\/01\/header-dr-schumann-averkiou-yuveo-1-768x446.jpg 768w, https:\/\/www.yuveo.de\/wp-content\/uploads\/2021\/01\/header-dr-schumann-averkiou-yuveo-1-1536x892.jpg 1536w, https:\/\/www.yuveo.de\/wp-content\/uploads\/2021\/01\/header-dr-schumann-averkiou-yuveo-1.jpg 2000w\" sizes=\"(max-width: 800px) 100vw, 800px\">\t\t\t\t\t\t\t\t\t\t\t\t\t\t\t<\/div>\n\t\t\t\t<\/div>\n\t\t\t\t\t<\/div>\n\t\t<\/div>\n\t\t\t\t\t<\/div>\n\t\t<\/section>\n\t\t\t\t<\/div>\n\t\t","protected":false},"excerpt":{"rendered":"<p>Il lifting della fronte \u00e8 l&#8217;opzione di trattamento ideale per correggere le rughe gravi sulla fronte e sollevare le sopracciglia profonde. Questo \u00e8 particolarmente vero quando le iniezioni di rughe(Btx, filler) sono poco efficaci! Presso la Clinica Yueveo di D\u00fcsseldorf possiamo attenuare le rughe trasversali della fronte con un lifting della fronte. \u00c8 anche possibile [&hellip;]<\/p>\n","protected":false},"author":1,"featured_media":0,"parent":38173,"menu_order":0,"comment_status":"closed","ping_status":"closed","template":"","meta":{"_acf_changed":false,"footnotes":""},"class_list":["post-38912","page","type-page","status-publish","hentry"],"acf":[],"_links":{"self":[{"href":"https:\/\/www.yuveo.de\/it\/wp-json\/wp\/v2\/pages\/38912","targetHints":{"allow":["GET"]}}],"collection":[{"href":"https:\/\/www.yuveo.de\/it\/wp-json\/wp\/v2\/pages"}],"about":[{"href":"https:\/\/www.yuveo.de\/it\/wp-json\/wp\/v2\/types\/page"}],"author":[{"embeddable":true,"href":"https:\/\/www.yuveo.de\/it\/wp-json\/wp\/v2\/users\/1"}],"replies":[{"embeddable":true,"href":"https:\/\/www.yuveo.de\/it\/wp-json\/wp\/v2\/comments?post=38912"}],"version-history":[{"count":5,"href":"https:\/\/www.yuveo.de\/it\/wp-json\/wp\/v2\/pages\/38912\/revisions"}],"predecessor-version":[{"id":42828,"href":"https:\/\/www.yuveo.de\/it\/wp-json\/wp\/v2\/pages\/38912\/revisions\/42828"}],"up":[{"embeddable":true,"href":"https:\/\/www.yuveo.de\/it\/wp-json\/wp\/v2\/pages\/38173"}],"wp:attachment":[{"href":"https:\/\/www.yuveo.de\/it\/wp-json\/wp\/v2\/media?parent=38912"}],"curies":[{"name":"wp","href":"https:\/\/api.w.org\/{rel}","templated":true}]}}