{"id":38852,"date":"2021-02-16T08:45:48","date_gmt":"2021-02-16T07:45:48","guid":{"rendered":"https:\/\/dev.yuveo.eu\/op\/testa\/mini-lifting\/"},"modified":"2025-08-13T14:47:21","modified_gmt":"2025-08-13T12:47:21","slug":"mini-lifting","status":"publish","type":"page","link":"https:\/\/www.yuveo.de\/it\/op\/testa\/mini-lifting\/","title":{"rendered":"Mini lifting"},"content":{"rendered":"\t\t<div data-elementor-type=\"wp-page\" data-elementor-id=\"38852\" class=\"elementor elementor-38852 elementor-13223\" data-elementor-post-type=\"page\">\n\t\t\t\t\t\t<section class=\"elementor-section elementor-top-section elementor-element elementor-element-2e689cb1 elementor-section-boxed elementor-section-height-default elementor-section-height-default\" data-id=\"2e689cb1\" data-element_type=\"section\" data-e-type=\"section\">\n\t\t\t\t\t\t<div class=\"elementor-container elementor-column-gap-default\">\n\t\t\t\t\t<div class=\"elementor-column elementor-col-50 elementor-top-column elementor-element elementor-element-6777c526\" data-id=\"6777c526\" data-element_type=\"column\" data-e-type=\"column\">\n\t\t\t<div class=\"elementor-widget-wrap elementor-element-populated\">\n\t\t\t\t\t\t<div class=\"elementor-element elementor-element-4c4b705d elementor-widget elementor-widget-text-editor\" data-id=\"4c4b705d\" data-element_type=\"widget\" data-e-type=\"widget\" data-widget_type=\"text-editor.default\">\n\t\t\t\t<div class=\"elementor-widget-container\">\n\t\t\t\t\t\t\t\t\t<p>In pratica, il <strong><a href=\"https:\/\/www.yuveo.de\/it\/op\/testa\/lifting-viso-duesseldorf\/\">lifting<\/a><\/strong> \u00e8 il metodo pi\u00f9 efficace per rassodare il viso. Di seguito ti spiegheremo le differenze tra un lifting standard e un mini lifting. <\/p><p>Il <strong>mini lifting<\/strong> \u00e8 un lifting medio in cui la <strong>zona delle guance<\/strong> e la <strong>mascella<\/strong> vengono rassodate.<\/p><p>L&#8217;effetto sul cedimento del collo e sulle tempie \u00e8 minimo.<\/p><p>Eseguiamo il mini lifting su pazienti con <strong>cedimenti della pelle del viso<\/strong> ancora in fase iniziale o intermedia. Questo significa che i pazienti sono un po&#8217; pi\u00f9 giovani. <\/p>\t\t\t\t\t\t\t\t<\/div>\n\t\t\t\t<\/div>\n\t\t\t\t\t<\/div>\n\t\t<\/div>\n\t\t\t\t<div class=\"elementor-column elementor-col-50 elementor-top-column elementor-element elementor-element-423d0d93\" data-id=\"423d0d93\" data-element_type=\"column\" data-e-type=\"column\">\n\t\t\t<div class=\"elementor-widget-wrap elementor-element-populated\">\n\t\t\t\t\t\t<div class=\"elementor-element elementor-element-62af28dd elementor-widget elementor-widget-table-of-contents\" data-id=\"62af28dd\" data-element_type=\"widget\" data-e-type=\"widget\" data-settings=\"{&quot;exclude_headings_by_selector&quot;:[],&quot;headings_by_tags&quot;:[&quot;h1&quot;,&quot;h2&quot;],&quot;marker_view&quot;:&quot;bullets&quot;,&quot;no_headings_message&quot;:&quot;No headings were found on this page.&quot;,&quot;icon&quot;:{&quot;value&quot;:&quot;fas fa-circle&quot;,&quot;library&quot;:&quot;fa-solid&quot;},&quot;min_height&quot;:{&quot;unit&quot;:&quot;px&quot;,&quot;size&quot;:&quot;&quot;,&quot;sizes&quot;:[]},&quot;min_height_tablet&quot;:{&quot;unit&quot;:&quot;px&quot;,&quot;size&quot;:&quot;&quot;,&quot;sizes&quot;:[]},&quot;min_height_mobile&quot;:{&quot;unit&quot;:&quot;px&quot;,&quot;size&quot;:&quot;&quot;,&quot;sizes&quot;:[]}}\" data-widget_type=\"table-of-contents.default\">\n\t\t\t\t<div class=\"elementor-widget-container\">\n\t\t\t\t\t\t\t\t\t<div class=\"elementor-toc__header\">\n\t\t\t\t\t\t<h4 class=\"elementor-toc__header-title\">\n\t\t\t\tContenuti\t\t\t<\/h4>\n\t\t\t\t\t\t\t\t<\/div>\n\t\t\t\t<div id=\"elementor-toc__62af28dd\" class=\"elementor-toc__body\">\n\t\t\t<div class=\"elementor-toc__spinner-container\">\n\t\t\t\t<i class=\"elementor-toc__spinner eicon-animation-spin eicon-loading\" aria-hidden=\"true\"><\/i>\t\t\t<\/div>\n\t\t<\/div>\n\t\t\t\t\t\t<\/div>\n\t\t\t\t<\/div>\n\t\t\t\t\t<\/div>\n\t\t<\/div>\n\t\t\t\t\t<\/div>\n\t\t<\/section>\n\t\t\t\t<section class=\"elementor-section elementor-top-section elementor-element elementor-element-1e5dc98b elementor-section-height-min-height hosec elementor-section-stretched elementor-section-boxed elementor-section-height-default elementor-section-items-middle\" data-id=\"1e5dc98b\" data-element_type=\"section\" data-e-type=\"section\" data-settings=\"{&quot;background_background&quot;:&quot;classic&quot;,&quot;stretch_section&quot;:&quot;section-stretched&quot;}\">\n\t\t\t\t\t\t<div class=\"elementor-container elementor-column-gap-default\">\n\t\t\t\t\t<div class=\"elementor-column elementor-col-50 elementor-top-column elementor-element elementor-element-437ccea3\" data-id=\"437ccea3\" data-element_type=\"column\" data-e-type=\"column\">\n\t\t\t<div class=\"elementor-widget-wrap elementor-element-populated\">\n\t\t\t\t\t\t<div class=\"elementor-element elementor-element-26ede954 elementor-widget elementor-widget-heading\" data-id=\"26ede954\" data-element_type=\"widget\" data-e-type=\"widget\" data-widget_type=\"heading.default\">\n\t\t\t\t<div class=\"elementor-widget-container\">\n\t\t\t\t\t<p class=\"elementor-heading-title elementor-size-default\">Clinica Yuveo<\/p>\t\t\t\t<\/div>\n\t\t\t\t<\/div>\n\t\t\t\t<div class=\"elementor-element elementor-element-3a9f76d0 elementor-widget elementor-widget-heading\" data-id=\"3a9f76d0\" data-element_type=\"widget\" data-e-type=\"widget\" data-widget_type=\"heading.default\">\n\t\t\t\t<div class=\"elementor-widget-container\">\n\t\t\t\t\t<h2 class=\"elementor-heading-title elementor-size-default\">Caratteristiche speciali del mini lifting<\/h2>\t\t\t\t<\/div>\n\t\t\t\t<\/div>\n\t\t\t\t<div class=\"elementor-element elementor-element-732ec488 elementor-widget elementor-widget-text-editor\" data-id=\"732ec488\" data-element_type=\"widget\" data-e-type=\"widget\" data-widget_type=\"text-editor.default\">\n\t\t\t\t<div class=\"elementor-widget-container\">\n\t\t\t\t\t\t\t\t\t<p>Per ottenere un lifting efficace \u00e8 necessario uno sforzo minore rispetto a quello richiesto da un lifting classico.<\/p>\t\t\t\t\t\t\t\t<\/div>\n\t\t\t\t<\/div>\n\t\t\t\t<div class=\"elementor-element elementor-element-138f0ea6 elementor-align-left elementor-tablet-align-left elementor-widget elementor-widget-button\" data-id=\"138f0ea6\" data-element_type=\"widget\" data-e-type=\"widget\" data-widget_type=\"button.default\">\n\t\t\t\t<div class=\"elementor-widget-container\">\n\t\t\t\t\t\t\t\t\t<div class=\"elementor-button-wrapper\">\n\t\t\t\t\t<a class=\"elementor-button elementor-button-link elementor-size-md\" href=\"https:\/\/www.yuveo.de\/it\/fissa-un-appuntamento\/\">\n\t\t\t\t\t\t<span class=\"elementor-button-content-wrapper\">\n\t\t\t\t\t\t<span class=\"elementor-button-icon\">\n\t\t\t\t<i aria-hidden=\"true\" class=\"fas fa-long-arrow-alt-right\"><\/i>\t\t\t<\/span>\n\t\t\t\t\t\t\t\t\t<span class=\"elementor-button-text\">Fissa un appuntamento<\/span>\n\t\t\t\t\t<\/span>\n\t\t\t\t\t<\/a>\n\t\t\t\t<\/div>\n\t\t\t\t\t\t\t\t<\/div>\n\t\t\t\t<\/div>\n\t\t\t\t\t<\/div>\n\t\t<\/div>\n\t\t\t\t<div class=\"elementor-column elementor-col-50 elementor-top-column elementor-element elementor-element-4f7aafd0\" data-id=\"4f7aafd0\" data-element_type=\"column\" data-e-type=\"column\" data-settings=\"{&quot;motion_fx_motion_fx_scrolling&quot;:&quot;yes&quot;,&quot;motion_fx_translateY_effect&quot;:&quot;yes&quot;,&quot;motion_fx_translateY_speed&quot;:{&quot;unit&quot;:&quot;px&quot;,&quot;size&quot;:&quot;1&quot;,&quot;sizes&quot;:[]},&quot;motion_fx_translateY_affectedRange&quot;:{&quot;unit&quot;:&quot;%&quot;,&quot;size&quot;:&quot;&quot;,&quot;sizes&quot;:{&quot;start&quot;:&quot;0&quot;,&quot;end&quot;:&quot;50&quot;}},&quot;motion_fx_opacity_effect&quot;:&quot;yes&quot;,&quot;motion_fx_opacity_range&quot;:{&quot;unit&quot;:&quot;%&quot;,&quot;size&quot;:&quot;&quot;,&quot;sizes&quot;:{&quot;start&quot;:&quot;0&quot;,&quot;end&quot;:&quot;30&quot;}},&quot;motion_fx_devices&quot;:[&quot;desktop&quot;,&quot;tablet&quot;],&quot;motion_fx_opacity_direction&quot;:&quot;out-in&quot;,&quot;motion_fx_opacity_level&quot;:{&quot;unit&quot;:&quot;px&quot;,&quot;size&quot;:10,&quot;sizes&quot;:[]}}\">\n\t\t\t<div class=\"elementor-widget-wrap elementor-element-populated\">\n\t\t\t\t\t\t<section class=\"elementor-section elementor-inner-section elementor-element elementor-element-4674ea26 elementor-section-boxed elementor-section-height-default elementor-section-height-default\" data-id=\"4674ea26\" data-element_type=\"section\" data-e-type=\"section\">\n\t\t\t\t\t\t<div class=\"elementor-container elementor-column-gap-default\">\n\t\t\t\t\t<div class=\"elementor-column elementor-col-50 elementor-inner-column elementor-element elementor-element-66d89d2b\" data-id=\"66d89d2b\" data-element_type=\"column\" data-e-type=\"column\">\n\t\t\t<div class=\"elementor-widget-wrap elementor-element-populated\">\n\t\t\t\t\t\t<div class=\"elementor-element elementor-element-2ffa9f3a elementor-cta--skin-cover elementor-cta--valign-middle elementor-widget elementor-widget-call-to-action\" data-id=\"2ffa9f3a\" data-element_type=\"widget\" data-e-type=\"widget\" data-widget_type=\"call-to-action.default\">\n\t\t\t\t<div class=\"elementor-widget-container\">\n\t\t\t\t\t\t\t<div class=\"elementor-cta\">\n\t\t\t\t\t<div class=\"elementor-cta__bg-wrapper\">\n\t\t\t\t<div class=\"elementor-cta__bg elementor-bg\" style=\"background-image: url();\" role=\"img\" aria-label=\"\"><\/div>\n\t\t\t\t<div class=\"elementor-cta__bg-overlay\"><\/div>\n\t\t\t<\/div>\n\t\t\t\t\t\t\t<div class=\"elementor-cta__content\">\n\t\t\t\t\n\t\t\t\t\t\t\t\t\t<h3 class=\"elementor-cta__title elementor-cta__content-item elementor-content-item\">\n\t\t\t\t\t\tMini lifting\t\t\t\t\t<\/h3>\n\t\t\t\t\n\t\t\t\t\t\t\t\t\t<div class=\"elementor-cta__description elementor-cta__content-item elementor-content-item\">\n\t\t\t\t\t\tUtilizziamo il mini lifting per i cedimenti della pelle del viso che sono ancora in fase iniziale o intermedia.\t\t\t\t\t<\/div>\n\t\t\t\t\n\t\t\t\t\t\t\t<\/div>\n\t\t\t\t\t\t<\/div>\n\t\t\t\t\t\t<\/div>\n\t\t\t\t<\/div>\n\t\t\t\t\t<\/div>\n\t\t<\/div>\n\t\t\t\t<div class=\"elementor-column elementor-col-50 elementor-inner-column elementor-element elementor-element-4bea8b26\" data-id=\"4bea8b26\" data-element_type=\"column\" data-e-type=\"column\">\n\t\t\t<div class=\"elementor-widget-wrap elementor-element-populated\">\n\t\t\t\t\t\t<div class=\"elementor-element elementor-element-2794eeec elementor-cta--skin-cover elementor-cta--valign-middle elementor-widget elementor-widget-call-to-action\" data-id=\"2794eeec\" data-element_type=\"widget\" data-e-type=\"widget\" data-widget_type=\"call-to-action.default\">\n\t\t\t\t<div class=\"elementor-widget-container\">\n\t\t\t\t\t\t\t<div class=\"elementor-cta\">\n\t\t\t\t\t<div class=\"elementor-cta__bg-wrapper\">\n\t\t\t\t<div class=\"elementor-cta__bg elementor-bg\" style=\"background-image: url();\" role=\"img\" aria-label=\"\"><\/div>\n\t\t\t\t<div class=\"elementor-cta__bg-overlay\"><\/div>\n\t\t\t<\/div>\n\t\t\t\t\t\t\t<div class=\"elementor-cta__content\">\n\t\t\t\t\n\t\t\t\t\t\t\t\t\t<h3 class=\"elementor-cta__title elementor-cta__content-item elementor-content-item\">\n\t\t\t\t\t\tVantaggi\t\t\t\t\t<\/h3>\n\t\t\t\t\n\t\t\t\t\t\t\t\t\t<div class=\"elementor-cta__description elementor-cta__content-item elementor-content-item\">\n\t\t\t\t\t\tQuesto lifting medio \u00e8 ideale per rassodare efficacemente la zona delle guance e della mascella.\t\t\t\t\t<\/div>\n\t\t\t\t\n\t\t\t\t\t\t\t<\/div>\n\t\t\t\t\t\t<\/div>\n\t\t\t\t\t\t<\/div>\n\t\t\t\t<\/div>\n\t\t\t\t\t<\/div>\n\t\t<\/div>\n\t\t\t\t\t<\/div>\n\t\t<\/section>\n\t\t\t\t<section class=\"elementor-section elementor-inner-section elementor-element elementor-element-20e2fcf elementor-section-boxed elementor-section-height-default elementor-section-height-default\" data-id=\"20e2fcf\" data-element_type=\"section\" data-e-type=\"section\">\n\t\t\t\t\t\t<div class=\"elementor-container elementor-column-gap-default\">\n\t\t\t\t\t<div class=\"elementor-column elementor-col-50 elementor-inner-column elementor-element elementor-element-598d4c36\" data-id=\"598d4c36\" data-element_type=\"column\" data-e-type=\"column\">\n\t\t\t<div class=\"elementor-widget-wrap elementor-element-populated\">\n\t\t\t\t\t\t<div class=\"elementor-element elementor-element-444bb24 elementor-cta--skin-cover elementor-cta--valign-middle elementor-widget elementor-widget-call-to-action\" data-id=\"444bb24\" data-element_type=\"widget\" data-e-type=\"widget\" data-widget_type=\"call-to-action.default\">\n\t\t\t\t<div class=\"elementor-widget-container\">\n\t\t\t\t\t\t\t<div class=\"elementor-cta\">\n\t\t\t\t\t<div class=\"elementor-cta__bg-wrapper\">\n\t\t\t\t<div class=\"elementor-cta__bg elementor-bg\" style=\"background-image: url();\" role=\"img\" aria-label=\"\"><\/div>\n\t\t\t\t<div class=\"elementor-cta__bg-overlay\"><\/div>\n\t\t\t<\/div>\n\t\t\t\t\t\t\t<div class=\"elementor-cta__content\">\n\t\t\t\t\n\t\t\t\t\t\t\t\t\t<h3 class=\"elementor-cta__title elementor-cta__content-item elementor-content-item\">\n\t\t\t\t\t\tLifting del viso\t\t\t\t\t<\/h3>\n\t\t\t\t\n\t\t\t\t\t\t\t\t\t<div class=\"elementor-cta__description elementor-cta__content-item elementor-content-item\">\n\t\t\t\t\t\tIl lifting classico \u00e8 il metodo chirurgico pi\u00f9 efficace per rassodare il viso.\t\t\t\t\t<\/div>\n\t\t\t\t\n\t\t\t\t\t\t\t<\/div>\n\t\t\t\t\t\t<\/div>\n\t\t\t\t\t\t<\/div>\n\t\t\t\t<\/div>\n\t\t\t\t\t<\/div>\n\t\t<\/div>\n\t\t\t\t<div class=\"elementor-column elementor-col-50 elementor-inner-column elementor-element elementor-element-1774fc20\" data-id=\"1774fc20\" data-element_type=\"column\" data-e-type=\"column\">\n\t\t\t<div class=\"elementor-widget-wrap elementor-element-populated\">\n\t\t\t\t\t\t<div class=\"elementor-element elementor-element-330d1c29 elementor-cta--skin-cover elementor-cta--valign-middle elementor-widget elementor-widget-call-to-action\" data-id=\"330d1c29\" data-element_type=\"widget\" data-e-type=\"widget\" data-widget_type=\"call-to-action.default\">\n\t\t\t\t<div class=\"elementor-widget-container\">\n\t\t\t\t\t\t\t<a class=\"elementor-cta\" href=\"https:\/\/www.yuveo.de\/it\/op\/testa\/correzione-delle-palpebre\/\">\n\t\t\t\t\t<div class=\"elementor-cta__bg-wrapper\">\n\t\t\t\t<div class=\"elementor-cta__bg elementor-bg\" style=\"background-image: url();\" role=\"img\" aria-label=\"\"><\/div>\n\t\t\t\t<div class=\"elementor-cta__bg-overlay\"><\/div>\n\t\t\t<\/div>\n\t\t\t\t\t\t\t<div class=\"elementor-cta__content\">\n\t\t\t\t\n\t\t\t\t\t\t\t\t\t<h3 class=\"elementor-cta__title elementor-cta__content-item elementor-content-item\">\n\t\t\t\t\t\tInterventi combinati\t\t\t\t\t<\/h3>\n\t\t\t\t\n\t\t\t\t\t\t\t\t\t<div class=\"elementor-cta__description elementor-cta__content-item elementor-content-item\">\n\t\t\t\t\t\tPossiamo combinare un mini lifting con un lifting delle palpebre, tra le altre cose.\t\t\t\t\t<\/div>\n\t\t\t\t\n\t\t\t\t\t\t\t<\/div>\n\t\t\t\t\t\t<\/a>\n\t\t\t\t\t\t<\/div>\n\t\t\t\t<\/div>\n\t\t\t\t\t<\/div>\n\t\t<\/div>\n\t\t\t\t\t<\/div>\n\t\t<\/section>\n\t\t\t\t\t<\/div>\n\t\t<\/div>\n\t\t\t\t\t<\/div>\n\t\t<\/section>\n\t\t\t\t<section class=\"elementor-section elementor-top-section elementor-element elementor-element-6830fa9f elementor-section-boxed elementor-section-height-default elementor-section-height-default\" data-id=\"6830fa9f\" data-element_type=\"section\" data-e-type=\"section\">\n\t\t\t\t\t\t<div class=\"elementor-container elementor-column-gap-default\">\n\t\t\t\t\t<div class=\"elementor-column elementor-col-50 elementor-top-column elementor-element elementor-element-b06c6af\" data-id=\"b06c6af\" data-element_type=\"column\" data-e-type=\"column\">\n\t\t\t<div class=\"elementor-widget-wrap elementor-element-populated\">\n\t\t\t\t\t\t<div class=\"elementor-element elementor-element-24f9f99f elementor-widget elementor-widget-heading\" data-id=\"24f9f99f\" data-element_type=\"widget\" data-e-type=\"widget\" data-widget_type=\"heading.default\">\n\t\t\t\t<div class=\"elementor-widget-container\">\n\t\t\t\t\t<h2 class=\"elementor-heading-title elementor-size-default\">Mini lifting presso la Clinica Yuveo<\/h2>\t\t\t\t<\/div>\n\t\t\t\t<\/div>\n\t\t\t\t<div class=\"elementor-element elementor-element-286df9ae elementor-widget elementor-widget-text-editor\" data-id=\"286df9ae\" data-element_type=\"widget\" data-e-type=\"widget\" data-widget_type=\"text-editor.default\">\n\t\t\t\t<div class=\"elementor-widget-container\">\n\t\t\t\t\t\t\t\t\t<p>A differenza di un normale lifting, il <strong>mini lifting<\/strong> richiede un <strong>numero di<\/strong> cicatrici leggermente <strong>inferiore<\/strong>.<\/p><p>Dovremo decidere insieme se lo sforzo leggermente minore e la cicatrice leggermente pi\u00f9 corta sono adatti al lifting che desideri.<\/p><h3>Il taglio<\/h3><p>A differenza di un intervento di chirurgia maggiore, l&#8217;incisione per un mini lifting \u00e8 pi\u00f9 discreta. Il nostro team Yuveo di D\u00fcsseldorf procede in modo tale da poter fare a <strong>meno<\/strong> dell&#8217;incisione che si estende nella zona pelosa della nuca. Inoltre, l&#8217;incisione termina presto in direzione delle tempie, <strong>alla base dell&#8217;orecchio<\/strong>.  <\/p><h3>Lifting per uomini<\/h3><p>Abbiamo descritto le caratteristiche speciali per gli uomini nell&#8217;articolo di sintesi <a href=\"https:\/\/www.yuveo.de\/it\/op\/testa\/lifting-viso-duesseldorf\/\">Facelifting<\/a>.<\/p><h3>Il mini lifting \u00e8 anche solo secondariamente una procedura di rafforzamento della pelle.<\/h3><p>Il mini lifting non \u00e8 solo un rafforzamento della pelle del viso. Il mini lifting si concentra anche sul rafforzamento dello <strong>SMAS <\/strong>(vedi spiegazione del lifting) ed \u00e8 responsabile di un risultato buono e soprattutto duraturo. <\/p><p>Tuttavia, a causa dell&#8217;area del viso leggermente pi\u00f9 piccola e delle linee di incisione pi\u00f9 corte, il successo del serraggio nella zona <strong>del collo<\/strong> \u00e8 significativamente inferiore rispetto a quello di un lifting tradizionale.<\/p>\t\t\t\t\t\t\t\t<\/div>\n\t\t\t\t<\/div>\n\t\t\t\t\t<\/div>\n\t\t<\/div>\n\t\t\t\t<div class=\"elementor-column elementor-col-50 elementor-top-column elementor-element elementor-element-29c1cbba parent-sticky\" data-id=\"29c1cbba\" data-element_type=\"column\" data-e-type=\"column\">\n\t\t\t<div class=\"elementor-widget-wrap elementor-element-populated\">\n\t\t\t\t\t\t<div class=\"elementor-element elementor-element-714b0d74 titlesticky  elementor-widget elementor-widget-image\" data-id=\"714b0d74\" data-element_type=\"widget\" data-e-type=\"widget\" data-widget_type=\"image.default\">\n\t\t\t\t<div class=\"elementor-widget-container\">\n\t\t\t\t\t\t\t\t\t\t\t\t<figure class=\"wp-caption\">\n\t\t\t\t\t\t\t\t\t\t<img fetchpriority=\"high\" decoding=\"async\" width=\"529\" height=\"554\" src=\"https:\/\/www.yuveo.de\/wp-content\/uploads\/2021\/03\/facelifting-op-RS-554px-10369w.jpg\" class=\"attachment-large size-large wp-image-37323\" alt=\"Facelifting\" srcset=\"https:\/\/www.yuveo.de\/wp-content\/uploads\/2021\/03\/facelifting-op-RS-554px-10369w.jpg 529w, https:\/\/www.yuveo.de\/wp-content\/uploads\/2021\/03\/facelifting-op-RS-554px-10369w-286x300.jpg 286w\" sizes=\"(max-width: 529px) 100vw, 529px\" \/>\t\t\t\t\t\t\t\t\t\t\t<figcaption class=\"widget-image-caption wp-caption-text\">  L'area in cui la pelle viene staccata e la preparazione SMAS \u00e8 leggermente schiarita. L'area della pelle rimossa durante il mini lifting \u00e8 fortemente schiarita. La linea blu mostra il decorso della cicatrice. Linea tratteggiata: cicatrice dietro l'orecchio. Frecce: direzione della trazione SMAS    <\/figcaption>\n\t\t\t\t\t\t\t\t\t\t<\/figure>\n\t\t\t\t\t\t\t\t\t<\/div>\n\t\t\t\t<\/div>\n\t\t\t\t\t<\/div>\n\t\t<\/div>\n\t\t\t\t\t<\/div>\n\t\t<\/section>\n\t\t\t\t<section class=\"elementor-section elementor-top-section elementor-element elementor-element-f1cc449 elementor-section-boxed elementor-section-height-default elementor-section-height-default\" data-id=\"f1cc449\" data-element_type=\"section\" data-e-type=\"section\">\n\t\t\t\t\t\t<div class=\"elementor-container elementor-column-gap-default\">\n\t\t\t\t\t<div class=\"elementor-column elementor-col-50 elementor-top-column elementor-element elementor-element-44f6c3f1\" data-id=\"44f6c3f1\" data-element_type=\"column\" data-e-type=\"column\">\n\t\t\t<div class=\"elementor-widget-wrap elementor-element-populated\">\n\t\t\t\t\t\t<div class=\"elementor-element elementor-element-5c01bc1e elementor-widget elementor-widget-heading\" data-id=\"5c01bc1e\" data-element_type=\"widget\" data-e-type=\"widget\" data-widget_type=\"heading.default\">\n\t\t\t\t<div class=\"elementor-widget-container\">\n\t\t\t\t\t<h2 class=\"elementor-heading-title elementor-size-default\">Le domande pi\u00f9 frequenti sul mini lifting  <\/h2>\t\t\t\t<\/div>\n\t\t\t\t<\/div>\n\t\t\t\t<div class=\"elementor-element elementor-element-47d41eab elementor-widget elementor-widget-accordion\" data-id=\"47d41eab\" data-element_type=\"widget\" data-e-type=\"widget\" data-widget_type=\"accordion.default\">\n\t\t\t\t<div class=\"elementor-widget-container\">\n\t\t\t\t\t\t\t<div class=\"elementor-accordion\">\n\t\t\t\t\t\t\t<div class=\"elementor-accordion-item\">\n\t\t\t\t\t<h3 id=\"elementor-tab-title-1201\" class=\"elementor-tab-title\" data-tab=\"1\" role=\"button\" aria-controls=\"elementor-tab-content-1201\" aria-expanded=\"false\">\n\t\t\t\t\t\t\t\t\t\t\t\t\t<span class=\"elementor-accordion-icon elementor-accordion-icon-left\" aria-hidden=\"true\">\n\t\t\t\t\t\t\t\t\t\t\t\t\t\t\t<span class=\"elementor-accordion-icon-closed\"><i class=\"fas fa-plus\"><\/i><\/span>\n\t\t\t\t\t\t\t\t<span class=\"elementor-accordion-icon-opened\"><i class=\"fas fa-minus\"><\/i><\/span>\n\t\t\t\t\t\t\t\t\t\t\t\t\t\t<\/span>\n\t\t\t\t\t\t\t\t\t\t\t\t<a class=\"elementor-accordion-title\" tabindex=\"0\">Cosa succede dopo l'operazione?<\/a>\n\t\t\t\t\t<\/h3>\n\t\t\t\t\t<div id=\"elementor-tab-content-1201\" class=\"elementor-tab-content elementor-clearfix\" data-tab=\"1\" role=\"region\" aria-labelledby=\"elementor-tab-title-1201\"><p>Nei primi giorni, il <strong>raffreddamento<\/strong> frequente riduce il gonfiore e accelera la guarigione della ferita.<\/p>\n<p>Per lo stesso motivo, dopo il mini lifting si raccomanda una <strong>posizione elevata della testa<\/strong> durante il sonno.<\/p>\n<p>Le forti <strong>espressioni facciali<\/strong> e altre sollecitazioni meccaniche sull&#8217;area chirurgica devono essere ridotte al minimo, soprattutto durante la prima settimana.<\/p>\n<p>Una settimana dopo l&#8217;operazione, i <strong>punti<\/strong> sottili davanti all&#8217;orecchio vengono rimossi. I punti dietro le orecchie vengono rimossi solo dopo 2 settimane. <\/p>\n<\/div>\n\t\t\t\t<\/div>\n\t\t\t\t\t\t\t<div class=\"elementor-accordion-item\">\n\t\t\t\t\t<h3 id=\"elementor-tab-title-1202\" class=\"elementor-tab-title\" data-tab=\"2\" role=\"button\" aria-controls=\"elementor-tab-content-1202\" aria-expanded=\"false\">\n\t\t\t\t\t\t\t\t\t\t\t\t\t<span class=\"elementor-accordion-icon elementor-accordion-icon-left\" aria-hidden=\"true\">\n\t\t\t\t\t\t\t\t\t\t\t\t\t\t\t<span class=\"elementor-accordion-icon-closed\"><i class=\"fas fa-plus\"><\/i><\/span>\n\t\t\t\t\t\t\t\t<span class=\"elementor-accordion-icon-opened\"><i class=\"fas fa-minus\"><\/i><\/span>\n\t\t\t\t\t\t\t\t\t\t\t\t\t\t<\/span>\n\t\t\t\t\t\t\t\t\t\t\t\t<a class=\"elementor-accordion-title\" tabindex=\"0\">Quanto sono alti i costi del lifting?<\/a>\n\t\t\t\t\t<\/h3>\n\t\t\t\t\t<div id=\"elementor-tab-content-1202\" class=\"elementor-tab-content elementor-clearfix\" data-tab=\"2\" role=\"region\" aria-labelledby=\"elementor-tab-title-1202\"><p><img decoding=\"async\" class=\"size-medium wp-image-17849 alignright\" src=\"https:\/\/www.yuveo.de\/wp-content\/uploads\/2021\/03\/kosten-plastische-chirurgie-300x200.jpg\" alt=\"Costi\" width=\"300\" height=\"200\" srcset=\"https:\/\/www.yuveo.de\/wp-content\/uploads\/2021\/03\/kosten-plastische-chirurgie-300x200.jpg 300w, https:\/\/www.yuveo.de\/wp-content\/uploads\/2021\/03\/kosten-plastische-chirurgie.jpg 424w\" sizes=\"(max-width: 300px) 100vw, 300px\" \/><strong>I prezzi<\/strong> del lifting possono variare notevolmente da medico a medico. Dipendono da diversi fattori: <\/p>\n<ol>\n<li>Ambito dell&#8217;operazione di lifting<\/li>\n<li>Durata della permanenza in clinica<\/li>\n<li>Prezzi per l&#8217;anestesia<\/li>\n<li>Tariffa del chirurgo plastico<\/li>\n<\/ol>\n<h4>Prezzi per un mini lifting<\/h4>\n<p>I costi di un <strong>mini lifting<\/strong> sono <strong>inferiori<\/strong> rispetto a quelli di un <strong>lifting<\/strong> normale a causa della minore estensione dell&#8217;intervento.<\/p>\n<p>Oltre al lifting, c&#8217;\u00e8 anche il costo dell&#8217;<strong>anestesia generale<\/strong>. Per alcuni chirurghi plastici si aggiungono i prezzi della <strong>degenza in ospedale.<\/strong>  <\/p>\n<p>Se il mini lifting viene eseguito in anestesia locale con <strong>sonno crepuscolare<\/strong> (sedazione), i prezzi sono leggermente inferiori. La sedazione crepuscolare costa in media <strong>dal 50 al 60% in meno<\/strong> rispetto all&#8217;anestesia generale. <\/p>\n<\/div>\n\t\t\t\t<\/div>\n\t\t\t\t\t\t\t\t\t\t<script type=\"application\/ld+json\">{\"@context\":\"https:\\\/\\\/schema.org\",\"@type\":\"FAQPage\",\"mainEntity\":[{\"@type\":\"Question\",\"name\":\"Cosa succede dopo l'operazione?\",\"acceptedAnswer\":{\"@type\":\"Answer\",\"text\":\"<p>Nei primi giorni, il <strong>raffreddamento<\\\/strong> frequente riduce il gonfiore e accelera la guarigione della ferita.<\\\/p>\\n<p>Per lo stesso motivo, dopo il mini lifting si raccomanda una <strong>posizione elevata della testa<\\\/strong> durante il sonno.<\\\/p>\\n<p>Le forti <strong>espressioni facciali<\\\/strong> e altre sollecitazioni meccaniche sull&#8217;area chirurgica devono essere ridotte al minimo, soprattutto durante la prima settimana.<\\\/p>\\n<p>Una settimana dopo l&#8217;operazione, i <strong>punti<\\\/strong> sottili davanti all&#8217;orecchio vengono rimossi. I punti dietro le orecchie vengono rimossi solo dopo 2 settimane. <\\\/p>\\n\"}},{\"@type\":\"Question\",\"name\":\"Quanto sono alti i costi del lifting?\",\"acceptedAnswer\":{\"@type\":\"Answer\",\"text\":\"<p><img class=\\\"size-medium wp-image-17849 alignright\\\" src=\\\"https:\\\/\\\/www.yuveo.de\\\/wp-content\\\/uploads\\\/2021\\\/03\\\/kosten-plastische-chirurgie-300x200.jpg\\\" alt=\\\"Costi\\\" width=\\\"300\\\" height=\\\"200\\\"><strong>I prezzi<\\\/strong> del lifting possono variare notevolmente da medico a medico. Dipendono da diversi fattori: <\\\/p>\\n<ol>\\n<li>Ambito dell&#8217;operazione di lifting<\\\/li>\\n<li>Durata della permanenza in clinica<\\\/li>\\n<li>Prezzi per l&#8217;anestesia<\\\/li>\\n<li>Tariffa del chirurgo plastico<\\\/li>\\n<\\\/ol>\\n<h4>Prezzi per un mini lifting<\\\/h4>\\n<p>I costi di un <strong>mini lifting<\\\/strong> sono <strong>inferiori<\\\/strong> rispetto a quelli di un <strong>lifting<\\\/strong> normale a causa della minore estensione dell&#8217;intervento.<\\\/p>\\n<p>Oltre al lifting, c&#8217;\\u00e8 anche il costo dell&#8217;<strong>anestesia generale<\\\/strong>. Per alcuni chirurghi plastici si aggiungono i prezzi della <strong>degenza in ospedale.<\\\/strong>  <\\\/p>\\n<p>Se il mini lifting viene eseguito in anestesia locale con <strong>sonno crepuscolare<\\\/strong> (sedazione), i prezzi sono leggermente inferiori. La sedazione crepuscolare costa in media <strong>dal 50 al 60% in meno<\\\/strong> rispetto all&#8217;anestesia generale. <\\\/p>\\n\"}}]}<\/script>\n\t\t\t\t\t<\/div>\n\t\t\t\t\t\t<\/div>\n\t\t\t\t<\/div>\n\t\t\t\t\t<\/div>\n\t\t<\/div>\n\t\t\t\t<div class=\"elementor-column elementor-col-50 elementor-top-column elementor-element elementor-element-16f1e881 parent-sticky\" data-id=\"16f1e881\" data-element_type=\"column\" data-e-type=\"column\">\n\t\t\t<div class=\"elementor-widget-wrap elementor-element-populated\">\n\t\t\t\t\t\t<div class=\"elementor-element elementor-element-607dc625 elementor-widget elementor-widget-heading\" data-id=\"607dc625\" data-element_type=\"widget\" data-e-type=\"widget\" data-widget_type=\"heading.default\">\n\t\t\t\t<div class=\"elementor-widget-container\">\n\t\t\t\t\t<h2 class=\"elementor-heading-title elementor-size-default\">Verifica dei fatti<\/h2>\t\t\t\t<\/div>\n\t\t\t\t<\/div>\n\t\t\t\t<div class=\"elementor-element elementor-element-13f30dc5 titlesticky  elementor-widget elementor-widget-text-editor\" data-id=\"13f30dc5\" data-element_type=\"widget\" data-e-type=\"widget\" data-widget_type=\"text-editor.default\">\n\t\t\t\t<div class=\"elementor-widget-container\">\n\t\t\t\t\t\t\t\t\t<ul><li><strong>Medici:<\/strong> Dr. Schumann e Dr. Schumann-Averkiou<\/li><li><p><strong>Durata del trattamento:<br><\/strong> circa 2 ore<\/p><\/li><li><strong>Anestesia:<br><\/strong> Anestesia locale con sonno crepuscolare, anestesia generale se necessario.<\/li><li><strong>Ricovero ospedaliero:<\/strong><br>1 giorno di degenza<\/li><li><strong>Cure successive:<\/strong><br>Raffreddamento, testa sollevata, rimozione dei punti dopo 1 o 2 settimane.<\/li><li><strong>Costi: <\/strong>su richiesta<\/li><\/ul>\t\t\t\t\t\t\t\t<\/div>\n\t\t\t\t<\/div>\n\t\t\t\t\t<\/div>\n\t\t<\/div>\n\t\t\t\t\t<\/div>\n\t\t<\/section>\n\t\t\t\t<section class=\"elementor-section elementor-top-section elementor-element elementor-element-603a5042 elementor-reverse-mobile elementor-section-boxed elementor-section-height-default elementor-section-height-default\" data-id=\"603a5042\" data-element_type=\"section\" data-e-type=\"section\">\n\t\t\t\t\t\t<div class=\"elementor-container elementor-column-gap-default\">\n\t\t\t\t\t<div class=\"elementor-column elementor-col-50 elementor-top-column elementor-element elementor-element-4e86d674\" data-id=\"4e86d674\" data-element_type=\"column\" data-e-type=\"column\">\n\t\t\t<div class=\"elementor-widget-wrap elementor-element-populated\">\n\t\t\t\t\t\t<div class=\"elementor-element elementor-element-51c769b6 elementor-widget elementor-widget-heading\" data-id=\"51c769b6\" data-element_type=\"widget\" data-e-type=\"widget\" data-widget_type=\"heading.default\">\n\t\t\t\t<div class=\"elementor-widget-container\">\n\t\t\t\t\t<h2 class=\"elementor-heading-title elementor-size-default\">Vantaggi del mini lifting<\/h2>\t\t\t\t<\/div>\n\t\t\t\t<\/div>\n\t\t\t\t<div class=\"elementor-element elementor-element-62bf52d8 elementor-widget elementor-widget-text-editor\" data-id=\"62bf52d8\" data-element_type=\"widget\" data-e-type=\"widget\" data-widget_type=\"text-editor.default\">\n\t\t\t\t<div class=\"elementor-widget-container\">\n\t\t\t\t\t\t\t\t\t<p>Il <strong>mini lifting<\/strong> offre i seguenti <strong>vantaggi<\/strong> rispetto a un lifting classico:<\/p><ul class=\"list\"><li><strong>Incisione pi\u00f9 piccola<\/strong> rispetto a un lifting convenzionale<\/li><li>Il <strong>tempo di funzionamento<\/strong> \u00e8 leggermente <strong>pi\u00f9 breve<\/strong>.<\/li><li>Cavit\u00e0 della ferita pi\u00f9 piccole e <strong>guarigione<\/strong> <strong>pi\u00f9 rapida<\/strong>.<\/li><li><strong>Tasso di complicazioni pi\u00f9 basso<\/strong><\/li><li>La <strong>fase di guarigione<\/strong> post-operatoria \u00e8 un po&#8217;<strong>pi\u00f9 breve<\/strong>.<\/li><li>Il minor esborso si riflette solitamente anche in <strong>costi<\/strong> leggermente <strong>inferiori<\/strong>.<\/li><\/ul>\t\t\t\t\t\t\t\t<\/div>\n\t\t\t\t<\/div>\n\t\t\t\t\t<\/div>\n\t\t<\/div>\n\t\t\t\t<div class=\"elementor-column elementor-col-50 elementor-top-column elementor-element elementor-element-2020cb2f\" data-id=\"2020cb2f\" data-element_type=\"column\" data-e-type=\"column\">\n\t\t\t<div class=\"elementor-widget-wrap elementor-element-populated\">\n\t\t\t\t\t\t<div class=\"elementor-element elementor-element-2a3f4dfa elementor-widget elementor-widget-image\" data-id=\"2a3f4dfa\" data-element_type=\"widget\" data-e-type=\"widget\" data-widget_type=\"image.default\">\n\t\t\t\t<div class=\"elementor-widget-container\">\n\t\t\t\t\t\t\t\t\t\t\t\t\t\t\t<img decoding=\"async\" width=\"350\" height=\"234\" src=\"https:\/\/www.yuveo.de\/wp-content\/uploads\/2021\/03\/facelifting-350.jpg\" class=\"attachment-large size-large wp-image-37368\" alt=\"Facelifting\" srcset=\"https:\/\/www.yuveo.de\/wp-content\/uploads\/2021\/03\/facelifting-350.jpg 350w, https:\/\/www.yuveo.de\/wp-content\/uploads\/2021\/03\/facelifting-350-300x201.jpg 300w\" sizes=\"(max-width: 350px) 100vw, 350px\" \/>\t\t\t\t\t\t\t\t\t\t\t\t\t\t\t<\/div>\n\t\t\t\t<\/div>\n\t\t\t\t\t<\/div>\n\t\t<\/div>\n\t\t\t\t\t<\/div>\n\t\t<\/section>\n\t\t\t\t<\/div>\n\t\t","protected":false},"excerpt":{"rendered":"<p>In pratica, il lifting \u00e8 il metodo pi\u00f9 efficace per rassodare il viso. Di seguito ti spiegheremo le differenze tra un lifting standard e un mini lifting. Il mini lifting \u00e8 un lifting medio in cui la zona delle guance e la mascella vengono rassodate. L&#8217;effetto sul cedimento del collo e sulle tempie \u00e8 minimo. [&hellip;]<\/p>\n","protected":false},"author":1,"featured_media":0,"parent":38173,"menu_order":0,"comment_status":"closed","ping_status":"closed","template":"","meta":{"_acf_changed":false,"footnotes":""},"class_list":["post-38852","page","type-page","status-publish","hentry"],"acf":[],"_links":{"self":[{"href":"https:\/\/www.yuveo.de\/it\/wp-json\/wp\/v2\/pages\/38852","targetHints":{"allow":["GET"]}}],"collection":[{"href":"https:\/\/www.yuveo.de\/it\/wp-json\/wp\/v2\/pages"}],"about":[{"href":"https:\/\/www.yuveo.de\/it\/wp-json\/wp\/v2\/types\/page"}],"author":[{"embeddable":true,"href":"https:\/\/www.yuveo.de\/it\/wp-json\/wp\/v2\/users\/1"}],"replies":[{"embeddable":true,"href":"https:\/\/www.yuveo.de\/it\/wp-json\/wp\/v2\/comments?post=38852"}],"version-history":[{"count":2,"href":"https:\/\/www.yuveo.de\/it\/wp-json\/wp\/v2\/pages\/38852\/revisions"}],"predecessor-version":[{"id":41683,"href":"https:\/\/www.yuveo.de\/it\/wp-json\/wp\/v2\/pages\/38852\/revisions\/41683"}],"up":[{"embeddable":true,"href":"https:\/\/www.yuveo.de\/it\/wp-json\/wp\/v2\/pages\/38173"}],"wp:attachment":[{"href":"https:\/\/www.yuveo.de\/it\/wp-json\/wp\/v2\/media?parent=38852"}],"curies":[{"name":"wp","href":"https:\/\/api.w.org\/{rel}","templated":true}]}}