{"id":38504,"date":"2021-02-16T11:13:30","date_gmt":"2021-02-16T10:13:30","guid":{"rendered":"https:\/\/dev.yuveo.eu\/pieghe\/rughe-rughe-del-viso\/"},"modified":"2025-09-02T08:16:45","modified_gmt":"2025-09-02T06:16:45","slug":"rughe-rughe-del-viso","status":"publish","type":"page","link":"https:\/\/www.yuveo.de\/it\/pieghe\/rughe-rughe-del-viso\/","title":{"rendered":"Rughe: Rughe del viso"},"content":{"rendered":"\t\t<div data-elementor-type=\"wp-page\" data-elementor-id=\"38504\" class=\"elementor elementor-38504 elementor-13420\" data-elementor-post-type=\"page\">\n\t\t\t\t\t\t<section class=\"elementor-section elementor-top-section elementor-element elementor-element-3230f3db elementor-section-boxed elementor-section-height-default elementor-section-height-default\" data-id=\"3230f3db\" data-element_type=\"section\" data-e-type=\"section\">\n\t\t\t\t\t\t<div class=\"elementor-container elementor-column-gap-default\">\n\t\t\t\t\t<div class=\"elementor-column elementor-col-50 elementor-top-column elementor-element elementor-element-2a59\" data-id=\"2a59\" data-element_type=\"column\" data-e-type=\"column\">\n\t\t\t<div class=\"elementor-widget-wrap elementor-element-populated\">\n\t\t\t\t\t\t<div class=\"elementor-element elementor-element-4ced23e7 elementor-widget elementor-widget-text-editor\" data-id=\"4ced23e7\" data-element_type=\"widget\" data-e-type=\"widget\" data-widget_type=\"text-editor.default\">\n\t\t\t\t<div class=\"elementor-widget-container\">\n\t\t\t\t\t\t\t\t\t<p><strong> Le espressioni facciali<\/strong> e l&#8217;<strong>invecchiamento della pelle<\/strong> causano la formazione di un numero sempre maggiore di <strong>rughe facciali<\/strong> con l&#8217;avanzare dell&#8217;et\u00e0. Fanno parte del naturale invecchiamento della pelle e delle espressioni del viso. <\/p><p>Tuttavia, molte persone con una tendenza alle <strong>rughe premature del viso<\/strong> soffrono di un<strong> aspetto prematuramente invecchiato<\/strong> e non riescono pi\u00f9 a identificarsi con esso.<\/p><p>Puoi scoprire come noi di Yuveo D\u00fcsseldorf correggiamo le rughe del viso in vari modi alla voce <a href=\"https:\/\/www.yuveo.de\/it\/pieghe\/iniezione-di-rughe-duesseldorf\/\">iniezioni di rughe<\/a> con <a href=\"https:\/\/www.yuveo.de\/it\/pieghe\/trattamento-delle-rughe-con-acido-ialuronico\/\">acido ialuronico <\/a>e <a href=\"https:\/\/www.yuveo.de\/it\/pieghe\/rilassante-muscolare-btx\/\">Btx<\/a> e ai singoli tipi di rughe qui descritti.<\/p><p>Rivolgiti anche al nostro team: Dr Schumann e Dr Schumann-Averkiou.<\/p><p>L&#8217;acido ialuronico \u00e8 uno dei materiali di riempimento pi\u00f9 popolari per l&#8217;iniezione delle rughe.<\/p>\t\t\t\t\t\t\t\t<\/div>\n\t\t\t\t<\/div>\n\t\t\t\t\t<\/div>\n\t\t<\/div>\n\t\t\t\t<div class=\"elementor-column elementor-col-50 elementor-top-column elementor-element elementor-element-22b937cd\" data-id=\"22b937cd\" data-element_type=\"column\" data-e-type=\"column\">\n\t\t\t<div class=\"elementor-widget-wrap elementor-element-populated\">\n\t\t\t\t\t\t<div class=\"elementor-element elementor-element-f74f5ea elementor-widget elementor-widget-table-of-contents\" data-id=\"f74f5ea\" data-element_type=\"widget\" data-e-type=\"widget\" data-settings=\"{&quot;exclude_headings_by_selector&quot;:[],&quot;headings_by_tags&quot;:[&quot;h1&quot;,&quot;h2&quot;],&quot;marker_view&quot;:&quot;bullets&quot;,&quot;no_headings_message&quot;:&quot;No headings were found on this page.&quot;,&quot;icon&quot;:{&quot;value&quot;:&quot;fas fa-circle&quot;,&quot;library&quot;:&quot;fa-solid&quot;},&quot;min_height&quot;:{&quot;unit&quot;:&quot;px&quot;,&quot;size&quot;:&quot;&quot;,&quot;sizes&quot;:[]},&quot;min_height_tablet&quot;:{&quot;unit&quot;:&quot;px&quot;,&quot;size&quot;:&quot;&quot;,&quot;sizes&quot;:[]},&quot;min_height_mobile&quot;:{&quot;unit&quot;:&quot;px&quot;,&quot;size&quot;:&quot;&quot;,&quot;sizes&quot;:[]}}\" data-widget_type=\"table-of-contents.default\">\n\t\t\t\t<div class=\"elementor-widget-container\">\n\t\t\t\t\t\t\t\t\t<div class=\"elementor-toc__header\">\n\t\t\t\t\t\t<h4 class=\"elementor-toc__header-title\">\n\t\t\t\tContenuti\t\t\t<\/h4>\n\t\t\t\t\t\t\t\t<\/div>\n\t\t\t\t<div id=\"elementor-toc__f74f5ea\" class=\"elementor-toc__body\">\n\t\t\t<div class=\"elementor-toc__spinner-container\">\n\t\t\t\t<i class=\"elementor-toc__spinner eicon-animation-spin eicon-loading\" aria-hidden=\"true\"><\/i>\t\t\t<\/div>\n\t\t<\/div>\n\t\t\t\t\t\t<\/div>\n\t\t\t\t<\/div>\n\t\t\t\t\t<\/div>\n\t\t<\/div>\n\t\t\t\t\t<\/div>\n\t\t<\/section>\n\t\t\t\t<section class=\"elementor-section elementor-top-section elementor-element elementor-element-7160ef7e elementor-section-height-min-height hosec elementor-section-stretched elementor-section-boxed elementor-section-height-default elementor-section-items-middle\" data-id=\"7160ef7e\" data-element_type=\"section\" data-e-type=\"section\" data-settings=\"{&quot;background_background&quot;:&quot;classic&quot;,&quot;stretch_section&quot;:&quot;section-stretched&quot;}\">\n\t\t\t\t\t\t<div class=\"elementor-container elementor-column-gap-default\">\n\t\t\t\t\t<div class=\"elementor-column elementor-col-50 elementor-top-column elementor-element elementor-element-5f400c4b\" data-id=\"5f400c4b\" data-element_type=\"column\" data-e-type=\"column\">\n\t\t\t<div class=\"elementor-widget-wrap elementor-element-populated\">\n\t\t\t\t\t\t<div class=\"elementor-element elementor-element-59ac9097 elementor-widget elementor-widget-heading\" data-id=\"59ac9097\" data-element_type=\"widget\" data-e-type=\"widget\" data-widget_type=\"heading.default\">\n\t\t\t\t<div class=\"elementor-widget-container\">\n\t\t\t\t\t<p class=\"elementor-heading-title elementor-size-default\">Clinica Yuveo<\/p>\t\t\t\t<\/div>\n\t\t\t\t<\/div>\n\t\t\t\t<div class=\"elementor-element elementor-element-455f784a elementor-widget elementor-widget-heading\" data-id=\"455f784a\" data-element_type=\"widget\" data-e-type=\"widget\" data-widget_type=\"heading.default\">\n\t\t\t\t<div class=\"elementor-widget-container\">\n\t\t\t\t\t<h2 class=\"elementor-heading-title elementor-size-default\">Caratteristiche speciali delle rughe del viso<\/h2>\t\t\t\t<\/div>\n\t\t\t\t<\/div>\n\t\t\t\t<div class=\"elementor-element elementor-element-43c695b7 elementor-widget elementor-widget-text-editor\" data-id=\"43c695b7\" data-element_type=\"widget\" data-e-type=\"widget\" data-widget_type=\"text-editor.default\">\n\t\t\t\t<div class=\"elementor-widget-container\">\n\t\t\t\t\t\t\t\t\t<p>In sostanza, le rughe del viso sono influenzate dalle nostre espressioni facciali e dalla gravit\u00e0.<\/p>\t\t\t\t\t\t\t\t<\/div>\n\t\t\t\t<\/div>\n\t\t\t\t<div class=\"elementor-element elementor-element-4c27ebf1 elementor-align-left elementor-tablet-align-left elementor-widget elementor-widget-button\" data-id=\"4c27ebf1\" data-element_type=\"widget\" data-e-type=\"widget\" data-widget_type=\"button.default\">\n\t\t\t\t<div class=\"elementor-widget-container\">\n\t\t\t\t\t\t\t\t\t<div class=\"elementor-button-wrapper\">\n\t\t\t\t\t<a class=\"elementor-button elementor-button-link elementor-size-md\" href=\"https:\/\/www.yuveo.de\/it\/fissa-un-appuntamento\/\">\n\t\t\t\t\t\t<span class=\"elementor-button-content-wrapper\">\n\t\t\t\t\t\t<span class=\"elementor-button-icon\">\n\t\t\t\t<i aria-hidden=\"true\" class=\"fas fa-long-arrow-alt-right\"><\/i>\t\t\t<\/span>\n\t\t\t\t\t\t\t\t\t<span class=\"elementor-button-text\">Fissa un appuntamento<\/span>\n\t\t\t\t\t<\/span>\n\t\t\t\t\t<\/a>\n\t\t\t\t<\/div>\n\t\t\t\t\t\t\t\t<\/div>\n\t\t\t\t<\/div>\n\t\t\t\t\t<\/div>\n\t\t<\/div>\n\t\t\t\t<div class=\"elementor-column elementor-col-50 elementor-top-column elementor-element elementor-element-404c805c\" data-id=\"404c805c\" data-element_type=\"column\" data-e-type=\"column\" data-settings=\"{&quot;motion_fx_motion_fx_scrolling&quot;:&quot;yes&quot;,&quot;motion_fx_translateY_effect&quot;:&quot;yes&quot;,&quot;motion_fx_translateY_speed&quot;:{&quot;unit&quot;:&quot;px&quot;,&quot;size&quot;:&quot;1&quot;,&quot;sizes&quot;:[]},&quot;motion_fx_translateY_affectedRange&quot;:{&quot;unit&quot;:&quot;%&quot;,&quot;size&quot;:&quot;&quot;,&quot;sizes&quot;:{&quot;start&quot;:&quot;0&quot;,&quot;end&quot;:&quot;50&quot;}},&quot;motion_fx_opacity_effect&quot;:&quot;yes&quot;,&quot;motion_fx_opacity_range&quot;:{&quot;unit&quot;:&quot;%&quot;,&quot;size&quot;:&quot;&quot;,&quot;sizes&quot;:{&quot;start&quot;:&quot;0&quot;,&quot;end&quot;:&quot;30&quot;}},&quot;motion_fx_devices&quot;:[&quot;desktop&quot;,&quot;tablet&quot;],&quot;motion_fx_opacity_direction&quot;:&quot;out-in&quot;,&quot;motion_fx_opacity_level&quot;:{&quot;unit&quot;:&quot;px&quot;,&quot;size&quot;:10,&quot;sizes&quot;:[]}}\">\n\t\t\t<div class=\"elementor-widget-wrap elementor-element-populated\">\n\t\t\t\t\t\t<section class=\"elementor-section elementor-inner-section elementor-element elementor-element-bcda80f elementor-section-boxed elementor-section-height-default elementor-section-height-default\" data-id=\"bcda80f\" data-element_type=\"section\" data-e-type=\"section\">\n\t\t\t\t\t\t<div class=\"elementor-container elementor-column-gap-default\">\n\t\t\t\t\t<div class=\"elementor-column elementor-col-50 elementor-inner-column elementor-element elementor-element-2eae08f9\" data-id=\"2eae08f9\" data-element_type=\"column\" data-e-type=\"column\">\n\t\t\t<div class=\"elementor-widget-wrap elementor-element-populated\">\n\t\t\t\t\t\t<div class=\"elementor-element elementor-element-68f184e0 elementor-cta--skin-cover elementor-cta--valign-middle elementor-widget elementor-widget-call-to-action\" data-id=\"68f184e0\" data-element_type=\"widget\" data-e-type=\"widget\" data-widget_type=\"call-to-action.default\">\n\t\t\t\t<div class=\"elementor-widget-container\">\n\t\t\t\t\t\t\t<div class=\"elementor-cta\">\n\t\t\t\t\t<div class=\"elementor-cta__bg-wrapper\">\n\t\t\t\t<div class=\"elementor-cta__bg elementor-bg\" style=\"background-image: url();\" role=\"img\" aria-label=\"\"><\/div>\n\t\t\t\t<div class=\"elementor-cta__bg-overlay\"><\/div>\n\t\t\t<\/div>\n\t\t\t\t\t\t\t<div class=\"elementor-cta__content\">\n\t\t\t\t\n\t\t\t\t\t\t\t\t\t<h3 class=\"elementor-cta__title elementor-cta__content-item elementor-content-item\">\n\t\t\t\t\t\tImita le rughe\t\t\t\t\t<\/h3>\n\t\t\t\t\n\t\t\t\t\t\t\t\t\t<div class=\"elementor-cta__description elementor-cta__content-item elementor-content-item\">\n\t\t\t\t\t\tIl nostro viso \u00e8 vivo e mostra emozioni che possono manifestarsi con le rughe del viso.\t\t\t\t\t<\/div>\n\t\t\t\t\n\t\t\t\t\t\t\t<\/div>\n\t\t\t\t\t\t<\/div>\n\t\t\t\t\t\t<\/div>\n\t\t\t\t<\/div>\n\t\t\t\t\t<\/div>\n\t\t<\/div>\n\t\t\t\t<div class=\"elementor-column elementor-col-50 elementor-inner-column elementor-element elementor-element-46501d9e\" data-id=\"46501d9e\" data-element_type=\"column\" data-e-type=\"column\">\n\t\t\t<div class=\"elementor-widget-wrap elementor-element-populated\">\n\t\t\t\t\t\t<div class=\"elementor-element elementor-element-466c19b2 elementor-cta--skin-cover elementor-cta--valign-middle elementor-widget elementor-widget-call-to-action\" data-id=\"466c19b2\" data-element_type=\"widget\" data-e-type=\"widget\" data-widget_type=\"call-to-action.default\">\n\t\t\t\t<div class=\"elementor-widget-container\">\n\t\t\t\t\t\t\t<div class=\"elementor-cta\">\n\t\t\t\t\t<div class=\"elementor-cta__bg-wrapper\">\n\t\t\t\t<div class=\"elementor-cta__bg elementor-bg\" style=\"background-image: url();\" role=\"img\" aria-label=\"\"><\/div>\n\t\t\t\t<div class=\"elementor-cta__bg-overlay\"><\/div>\n\t\t\t<\/div>\n\t\t\t\t\t\t\t<div class=\"elementor-cta__content\">\n\t\t\t\t\n\t\t\t\t\t\t\t\t\t<h3 class=\"elementor-cta__title elementor-cta__content-item elementor-content-item\">\n\t\t\t\t\t\tRughe dovute alla gravit\u00e0\t\t\t\t\t<\/h3>\n\t\t\t\t\n\t\t\t\t\t\t\t\t\t<div class=\"elementor-cta__description elementor-cta__content-item elementor-content-item\">\n\t\t\t\t\t\tLa gravit\u00e0 influisce sulla formazione delle rughe sul viso.\t\t\t\t\t<\/div>\n\t\t\t\t\n\t\t\t\t\t\t\t<\/div>\n\t\t\t\t\t\t<\/div>\n\t\t\t\t\t\t<\/div>\n\t\t\t\t<\/div>\n\t\t\t\t\t<\/div>\n\t\t<\/div>\n\t\t\t\t\t<\/div>\n\t\t<\/section>\n\t\t\t\t<section class=\"elementor-section elementor-inner-section elementor-element elementor-element-6c6f75d5 elementor-section-boxed elementor-section-height-default elementor-section-height-default\" data-id=\"6c6f75d5\" data-element_type=\"section\" data-e-type=\"section\">\n\t\t\t\t\t\t<div class=\"elementor-container elementor-column-gap-default\">\n\t\t\t\t\t<div class=\"elementor-column elementor-col-50 elementor-inner-column elementor-element elementor-element-79c696ba\" data-id=\"79c696ba\" data-element_type=\"column\" data-e-type=\"column\">\n\t\t\t<div class=\"elementor-widget-wrap elementor-element-populated\">\n\t\t\t\t\t\t<div class=\"elementor-element elementor-element-141703d9 elementor-cta--skin-cover elementor-cta--valign-middle elementor-widget elementor-widget-call-to-action\" data-id=\"141703d9\" data-element_type=\"widget\" data-e-type=\"widget\" data-widget_type=\"call-to-action.default\">\n\t\t\t\t<div class=\"elementor-widget-container\">\n\t\t\t\t\t\t\t<div class=\"elementor-cta\">\n\t\t\t\t\t<div class=\"elementor-cta__bg-wrapper\">\n\t\t\t\t<div class=\"elementor-cta__bg elementor-bg\" style=\"background-image: url();\" role=\"img\" aria-label=\"\"><\/div>\n\t\t\t\t<div class=\"elementor-cta__bg-overlay\"><\/div>\n\t\t\t<\/div>\n\t\t\t\t\t\t\t<div class=\"elementor-cta__content\">\n\t\t\t\t\n\t\t\t\t\t\t\t\t\t<h3 class=\"elementor-cta__title elementor-cta__content-item elementor-content-item\">\n\t\t\t\t\t\tInfluenza del sole\t\t\t\t\t<\/h3>\n\t\t\t\t\n\t\t\t\t\t\t\t\t\t<div class=\"elementor-cta__description elementor-cta__content-item elementor-content-item\">\n\t\t\t\t\t\tLe rughe sottili sul viso possono essere causate da un'abbondante esposizione al sole.\t\t\t\t\t<\/div>\n\t\t\t\t\n\t\t\t\t\t\t\t<\/div>\n\t\t\t\t\t\t<\/div>\n\t\t\t\t\t\t<\/div>\n\t\t\t\t<\/div>\n\t\t\t\t\t<\/div>\n\t\t<\/div>\n\t\t\t\t<div class=\"elementor-column elementor-col-50 elementor-inner-column elementor-element elementor-element-277697e4\" data-id=\"277697e4\" data-element_type=\"column\" data-e-type=\"column\">\n\t\t\t<div class=\"elementor-widget-wrap elementor-element-populated\">\n\t\t\t\t\t\t<div class=\"elementor-element elementor-element-6126a835 elementor-cta--skin-cover elementor-cta--valign-middle elementor-widget elementor-widget-call-to-action\" data-id=\"6126a835\" data-element_type=\"widget\" data-e-type=\"widget\" data-widget_type=\"call-to-action.default\">\n\t\t\t\t<div class=\"elementor-widget-container\">\n\t\t\t\t\t\t\t<a class=\"elementor-cta\" href=\"#\">\n\t\t\t\t\t<div class=\"elementor-cta__bg-wrapper\">\n\t\t\t\t<div class=\"elementor-cta__bg elementor-bg\" style=\"background-image: url();\" role=\"img\" aria-label=\"\"><\/div>\n\t\t\t\t<div class=\"elementor-cta__bg-overlay\"><\/div>\n\t\t\t<\/div>\n\t\t\t\t\t\t\t<div class=\"elementor-cta__content\">\n\t\t\t\t\n\t\t\t\t\t\t\t\t\t<h3 class=\"elementor-cta__title elementor-cta__content-item elementor-content-item\">\n\t\t\t\t\t\tPrevenire le rughe del viso\t\t\t\t\t<\/h3>\n\t\t\t\t\n\t\t\t\t\t\t\t\t\t<div class=\"elementor-cta__description elementor-cta__content-item elementor-content-item\">\n\t\t\t\t\t\tPrenditi cura della tua pelle, evita il sole, segui una dieta sana e fai esercizio fisico.\t\t\t\t\t<\/div>\n\t\t\t\t\n\t\t\t\t\t\t\t<\/div>\n\t\t\t\t\t\t<\/a>\n\t\t\t\t\t\t<\/div>\n\t\t\t\t<\/div>\n\t\t\t\t\t<\/div>\n\t\t<\/div>\n\t\t\t\t\t<\/div>\n\t\t<\/section>\n\t\t\t\t\t<\/div>\n\t\t<\/div>\n\t\t\t\t\t<\/div>\n\t\t<\/section>\n\t\t\t\t<section class=\"elementor-section elementor-top-section elementor-element elementor-element-3e8c3fd9 elementor-section-boxed elementor-section-height-default elementor-section-height-default\" data-id=\"3e8c3fd9\" data-element_type=\"section\" data-e-type=\"section\">\n\t\t\t\t\t\t<div class=\"elementor-container elementor-column-gap-default\">\n\t\t\t\t\t<div class=\"elementor-column elementor-col-50 elementor-top-column elementor-element elementor-element-6745c929\" data-id=\"6745c929\" data-element_type=\"column\" data-e-type=\"column\">\n\t\t\t<div class=\"elementor-widget-wrap elementor-element-populated\">\n\t\t\t\t\t\t<div class=\"elementor-element elementor-element-c24e9d3 elementor-widget elementor-widget-heading\" data-id=\"c24e9d3\" data-element_type=\"widget\" data-e-type=\"widget\" data-widget_type=\"heading.default\">\n\t\t\t\t<div class=\"elementor-widget-container\">\n\t\t\t\t\t<h2 class=\"elementor-heading-title elementor-size-default\">Imita le rughe del viso<\/h2>\t\t\t\t<\/div>\n\t\t\t\t<\/div>\n\t\t\t\t<section class=\"elementor-section elementor-inner-section elementor-element elementor-element-6e14eda elementor-section-boxed elementor-section-height-default elementor-section-height-default\" data-id=\"6e14eda\" data-element_type=\"section\" data-e-type=\"section\">\n\t\t\t\t\t\t<div class=\"elementor-container elementor-column-gap-no\">\n\t\t\t\t\t<div class=\"elementor-column elementor-col-50 elementor-inner-column elementor-element elementor-element-0250d36\" data-id=\"0250d36\" data-element_type=\"column\" data-e-type=\"column\">\n\t\t\t<div class=\"elementor-widget-wrap elementor-element-populated\">\n\t\t\t\t\t\t<div class=\"elementor-element elementor-element-f1572c3 elementor-widget elementor-widget-image\" data-id=\"f1572c3\" data-element_type=\"widget\" data-e-type=\"widget\" data-widget_type=\"image.default\">\n\t\t\t\t<div class=\"elementor-widget-container\">\n\t\t\t\t\t\t\t\t\t\t\t\t\t\t\t<img decoding=\"async\" width=\"82\" height=\"70\" src=\"https:\/\/www.yuveo.de\/wp-content\/uploads\/2021\/03\/kraehenfuesse.jpg\" class=\"attachment-full size-full wp-image-37587\" alt=\"yuveo\">\t\t\t\t\t\t\t\t\t\t\t\t\t\t\t<\/div>\n\t\t\t\t<\/div>\n\t\t\t\t\t<\/div>\n\t\t<\/div>\n\t\t\t\t<div class=\"elementor-column elementor-col-50 elementor-inner-column elementor-element elementor-element-b7fbc2f\" data-id=\"b7fbc2f\" data-element_type=\"column\" data-e-type=\"column\">\n\t\t\t<div class=\"elementor-widget-wrap elementor-element-populated\">\n\t\t\t\t\t\t<div class=\"elementor-element elementor-element-eec8194 elementor-widget elementor-widget-text-editor\" data-id=\"eec8194\" data-element_type=\"widget\" data-e-type=\"widget\" data-widget_type=\"text-editor.default\">\n\t\t\t\t<div class=\"elementor-widget-container\">\n\t\t\t\t\t\t\t\t\t<p><a href=\"https:\/\/www.yuveo.de\/it\/lexikon\/tratta-efficacemente-le-zampe-di-gallina\/\">Zampe di gallina (rughe di risata<\/a>):<br>Queste rughe possono diventare evidenti gi\u00e0 in giovane et\u00e0, sotto forma di pre-invecchiamento, se i muscoli dell&#8217;anello oculare sono iperattivi.<\/p>\t\t\t\t\t\t\t\t<\/div>\n\t\t\t\t<\/div>\n\t\t\t\t\t<\/div>\n\t\t<\/div>\n\t\t\t\t\t<\/div>\n\t\t<\/section>\n\t\t\t\t<section class=\"elementor-section elementor-inner-section elementor-element elementor-element-9c940ab elementor-section-boxed elementor-section-height-default elementor-section-height-default\" data-id=\"9c940ab\" data-element_type=\"section\" data-e-type=\"section\">\n\t\t\t\t\t\t<div class=\"elementor-container elementor-column-gap-no\">\n\t\t\t\t\t<div class=\"elementor-column elementor-col-50 elementor-inner-column elementor-element elementor-element-f915c35\" data-id=\"f915c35\" data-element_type=\"column\" data-e-type=\"column\">\n\t\t\t<div class=\"elementor-widget-wrap elementor-element-populated\">\n\t\t\t\t\t\t<div class=\"elementor-element elementor-element-fd4c71e elementor-widget elementor-widget-image\" data-id=\"fd4c71e\" data-element_type=\"widget\" data-e-type=\"widget\" data-widget_type=\"image.default\">\n\t\t\t\t<div class=\"elementor-widget-container\">\n\t\t\t\t\t\t\t\t\t\t\t\t\t\t\t<img decoding=\"async\" width=\"101\" height=\"70\" src=\"https:\/\/www.yuveo.de\/wp-content\/uploads\/2021\/03\/zornesfalten.jpg\" class=\"attachment-full size-full wp-image-37590\" alt=\"zornesfalte\" \/>\t\t\t\t\t\t\t\t\t\t\t\t\t\t\t<\/div>\n\t\t\t\t<\/div>\n\t\t\t\t\t<\/div>\n\t\t<\/div>\n\t\t\t\t<div class=\"elementor-column elementor-col-50 elementor-inner-column elementor-element elementor-element-55cdc5c\" data-id=\"55cdc5c\" data-element_type=\"column\" data-e-type=\"column\">\n\t\t\t<div class=\"elementor-widget-wrap elementor-element-populated\">\n\t\t\t\t\t\t<div class=\"elementor-element elementor-element-2727bf9 elementor-widget elementor-widget-text-editor\" data-id=\"2727bf9\" data-element_type=\"widget\" data-e-type=\"widget\" data-widget_type=\"text-editor.default\">\n\t\t\t\t<div class=\"elementor-widget-container\">\n\t\t\t\t\t\t\t\t\t<p><a href=\"https:\/\/www.yuveo.de\/it\/lexikon\/eliminare-le-rughe-di-espressione\/\">Rughe di disapprovazione (linee della glabella):<\/a><br>Le rughe di disapprovazione sono solitamente causate da espressioni facciali inconsapevolmente severe e danno luogo a un aspetto piuttosto severo.<\/p>\t\t\t\t\t\t\t\t<\/div>\n\t\t\t\t<\/div>\n\t\t\t\t\t<\/div>\n\t\t<\/div>\n\t\t\t\t\t<\/div>\n\t\t<\/section>\n\t\t\t\t<section class=\"elementor-section elementor-inner-section elementor-element elementor-element-fe445cb elementor-section-boxed elementor-section-height-default elementor-section-height-default\" data-id=\"fe445cb\" data-element_type=\"section\" data-e-type=\"section\">\n\t\t\t\t\t\t<div class=\"elementor-container elementor-column-gap-no\">\n\t\t\t\t\t<div class=\"elementor-column elementor-col-50 elementor-inner-column elementor-element elementor-element-74002c0\" data-id=\"74002c0\" data-element_type=\"column\" data-e-type=\"column\">\n\t\t\t<div class=\"elementor-widget-wrap elementor-element-populated\">\n\t\t\t\t\t\t<div class=\"elementor-element elementor-element-560b9c1 elementor-widget elementor-widget-image\" data-id=\"560b9c1\" data-element_type=\"widget\" data-e-type=\"widget\" data-widget_type=\"image.default\">\n\t\t\t\t<div class=\"elementor-widget-container\">\n\t\t\t\t\t\t\t\t\t\t\t\t\t\t\t<img decoding=\"async\" width=\"117\" height=\"70\" src=\"https:\/\/www.yuveo.de\/wp-content\/uploads\/2021\/03\/stirnfalten.jpg\" class=\"attachment-full size-full wp-image-37593\" alt=\"Stirnfalten\" \/>\t\t\t\t\t\t\t\t\t\t\t\t\t\t\t<\/div>\n\t\t\t\t<\/div>\n\t\t\t\t\t<\/div>\n\t\t<\/div>\n\t\t\t\t<div class=\"elementor-column elementor-col-50 elementor-inner-column elementor-element elementor-element-e2532d2\" data-id=\"e2532d2\" data-element_type=\"column\" data-e-type=\"column\">\n\t\t\t<div class=\"elementor-widget-wrap elementor-element-populated\">\n\t\t\t\t\t\t<div class=\"elementor-element elementor-element-c5b93a1 elementor-widget elementor-widget-text-editor\" data-id=\"c5b93a1\" data-element_type=\"widget\" data-e-type=\"widget\" data-widget_type=\"text-editor.default\">\n\t\t\t\t<div class=\"elementor-widget-container\">\n\t\t\t\t\t\t\t\t\t<p><a href=\"https:\/\/www.yuveo.de\/it\/lexikon\/rughe-della-fronte\/\">Rughe della fronte<\/a>:<br>Sono causate dall&#8217;attivit\u00e0 dei muscoli della fronte quando si sollevano le sopracciglia.<\/p>\t\t\t\t\t\t\t\t<\/div>\n\t\t\t\t<\/div>\n\t\t\t\t\t<\/div>\n\t\t<\/div>\n\t\t\t\t\t<\/div>\n\t\t<\/section>\n\t\t\t\t<section class=\"elementor-section elementor-inner-section elementor-element elementor-element-28b5d99 elementor-section-boxed elementor-section-height-default elementor-section-height-default\" data-id=\"28b5d99\" data-element_type=\"section\" data-e-type=\"section\">\n\t\t\t\t\t\t<div class=\"elementor-container elementor-column-gap-no\">\n\t\t\t\t\t<div class=\"elementor-column elementor-col-50 elementor-inner-column elementor-element elementor-element-e32151c\" data-id=\"e32151c\" data-element_type=\"column\" data-e-type=\"column\">\n\t\t\t<div class=\"elementor-widget-wrap elementor-element-populated\">\n\t\t\t\t\t\t<div class=\"elementor-element elementor-element-87644f7 elementor-widget elementor-widget-image\" data-id=\"87644f7\" data-element_type=\"widget\" data-e-type=\"widget\" data-widget_type=\"image.default\">\n\t\t\t\t<div class=\"elementor-widget-container\">\n\t\t\t\t\t\t\t\t\t\t\t\t\t\t\t<img decoding=\"async\" width=\"82\" height=\"70\" src=\"https:\/\/www.yuveo.de\/wp-content\/uploads\/2021\/03\/kraehenfuesse.jpg\" class=\"attachment-full size-full wp-image-37587\" alt=\"yuveo\">\t\t\t\t\t\t\t\t\t\t\t\t\t\t\t<\/div>\n\t\t\t\t<\/div>\n\t\t\t\t\t<\/div>\n\t\t<\/div>\n\t\t\t\t<div class=\"elementor-column elementor-col-50 elementor-inner-column elementor-element elementor-element-c0534c5\" data-id=\"c0534c5\" data-element_type=\"column\" data-e-type=\"column\">\n\t\t\t<div class=\"elementor-widget-wrap elementor-element-populated\">\n\t\t\t\t\t\t<div class=\"elementor-element elementor-element-f8d4a4a elementor-widget elementor-widget-text-editor\" data-id=\"f8d4a4a\" data-element_type=\"widget\" data-e-type=\"widget\" data-widget_type=\"text-editor.default\">\n\t\t\t\t<div class=\"elementor-widget-container\">\n\t\t\t\t\t\t\t\t\t<p><a href=\"https:\/\/www.yuveo.de\/it\/lexikon\/rughe-della-palpebra-inferiore-rughe-sulla-palpebra-inferiore\/\">Rughe della palpebra inferiore<\/a>:<br>Sono causate da una combinazione di movimenti muscolari nella met\u00e0 inferiore dei muscoli dell&#8217;anello oculare e dall&#8217;eccesso di pelle.<\/p>\t\t\t\t\t\t\t\t<\/div>\n\t\t\t\t<\/div>\n\t\t\t\t\t<\/div>\n\t\t<\/div>\n\t\t\t\t\t<\/div>\n\t\t<\/section>\n\t\t\t\t<section class=\"elementor-section elementor-inner-section elementor-element elementor-element-401c248 elementor-section-boxed elementor-section-height-default elementor-section-height-default\" data-id=\"401c248\" data-element_type=\"section\" data-e-type=\"section\">\n\t\t\t\t\t\t<div class=\"elementor-container elementor-column-gap-no\">\n\t\t\t\t\t<div class=\"elementor-column elementor-col-50 elementor-inner-column elementor-element elementor-element-d11c52b\" data-id=\"d11c52b\" data-element_type=\"column\" data-e-type=\"column\">\n\t\t\t<div class=\"elementor-widget-wrap elementor-element-populated\">\n\t\t\t\t\t\t<div class=\"elementor-element elementor-element-2a4a050 elementor-widget elementor-widget-image\" data-id=\"2a4a050\" data-element_type=\"widget\" data-e-type=\"widget\" data-widget_type=\"image.default\">\n\t\t\t\t<div class=\"elementor-widget-container\">\n\t\t\t\t\t\t\t\t\t\t\t\t\t\t\t<img loading=\"lazy\" decoding=\"async\" width=\"100\" height=\"70\" src=\"https:\/\/www.yuveo.de\/wp-content\/uploads\/2021\/03\/raucherfalten-mundfalten.jpg\" class=\"attachment-full size-full wp-image-37599\" alt=\"yuveo\">\t\t\t\t\t\t\t\t\t\t\t\t\t\t\t<\/div>\n\t\t\t\t<\/div>\n\t\t\t\t\t<\/div>\n\t\t<\/div>\n\t\t\t\t<div class=\"elementor-column elementor-col-50 elementor-inner-column elementor-element elementor-element-b7881ae\" data-id=\"b7881ae\" data-element_type=\"column\" data-e-type=\"column\">\n\t\t\t<div class=\"elementor-widget-wrap elementor-element-populated\">\n\t\t\t\t\t\t<div class=\"elementor-element elementor-element-0ca737b elementor-widget elementor-widget-text-editor\" data-id=\"0ca737b\" data-element_type=\"widget\" data-e-type=\"widget\" data-widget_type=\"text-editor.default\">\n\t\t\t\t<div class=\"elementor-widget-container\">\n\t\t\t\t\t\t\t\t\t<p><a href=\"https:\/\/www.yuveo.de\/it\/lexikon\/eliminare-le-rughe-della-bocca\/\">Rughe della bocca, rughe delle labbra, rughe del fumatore:<\/a> Sono disposte a raggiera intorno al bordo delle labbra e spesso sono gi\u00e0 chiaramente visibili nei fumatori di mezza et\u00e0.<\/p>\t\t\t\t\t\t\t\t<\/div>\n\t\t\t\t<\/div>\n\t\t\t\t\t<\/div>\n\t\t<\/div>\n\t\t\t\t\t<\/div>\n\t\t<\/section>\n\t\t\t\t<section class=\"elementor-section elementor-inner-section elementor-element elementor-element-c72a364 elementor-section-boxed elementor-section-height-default elementor-section-height-default\" data-id=\"c72a364\" data-element_type=\"section\" data-e-type=\"section\">\n\t\t\t\t\t\t<div class=\"elementor-container elementor-column-gap-no\">\n\t\t\t\t\t<div class=\"elementor-column elementor-col-50 elementor-inner-column elementor-element elementor-element-ded304a\" data-id=\"ded304a\" data-element_type=\"column\" data-e-type=\"column\">\n\t\t\t<div class=\"elementor-widget-wrap elementor-element-populated\">\n\t\t\t\t\t\t<div class=\"elementor-element elementor-element-eb5a6e4 elementor-widget elementor-widget-image\" data-id=\"eb5a6e4\" data-element_type=\"widget\" data-e-type=\"widget\" data-widget_type=\"image.default\">\n\t\t\t\t<div class=\"elementor-widget-container\">\n\t\t\t\t\t\t\t\t\t\t\t\t\t\t\t<img loading=\"lazy\" decoding=\"async\" width=\"67\" height=\"70\" src=\"https:\/\/www.yuveo.de\/wp-content\/uploads\/2021\/03\/nasolabialfalten-marionettenfalten.jpg\" class=\"attachment-full size-full wp-image-37602\" alt=\"naso\u00f6labial\" \/>\t\t\t\t\t\t\t\t\t\t\t\t\t\t\t<\/div>\n\t\t\t\t<\/div>\n\t\t\t\t\t<\/div>\n\t\t<\/div>\n\t\t\t\t<div class=\"elementor-column elementor-col-50 elementor-inner-column elementor-element elementor-element-75795e4\" data-id=\"75795e4\" data-element_type=\"column\" data-e-type=\"column\">\n\t\t\t<div class=\"elementor-widget-wrap elementor-element-populated\">\n\t\t\t\t\t\t<div class=\"elementor-element elementor-element-2cb667f elementor-widget elementor-widget-text-editor\" data-id=\"2cb667f\" data-element_type=\"widget\" data-e-type=\"widget\" data-widget_type=\"text-editor.default\">\n\t\t\t\t<div class=\"elementor-widget-container\">\n\t\t\t\t\t\t\t\t\t<p><a href=\"https:\/\/www.yuveo.de\/it\/lexikon\/rughe-del-mento\/\">Rughe del mento<\/a>: <br>Le rughe del mento sono causate dai movimenti del muscolo del mento.<\/p>\t\t\t\t\t\t\t\t<\/div>\n\t\t\t\t<\/div>\n\t\t\t\t\t<\/div>\n\t\t<\/div>\n\t\t\t\t\t<\/div>\n\t\t<\/section>\n\t\t\t\t<section class=\"elementor-section elementor-inner-section elementor-element elementor-element-37314d9 elementor-section-boxed elementor-section-height-default elementor-section-height-default\" data-id=\"37314d9\" data-element_type=\"section\" data-e-type=\"section\">\n\t\t\t\t\t\t<div class=\"elementor-container elementor-column-gap-no\">\n\t\t\t\t\t<div class=\"elementor-column elementor-col-50 elementor-inner-column elementor-element elementor-element-1764155\" data-id=\"1764155\" data-element_type=\"column\" data-e-type=\"column\">\n\t\t\t<div class=\"elementor-widget-wrap elementor-element-populated\">\n\t\t\t\t\t\t<div class=\"elementor-element elementor-element-c40eb38 elementor-widget elementor-widget-image\" data-id=\"c40eb38\" data-element_type=\"widget\" data-e-type=\"widget\" data-widget_type=\"image.default\">\n\t\t\t\t<div class=\"elementor-widget-container\">\n\t\t\t\t\t\t\t\t\t\t\t\t\t\t\t<img loading=\"lazy\" decoding=\"async\" width=\"101\" height=\"70\" src=\"https:\/\/www.yuveo.de\/wp-content\/uploads\/2021\/03\/bunny-lines-falten.jpg\" class=\"attachment-full size-full wp-image-37596\" alt=\"bunny lines\" \/>\t\t\t\t\t\t\t\t\t\t\t\t\t\t\t<\/div>\n\t\t\t\t<\/div>\n\t\t\t\t\t<\/div>\n\t\t<\/div>\n\t\t\t\t<div class=\"elementor-column elementor-col-50 elementor-inner-column elementor-element elementor-element-53c17e9\" data-id=\"53c17e9\" data-element_type=\"column\" data-e-type=\"column\">\n\t\t\t<div class=\"elementor-widget-wrap elementor-element-populated\">\n\t\t\t\t\t\t<div class=\"elementor-element elementor-element-7462f6d elementor-widget elementor-widget-text-editor\" data-id=\"7462f6d\" data-element_type=\"widget\" data-e-type=\"widget\" data-widget_type=\"text-editor.default\">\n\t\t\t\t<div class=\"elementor-widget-container\">\n\t\t\t\t\t\t\t\t\t<p><a href=\"https:\/\/www.yuveo.de\/it\/lexikon\/rughe-del-naso\/\">Rughe del naso (bunny lines)<\/a> Si tratta di piccole rughe sul lato superiore del naso.<\/p>\t\t\t\t\t\t\t\t<\/div>\n\t\t\t\t<\/div>\n\t\t\t\t\t<\/div>\n\t\t<\/div>\n\t\t\t\t\t<\/div>\n\t\t<\/section>\n\t\t\t\t\t<\/div>\n\t\t<\/div>\n\t\t\t\t<div class=\"elementor-column elementor-col-50 elementor-top-column elementor-element elementor-element-5a7b1cd0 parent-sticky\" data-id=\"5a7b1cd0\" data-element_type=\"column\" data-e-type=\"column\">\n\t\t\t<div class=\"elementor-widget-wrap elementor-element-populated\">\n\t\t\t\t\t\t<div class=\"elementor-element elementor-element-748ee2f1 titlesticky  elementor-widget elementor-widget-image\" data-id=\"748ee2f1\" data-element_type=\"widget\" data-e-type=\"widget\" data-widget_type=\"image.default\">\n\t\t\t\t<div class=\"elementor-widget-container\">\n\t\t\t\t\t\t\t\t\t\t\t\t\t\t\t<img loading=\"lazy\" decoding=\"async\" width=\"366\" height=\"550\" src=\"https:\/\/www.yuveo.de\/wp-content\/uploads\/2021\/03\/traenensaecke-entfernen-550px.jpg\" class=\"attachment-large size-large wp-image-37359\" alt=\"Tr\u00e4nens\u00e4cke und Gesichtsfaltenentfernen\" srcset=\"https:\/\/www.yuveo.de\/wp-content\/uploads\/2021\/03\/traenensaecke-entfernen-550px.jpg 366w, https:\/\/www.yuveo.de\/wp-content\/uploads\/2021\/03\/traenensaecke-entfernen-550px-200x300.jpg 200w\" sizes=\"(max-width: 366px) 100vw, 366px\" \/>\t\t\t\t\t\t\t\t\t\t\t\t\t\t\t<\/div>\n\t\t\t\t<\/div>\n\t\t\t\t\t<\/div>\n\t\t<\/div>\n\t\t\t\t\t<\/div>\n\t\t<\/section>\n\t\t\t\t<section class=\"elementor-section elementor-top-section elementor-element elementor-element-51b1560 elementor-section-boxed elementor-section-height-default elementor-section-height-default\" data-id=\"51b1560\" data-element_type=\"section\" data-e-type=\"section\">\n\t\t\t\t\t\t<div class=\"elementor-container elementor-column-gap-default\">\n\t\t\t\t\t<div class=\"elementor-column elementor-col-50 elementor-top-column elementor-element elementor-element-178206b3\" data-id=\"178206b3\" data-element_type=\"column\" data-e-type=\"column\">\n\t\t\t<div class=\"elementor-widget-wrap elementor-element-populated\">\n\t\t\t\t\t\t<div class=\"elementor-element elementor-element-460a939a elementor-widget elementor-widget-heading\" data-id=\"460a939a\" data-element_type=\"widget\" data-e-type=\"widget\" data-widget_type=\"heading.default\">\n\t\t\t\t<div class=\"elementor-widget-container\">\n\t\t\t\t\t<h2 class=\"elementor-heading-title elementor-size-default\">Domande frequenti sulle rughe del viso<\/h2>\t\t\t\t<\/div>\n\t\t\t\t<\/div>\n\t\t\t\t<div class=\"elementor-element elementor-element-39ea9bb9 elementor-widget elementor-widget-accordion\" data-id=\"39ea9bb9\" data-element_type=\"widget\" data-e-type=\"widget\" data-widget_type=\"accordion.default\">\n\t\t\t\t<div class=\"elementor-widget-container\">\n\t\t\t\t\t\t\t<div class=\"elementor-accordion\">\n\t\t\t\t\t\t\t<div class=\"elementor-accordion-item\">\n\t\t\t\t\t<h3 id=\"elementor-tab-title-9711\" class=\"elementor-tab-title\" data-tab=\"1\" role=\"button\" aria-controls=\"elementor-tab-content-9711\" aria-expanded=\"false\">\n\t\t\t\t\t\t\t\t\t\t\t\t\t<span class=\"elementor-accordion-icon elementor-accordion-icon-left\" aria-hidden=\"true\">\n\t\t\t\t\t\t\t\t\t\t\t\t\t\t\t<span class=\"elementor-accordion-icon-closed\"><i class=\"fas fa-plus\"><\/i><\/span>\n\t\t\t\t\t\t\t\t<span class=\"elementor-accordion-icon-opened\"><i class=\"fas fa-minus\"><\/i><\/span>\n\t\t\t\t\t\t\t\t\t\t\t\t\t\t<\/span>\n\t\t\t\t\t\t\t\t\t\t\t\t<a class=\"elementor-accordion-title\" tabindex=\"0\">Quali rughe del viso sono causate dalla gravit\u00e0?<\/a>\n\t\t\t\t\t<\/h3>\n\t\t\t\t\t<div id=\"elementor-tab-content-9711\" class=\"elementor-tab-content elementor-clearfix\" data-tab=\"1\" role=\"region\" aria-labelledby=\"elementor-tab-title-9711\"><p>Le rughe gravitazionali, o in breve <strong>rughe gravitazionali<\/strong>, sono causate dalla <strong>forza di gravit\u00e0<\/strong>.<\/p>\n<p>La pelle e il tessuto sottocutaneo non riescono pi\u00f9 a resistere, si afflosciano e si formano le rughe:<\/p>\n<p><img loading=\"lazy\" decoding=\"async\" class=\"size-full wp-image-27273 alignleft\" src=\"https:\/\/www.yuveo.de\/wp-content\/uploads\/2021\/03\/nasolabialfalten.jpg\" alt=\"Pieghe nasolabiali\" width=\"68\" height=\"70\"><\/p>\n<p>Le <a href=\"https:\/\/www.yuveo.de\/it\/lexikon\/rughe-del-naso\/\">pieghe nasolabiali<\/a> profonde si trovano di solito in persone molto magre con perdita di tessuto adiposo nel viso (soprattutto sulle guance).<\/p>\n<\/p>\n<p><a href=\"https:\/\/www.yuveo.de\/it\/lexikon\/eliminare-le-rughe-della-bocca\/\"><img loading=\"lazy\" decoding=\"async\" class=\"size-full wp-image-27306 alignleft\" src=\"https:\/\/www.yuveo.de\/wp-content\/uploads\/2021\/03\/marionettenfalte-nasolabialfalte.jpg\" alt=\"Piega a marionetta\" width=\"71\" height=\"70\">Le linee della marionetta sono<\/a> note anche come linee dell&#8217;angolo della bocca e si estendono verso il basso dall&#8217;angolo della bocca.<\/p>\n<p>Le <strong>pieghe trasversali<\/strong> del collo sono favorite dal peso dei cuscinetti di grasso sotto il mento.<\/p>\n<\/div>\n\t\t\t\t<\/div>\n\t\t\t\t\t\t\t<div class=\"elementor-accordion-item\">\n\t\t\t\t\t<h3 id=\"elementor-tab-title-9712\" class=\"elementor-tab-title\" data-tab=\"2\" role=\"button\" aria-controls=\"elementor-tab-content-9712\" aria-expanded=\"false\">\n\t\t\t\t\t\t\t\t\t\t\t\t\t<span class=\"elementor-accordion-icon elementor-accordion-icon-left\" aria-hidden=\"true\">\n\t\t\t\t\t\t\t\t\t\t\t\t\t\t\t<span class=\"elementor-accordion-icon-closed\"><i class=\"fas fa-plus\"><\/i><\/span>\n\t\t\t\t\t\t\t\t<span class=\"elementor-accordion-icon-opened\"><i class=\"fas fa-minus\"><\/i><\/span>\n\t\t\t\t\t\t\t\t\t\t\t\t\t\t<\/span>\n\t\t\t\t\t\t\t\t\t\t\t\t<a class=\"elementor-accordion-title\" tabindex=\"0\">Quali altre rughe del viso possono comparire?<\/a>\n\t\t\t\t\t<\/h3>\n\t\t\t\t\t<div id=\"elementor-tab-content-9712\" class=\"elementor-tab-content elementor-clearfix\" data-tab=\"2\" role=\"region\" aria-labelledby=\"elementor-tab-title-9712\"><ul class=\"list\">\n<li>Le <strong>rughe degli occhi<\/strong> sono una combinazione di rughe gravitazionali e rughe mimiche.<\/li>\n<li>Le <strong>rughe del sonno<\/strong> si trovano sul lato del viso che dorme e di solito corrono verticalmente intorno alle guance e alle tempie. Possono essere evitate dormendo sulla schiena. <\/li>\n<li>Le <strong>rughe sottili<\/strong> sono visibili in caso di pelle molto secca, con gravi danni solari e in et\u00e0 avanzata. Si trovano spesso nella zona delle palpebre inferiori e delle guance, sul mento, sul collo e sul d\u00e9collet\u00e9. In casi estremi, queste rughe possono coprire l&#8217;intero viso.  <\/li>\n<\/ul>\n<\/div>\n\t\t\t\t<\/div>\n\t\t\t\t\t\t\t<div class=\"elementor-accordion-item\">\n\t\t\t\t\t<h3 id=\"elementor-tab-title-9713\" class=\"elementor-tab-title\" data-tab=\"3\" role=\"button\" aria-controls=\"elementor-tab-content-9713\" aria-expanded=\"false\">\n\t\t\t\t\t\t\t\t\t\t\t\t\t<span class=\"elementor-accordion-icon elementor-accordion-icon-left\" aria-hidden=\"true\">\n\t\t\t\t\t\t\t\t\t\t\t\t\t\t\t<span class=\"elementor-accordion-icon-closed\"><i class=\"fas fa-plus\"><\/i><\/span>\n\t\t\t\t\t\t\t\t<span class=\"elementor-accordion-icon-opened\"><i class=\"fas fa-minus\"><\/i><\/span>\n\t\t\t\t\t\t\t\t\t\t\t\t\t\t<\/span>\n\t\t\t\t\t\t\t\t\t\t\t\t<a class=\"elementor-accordion-title\" tabindex=\"0\">Come puoi contrastare lo sviluppo delle rughe del viso?<\/a>\n\t\t\t\t\t<\/h3>\n\t\t\t\t\t<div id=\"elementor-tab-content-9713\" class=\"elementor-tab-content elementor-clearfix\" data-tab=\"3\" role=\"region\" aria-labelledby=\"elementor-tab-title-9713\"><p>Le misure pi\u00f9 semplici per <strong>prevenire la formazione di rughe<\/strong> sono<\/p>\n<ul class=\"list\">\n<li><strong>Evita il sole<\/strong> e usa creme protettive &#8211; Chi ama il sole ha maggiori probabilit\u00e0 di sviluppare rughe a causa dei danni dei raggi UV. Ovviamente questo vale anche per il solarium. <\/li>\n<li>Le <strong>sigarette<\/strong> dovrebbero essere evitate, poich\u00e9 il consumo di nicotina accelera enormemente la formazione delle rughe.<\/li>\n<li>Si consiglia l&#8217;uso di <strong>creme<\/strong> e cosmetici.<\/li>\n<li><strong>Evita di perdere peso in<\/strong> et\u00e0 avanzata. L&#8217;eccesso di pelle che ne deriva favorisce la formazione delle rughe del viso. <\/li>\n<li>Una <strong>dieta<\/strong> sana <strong>e ricca di vitamine<\/strong> non solo \u00e8 utile per prevenire le rughe.<\/li>\n<li><strong>Gli sport di resistenza<\/strong> migliorano la circolazione del sangue nei tessuti.<\/li>\n<\/ul>\n<\/div>\n\t\t\t\t<\/div>\n\t\t\t\t\t\t\t\t\t\t<script type=\"application\/ld+json\">{\"@context\":\"https:\\\/\\\/schema.org\",\"@type\":\"FAQPage\",\"mainEntity\":[{\"@type\":\"Question\",\"name\":\"Quali rughe del viso sono causate dalla gravit\\u00e0?\",\"acceptedAnswer\":{\"@type\":\"Answer\",\"text\":\"<p>Le rughe gravitazionali, o in breve <strong>rughe gravitazionali<\\\/strong>, sono causate dalla <strong>forza di gravit\\u00e0<\\\/strong>.<\\\/p>\\n<p>La pelle e il tessuto sottocutaneo non riescono pi\\u00f9 a resistere, si afflosciano e si formano le rughe:<\\\/p>\\n<p><img class=\\\"size-full wp-image-27273 alignleft\\\" src=\\\"https:\\\/\\\/www.yuveo.de\\\/wp-content\\\/uploads\\\/2021\\\/03\\\/nasolabialfalten.jpg\\\" alt=\\\"Pieghe nasolabiali\\\" width=\\\"68\\\" height=\\\"70\\\"><\\\/p>\\n<p>Le <a href=\\\"https:\\\/\\\/www.yuveo.de\\\/it\\\/lexikon\\\/rughe-del-naso\\\/\\\">pieghe nasolabiali<\\\/a> profonde si trovano di solito in persone molto magre con perdita di tessuto adiposo nel viso (soprattutto sulle guance).<\\\/p>\\n<\\\/p>\\n<p><a href=\\\"https:\\\/\\\/www.yuveo.de\\\/it\\\/lexikon\\\/eliminare-le-rughe-della-bocca\\\/\\\"><img class=\\\"size-full wp-image-27306 alignleft\\\" src=\\\"https:\\\/\\\/www.yuveo.de\\\/wp-content\\\/uploads\\\/2021\\\/03\\\/marionettenfalte-nasolabialfalte.jpg\\\" alt=\\\"Piega a marionetta\\\" width=\\\"71\\\" height=\\\"70\\\">Le linee della marionetta sono<\\\/a> note anche come linee dell&#8217;angolo della bocca e si estendono verso il basso dall&#8217;angolo della bocca.<\\\/p>\\n<p>Le <strong>pieghe trasversali<\\\/strong> del collo sono favorite dal peso dei cuscinetti di grasso sotto il mento.<\\\/p>\\n\"}},{\"@type\":\"Question\",\"name\":\"Quali altre rughe del viso possono comparire?\",\"acceptedAnswer\":{\"@type\":\"Answer\",\"text\":\"<ul class=\\\"list\\\">\\n<li>Le <strong>rughe degli occhi<\\\/strong> sono una combinazione di rughe gravitazionali e rughe mimiche.<\\\/li>\\n<li>Le <strong>rughe del sonno<\\\/strong> si trovano sul lato del viso che dorme e di solito corrono verticalmente intorno alle guance e alle tempie. Possono essere evitate dormendo sulla schiena. <\\\/li>\\n<li>Le <strong>rughe sottili<\\\/strong> sono visibili in caso di pelle molto secca, con gravi danni solari e in et\\u00e0 avanzata. Si trovano spesso nella zona delle palpebre inferiori e delle guance, sul mento, sul collo e sul d\\u00e9collet\\u00e9. In casi estremi, queste rughe possono coprire l&#8217;intero viso.  <\\\/li>\\n<\\\/ul>\\n\"}},{\"@type\":\"Question\",\"name\":\"Come puoi contrastare lo sviluppo delle rughe del viso?\",\"acceptedAnswer\":{\"@type\":\"Answer\",\"text\":\"<p>Le misure pi\\u00f9 semplici per <strong>prevenire la formazione di rughe<\\\/strong> sono<\\\/p>\\n<ul class=\\\"list\\\">\\n<li><strong>Evita il sole<\\\/strong> e usa creme protettive &#8211; Chi ama il sole ha maggiori probabilit\\u00e0 di sviluppare rughe a causa dei danni dei raggi UV. Ovviamente questo vale anche per il solarium. <\\\/li>\\n<li>Le <strong>sigarette<\\\/strong> dovrebbero essere evitate, poich\\u00e9 il consumo di nicotina accelera enormemente la formazione delle rughe.<\\\/li>\\n<li>Si consiglia l&#8217;uso di <strong>creme<\\\/strong> e cosmetici.<\\\/li>\\n<li><strong>Evita di perdere peso in<\\\/strong> et\\u00e0 avanzata. L&#8217;eccesso di pelle che ne deriva favorisce la formazione delle rughe del viso. <\\\/li>\\n<li>Una <strong>dieta<\\\/strong> sana <strong>e ricca di vitamine<\\\/strong> non solo \\u00e8 utile per prevenire le rughe.<\\\/li>\\n<li><strong>Gli sport di resistenza<\\\/strong> migliorano la circolazione del sangue nei tessuti.<\\\/li>\\n<\\\/ul>\\n\"}}]}<\/script>\n\t\t\t\t\t<\/div>\n\t\t\t\t\t\t<\/div>\n\t\t\t\t<\/div>\n\t\t\t\t\t<\/div>\n\t\t<\/div>\n\t\t\t\t<div class=\"elementor-column elementor-col-50 elementor-top-column elementor-element elementor-element-3a35b68a parent-sticky\" data-id=\"3a35b68a\" data-element_type=\"column\" data-e-type=\"column\">\n\t\t\t<div class=\"elementor-widget-wrap\">\n\t\t\t\t\t\t\t<\/div>\n\t\t<\/div>\n\t\t\t\t\t<\/div>\n\t\t<\/section>\n\t\t\t\t<section class=\"elementor-section elementor-top-section elementor-element elementor-element-69d4a4fe elementor-reverse-mobile elementor-section-boxed elementor-section-height-default elementor-section-height-default\" data-id=\"69d4a4fe\" data-element_type=\"section\" data-e-type=\"section\">\n\t\t\t\t\t\t<div class=\"elementor-container elementor-column-gap-default\">\n\t\t\t\t\t<div class=\"elementor-column elementor-col-50 elementor-top-column elementor-element elementor-element-150a14aa\" data-id=\"150a14aa\" data-element_type=\"column\" data-e-type=\"column\">\n\t\t\t<div class=\"elementor-widget-wrap elementor-element-populated\">\n\t\t\t\t\t\t<div class=\"elementor-element elementor-element-583a44d2 elementor-widget elementor-widget-heading\" data-id=\"583a44d2\" data-element_type=\"widget\" data-e-type=\"widget\" data-widget_type=\"heading.default\">\n\t\t\t\t<div class=\"elementor-widget-container\">\n\t\t\t\t\t<h2 class=\"elementor-heading-title elementor-size-default\">Argomenti correlati  <\/h2>\t\t\t\t<\/div>\n\t\t\t\t<\/div>\n\t\t\t\t<div class=\"elementor-element elementor-element-5b730bc6 elementor-widget elementor-widget-text-editor\" data-id=\"5b730bc6\" data-element_type=\"widget\" data-e-type=\"widget\" data-widget_type=\"text-editor.default\">\n\t\t\t\t<div class=\"elementor-widget-container\">\n\t\t\t\t\t\t\t\t\t<p><a href=\"https:\/\/www.yuveo.de\/it\/lexikon\/filler-per-rughe-e-viso\/\">Riempitivo<\/a><\/p><p><a href=\"https:\/\/www.yuveo.de\/it\/pieghe\/rilassante-muscolare-btx\/\">Btx.<\/a><\/p><p><a href=\"https:\/\/www.yuveo.de\/it\/pieghe\/sollevamento-del-filo\/\">Sollevamento del filo<\/a><\/p>\t\t\t\t\t\t\t\t<\/div>\n\t\t\t\t<\/div>\n\t\t\t\t\t<\/div>\n\t\t<\/div>\n\t\t\t\t<div class=\"elementor-column elementor-col-50 elementor-top-column elementor-element elementor-element-ba2c469\" data-id=\"ba2c469\" data-element_type=\"column\" data-e-type=\"column\">\n\t\t\t<div class=\"elementor-widget-wrap elementor-element-populated\">\n\t\t\t\t\t\t<div class=\"elementor-element elementor-element-4d285e08 elementor-widget elementor-widget-image\" data-id=\"4d285e08\" data-element_type=\"widget\" data-e-type=\"widget\" data-widget_type=\"image.default\">\n\t\t\t\t<div class=\"elementor-widget-container\">\n\t\t\t\t\t\t\t\t\t\t\t\t\t\t\t<img loading=\"lazy\" decoding=\"async\" width=\"800\" height=\"534\" src=\"https:\/\/www.yuveo.de\/wp-content\/uploads\/2021\/03\/bearded-man-wearing-black-leather-jacket-842569-1024x683.jpg\" class=\"attachment-large size-large wp-image-37542\" alt=\"btx behandlung\" srcset=\"https:\/\/www.yuveo.de\/wp-content\/uploads\/2021\/03\/bearded-man-wearing-black-leather-jacket-842569-1024x683.jpg 1024w, https:\/\/www.yuveo.de\/wp-content\/uploads\/2021\/03\/bearded-man-wearing-black-leather-jacket-842569-300x200.jpg 300w, https:\/\/www.yuveo.de\/wp-content\/uploads\/2021\/03\/bearded-man-wearing-black-leather-jacket-842569-768x512.jpg 768w, https:\/\/www.yuveo.de\/wp-content\/uploads\/2021\/03\/bearded-man-wearing-black-leather-jacket-842569-1536x1024.jpg 1536w, https:\/\/www.yuveo.de\/wp-content\/uploads\/2021\/03\/bearded-man-wearing-black-leather-jacket-842569-2048x1365.jpg 2048w\" sizes=\"(max-width: 800px) 100vw, 800px\" \/>\t\t\t\t\t\t\t\t\t\t\t\t\t\t\t<\/div>\n\t\t\t\t<\/div>\n\t\t\t\t\t<\/div>\n\t\t<\/div>\n\t\t\t\t\t<\/div>\n\t\t<\/section>\n\t\t\t\t<\/div>\n\t\t","protected":false},"excerpt":{"rendered":"<p>Le espressioni facciali e l&#8217;invecchiamento della pelle causano la formazione di un numero sempre maggiore di rughe facciali con l&#8217;avanzare dell&#8217;et\u00e0. Fanno parte del naturale invecchiamento della pelle e delle espressioni del viso. Tuttavia, molte persone con una tendenza alle rughe premature del viso soffrono di un aspetto prematuramente invecchiato e non riescono pi\u00f9 a [&hellip;]<\/p>\n","protected":false},"author":1,"featured_media":0,"parent":38170,"menu_order":0,"comment_status":"closed","ping_status":"closed","template":"","meta":{"_acf_changed":false,"footnotes":""},"class_list":["post-38504","page","type-page","status-publish","hentry"],"acf":[],"_links":{"self":[{"href":"https:\/\/www.yuveo.de\/it\/wp-json\/wp\/v2\/pages\/38504","targetHints":{"allow":["GET"]}}],"collection":[{"href":"https:\/\/www.yuveo.de\/it\/wp-json\/wp\/v2\/pages"}],"about":[{"href":"https:\/\/www.yuveo.de\/it\/wp-json\/wp\/v2\/types\/page"}],"author":[{"embeddable":true,"href":"https:\/\/www.yuveo.de\/it\/wp-json\/wp\/v2\/users\/1"}],"replies":[{"embeddable":true,"href":"https:\/\/www.yuveo.de\/it\/wp-json\/wp\/v2\/comments?post=38504"}],"version-history":[{"count":10,"href":"https:\/\/www.yuveo.de\/it\/wp-json\/wp\/v2\/pages\/38504\/revisions"}],"predecessor-version":[{"id":42724,"href":"https:\/\/www.yuveo.de\/it\/wp-json\/wp\/v2\/pages\/38504\/revisions\/42724"}],"up":[{"embeddable":true,"href":"https:\/\/www.yuveo.de\/it\/wp-json\/wp\/v2\/pages\/38170"}],"wp:attachment":[{"href":"https:\/\/www.yuveo.de\/it\/wp-json\/wp\/v2\/media?parent=38504"}],"curies":[{"name":"wp","href":"https:\/\/api.w.org\/{rel}","templated":true}]}}