{"id":38231,"date":"2021-02-16T08:38:17","date_gmt":"2021-02-16T07:38:17","guid":{"rendered":"https:\/\/dev.yuveo.eu\/correzione-delle-palpebre\/"},"modified":"2025-08-13T14:44:55","modified_gmt":"2025-08-13T12:44:55","slug":"correzione-delle-palpebre","status":"publish","type":"page","link":"https:\/\/www.yuveo.de\/it\/op\/testa\/correzione-delle-palpebre\/correzione-delle-palpebre\/","title":{"rendered":"Correzione delle palpebre"},"content":{"rendered":"\t\t<div data-elementor-type=\"wp-page\" data-elementor-id=\"38231\" class=\"elementor elementor-38231 elementor-13192\" data-elementor-post-type=\"page\">\n\t\t\t\t\t\t<section class=\"elementor-section elementor-top-section elementor-element elementor-element-b73901f elementor-section-boxed elementor-section-height-default elementor-section-height-default\" data-id=\"b73901f\" data-element_type=\"section\" data-e-type=\"section\">\n\t\t\t\t\t\t<div class=\"elementor-container elementor-column-gap-default\">\n\t\t\t\t\t<div class=\"elementor-column elementor-col-50 elementor-top-column elementor-element elementor-element-21b3625b\" data-id=\"21b3625b\" data-element_type=\"column\" data-e-type=\"column\">\n\t\t\t<div class=\"elementor-widget-wrap elementor-element-populated\">\n\t\t\t\t\t\t<div class=\"elementor-element elementor-element-7fb58e69 elementor-widget elementor-widget-text-editor\" data-id=\"7fb58e69\" data-element_type=\"widget\" data-e-type=\"widget\" data-widget_type=\"text-editor.default\">\n\t\t\t\t<div class=\"elementor-widget-container\">\n\t\t\t\t\t\t\t\t\t<p>In questa pagina troverai informazioni specifiche sulla <strong>combinazione di correzione delle palpebre superiori e inferiori <\/strong>, che presenta numerosi vantaggi per te.<\/p><p>Ci\u00f2 significa che la combinazione non solo fa risparmiare tempo, ma riduce anche i costi complessivi dei singoli interventi sulla palpebra superiore e inferiore.<\/p><p>Inoltre, otteniamo naturalmente un eccellente effetto complessivo che fa apparire i tuoi occhi pi\u00f9 freschi, vigili e giovani. Le tue palpebre si armonizzeranno molto meglio dopo la correzione palpebrale combinata. <\/p>\t\t\t\t\t\t\t\t<\/div>\n\t\t\t\t<\/div>\n\t\t\t\t\t<\/div>\n\t\t<\/div>\n\t\t\t\t<div class=\"elementor-column elementor-col-50 elementor-top-column elementor-element elementor-element-5f757ef4\" data-id=\"5f757ef4\" data-element_type=\"column\" data-e-type=\"column\">\n\t\t\t<div class=\"elementor-widget-wrap elementor-element-populated\">\n\t\t\t\t\t\t<div class=\"elementor-element elementor-element-1fb2e7ae elementor-widget elementor-widget-table-of-contents\" data-id=\"1fb2e7ae\" data-element_type=\"widget\" data-e-type=\"widget\" data-settings=\"{&quot;exclude_headings_by_selector&quot;:[],&quot;headings_by_tags&quot;:[&quot;h1&quot;,&quot;h2&quot;],&quot;marker_view&quot;:&quot;bullets&quot;,&quot;no_headings_message&quot;:&quot;No headings were found on this page.&quot;,&quot;icon&quot;:{&quot;value&quot;:&quot;fas fa-circle&quot;,&quot;library&quot;:&quot;fa-solid&quot;},&quot;min_height&quot;:{&quot;unit&quot;:&quot;px&quot;,&quot;size&quot;:&quot;&quot;,&quot;sizes&quot;:[]},&quot;min_height_tablet&quot;:{&quot;unit&quot;:&quot;px&quot;,&quot;size&quot;:&quot;&quot;,&quot;sizes&quot;:[]},&quot;min_height_mobile&quot;:{&quot;unit&quot;:&quot;px&quot;,&quot;size&quot;:&quot;&quot;,&quot;sizes&quot;:[]}}\" data-widget_type=\"table-of-contents.default\">\n\t\t\t\t<div class=\"elementor-widget-container\">\n\t\t\t\t\t\t\t\t\t<div class=\"elementor-toc__header\">\n\t\t\t\t\t\t<h4 class=\"elementor-toc__header-title\">\n\t\t\t\tContenuti\t\t\t<\/h4>\n\t\t\t\t\t\t\t\t<\/div>\n\t\t\t\t<div id=\"elementor-toc__1fb2e7ae\" class=\"elementor-toc__body\">\n\t\t\t<div class=\"elementor-toc__spinner-container\">\n\t\t\t\t<i class=\"elementor-toc__spinner eicon-animation-spin eicon-loading\" aria-hidden=\"true\"><\/i>\t\t\t<\/div>\n\t\t<\/div>\n\t\t\t\t\t\t<\/div>\n\t\t\t\t<\/div>\n\t\t\t\t\t<\/div>\n\t\t<\/div>\n\t\t\t\t\t<\/div>\n\t\t<\/section>\n\t\t\t\t<section class=\"elementor-section elementor-top-section elementor-element elementor-element-ae41cac elementor-section-height-min-height hosec elementor-section-stretched elementor-section-boxed elementor-section-height-default elementor-section-items-middle\" data-id=\"ae41cac\" data-element_type=\"section\" data-e-type=\"section\" data-settings=\"{&quot;background_background&quot;:&quot;classic&quot;,&quot;stretch_section&quot;:&quot;section-stretched&quot;}\">\n\t\t\t\t\t\t<div class=\"elementor-container elementor-column-gap-default\">\n\t\t\t\t\t<div class=\"elementor-column elementor-col-50 elementor-top-column elementor-element elementor-element-75df305d\" data-id=\"75df305d\" data-element_type=\"column\" data-e-type=\"column\">\n\t\t\t<div class=\"elementor-widget-wrap elementor-element-populated\">\n\t\t\t\t\t\t<div class=\"elementor-element elementor-element-123e8328 elementor-widget elementor-widget-heading\" data-id=\"123e8328\" data-element_type=\"widget\" data-e-type=\"widget\" data-widget_type=\"heading.default\">\n\t\t\t\t<div class=\"elementor-widget-container\">\n\t\t\t\t\t<p class=\"elementor-heading-title elementor-size-default\">Clinica Yuveo<\/p>\t\t\t\t<\/div>\n\t\t\t\t<\/div>\n\t\t\t\t<div class=\"elementor-element elementor-element-30cbad48 elementor-widget elementor-widget-heading\" data-id=\"30cbad48\" data-element_type=\"widget\" data-e-type=\"widget\" data-widget_type=\"heading.default\">\n\t\t\t\t<div class=\"elementor-widget-container\">\n\t\t\t\t\t<h2 class=\"elementor-heading-title elementor-size-default\">Caratteristiche speciali della combinazione di lifting delle palpebre superiori e inferiori<\/h2>\t\t\t\t<\/div>\n\t\t\t\t<\/div>\n\t\t\t\t<div class=\"elementor-element elementor-element-3812c27d elementor-widget elementor-widget-text-editor\" data-id=\"3812c27d\" data-element_type=\"widget\" data-e-type=\"widget\" data-widget_type=\"text-editor.default\">\n\t\t\t\t<div class=\"elementor-widget-container\">\n\t\t\t\t\t\t\t\t\t<p>Dopo un serraggio congiunto delle palpebre, otteniamo un effetto molto bello dopo la guarigione: i tuoi occhi appaiono freschi, attenti e giovani al mondo.<\/p>\t\t\t\t\t\t\t\t<\/div>\n\t\t\t\t<\/div>\n\t\t\t\t<div class=\"elementor-element elementor-element-3fd5c778 elementor-align-left elementor-tablet-align-left elementor-widget elementor-widget-button\" data-id=\"3fd5c778\" data-element_type=\"widget\" data-e-type=\"widget\" data-widget_type=\"button.default\">\n\t\t\t\t<div class=\"elementor-widget-container\">\n\t\t\t\t\t\t\t\t\t<div class=\"elementor-button-wrapper\">\n\t\t\t\t\t<a class=\"elementor-button elementor-button-link elementor-size-md\" href=\"https:\/\/www.yuveo.de\/it\/fissa-un-appuntamento\/\">\n\t\t\t\t\t\t<span class=\"elementor-button-content-wrapper\">\n\t\t\t\t\t\t<span class=\"elementor-button-icon\">\n\t\t\t\t<i aria-hidden=\"true\" class=\"fas fa-long-arrow-alt-right\"><\/i>\t\t\t<\/span>\n\t\t\t\t\t\t\t\t\t<span class=\"elementor-button-text\">Fissa un appuntamento<\/span>\n\t\t\t\t\t<\/span>\n\t\t\t\t\t<\/a>\n\t\t\t\t<\/div>\n\t\t\t\t\t\t\t\t<\/div>\n\t\t\t\t<\/div>\n\t\t\t\t\t<\/div>\n\t\t<\/div>\n\t\t\t\t<div class=\"elementor-column elementor-col-50 elementor-top-column elementor-element elementor-element-47a951e4\" data-id=\"47a951e4\" data-element_type=\"column\" data-e-type=\"column\" data-settings=\"{&quot;motion_fx_motion_fx_scrolling&quot;:&quot;yes&quot;,&quot;motion_fx_translateY_effect&quot;:&quot;yes&quot;,&quot;motion_fx_translateY_speed&quot;:{&quot;unit&quot;:&quot;px&quot;,&quot;size&quot;:&quot;1&quot;,&quot;sizes&quot;:[]},&quot;motion_fx_translateY_affectedRange&quot;:{&quot;unit&quot;:&quot;%&quot;,&quot;size&quot;:&quot;&quot;,&quot;sizes&quot;:{&quot;start&quot;:&quot;0&quot;,&quot;end&quot;:&quot;50&quot;}},&quot;motion_fx_opacity_effect&quot;:&quot;yes&quot;,&quot;motion_fx_opacity_range&quot;:{&quot;unit&quot;:&quot;%&quot;,&quot;size&quot;:&quot;&quot;,&quot;sizes&quot;:{&quot;start&quot;:&quot;0&quot;,&quot;end&quot;:&quot;30&quot;}},&quot;motion_fx_devices&quot;:[&quot;desktop&quot;,&quot;tablet&quot;],&quot;motion_fx_opacity_direction&quot;:&quot;out-in&quot;,&quot;motion_fx_opacity_level&quot;:{&quot;unit&quot;:&quot;px&quot;,&quot;size&quot;:10,&quot;sizes&quot;:[]}}\">\n\t\t\t<div class=\"elementor-widget-wrap elementor-element-populated\">\n\t\t\t\t\t\t<section class=\"elementor-section elementor-inner-section elementor-element elementor-element-23bfa312 elementor-section-boxed elementor-section-height-default elementor-section-height-default\" data-id=\"23bfa312\" data-element_type=\"section\" data-e-type=\"section\">\n\t\t\t\t\t\t<div class=\"elementor-container elementor-column-gap-default\">\n\t\t\t\t\t<div class=\"elementor-column elementor-col-50 elementor-inner-column elementor-element elementor-element-33fb5e4a\" data-id=\"33fb5e4a\" data-element_type=\"column\" data-e-type=\"column\">\n\t\t\t<div class=\"elementor-widget-wrap elementor-element-populated\">\n\t\t\t\t\t\t<div class=\"elementor-element elementor-element-798f4ee7 elementor-cta--skin-cover elementor-cta--valign-middle elementor-widget elementor-widget-call-to-action\" data-id=\"798f4ee7\" data-element_type=\"widget\" data-e-type=\"widget\" data-widget_type=\"call-to-action.default\">\n\t\t\t\t<div class=\"elementor-widget-container\">\n\t\t\t\t\t\t\t<a class=\"elementor-cta\" href=\"https:\/\/www.yuveo.de\/it\/op\/testa\/correzione-delle-palpebre\/rimuovere-le-palpebre-cadenti\/\">\n\t\t\t\t\t<div class=\"elementor-cta__bg-wrapper\">\n\t\t\t\t<div class=\"elementor-cta__bg elementor-bg\" style=\"background-image: url();\" role=\"img\" aria-label=\"\"><\/div>\n\t\t\t\t<div class=\"elementor-cta__bg-overlay\"><\/div>\n\t\t\t<\/div>\n\t\t\t\t\t\t\t<div class=\"elementor-cta__content\">\n\t\t\t\t\n\t\t\t\t\t\t\t\t\t<h3 class=\"elementor-cta__title elementor-cta__content-item elementor-content-item\">\n\t\t\t\t\t\tPalpebre cadenti\t\t\t\t\t<\/h3>\n\t\t\t\t\n\t\t\t\t\t\t\t\t\t<div class=\"elementor-cta__description elementor-cta__content-item elementor-content-item\">\n\t\t\t\t\t\tDopo il trattamento non chirurgico delle palpebre cadenti, il lifting della palpebra superiore pu\u00f2 essere il trattamento di scelta.\t\t\t\t\t<\/div>\n\t\t\t\t\n\t\t\t\t\t\t\t<\/div>\n\t\t\t\t\t\t<\/a>\n\t\t\t\t\t\t<\/div>\n\t\t\t\t<\/div>\n\t\t\t\t\t<\/div>\n\t\t<\/div>\n\t\t\t\t<div class=\"elementor-column elementor-col-50 elementor-inner-column elementor-element elementor-element-7090d4db\" data-id=\"7090d4db\" data-element_type=\"column\" data-e-type=\"column\">\n\t\t\t<div class=\"elementor-widget-wrap elementor-element-populated\">\n\t\t\t\t\t\t<div class=\"elementor-element elementor-element-7042daea elementor-cta--skin-cover elementor-cta--valign-middle elementor-widget elementor-widget-call-to-action\" data-id=\"7042daea\" data-element_type=\"widget\" data-e-type=\"widget\" data-widget_type=\"call-to-action.default\">\n\t\t\t\t<div class=\"elementor-widget-container\">\n\t\t\t\t\t\t\t<a class=\"elementor-cta\" href=\"https:\/\/www.yuveo.de\/it\/op\/testa\/correzione-delle-palpebre\/eliminare-le-borse-sotto-gli-occhi\/\">\n\t\t\t\t\t<div class=\"elementor-cta__bg-wrapper\">\n\t\t\t\t<div class=\"elementor-cta__bg elementor-bg\" style=\"background-image: url();\" role=\"img\" aria-label=\"\"><\/div>\n\t\t\t\t<div class=\"elementor-cta__bg-overlay\"><\/div>\n\t\t\t<\/div>\n\t\t\t\t\t\t\t<div class=\"elementor-cta__content\">\n\t\t\t\t\n\t\t\t\t\t\t\t\t\t<h3 class=\"elementor-cta__title elementor-cta__content-item elementor-content-item\">\n\t\t\t\t\t\tBorse sotto gli occhi\t\t\t\t\t<\/h3>\n\t\t\t\t\n\t\t\t\t\t\t\t\t\t<div class=\"elementor-cta__description elementor-cta__content-item elementor-content-item\">\n\t\t\t\t\t\tUna volta esaurite le misure non chirurgiche, pu\u00f2 essere consigliabile un lifting della palpebra inferiore.\t\t\t\t\t<\/div>\n\t\t\t\t\n\t\t\t\t\t\t\t<\/div>\n\t\t\t\t\t\t<\/a>\n\t\t\t\t\t\t<\/div>\n\t\t\t\t<\/div>\n\t\t\t\t\t<\/div>\n\t\t<\/div>\n\t\t\t\t\t<\/div>\n\t\t<\/section>\n\t\t\t\t<section class=\"elementor-section elementor-inner-section elementor-element elementor-element-186bb8ff elementor-section-boxed elementor-section-height-default elementor-section-height-default\" data-id=\"186bb8ff\" data-element_type=\"section\" data-e-type=\"section\">\n\t\t\t\t\t\t<div class=\"elementor-container elementor-column-gap-default\">\n\t\t\t\t\t<div class=\"elementor-column elementor-col-50 elementor-inner-column elementor-element elementor-element-55f98a7e\" data-id=\"55f98a7e\" data-element_type=\"column\" data-e-type=\"column\">\n\t\t\t<div class=\"elementor-widget-wrap elementor-element-populated\">\n\t\t\t\t\t\t<div class=\"elementor-element elementor-element-ff7958b elementor-cta--skin-cover elementor-cta--valign-middle elementor-widget elementor-widget-call-to-action\" data-id=\"ff7958b\" data-element_type=\"widget\" data-e-type=\"widget\" data-widget_type=\"call-to-action.default\">\n\t\t\t\t<div class=\"elementor-widget-container\">\n\t\t\t\t\t\t\t<div class=\"elementor-cta\">\n\t\t\t\t\t<div class=\"elementor-cta__bg-wrapper\">\n\t\t\t\t<div class=\"elementor-cta__bg elementor-bg\" style=\"background-image: url();\" role=\"img\" aria-label=\"\"><\/div>\n\t\t\t\t<div class=\"elementor-cta__bg-overlay\"><\/div>\n\t\t\t<\/div>\n\t\t\t\t\t\t\t<div class=\"elementor-cta__content\">\n\t\t\t\t\n\t\t\t\t\t\t\t\t\t<h3 class=\"elementor-cta__title elementor-cta__content-item elementor-content-item\">\n\t\t\t\t\t\tChirurgia combinata\t\t\t\t\t<\/h3>\n\t\t\t\t\n\t\t\t\t\t\t\t\t\t<div class=\"elementor-cta__description elementor-cta__content-item elementor-content-item\">\n\t\t\t\t\t\tLa correzione della palpebra superiore e inferiore in un'unica seduta ha il vantaggio che i nostri pazienti devono affrontare una sola fase di guarigione.\t\t\t\t\t<\/div>\n\t\t\t\t\n\t\t\t\t\t\t\t<\/div>\n\t\t\t\t\t\t<\/div>\n\t\t\t\t\t\t<\/div>\n\t\t\t\t<\/div>\n\t\t\t\t\t<\/div>\n\t\t<\/div>\n\t\t\t\t<div class=\"elementor-column elementor-col-50 elementor-inner-column elementor-element elementor-element-45e98445\" data-id=\"45e98445\" data-element_type=\"column\" data-e-type=\"column\">\n\t\t\t<div class=\"elementor-widget-wrap elementor-element-populated\">\n\t\t\t\t\t\t<div class=\"elementor-element elementor-element-389533a9 elementor-cta--skin-cover elementor-cta--valign-middle elementor-widget elementor-widget-call-to-action\" data-id=\"389533a9\" data-element_type=\"widget\" data-e-type=\"widget\" data-widget_type=\"call-to-action.default\">\n\t\t\t\t<div class=\"elementor-widget-container\">\n\t\t\t\t\t\t\t<div class=\"elementor-cta\">\n\t\t\t\t\t<div class=\"elementor-cta__bg-wrapper\">\n\t\t\t\t<div class=\"elementor-cta__bg elementor-bg\" style=\"background-image: url();\" role=\"img\" aria-label=\"\"><\/div>\n\t\t\t\t<div class=\"elementor-cta__bg-overlay\"><\/div>\n\t\t\t<\/div>\n\t\t\t\t\t\t\t<div class=\"elementor-cta__content\">\n\t\t\t\t\n\t\t\t\t\t\t\t\t\t<h3 class=\"elementor-cta__title elementor-cta__content-item elementor-content-item\">\n\t\t\t\t\t\tCosti\t\t\t\t\t<\/h3>\n\t\t\t\t\n\t\t\t\t\t\t\t\t\t<div class=\"elementor-cta__description elementor-cta__content-item elementor-content-item\">\n\t\t\t\t\t\tSpesso viene concessa una riduzione del prezzo se il lifting delle palpebre viene eseguito contemporaneamente sia sulla palpebra superiore che su quella inferiore.\t\t\t\t\t<\/div>\n\t\t\t\t\n\t\t\t\t\t\t\t<\/div>\n\t\t\t\t\t\t<\/div>\n\t\t\t\t\t\t<\/div>\n\t\t\t\t<\/div>\n\t\t\t\t\t<\/div>\n\t\t<\/div>\n\t\t\t\t\t<\/div>\n\t\t<\/section>\n\t\t\t\t\t<\/div>\n\t\t<\/div>\n\t\t\t\t\t<\/div>\n\t\t<\/section>\n\t\t\t\t<section class=\"elementor-section elementor-top-section elementor-element elementor-element-38e84ab0 elementor-section-boxed elementor-section-height-default elementor-section-height-default\" data-id=\"38e84ab0\" data-element_type=\"section\" data-e-type=\"section\">\n\t\t\t\t\t\t<div class=\"elementor-container elementor-column-gap-default\">\n\t\t\t\t\t<div class=\"elementor-column elementor-col-50 elementor-top-column elementor-element elementor-element-1e18ea5b\" data-id=\"1e18ea5b\" data-element_type=\"column\" data-e-type=\"column\">\n\t\t\t<div class=\"elementor-widget-wrap elementor-element-populated\">\n\t\t\t\t\t\t<div class=\"elementor-element elementor-element-383d6349 elementor-widget elementor-widget-heading\" data-id=\"383d6349\" data-element_type=\"widget\" data-e-type=\"widget\" data-widget_type=\"heading.default\">\n\t\t\t\t<div class=\"elementor-widget-container\">\n\t\t\t\t\t<h2 class=\"elementor-heading-title elementor-size-default\">Vantaggi della correzione combinata delle palpebre<\/h2>\t\t\t\t<\/div>\n\t\t\t\t<\/div>\n\t\t\t\t<div class=\"elementor-element elementor-element-5b5caf59 elementor-widget elementor-widget-text-editor\" data-id=\"5b5caf59\" data-element_type=\"widget\" data-e-type=\"widget\" data-widget_type=\"text-editor.default\">\n\t\t\t\t<div class=\"elementor-widget-container\">\n\t\t\t\t\t\t\t\t\t<h3>Una fase di guarigione<\/h3><p>La <strong>correzione della palpebra<\/strong> superiore e inferiore in un&#8217;unica seduta ha il vantaggio che il paziente deve affrontare <strong>una<\/strong> sola <strong>fase di guarigione<\/strong>. Questo significa un solo episodio di gonfiore, dolore, ansia da intervento, sacrificio delle vacanze, ecc. <\/p><p>La fase di guarigione \u00e8 di solito solo leggermente pi\u00f9 lunga a causa del <strong>gonfiore leggermente pi\u00f9 pronunciato<\/strong>. Tuttavia, le palpebre si armonizzano molto meglio dopo la correzione palpebrale combinata! <\/p><h3>Se uno dei due viene operato, l&#8217;altro \u00e8 pi\u00f9 evidente.<\/h3><p>Se il paziente presenta sia <a href=\"https:\/\/www.yuveo.de\/it\/op\/testa\/correzione-delle-palpebre\/eliminare-le-borse-sotto-gli-occhi\/\">borse sotto gli occhi<\/a> che <a href=\"https:\/\/www.yuveo.de\/it\/op\/testa\/correzione-delle-palpebre\/rimuovere-le-palpebre-cadenti\/\">palpebre cadenti<\/a> prima dell&#8217;intervento, le borse sotto gli occhi possono essere pi\u00f9 evidenti dopo una correzione isolata della palpebra superiore, ad esempio. Al contrario, le palpebre cadenti possono essere pi\u00f9 evidenti dopo una correzione isolata della palpebra inferiore. <\/p><h3>Combinato o sfalsato?<\/h3><p>I pazienti che presentano un abbassamento palpebrale combinato spesso decidono di sottoporsi a un&#8217;ulteriore correzione delle palpebre non operate dopo un breve periodo di tempo dalla correzione delle palpebre isolate.<\/p><h3>Meno sforzi, meno costi<\/h3><p>L&#8217;operazione combinata comporta anche una riduzione significativa del lavoro del chirurgo e dell&#8217;anestesista. Per questo motivo il prezzo \u00e8 spesso ridotto. <\/p><div class=\"et_pb_row et_pb_row_5\"><div class=\"et_pb_column et_pb_column_2_3 et_pb_column_10 et_pb_css_mix_blend_mode_passthrough\"><div class=\"et_pb_module et_pb_text et_pb_text_7 et_pb_bg_layout_light et_pb_text_align_left\"><div class=\"et_pb_text_inner\"><h3>Lifting della palpebra superiore<\/h3><p>Il principio del <strong>lifting della palpebra<\/strong> superiore consiste nel rimuovere la pelle in eccesso, i muscoli dell&#8217;occhio e il tessuto adiposo. La sutura viene posizionata nella piega palpebrale. In questo modo la delicata cicatrice che si forma successivamente \u00e8 appena visibile. Per maggiori dettagli, leggi l&#8217;articolo sul <a href=\"https:\/\/www.yuveo.de\/it\/op\/testa\/correzione-delle-palpebre\/sollevamento-della-palpebra-superiore\/\">lifting della palpebra superiore<\/a>.   <\/p><h3>Le caratteristiche speciali della correzione della palpebra inferiore<\/h3><\/div><\/div><div class=\"et_pb_module et_pb_text et_pb_text_8 et_pb_bg_layout_light et_pb_text_align_left\"><div class=\"et_pb_text_inner\"><p>La correzione della palpebra inferiore \u00e8 un po&#8217; pi\u00f9 complessa e chirurgicamente pi\u00f9 impegnativa di quella della palpebra superiore. \u00c8 possibile rimuovere solo una piccola quantit\u00e0 di pelle e di muscolo dell&#8217;anello oculare per evitare che la palpebra inferiore si abbassi (ectropion). Inoltre, la palpebra inferiore viene solitamente stabilizzata come parte del lifting palpebrale sospendendo il muscolo anulare sul lato osseo dell&#8217;orbita. Per informazioni dettagliate, leggi il capitolo sul <a href=\"https:\/\/www.yuveo.de\/it\/op\/testa\/correzione-delle-palpebre\/lifting-della-palpebra-inferiore\/\">lifting della palpebra inferiore<\/a>.   <\/p><\/div><\/div><\/div><\/div>\t\t\t\t\t\t\t\t<\/div>\n\t\t\t\t<\/div>\n\t\t\t\t\t<\/div>\n\t\t<\/div>\n\t\t\t\t<div class=\"elementor-column elementor-col-50 elementor-top-column elementor-element elementor-element-3080c5ca parent-sticky\" data-id=\"3080c5ca\" data-element_type=\"column\" data-e-type=\"column\">\n\t\t\t<div class=\"elementor-widget-wrap elementor-element-populated\">\n\t\t\t\t\t\t<div class=\"elementor-element elementor-element-2ab2b052 titlesticky  elementor-widget elementor-widget-image\" data-id=\"2ab2b052\" data-element_type=\"widget\" data-e-type=\"widget\" data-widget_type=\"image.default\">\n\t\t\t\t<div class=\"elementor-widget-container\">\n\t\t\t\t\t\t\t\t\t\t\t\t<figure class=\"wp-caption\">\n\t\t\t\t\t\t\t\t\t\t<img fetchpriority=\"high\" decoding=\"async\" width=\"500\" height=\"354\" src=\"https:\/\/www.yuveo.de\/wp-content\/uploads\/2021\/03\/augenlid-korrektur-straffung-10299w.jpg\" class=\"attachment-large size-large wp-image-37341\" alt=\"Augenlidkorrektur, Narbenverlauf und Entfernung des gewebes\" srcset=\"https:\/\/www.yuveo.de\/wp-content\/uploads\/2021\/03\/augenlid-korrektur-straffung-10299w.jpg 500w, https:\/\/www.yuveo.de\/wp-content\/uploads\/2021\/03\/augenlid-korrektur-straffung-10299w-300x212.jpg 300w\" sizes=\"(max-width: 500px) 100vw, 500px\" \/>\t\t\t\t\t\t\t\t\t\t\t<figcaption class=\"widget-image-caption wp-caption-text\">Le aree di pelle che verranno rimosse durante la correzione delle palpebre sono mostrate in trasparenza sull'occhio sinistro. L'estensione di queste aree pu\u00f2 variare notevolmente. Nel caso di un leggero cedimento delle palpebre, l'altezza del fuso cutaneo sulle palpebre superiori \u00e8 talvolta di soli 5-7 mm. In casi estremi, durante il lifting delle palpebre vengono rimossi pi\u00f9 di 2,5 cm dalle palpebre superiori. La rimozione della pelle viene eseguita con maggiore parsimonia sulle palpebre inferiori.     <\/figcaption>\n\t\t\t\t\t\t\t\t\t\t<\/figure>\n\t\t\t\t\t\t\t\t\t<\/div>\n\t\t\t\t<\/div>\n\t\t\t\t\t<\/div>\n\t\t<\/div>\n\t\t\t\t\t<\/div>\n\t\t<\/section>\n\t\t\t\t<section class=\"elementor-section elementor-top-section elementor-element elementor-element-3670ac3a elementor-section-boxed elementor-section-height-default elementor-section-height-default\" data-id=\"3670ac3a\" data-element_type=\"section\" data-e-type=\"section\">\n\t\t\t\t\t\t<div class=\"elementor-container elementor-column-gap-default\">\n\t\t\t\t\t<div class=\"elementor-column elementor-col-50 elementor-top-column elementor-element elementor-element-73e6fbb4\" data-id=\"73e6fbb4\" data-element_type=\"column\" data-e-type=\"column\">\n\t\t\t<div class=\"elementor-widget-wrap elementor-element-populated\">\n\t\t\t\t\t\t<div class=\"elementor-element elementor-element-2ba014c1 elementor-widget elementor-widget-heading\" data-id=\"2ba014c1\" data-element_type=\"widget\" data-e-type=\"widget\" data-widget_type=\"heading.default\">\n\t\t\t\t<div class=\"elementor-widget-container\">\n\t\t\t\t\t<h2 class=\"elementor-heading-title elementor-size-default\">Domande frequenti sulla chirurgia congiunta delle palpebre<\/h2>\t\t\t\t<\/div>\n\t\t\t\t<\/div>\n\t\t\t\t<div class=\"elementor-element elementor-element-7f504a0 elementor-widget elementor-widget-accordion\" data-id=\"7f504a0\" data-element_type=\"widget\" data-e-type=\"widget\" data-widget_type=\"accordion.default\">\n\t\t\t\t<div class=\"elementor-widget-container\">\n\t\t\t\t\t\t\t<div class=\"elementor-accordion\">\n\t\t\t\t\t\t\t<div class=\"elementor-accordion-item\">\n\t\t\t\t\t<h3 id=\"elementor-tab-title-1331\" class=\"elementor-tab-title\" data-tab=\"1\" role=\"button\" aria-controls=\"elementor-tab-content-1331\" aria-expanded=\"false\">\n\t\t\t\t\t\t\t\t\t\t\t\t\t<span class=\"elementor-accordion-icon elementor-accordion-icon-left\" aria-hidden=\"true\">\n\t\t\t\t\t\t\t\t\t\t\t\t\t\t\t<span class=\"elementor-accordion-icon-closed\"><i class=\"fas fa-plus\"><\/i><\/span>\n\t\t\t\t\t\t\t\t<span class=\"elementor-accordion-icon-opened\"><i class=\"fas fa-minus\"><\/i><\/span>\n\t\t\t\t\t\t\t\t\t\t\t\t\t\t<\/span>\n\t\t\t\t\t\t\t\t\t\t\t\t<a class=\"elementor-accordion-title\" tabindex=\"0\">Qual \u00e8 la procedura per il lifting della palpebra superiore e inferiore?<\/a>\n\t\t\t\t\t<\/h3>\n\t\t\t\t\t<div id=\"elementor-tab-content-1331\" class=\"elementor-tab-content elementor-clearfix\" data-tab=\"1\" role=\"region\" aria-labelledby=\"elementor-tab-title-1331\"><p>La <strong>blefaroplastica<\/strong> combinata <strong>delle palpebre<\/strong> superiori e inferiori in genere <strong>non<\/strong> richiede un monitoraggio in regime di ricovero. Tuttavia, potrebbe essere necessario per le persone con patologie preesistenti. <\/p>\n<p>In linea di massima, l&#8217;intervento pu\u00f2 essere eseguito in anestesia locale<strong>(anestesia locale<\/strong>). Tuttavia, la sedazione<strong>(sonno crepuscolare<\/strong>) \u00e8 solitamente consigliata per il sollevamento delle palpebre inferiori e superiori in un&#8217;unica sessione. In alcuni casi pu\u00f2 essere indicata anche un&#8217;anestesia generale.  <\/p>\n<p>Se le operazioni vengono eseguite insieme, l&#8217;<strong>intervento durer\u00e0<\/strong> circa <strong>60-90 minuti<\/strong>, a seconda dei risultati e della quantit\u00e0 di lavoro richiesto. <\/p>\n<\/div>\n\t\t\t\t<\/div>\n\t\t\t\t\t\t\t<div class=\"elementor-accordion-item\">\n\t\t\t\t\t<h3 id=\"elementor-tab-title-1332\" class=\"elementor-tab-title\" data-tab=\"2\" role=\"button\" aria-controls=\"elementor-tab-content-1332\" aria-expanded=\"false\">\n\t\t\t\t\t\t\t\t\t\t\t\t\t<span class=\"elementor-accordion-icon elementor-accordion-icon-left\" aria-hidden=\"true\">\n\t\t\t\t\t\t\t\t\t\t\t\t\t\t\t<span class=\"elementor-accordion-icon-closed\"><i class=\"fas fa-plus\"><\/i><\/span>\n\t\t\t\t\t\t\t\t<span class=\"elementor-accordion-icon-opened\"><i class=\"fas fa-minus\"><\/i><\/span>\n\t\t\t\t\t\t\t\t\t\t\t\t\t\t<\/span>\n\t\t\t\t\t\t\t\t\t\t\t\t<a class=\"elementor-accordion-title\" tabindex=\"0\">Cosa bisogna considerare dopo la correzione delle palpebre?<\/a>\n\t\t\t\t\t<\/h3>\n\t\t\t\t\t<div id=\"elementor-tab-content-1332\" class=\"elementor-tab-content elementor-clearfix\" data-tab=\"2\" role=\"region\" aria-labelledby=\"elementor-tab-title-1332\"><p>Dopo l&#8217;intervento alle palpebre congiunte, copriamo la sutura con <strong>cerotti<\/strong> sottili <strong>color pelle<\/strong>, che hanno anche un effetto stabilizzante. Questa stabilizzazione \u00e8 particolarmente importante per la palpebra inferiore. Questi cerotti riducono anche il gonfiore.  <\/p>\n<p>Dopo circa una settimana, i cerotti vengono rimossi e i punti di sutura rimossi.<\/p>\n<p>Dopo la correzione delle palpebre \u00e8 bene tenere presente i seguenti punti:<\/p>\n<ul class=\"list\">\n<li><strong>Raffreddare<\/strong> le palpebre \u00e8 particolarmente importante nei primi giorni.<\/li>\n<li><strong>Dormire<\/strong> con la parte superiore del corpo sollevata riduce il gonfiore.<\/li>\n<li><strong>Gli unguenti per gli occhi<\/strong> riducono il rischio di irritazione congiuntivale.<\/li>\n<li>Dopo la rimozione del materiale di sutura, le cicatrici non sono ancora completamente guarite. Per questo motivo <strong>non<\/strong> <strong>si<\/strong> deve <strong>sfregare<\/strong> l&#8217;occhio fino a circa <strong>2 settimane<\/strong> dopo il lifting delle palpebre. <\/li>\n<\/ul>\n<\/div>\n\t\t\t\t<\/div>\n\t\t\t\t\t\t\t<div class=\"elementor-accordion-item\">\n\t\t\t\t\t<h3 id=\"elementor-tab-title-1333\" class=\"elementor-tab-title\" data-tab=\"3\" role=\"button\" aria-controls=\"elementor-tab-content-1333\" aria-expanded=\"false\">\n\t\t\t\t\t\t\t\t\t\t\t\t\t<span class=\"elementor-accordion-icon elementor-accordion-icon-left\" aria-hidden=\"true\">\n\t\t\t\t\t\t\t\t\t\t\t\t\t\t\t<span class=\"elementor-accordion-icon-closed\"><i class=\"fas fa-plus\"><\/i><\/span>\n\t\t\t\t\t\t\t\t<span class=\"elementor-accordion-icon-opened\"><i class=\"fas fa-minus\"><\/i><\/span>\n\t\t\t\t\t\t\t\t\t\t\t\t\t\t<\/span>\n\t\t\t\t\t\t\t\t\t\t\t\t<a class=\"elementor-accordion-title\" tabindex=\"0\">Quali costi puoi aspettarti per la correzione combinata delle palpebre?<\/a>\n\t\t\t\t\t<\/h3>\n\t\t\t\t\t<div id=\"elementor-tab-content-1333\" class=\"elementor-tab-content elementor-clearfix\" data-tab=\"3\" role=\"region\" aria-labelledby=\"elementor-tab-title-1333\"><p><img decoding=\"async\" class=\"size-medium wp-image-17849 alignright\" src=\"https:\/\/www.yuveo.de\/wp-content\/uploads\/2021\/03\/kosten-plastische-chirurgie-300x200.jpg\" alt=\"Costi\" width=\"300\" height=\"200\" srcset=\"https:\/\/www.yuveo.de\/wp-content\/uploads\/2021\/03\/kosten-plastische-chirurgie-300x200.jpg 300w, https:\/\/www.yuveo.de\/wp-content\/uploads\/2021\/03\/kosten-plastische-chirurgie.jpg 424w\" sizes=\"(max-width: 300px) 100vw, 300px\" \/>I <strong>prezzi<\/strong> della correzione delle palpebre possono variare notevolmente in alcuni casi: L&#8217;entit\u00e0 della correzione delle palpebre, la durata della degenza in clinica (se necessaria) e i prezzi della sedazione o dell&#8217;anestesia sono importanti. Infine, anche l&#8217;onorario del chirurgo plastico \u00e8 determinante. <\/p>\n<p><strong>Correzione della palpebra superiore:<\/strong><\/p>\n<p>I costi della blefaroplastica della palpebra superiore dipendono dall&#8217;entit\u00e0 dell&#8217;intervento. \u00c8 consigliato il sonno notturno, noto anche come sedazione. Questo comporta costi aggiuntivi. <\/p>\n<p><strong>Sollevamento della palpebra inferiore:<\/strong><\/p>\n<p>Il lifting della palpebra inferiore \u00e8 pi\u00f9 costoso di quello della palpebra superiore a causa del maggiore impegno chirurgico richiesto. Per l&#8217;intervento si consiglia il riposo notturno. <\/p>\n<p><strong>Correzione palpebrale della palpebra superiore e inferiore<\/strong><\/p>\n<p>Per la correzione della palpebra superiore e inferiore in un&#8217;unica seduta, puoi aspettarti uno sconto dalla maggior parte dei colleghi.<\/p>\n<p>Per domande pi\u00f9 dettagliate sui prezzi, contatta il nostro team di chirurgia plastica di D\u00fcsseldorf.<\/p>\n<\/div>\n\t\t\t\t<\/div>\n\t\t\t\t\t\t\t\t\t\t<script type=\"application\/ld+json\">{\"@context\":\"https:\\\/\\\/schema.org\",\"@type\":\"FAQPage\",\"mainEntity\":[{\"@type\":\"Question\",\"name\":\"Qual \\u00e8 la procedura per il lifting della palpebra superiore e inferiore?\",\"acceptedAnswer\":{\"@type\":\"Answer\",\"text\":\"<p>La <strong>blefaroplastica<\\\/strong> combinata <strong>delle palpebre<\\\/strong> superiori e inferiori in genere <strong>non<\\\/strong> richiede un monitoraggio in regime di ricovero. Tuttavia, potrebbe essere necessario per le persone con patologie preesistenti. <\\\/p>\\n<p>In linea di massima, l&#8217;intervento pu\\u00f2 essere eseguito in anestesia locale<strong>(anestesia locale<\\\/strong>). Tuttavia, la sedazione<strong>(sonno crepuscolare<\\\/strong>) \\u00e8 solitamente consigliata per il sollevamento delle palpebre inferiori e superiori in un&#8217;unica sessione. In alcuni casi pu\\u00f2 essere indicata anche un&#8217;anestesia generale.  <\\\/p>\\n<p>Se le operazioni vengono eseguite insieme, l&#8217;<strong>intervento durer\\u00e0<\\\/strong> circa <strong>60-90 minuti<\\\/strong>, a seconda dei risultati e della quantit\\u00e0 di lavoro richiesto. <\\\/p>\\n\"}},{\"@type\":\"Question\",\"name\":\"Cosa bisogna considerare dopo la correzione delle palpebre?\",\"acceptedAnswer\":{\"@type\":\"Answer\",\"text\":\"<p>Dopo l&#8217;intervento alle palpebre congiunte, copriamo la sutura con <strong>cerotti<\\\/strong> sottili <strong>color pelle<\\\/strong>, che hanno anche un effetto stabilizzante. Questa stabilizzazione \\u00e8 particolarmente importante per la palpebra inferiore. Questi cerotti riducono anche il gonfiore.  <\\\/p>\\n<p>Dopo circa una settimana, i cerotti vengono rimossi e i punti di sutura rimossi.<\\\/p>\\n<p>Dopo la correzione delle palpebre \\u00e8 bene tenere presente i seguenti punti:<\\\/p>\\n<ul class=\\\"list\\\">\\n<li><strong>Raffreddare<\\\/strong> le palpebre \\u00e8 particolarmente importante nei primi giorni.<\\\/li>\\n<li><strong>Dormire<\\\/strong> con la parte superiore del corpo sollevata riduce il gonfiore.<\\\/li>\\n<li><strong>Gli unguenti per gli occhi<\\\/strong> riducono il rischio di irritazione congiuntivale.<\\\/li>\\n<li>Dopo la rimozione del materiale di sutura, le cicatrici non sono ancora completamente guarite. Per questo motivo <strong>non<\\\/strong> <strong>si<\\\/strong> deve <strong>sfregare<\\\/strong> l&#8217;occhio fino a circa <strong>2 settimane<\\\/strong> dopo il lifting delle palpebre. <\\\/li>\\n<\\\/ul>\\n\"}},{\"@type\":\"Question\",\"name\":\"Quali costi puoi aspettarti per la correzione combinata delle palpebre?\",\"acceptedAnswer\":{\"@type\":\"Answer\",\"text\":\"<p><img class=\\\"size-medium wp-image-17849 alignright\\\" src=\\\"https:\\\/\\\/www.yuveo.de\\\/wp-content\\\/uploads\\\/2021\\\/03\\\/kosten-plastische-chirurgie-300x200.jpg\\\" alt=\\\"Costi\\\" width=\\\"300\\\" height=\\\"200\\\">I <strong>prezzi<\\\/strong> della correzione delle palpebre possono variare notevolmente in alcuni casi: L&#8217;entit\\u00e0 della correzione delle palpebre, la durata della degenza in clinica (se necessaria) e i prezzi della sedazione o dell&#8217;anestesia sono importanti. Infine, anche l&#8217;onorario del chirurgo plastico \\u00e8 determinante. <\\\/p>\\n<p><strong>Correzione della palpebra superiore:<\\\/strong><\\\/p>\\n<p>I costi della blefaroplastica della palpebra superiore dipendono dall&#8217;entit\\u00e0 dell&#8217;intervento. \\u00c8 consigliato il sonno notturno, noto anche come sedazione. Questo comporta costi aggiuntivi. <\\\/p>\\n<p><strong>Sollevamento della palpebra inferiore:<\\\/strong><\\\/p>\\n<p>Il lifting della palpebra inferiore \\u00e8 pi\\u00f9 costoso di quello della palpebra superiore a causa del maggiore impegno chirurgico richiesto. Per l&#8217;intervento si consiglia il riposo notturno. <\\\/p>\\n<p><strong>Correzione palpebrale della palpebra superiore e inferiore<\\\/strong><\\\/p>\\n<p>Per la correzione della palpebra superiore e inferiore in un&#8217;unica seduta, puoi aspettarti uno sconto dalla maggior parte dei colleghi.<\\\/p>\\n<p>Per domande pi\\u00f9 dettagliate sui prezzi, contatta il nostro team di chirurgia plastica di D\\u00fcsseldorf.<\\\/p>\\n\"}}]}<\/script>\n\t\t\t\t\t<\/div>\n\t\t\t\t\t\t<\/div>\n\t\t\t\t<\/div>\n\t\t\t\t\t<\/div>\n\t\t<\/div>\n\t\t\t\t<div class=\"elementor-column elementor-col-50 elementor-top-column elementor-element elementor-element-2a1ff9cd parent-sticky\" data-id=\"2a1ff9cd\" data-element_type=\"column\" data-e-type=\"column\">\n\t\t\t<div class=\"elementor-widget-wrap elementor-element-populated\">\n\t\t\t\t\t\t<div class=\"elementor-element elementor-element-46ab4a12 elementor-widget elementor-widget-heading\" data-id=\"46ab4a12\" data-element_type=\"widget\" data-e-type=\"widget\" data-widget_type=\"heading.default\">\n\t\t\t\t<div class=\"elementor-widget-container\">\n\t\t\t\t\t<h2 class=\"elementor-heading-title elementor-size-default\">Verifica dei fatti<\/h2>\t\t\t\t<\/div>\n\t\t\t\t<\/div>\n\t\t\t\t<div class=\"elementor-element elementor-element-332969f2 titlesticky  elementor-widget elementor-widget-text-editor\" data-id=\"332969f2\" data-element_type=\"widget\" data-e-type=\"widget\" data-widget_type=\"text-editor.default\">\n\t\t\t\t<div class=\"elementor-widget-container\">\n\t\t\t\t\t\t\t\t\t<ul><li><strong>Medici:<\/strong> Dr. Schumann e Dr. Schumann-Averkiou<\/li><li><p><strong>Durata del trattamento:<br><\/strong> da 1 a 1,5 ore circa.<\/p><\/li><li><strong>Anestesia:<br><\/strong> anestesia locale, sonno crepuscolare, anestesia generale, se necessario.<\/li><li><strong>Ricovero:<\/strong><br>ambulatoriale<\/li><li><strong>Cura successiva:<\/strong><br>Cerotti colorati per la pelle, raffreddamento, testa sollevata, pomate per gli occhi.<\/li><li><strong>Costi: <\/strong>su richiesta<\/li><\/ul>\t\t\t\t\t\t\t\t<\/div>\n\t\t\t\t<\/div>\n\t\t\t\t\t<\/div>\n\t\t<\/div>\n\t\t\t\t\t<\/div>\n\t\t<\/section>\n\t\t\t\t<section class=\"elementor-section elementor-top-section elementor-element elementor-element-2ebf99cc elementor-reverse-mobile elementor-section-boxed elementor-section-height-default elementor-section-height-default\" data-id=\"2ebf99cc\" data-element_type=\"section\" data-e-type=\"section\">\n\t\t\t\t\t\t<div class=\"elementor-container elementor-column-gap-default\">\n\t\t\t\t\t<div class=\"elementor-column elementor-col-50 elementor-top-column elementor-element elementor-element-5dc2da02\" data-id=\"5dc2da02\" data-element_type=\"column\" data-e-type=\"column\">\n\t\t\t<div class=\"elementor-widget-wrap elementor-element-populated\">\n\t\t\t\t\t\t<div class=\"elementor-element elementor-element-5aba5f2d elementor-widget elementor-widget-heading\" data-id=\"5aba5f2d\" data-element_type=\"widget\" data-e-type=\"widget\" data-widget_type=\"heading.default\">\n\t\t\t\t<div class=\"elementor-widget-container\">\n\t\t\t\t\t<h2 class=\"elementor-heading-title elementor-size-default\">Ulteriori informazioni e argomenti correlati  <\/h2>\t\t\t\t<\/div>\n\t\t\t\t<\/div>\n\t\t\t\t<div class=\"elementor-element elementor-element-6e95aac9 elementor-widget elementor-widget-text-editor\" data-id=\"6e95aac9\" data-element_type=\"widget\" data-e-type=\"widget\" data-widget_type=\"text-editor.default\">\n\t\t\t\t<div class=\"elementor-widget-container\">\n\t\t\t\t\t\t\t\t\t<p>Ti piacerebbe sapere quanto segue?<\/p><ul><li><a href=\"https:\/\/www.yuveo.de\/it\/lexikon\/macchie-gialle-sulla-palpebra\/\">Macchie gialle sulla palpebra<\/a><\/li><li><a href=\"https:\/\/www.yuveo.de\/it\/lexikon\/complicazioni-dopo-il-lifting-delle-palpebre\/\">Quali complicazioni possono verificarsi durante un lifting combinato delle palpebre?<\/a><\/li><\/ul><p>Se sei interessato, puoi trovare informazioni sugli interventi di rimodellamento del viso come il <a href=\"https:\/\/www.yuveo.de\/it\/op\/testa\/lifting-viso-duesseldorf\/\">lifting<\/a>, la <a href=\"https:\/\/www.yuveo.de\/it\/op\/testa\/rinoplastica\/\">rinoplastica<\/a> o il <a href=\"https:\/\/www.yuveo.de\/it\/lexikon\/chirurgia-delle-guance\/\">lifting delle guance<\/a> qui.<\/p>\t\t\t\t\t\t\t\t<\/div>\n\t\t\t\t<\/div>\n\t\t\t\t\t<\/div>\n\t\t<\/div>\n\t\t\t\t<div class=\"elementor-column elementor-col-50 elementor-top-column elementor-element elementor-element-51f01196\" data-id=\"51f01196\" data-element_type=\"column\" data-e-type=\"column\">\n\t\t\t<div class=\"elementor-widget-wrap elementor-element-populated\">\n\t\t\t\t\t\t<div class=\"elementor-element elementor-element-7bc83d4b elementor-widget elementor-widget-image\" data-id=\"7bc83d4b\" data-element_type=\"widget\" data-e-type=\"widget\" data-widget_type=\"image.default\">\n\t\t\t\t<div class=\"elementor-widget-container\">\n\t\t\t\t\t\t\t\t\t\t\t\t\t\t\t<img decoding=\"async\" width=\"283\" height=\"425\" src=\"https:\/\/www.yuveo.de\/wp-content\/uploads\/2021\/03\/wangen-korrektur.jpg\" class=\"attachment-large size-large wp-image-37344\" alt=\"sch\u00f6ne Augenpartie\" srcset=\"https:\/\/www.yuveo.de\/wp-content\/uploads\/2021\/03\/wangen-korrektur.jpg 283w, https:\/\/www.yuveo.de\/wp-content\/uploads\/2021\/03\/wangen-korrektur-200x300.jpg 200w\" sizes=\"(max-width: 283px) 100vw, 283px\" \/>\t\t\t\t\t\t\t\t\t\t\t\t\t\t\t<\/div>\n\t\t\t\t<\/div>\n\t\t\t\t\t<\/div>\n\t\t<\/div>\n\t\t\t\t\t<\/div>\n\t\t<\/section>\n\t\t\t\t<\/div>\n\t\t","protected":false},"excerpt":{"rendered":"<p>In questa pagina troverai informazioni specifiche sulla combinazione di correzione delle palpebre superiori e inferiori , che presenta numerosi vantaggi per te. Ci\u00f2 significa che la combinazione non solo fa risparmiare tempo, ma riduce anche i costi complessivi dei singoli interventi sulla palpebra superiore e inferiore. Inoltre, otteniamo naturalmente un eccellente effetto complessivo che fa [&hellip;]<\/p>\n","protected":false},"author":1,"featured_media":0,"parent":38369,"menu_order":0,"comment_status":"closed","ping_status":"closed","template":"","meta":{"_acf_changed":false,"footnotes":""},"class_list":["post-38231","page","type-page","status-publish","hentry"],"acf":[],"_links":{"self":[{"href":"https:\/\/www.yuveo.de\/it\/wp-json\/wp\/v2\/pages\/38231","targetHints":{"allow":["GET"]}}],"collection":[{"href":"https:\/\/www.yuveo.de\/it\/wp-json\/wp\/v2\/pages"}],"about":[{"href":"https:\/\/www.yuveo.de\/it\/wp-json\/wp\/v2\/types\/page"}],"author":[{"embeddable":true,"href":"https:\/\/www.yuveo.de\/it\/wp-json\/wp\/v2\/users\/1"}],"replies":[{"embeddable":true,"href":"https:\/\/www.yuveo.de\/it\/wp-json\/wp\/v2\/comments?post=38231"}],"version-history":[{"count":6,"href":"https:\/\/www.yuveo.de\/it\/wp-json\/wp\/v2\/pages\/38231\/revisions"}],"predecessor-version":[{"id":41645,"href":"https:\/\/www.yuveo.de\/it\/wp-json\/wp\/v2\/pages\/38231\/revisions\/41645"}],"up":[{"embeddable":true,"href":"https:\/\/www.yuveo.de\/it\/wp-json\/wp\/v2\/pages\/38369"}],"wp:attachment":[{"href":"https:\/\/www.yuveo.de\/it\/wp-json\/wp\/v2\/media?parent=38231"}],"curies":[{"name":"wp","href":"https:\/\/api.w.org\/{rel}","templated":true}]}}