{"id":43443,"date":"2025-11-11T14:06:18","date_gmt":"2025-11-11T13:06:18","guid":{"rendered":"https:\/\/www.yuveo.de\/rides\/traitement-des-rides-au-laser-duesseldorf\/"},"modified":"2025-12-17T13:09:43","modified_gmt":"2025-12-17T12:09:43","slug":"traitement-des-rides-au-laser-duesseldorf","status":"publish","type":"page","link":"https:\/\/www.yuveo.de\/fr\/rides\/traitement-des-rides-au-laser-duesseldorf\/","title":{"rendered":"Traitement des rides au laser D\u00fcsseldorf"},"content":{"rendered":"\t\t<div data-elementor-type=\"wp-page\" data-elementor-id=\"43443\" class=\"elementor elementor-43443 elementor-43040\" data-elementor-post-type=\"page\">\n\t\t\t\t\t\t<section class=\"elementor-section elementor-top-section elementor-element elementor-element-1b68fc21 elementor-section-boxed elementor-section-height-default elementor-section-height-default\" data-id=\"1b68fc21\" data-element_type=\"section\" data-e-type=\"section\">\n\t\t\t\t\t\t<div class=\"elementor-container elementor-column-gap-default\">\n\t\t\t\t\t<div class=\"elementor-column elementor-col-50 elementor-top-column elementor-element elementor-element-16a7299c\" data-id=\"16a7299c\" data-element_type=\"column\" data-e-type=\"column\">\n\t\t\t<div class=\"elementor-widget-wrap elementor-element-populated\">\n\t\t\t\t\t\t<div class=\"elementor-element elementor-element-73b38e7c elementor-widget elementor-widget-text-editor\" data-id=\"73b38e7c\" data-element_type=\"widget\" data-e-type=\"widget\" data-widget_type=\"text-editor.default\">\n\t\t\t\t<div class=\"elementor-widget-container\">\n\t\t\t\t\t\t\t\t\t<div class=\"elementor-element elementor-element-7b6ae9e9 elementor-widget elementor-widget-text-editor\" data-id=\"7b6ae9e9\" data-element_type=\"widget\" data-widget_type=\"text-editor.default\"><div class=\"elementor-widget-container\"><div class=\"elementor-text-editor elementor-clearfix\"><p>Le traitement au laser fractionn\u00e9 pour le traitement des rides et le rajeunissement de la peau fait partie de la gamme de traitements esth\u00e9tiques et doux de la clinique Yuveo.<\/p><p>Cette technique laser nous permet de r\u00e9duire les rides, d&rsquo;am\u00e9liorer la structure de votre peau et d&rsquo;obtenir un effet de rajeunissement de la peau du visage, du cou et du d\u00e9collet\u00e9.<\/p><p>On utilise un laser CO\u2082 qui produit de fins microfaisceaux qui traitent de minuscules zones de la surface de la peau tout en laissant la peau environnante intacte.<\/p><p>Cette technique laser vous offre des r\u00e9sultats naturels, efficaces et durables pour une belle peau.<\/p><\/div><\/div><\/div>\t\t\t\t\t\t\t\t<\/div>\n\t\t\t\t<\/div>\n\t\t\t\t\t<\/div>\n\t\t<\/div>\n\t\t\t\t<div class=\"elementor-column elementor-col-50 elementor-top-column elementor-element elementor-element-1bb89804\" data-id=\"1bb89804\" data-element_type=\"column\" data-e-type=\"column\">\n\t\t\t<div class=\"elementor-widget-wrap elementor-element-populated\">\n\t\t\t\t\t\t<div class=\"elementor-element elementor-element-1b2512ff elementor-widget elementor-widget-table-of-contents\" data-id=\"1b2512ff\" data-element_type=\"widget\" data-e-type=\"widget\" data-settings=\"{&quot;exclude_headings_by_selector&quot;:[],&quot;headings_by_tags&quot;:[&quot;h1&quot;,&quot;h2&quot;],&quot;marker_view&quot;:&quot;bullets&quot;,&quot;no_headings_message&quot;:&quot;Es wurden keine \\u00dcberschriften auf dieser Seite gefunden.&quot;,&quot;icon&quot;:{&quot;value&quot;:&quot;fas fa-circle&quot;,&quot;library&quot;:&quot;fa-solid&quot;},&quot;min_height&quot;:{&quot;unit&quot;:&quot;px&quot;,&quot;size&quot;:&quot;&quot;,&quot;sizes&quot;:[]},&quot;min_height_tablet&quot;:{&quot;unit&quot;:&quot;px&quot;,&quot;size&quot;:&quot;&quot;,&quot;sizes&quot;:[]},&quot;min_height_mobile&quot;:{&quot;unit&quot;:&quot;px&quot;,&quot;size&quot;:&quot;&quot;,&quot;sizes&quot;:[]}}\" data-widget_type=\"table-of-contents.default\">\n\t\t\t\t<div class=\"elementor-widget-container\">\n\t\t\t\t\t\t\t\t\t<div class=\"elementor-toc__header\">\n\t\t\t\t\t\t<h4 class=\"elementor-toc__header-title\">\n\t\t\t\tContenu\t\t\t<\/h4>\n\t\t\t\t\t\t\t\t<\/div>\n\t\t\t\t<div id=\"elementor-toc__1b2512ff\" class=\"elementor-toc__body\">\n\t\t\t<div class=\"elementor-toc__spinner-container\">\n\t\t\t\t<i class=\"elementor-toc__spinner eicon-animation-spin eicon-loading\" aria-hidden=\"true\"><\/i>\t\t\t<\/div>\n\t\t<\/div>\n\t\t\t\t\t\t<\/div>\n\t\t\t\t<\/div>\n\t\t\t\t\t<\/div>\n\t\t<\/div>\n\t\t\t\t\t<\/div>\n\t\t<\/section>\n\t\t\t\t<section class=\"elementor-section elementor-top-section elementor-element elementor-element-40e5f62b elementor-section-height-min-height hosec elementor-section-stretched elementor-section-boxed elementor-section-height-default elementor-section-items-middle\" data-id=\"40e5f62b\" data-element_type=\"section\" data-e-type=\"section\" data-settings=\"{&quot;background_background&quot;:&quot;classic&quot;,&quot;stretch_section&quot;:&quot;section-stretched&quot;}\">\n\t\t\t\t\t\t<div class=\"elementor-container elementor-column-gap-default\">\n\t\t\t\t\t<div class=\"elementor-column elementor-col-50 elementor-top-column elementor-element elementor-element-7ee12e39\" data-id=\"7ee12e39\" data-element_type=\"column\" data-e-type=\"column\">\n\t\t\t<div class=\"elementor-widget-wrap elementor-element-populated\">\n\t\t\t\t\t\t<div class=\"elementor-element elementor-element-21622c10 elementor-widget elementor-widget-heading\" data-id=\"21622c10\" data-element_type=\"widget\" data-e-type=\"widget\" data-widget_type=\"heading.default\">\n\t\t\t\t<div class=\"elementor-widget-container\">\n\t\t\t\t\t<p class=\"elementor-heading-title elementor-size-default\">Clinique Yuveo<\/p>\t\t\t\t<\/div>\n\t\t\t\t<\/div>\n\t\t\t\t<div class=\"elementor-element elementor-element-24a91db5 elementor-widget elementor-widget-heading\" data-id=\"24a91db5\" data-element_type=\"widget\" data-e-type=\"widget\" data-widget_type=\"heading.default\">\n\t\t\t\t<div class=\"elementor-widget-container\">\n\t\t\t\t\t<h2 class=\"elementor-heading-title elementor-size-default\">Particularit\u00e9s du traitement des rides au laser<\/h2>\t\t\t\t<\/div>\n\t\t\t\t<\/div>\n\t\t\t\t<div class=\"elementor-element elementor-element-459eab8d elementor-widget elementor-widget-text-editor\" data-id=\"459eab8d\" data-element_type=\"widget\" data-e-type=\"widget\" data-widget_type=\"text-editor.default\">\n\t\t\t\t<div class=\"elementor-widget-container\">\n\t\t\t\t\t\t\t\t\t<p>Lisser les rides, traiter les cicatrices, rajeunir la peau : Nous obtenons de magnifiques r\u00e9sultats sans chirurgie gr\u00e2ce \u00e0 une technique laser de pointe.<\/p>\t\t\t\t\t\t\t\t<\/div>\n\t\t\t\t<\/div>\n\t\t\t\t<div class=\"elementor-element elementor-element-ad75d17 elementor-align-left elementor-tablet-align-left elementor-widget elementor-widget-button\" data-id=\"ad75d17\" data-element_type=\"widget\" data-e-type=\"widget\" data-widget_type=\"button.default\">\n\t\t\t\t<div class=\"elementor-widget-container\">\n\t\t\t\t\t\t\t\t\t<div class=\"elementor-button-wrapper\">\n\t\t\t\t\t<a class=\"elementor-button elementor-button-link elementor-size-md\" href=\"https:\/\/www.yuveo.de\/fr\/prendre-rendez-vous\/\">\n\t\t\t\t\t\t<span class=\"elementor-button-content-wrapper\">\n\t\t\t\t\t\t<span class=\"elementor-button-icon\">\n\t\t\t\t<i aria-hidden=\"true\" class=\"fas fa-long-arrow-alt-right\"><\/i>\t\t\t<\/span>\n\t\t\t\t\t\t\t\t\t<span class=\"elementor-button-text\">Prendre rendez-vous<\/span>\n\t\t\t\t\t<\/span>\n\t\t\t\t\t<\/a>\n\t\t\t\t<\/div>\n\t\t\t\t\t\t\t\t<\/div>\n\t\t\t\t<\/div>\n\t\t\t\t\t<\/div>\n\t\t<\/div>\n\t\t\t\t<div class=\"elementor-column elementor-col-50 elementor-top-column elementor-element elementor-element-7aa586d1\" data-id=\"7aa586d1\" data-element_type=\"column\" data-e-type=\"column\" data-settings=\"{&quot;motion_fx_motion_fx_scrolling&quot;:&quot;yes&quot;,&quot;motion_fx_translateY_effect&quot;:&quot;yes&quot;,&quot;motion_fx_translateY_speed&quot;:{&quot;unit&quot;:&quot;px&quot;,&quot;size&quot;:&quot;1&quot;,&quot;sizes&quot;:[]},&quot;motion_fx_translateY_affectedRange&quot;:{&quot;unit&quot;:&quot;%&quot;,&quot;size&quot;:&quot;&quot;,&quot;sizes&quot;:{&quot;start&quot;:&quot;0&quot;,&quot;end&quot;:&quot;50&quot;}},&quot;motion_fx_opacity_effect&quot;:&quot;yes&quot;,&quot;motion_fx_opacity_range&quot;:{&quot;unit&quot;:&quot;%&quot;,&quot;size&quot;:&quot;&quot;,&quot;sizes&quot;:{&quot;start&quot;:&quot;0&quot;,&quot;end&quot;:&quot;30&quot;}},&quot;motion_fx_devices&quot;:[&quot;desktop&quot;,&quot;tablet&quot;],&quot;motion_fx_opacity_direction&quot;:&quot;out-in&quot;,&quot;motion_fx_opacity_level&quot;:{&quot;unit&quot;:&quot;px&quot;,&quot;size&quot;:10,&quot;sizes&quot;:[]}}\">\n\t\t\t<div class=\"elementor-widget-wrap elementor-element-populated\">\n\t\t\t\t\t\t<section class=\"elementor-section elementor-inner-section elementor-element elementor-element-434afa85 elementor-section-boxed elementor-section-height-default elementor-section-height-default\" data-id=\"434afa85\" data-element_type=\"section\" data-e-type=\"section\">\n\t\t\t\t\t\t<div class=\"elementor-container elementor-column-gap-default\">\n\t\t\t\t\t<div class=\"elementor-column elementor-col-50 elementor-inner-column elementor-element elementor-element-247f999d\" data-id=\"247f999d\" data-element_type=\"column\" data-e-type=\"column\">\n\t\t\t<div class=\"elementor-widget-wrap elementor-element-populated\">\n\t\t\t\t\t\t<div class=\"elementor-element elementor-element-adf5122 elementor-cta--skin-cover elementor-cta--valign-middle elementor-widget elementor-widget-call-to-action\" data-id=\"adf5122\" data-element_type=\"widget\" data-e-type=\"widget\" data-widget_type=\"call-to-action.default\">\n\t\t\t\t<div class=\"elementor-widget-container\">\n\t\t\t\t\t\t\t<div class=\"elementor-cta\">\n\t\t\t\t\t<div class=\"elementor-cta__bg-wrapper\">\n\t\t\t\t<div class=\"elementor-cta__bg elementor-bg\" style=\"background-image: url();\" role=\"img\" aria-label=\"\"><\/div>\n\t\t\t\t<div class=\"elementor-cta__bg-overlay\"><\/div>\n\t\t\t<\/div>\n\t\t\t\t\t\t\t<div class=\"elementor-cta__content\">\n\t\t\t\t\n\t\t\t\t\t\t\t\t\t<h3 class=\"elementor-cta__title elementor-cta__content-item elementor-content-item\">\n\t\t\t\t\t\tLisser les rides\t\t\t\t\t<\/h3>\n\t\t\t\t\n\t\t\t\t\t\t\t\t\t<div class=\"elementor-cta__description elementor-cta__content-item elementor-content-item\">\n\t\t\t\t\t\tAires : Yeux, visage, cou, d\u00e9collet\u00e9, Effet : R\u00e9duction des rides, nouvelle fra\u00eecheur, rajeunissement de la peau\t\t\t\t\t<\/div>\n\t\t\t\t\n\t\t\t\t\t\t\t<\/div>\n\t\t\t\t\t\t<\/div>\n\t\t\t\t\t\t<\/div>\n\t\t\t\t<\/div>\n\t\t\t\t\t<\/div>\n\t\t<\/div>\n\t\t\t\t<div class=\"elementor-column elementor-col-50 elementor-inner-column elementor-element elementor-element-22cb60cd\" data-id=\"22cb60cd\" data-element_type=\"column\" data-e-type=\"column\">\n\t\t\t<div class=\"elementor-widget-wrap elementor-element-populated\">\n\t\t\t\t\t\t<div class=\"elementor-element elementor-element-780376bc elementor-cta--skin-cover elementor-cta--valign-middle elementor-widget elementor-widget-call-to-action\" data-id=\"780376bc\" data-element_type=\"widget\" data-e-type=\"widget\" data-widget_type=\"call-to-action.default\">\n\t\t\t\t<div class=\"elementor-widget-container\">\n\t\t\t\t\t\t\t<div class=\"elementor-cta\">\n\t\t\t\t\t<div class=\"elementor-cta__bg-wrapper\">\n\t\t\t\t<div class=\"elementor-cta__bg elementor-bg\" style=\"background-image: url();\" role=\"img\" aria-label=\"\"><\/div>\n\t\t\t\t<div class=\"elementor-cta__bg-overlay\"><\/div>\n\t\t\t<\/div>\n\t\t\t\t\t\t\t<div class=\"elementor-cta__content\">\n\t\t\t\t\n\t\t\t\t\t\t\t\t\t<h3 class=\"elementor-cta__title elementor-cta__content-item elementor-content-item\">\n\t\t\t\t\t\tTraitement des cicatrices\t\t\t\t\t<\/h3>\n\t\t\t\t\n\t\t\t\t\t\t\t\t\t<div class=\"elementor-cta__description elementor-cta__content-item elementor-content-item\">\n\t\t\t\t\t\tLe laser permet d'am\u00e9liorer l'aspect de la peau en cas de cicatrices l\u00e9g\u00e8rement marqu\u00e9es et de cicatrices d'acn\u00e9.\t\t\t\t\t<\/div>\n\t\t\t\t\n\t\t\t\t\t\t\t<\/div>\n\t\t\t\t\t\t<\/div>\n\t\t\t\t\t\t<\/div>\n\t\t\t\t<\/div>\n\t\t\t\t\t<\/div>\n\t\t<\/div>\n\t\t\t\t\t<\/div>\n\t\t<\/section>\n\t\t\t\t<section class=\"elementor-section elementor-inner-section elementor-element elementor-element-62469f0f elementor-section-boxed elementor-section-height-default elementor-section-height-default\" data-id=\"62469f0f\" data-element_type=\"section\" data-e-type=\"section\">\n\t\t\t\t\t\t<div class=\"elementor-container elementor-column-gap-default\">\n\t\t\t\t\t<div class=\"elementor-column elementor-col-50 elementor-inner-column elementor-element elementor-element-4a9d0833\" data-id=\"4a9d0833\" data-element_type=\"column\" data-e-type=\"column\">\n\t\t\t<div class=\"elementor-widget-wrap elementor-element-populated\">\n\t\t\t\t\t\t<div class=\"elementor-element elementor-element-4ebf386c elementor-cta--skin-cover elementor-cta--valign-middle elementor-widget elementor-widget-call-to-action\" data-id=\"4ebf386c\" data-element_type=\"widget\" data-e-type=\"widget\" data-widget_type=\"call-to-action.default\">\n\t\t\t\t<div class=\"elementor-widget-container\">\n\t\t\t\t\t\t\t<div class=\"elementor-cta\">\n\t\t\t\t\t<div class=\"elementor-cta__bg-wrapper\">\n\t\t\t\t<div class=\"elementor-cta__bg elementor-bg\" style=\"background-image: url();\" role=\"img\" aria-label=\"\"><\/div>\n\t\t\t\t<div class=\"elementor-cta__bg-overlay\"><\/div>\n\t\t\t<\/div>\n\t\t\t\t\t\t\t<div class=\"elementor-cta__content\">\n\t\t\t\t\n\t\t\t\t\t\t\t\t\t<h3 class=\"elementor-cta__title elementor-cta__content-item elementor-content-item\">\n\t\t\t\t\t\tRajeunissement de la peau\t\t\t\t\t<\/h3>\n\t\t\t\t\n\t\t\t\t\t\t\t\t\t<div class=\"elementor-cta__description elementor-cta__content-item elementor-content-item\">\n\t\t\t\t\t\tLa formation naturelle de collag\u00e8ne et d'\u00e9lastine est stimul\u00e9e, ce qui entra\u00eene un effet de raffermissement de la peau.\t\t\t\t\t<\/div>\n\t\t\t\t\n\t\t\t\t\t\t\t<\/div>\n\t\t\t\t\t\t<\/div>\n\t\t\t\t\t\t<\/div>\n\t\t\t\t<\/div>\n\t\t\t\t\t<\/div>\n\t\t<\/div>\n\t\t\t\t<div class=\"elementor-column elementor-col-50 elementor-inner-column elementor-element elementor-element-60a09e0d\" data-id=\"60a09e0d\" data-element_type=\"column\" data-e-type=\"column\">\n\t\t\t<div class=\"elementor-widget-wrap elementor-element-populated\">\n\t\t\t\t\t\t<div class=\"elementor-element elementor-element-6e9ce873 elementor-cta--skin-cover elementor-cta--valign-middle elementor-widget elementor-widget-call-to-action\" data-id=\"6e9ce873\" data-element_type=\"widget\" data-e-type=\"widget\" data-widget_type=\"call-to-action.default\">\n\t\t\t\t<div class=\"elementor-widget-container\">\n\t\t\t\t\t\t\t<a class=\"elementor-cta\" href=\"#\">\n\t\t\t\t\t<div class=\"elementor-cta__bg-wrapper\">\n\t\t\t\t<div class=\"elementor-cta__bg elementor-bg\" style=\"background-image: url();\" role=\"img\" aria-label=\"\"><\/div>\n\t\t\t\t<div class=\"elementor-cta__bg-overlay\"><\/div>\n\t\t\t<\/div>\n\t\t\t\t\t\t\t<div class=\"elementor-cta__content\">\n\t\t\t\t\n\t\t\t\t\t\t\t\t\t<h3 class=\"elementor-cta__title elementor-cta__content-item elementor-content-item\">\n\t\t\t\t\t\tVenezia Lifting\t\t\t\t\t<\/h3>\n\t\t\t\t\n\t\t\t\t\t\t\t\t\t<div class=\"elementor-cta__description elementor-cta__content-item elementor-content-item\">\n\t\t\t\t\t\tVariante douce : lifting des paupi\u00e8res et de la peau par laser soft-CO2 : mini-invasif, sans op\u00e9ration, sans longue dur\u00e9e d'immobilisation !\t\t\t\t\t<\/div>\n\t\t\t\t\n\t\t\t\t\t\t\t<\/div>\n\t\t\t\t\t\t<\/a>\n\t\t\t\t\t\t<\/div>\n\t\t\t\t<\/div>\n\t\t\t\t\t<\/div>\n\t\t<\/div>\n\t\t\t\t\t<\/div>\n\t\t<\/section>\n\t\t\t\t\t<\/div>\n\t\t<\/div>\n\t\t\t\t\t<\/div>\n\t\t<\/section>\n\t\t\t\t<section class=\"elementor-section elementor-top-section elementor-element elementor-element-233e1974 elementor-section-boxed elementor-section-height-default elementor-section-height-default\" data-id=\"233e1974\" data-element_type=\"section\" data-e-type=\"section\">\n\t\t\t\t\t\t<div class=\"elementor-container elementor-column-gap-default\">\n\t\t\t\t\t<div class=\"elementor-column elementor-col-50 elementor-top-column elementor-element elementor-element-2cc1acc1\" data-id=\"2cc1acc1\" data-element_type=\"column\" data-e-type=\"column\">\n\t\t\t<div class=\"elementor-widget-wrap elementor-element-populated\">\n\t\t\t\t\t\t<div class=\"elementor-element elementor-element-21dccd06 elementor-widget elementor-widget-heading\" data-id=\"21dccd06\" data-element_type=\"widget\" data-e-type=\"widget\" data-widget_type=\"heading.default\">\n\t\t\t\t<div class=\"elementor-widget-container\">\n\t\t\t\t\t<h2 class=\"elementor-heading-title elementor-size-default\">Traitement des rides au laser<\/h2>\t\t\t\t<\/div>\n\t\t\t\t<\/div>\n\t\t\t\t<div class=\"elementor-element elementor-element-3f437040 elementor-widget elementor-widget-text-editor\" data-id=\"3f437040\" data-element_type=\"widget\" data-e-type=\"widget\" data-widget_type=\"text-editor.default\">\n\t\t\t\t<div class=\"elementor-widget-container\">\n\t\t\t\t\t\t\t\t\t<p>Nous utilisons le laser CO\u2082 fractionn\u00e9 pour un lifting laser de la peau dans les zones suivantes : Yeux, visage, cou, d\u00e9collet\u00e9 et mains.<\/p><p>Le laser fractionn\u00e9 est particuli\u00e8rement doux pour la peau. Ce laser place des points pr\u00e9cis entre lesquels la peau cicatrise rapidement. <\/p><p>L&rsquo;<strong>objectif<\/strong> est de r\u00e9duire ou de faire r\u00e9tr\u00e9cir l&rsquo;exc\u00e8s de tissu cutan\u00e9 et de redonner de l&rsquo;\u00e9lasticit\u00e9 \u00e0 votre peau.<\/p><p><strong>Mode ablatif du laser :<\/strong> pour un effet particuli\u00e8rement fort, nous pouvons utiliser le laser fractionn\u00e9 en mode ablatif. Dans ce cas, il faut toutefois s&rsquo;attendre \u00e0 un temps d&rsquo;arr\u00eat plus long apr\u00e8s la th\u00e9rapie. <\/p><p><strong>Effet :<\/strong> le laser applique une chaleur douce sur la peau en profondeur et stimule ainsi la formation et le remodelage du collag\u00e8ne et de l&rsquo;\u00e9lastine de la peau. Comme seule une partie de la peau est trait\u00e9e au laser, les zones trait\u00e9es gu\u00e9rissent rapidement. <\/p><p><strong>Effet :<\/strong> Le lifting au laser offre un tr\u00e8s bon effet durable &#8211; de diff\u00e9rentes intensit\u00e9s &#8211; en fonction des souhaits personnels. Le changement apport\u00e9 par l&rsquo;intervention peut durer de nombreuses ann\u00e9es. <\/p><p><strong>Effets en d\u00e9tail :<\/strong><\/p><ul><li>Raffermissement de la peau<\/li><li>Lisser les rides, r\u00e9duire les cicatrices et les taches de pigmentation<\/li><li>Rajeunissement de la peau<\/li><\/ul>\t\t\t\t\t\t\t\t<\/div>\n\t\t\t\t<\/div>\n\t\t\t\t\t<\/div>\n\t\t<\/div>\n\t\t\t\t<div class=\"elementor-column elementor-col-50 elementor-top-column elementor-element elementor-element-27260153 parent-sticky\" data-id=\"27260153\" data-element_type=\"column\" data-e-type=\"column\">\n\t\t\t<div class=\"elementor-widget-wrap elementor-element-populated\">\n\t\t\t\t\t\t<div class=\"elementor-element elementor-element-6593f14a titlesticky  elementor-widget elementor-widget-image\" data-id=\"6593f14a\" data-element_type=\"widget\" data-e-type=\"widget\" data-widget_type=\"image.default\">\n\t\t\t\t<div class=\"elementor-widget-container\">\n\t\t\t\t\t\t\t\t\t\t\t\t<figure class=\"wp-caption\">\n\t\t\t\t\t\t\t\t\t\t<img fetchpriority=\"high\" decoding=\"async\" width=\"800\" height=\"534\" src=\"https:\/\/www.yuveo.de\/wp-content\/uploads\/2025\/12\/ME-Image-AdobeStock_450000054-1024x683.jpeg\" class=\"attachment-large size-large wp-image-43386\" alt=\"Mann, Gesicht, Aknenarben\" srcset=\"https:\/\/www.yuveo.de\/wp-content\/uploads\/2025\/12\/ME-Image-AdobeStock_450000054-1024x683.jpeg 1024w, https:\/\/www.yuveo.de\/wp-content\/uploads\/2025\/12\/ME-Image-AdobeStock_450000054-300x200.jpeg 300w, https:\/\/www.yuveo.de\/wp-content\/uploads\/2025\/12\/ME-Image-AdobeStock_450000054-768x512.jpeg 768w, https:\/\/www.yuveo.de\/wp-content\/uploads\/2025\/12\/ME-Image-AdobeStock_450000054-1536x1024.jpeg 1536w, https:\/\/www.yuveo.de\/wp-content\/uploads\/2025\/12\/ME-Image-AdobeStock_450000054-2048x1365.jpeg 2048w\" sizes=\"(max-width: 800px) 100vw, 800px\" \/>\t\t\t\t\t\t\t\t\t\t\t<figcaption class=\"widget-image-caption wp-caption-text\">Le laser CO2 est \u00e9galement tr\u00e8s efficace pour traiter les cicatrices d'acn\u00e9.<\/figcaption>\n\t\t\t\t\t\t\t\t\t\t<\/figure>\n\t\t\t\t\t\t\t\t\t<\/div>\n\t\t\t\t<\/div>\n\t\t\t\t\t<\/div>\n\t\t<\/div>\n\t\t\t\t\t<\/div>\n\t\t<\/section>\n\t\t\t\t<section class=\"elementor-section elementor-top-section elementor-element elementor-element-e88d372 elementor-section-boxed elementor-section-height-default elementor-section-height-default\" data-id=\"e88d372\" data-element_type=\"section\" data-e-type=\"section\">\n\t\t\t\t\t\t<div class=\"elementor-container elementor-column-gap-default\">\n\t\t\t\t\t<div class=\"elementor-column elementor-col-50 elementor-top-column elementor-element elementor-element-5822681\" data-id=\"5822681\" data-element_type=\"column\" data-e-type=\"column\">\n\t\t\t<div class=\"elementor-widget-wrap elementor-element-populated\">\n\t\t\t\t\t\t<div class=\"elementor-element elementor-element-db26943 elementor-widget elementor-widget-heading\" data-id=\"db26943\" data-element_type=\"widget\" data-e-type=\"widget\" data-widget_type=\"heading.default\">\n\t\t\t\t<div class=\"elementor-widget-container\">\n\t\t\t\t\t<h2 class=\"elementor-heading-title elementor-size-default\">Quel laser utilisons-nous ?<\/h2>\t\t\t\t<\/div>\n\t\t\t\t<\/div>\n\t\t\t\t<div class=\"elementor-element elementor-element-735e3c1 elementor-widget elementor-widget-text-editor\" data-id=\"735e3c1\" data-element_type=\"widget\" data-e-type=\"widget\" data-widget_type=\"text-editor.default\">\n\t\t\t\t<div class=\"elementor-widget-container\">\n\t\t\t\t\t\t\t\t\t<p>Le <strong>laser CO\u2082<\/strong> est un laser fractionn\u00e9 et ablatif pour le traitement de la peau, qui contribue \u00e0 la <strong>n\u00e9o-production de collag\u00e8ne<\/strong> et \u00e0 l&rsquo;am\u00e9lioration de l&rsquo;aspect de la peau.<\/p><p>Gr\u00e2ce \u00e0 ses courtes impulsions laser sur la peau, nous pouvons effectuer un traitement particuli\u00e8rement doux, ce qui permet une gu\u00e9rison plus rapide des zones trait\u00e9es.<\/p><p>Gr\u00e2ce \u00e0 une t\u00eate suppl\u00e9mentaire de l&rsquo;appareil laser, nous pouvons \u00e9galement r\u00e9aliser un <strong>lifting v\u00e9nitien<\/strong> moins invasif. Ce traitement ne provoque qu&rsquo;une l\u00e9g\u00e8re rougeur de la peau qui dispara\u00eet au bout de 2 \u00e0 5 jours. <\/p><h3>Avantages du laser<\/h3><ul><li>Renouvellement pr\u00e9cis et contr\u00f4l\u00e9 de la peau<\/li><li>Moins de temps d&rsquo;arr\u00eat gr\u00e2ce \u00e0 la technologie fractionn\u00e9e<\/li><li>Effets raffermissants durables gr\u00e2ce \u00e0 la r\u00e9g\u00e9n\u00e9ration du collag\u00e8ne<\/li><li>Une peau visiblement plus fra\u00eeche, plus lisse et plus jeune<\/li><\/ul>\t\t\t\t\t\t\t\t<\/div>\n\t\t\t\t<\/div>\n\t\t\t\t\t<\/div>\n\t\t<\/div>\n\t\t\t\t<div class=\"elementor-column elementor-col-50 elementor-top-column elementor-element elementor-element-76e9714 parent-sticky\" data-id=\"76e9714\" data-element_type=\"column\" data-e-type=\"column\">\n\t\t\t<div class=\"elementor-widget-wrap elementor-element-populated\">\n\t\t\t\t\t\t<div class=\"elementor-element elementor-element-0659caa titlesticky  elementor-widget elementor-widget-image\" data-id=\"0659caa\" data-element_type=\"widget\" data-e-type=\"widget\" data-widget_type=\"image.default\">\n\t\t\t\t<div class=\"elementor-widget-container\">\n\t\t\t\t\t\t\t\t\t\t\t\t<figure class=\"wp-caption\">\n\t\t\t\t\t\t\t\t\t\t<img decoding=\"async\" width=\"800\" height=\"534\" src=\"https:\/\/www.yuveo.de\/wp-content\/uploads\/2025\/12\/DSC07857-2-1024x683.jpg\" class=\"attachment-large size-large wp-image-43395\" alt=\"Dr. Schumann-Averkiou behandlet Patientin mit fraktioniertem CO2 Laser\" srcset=\"https:\/\/www.yuveo.de\/wp-content\/uploads\/2025\/12\/DSC07857-2-1024x683.jpg 1024w, https:\/\/www.yuveo.de\/wp-content\/uploads\/2025\/12\/DSC07857-2-300x200.jpg 300w, https:\/\/www.yuveo.de\/wp-content\/uploads\/2025\/12\/DSC07857-2-768x512.jpg 768w, https:\/\/www.yuveo.de\/wp-content\/uploads\/2025\/12\/DSC07857-2-1536x1024.jpg 1536w, https:\/\/www.yuveo.de\/wp-content\/uploads\/2025\/12\/DSC07857-2-2048x1365.jpg 2048w\" sizes=\"(max-width: 800px) 100vw, 800px\" \/>\t\t\t\t\t\t\t\t\t\t\t<figcaption class=\"widget-image-caption wp-caption-text\">Traitement au laser d'une patiente avec le laser CO2 fractionn\u00e9<\/figcaption>\n\t\t\t\t\t\t\t\t\t\t<\/figure>\n\t\t\t\t\t\t\t\t\t<\/div>\n\t\t\t\t<\/div>\n\t\t\t\t\t<\/div>\n\t\t<\/div>\n\t\t\t\t\t<\/div>\n\t\t<\/section>\n\t\t\t\t<section class=\"elementor-section elementor-top-section elementor-element elementor-element-c2da341 elementor-section-boxed elementor-section-height-default elementor-section-height-default\" data-id=\"c2da341\" data-element_type=\"section\" data-e-type=\"section\">\n\t\t\t\t\t\t<div class=\"elementor-container elementor-column-gap-default\">\n\t\t\t\t\t<div class=\"elementor-column elementor-col-50 elementor-top-column elementor-element elementor-element-142595d\" data-id=\"142595d\" data-element_type=\"column\" data-e-type=\"column\">\n\t\t\t<div class=\"elementor-widget-wrap elementor-element-populated\">\n\t\t\t\t\t\t<div class=\"elementor-element elementor-element-3bc2065 elementor-widget elementor-widget-heading\" data-id=\"3bc2065\" data-element_type=\"widget\" data-e-type=\"widget\" data-widget_type=\"heading.default\">\n\t\t\t\t<div class=\"elementor-widget-container\">\n\t\t\t\t\t<h2 class=\"elementor-heading-title elementor-size-default\">Quelle est la particularit\u00e9 du lifting Venezia ?<\/h2>\t\t\t\t<\/div>\n\t\t\t\t<\/div>\n\t\t\t\t<div class=\"elementor-element elementor-element-3d7cd26 elementor-widget elementor-widget-text-editor\" data-id=\"3d7cd26\" data-element_type=\"widget\" data-e-type=\"widget\" data-widget_type=\"text-editor.default\">\n\t\t\t\t<div class=\"elementor-widget-container\">\n\t\t\t\t\t\t\t\t\t<p>Le <strong>lifting v\u00e9nitien<\/strong> soft au<sub>laser CO2<\/sub> est une variante tr\u00e8s douce du traitement au laser en raison de la proc\u00e9dure non\/soft ablative.<\/p><p>Si les modifications autour des yeux ou de la peau du visage ne sont pas encore trop graves, ou si aucune op\u00e9ration n&rsquo;est souhait\u00e9e, le lifting Venezia au moyen d&rsquo;un laser CO\u2082 fractionn\u00e9 est une option int\u00e9ressante.<\/p><p>Un seul traitement avec ce laser CO\u2082 fractionn\u00e9 en r\u00e9glage doux (avec la t\u00eate s\u00e9par\u00e9e) a pour effet de stimuler la formation de nouveau collag\u00e8ne et d&rsquo;entra\u00eener un raffermissement de la peau par le corps. Cela signifie une fra\u00eecheur pour les yeux, le visage, le cou et le d\u00e9collet\u00e9. <\/p><p>Trait\u00e9 :<\/p><ul><li>Ridules<\/li><li>peau \u00e0 pores dilat\u00e9s<\/li><li>Cicatrices<\/li><li>Pigments de peau ou rougeurs de peau<\/li><\/ul><p>Nous recommandons 3 traitements, espac\u00e9s d&rsquo;environ 4 semaines chacun.<\/p><p><strong>Effet secondaire :<\/strong> en mode non ablatif, la peau reste intacte, seule une rougeur cutan\u00e9e temporaire appara\u00eet.<\/p><p>La proc\u00e9dure soft-ablative entra\u00eene en outre l&rsquo;apparition de petits points qui disparaissent au bout de quelques jours.<\/p>\t\t\t\t\t\t\t\t<\/div>\n\t\t\t\t<\/div>\n\t\t\t\t\t<\/div>\n\t\t<\/div>\n\t\t\t\t<div class=\"elementor-column elementor-col-50 elementor-top-column elementor-element elementor-element-515e0cb parent-sticky\" data-id=\"515e0cb\" data-element_type=\"column\" data-e-type=\"column\">\n\t\t\t<div class=\"elementor-widget-wrap elementor-element-populated\">\n\t\t\t\t\t\t<div class=\"elementor-element elementor-element-557b5a0 titlesticky  elementor-widget elementor-widget-image\" data-id=\"557b5a0\" data-element_type=\"widget\" data-e-type=\"widget\" data-widget_type=\"image.default\">\n\t\t\t\t<div class=\"elementor-widget-container\">\n\t\t\t\t\t\t\t\t\t\t\t\t<figure class=\"wp-caption\">\n\t\t\t\t\t\t\t\t\t\t<img decoding=\"async\" width=\"683\" height=\"1024\" src=\"https:\/\/www.yuveo.de\/wp-content\/uploads\/2025\/12\/DSC07853-683x1024.jpg\" class=\"attachment-large size-large wp-image-43404\" alt=\"Dr. Schumann Averkiou Behandlung einer Patientin mit dem fraktionierten CO2 Laser\" srcset=\"https:\/\/www.yuveo.de\/wp-content\/uploads\/2025\/12\/DSC07853-683x1024.jpg 683w, https:\/\/www.yuveo.de\/wp-content\/uploads\/2025\/12\/DSC07853-200x300.jpg 200w, https:\/\/www.yuveo.de\/wp-content\/uploads\/2025\/12\/DSC07853-768x1152.jpg 768w, https:\/\/www.yuveo.de\/wp-content\/uploads\/2025\/12\/DSC07853-1024x1536.jpg 1024w, https:\/\/www.yuveo.de\/wp-content\/uploads\/2025\/12\/DSC07853-1365x2048.jpg 1365w, https:\/\/www.yuveo.de\/wp-content\/uploads\/2025\/12\/DSC07853-scaled.jpg 1707w\" sizes=\"(max-width: 683px) 100vw, 683px\" \/>\t\t\t\t\t\t\t\t\t\t\t<figcaption class=\"widget-image-caption wp-caption-text\">Traitement au laser avec le laser CO2 fractionn\u00e9<\/figcaption>\n\t\t\t\t\t\t\t\t\t\t<\/figure>\n\t\t\t\t\t\t\t\t\t<\/div>\n\t\t\t\t<\/div>\n\t\t\t\t\t<\/div>\n\t\t<\/div>\n\t\t\t\t\t<\/div>\n\t\t<\/section>\n\t\t\t\t<section class=\"elementor-section elementor-top-section elementor-element elementor-element-5f42be3b elementor-section-boxed elementor-section-height-default elementor-section-height-default\" data-id=\"5f42be3b\" data-element_type=\"section\" data-e-type=\"section\">\n\t\t\t\t\t\t<div class=\"elementor-container elementor-column-gap-default\">\n\t\t\t\t\t<div class=\"elementor-column elementor-col-50 elementor-top-column elementor-element elementor-element-1ba0d94f parent-sticky\" data-id=\"1ba0d94f\" data-element_type=\"column\" data-e-type=\"column\">\n\t\t\t<div class=\"elementor-widget-wrap elementor-element-populated\">\n\t\t\t\t\t\t<div class=\"elementor-element elementor-element-308dcf42 elementor-widget elementor-widget-heading\" data-id=\"308dcf42\" data-element_type=\"widget\" data-e-type=\"widget\" data-widget_type=\"heading.default\">\n\t\t\t\t<div class=\"elementor-widget-container\">\n\t\t\t\t\t<h2 class=\"elementor-heading-title elementor-size-default\">Faits sur le traitement au laser<\/h2>\t\t\t\t<\/div>\n\t\t\t\t<\/div>\n\t\t\t\t<div class=\"elementor-element elementor-element-bbe292e titlesticky  elementor-widget elementor-widget-text-editor\" data-id=\"bbe292e\" data-element_type=\"widget\" data-e-type=\"widget\" data-widget_type=\"text-editor.default\">\n\t\t\t\t<div class=\"elementor-widget-container\">\n\t\t\t\t\t\t\t\t\t<ul><li><strong>Type de traitement :<br><\/strong>ablatif<\/li><li><strong>Dur\u00e9e du traitement :<br><\/strong>environ 20 &#8211; 30 min.<\/li><li><strong>Anesth\u00e9sie :<br><\/strong>cr\u00e8me anesth\u00e9siante locale<\/li><li><strong>S\u00e9jour en clinique :<\/strong> <br>ambulatoire<\/li><li><strong>Traitement post-op\u00e9ratoire :<\/strong> <br>Refroidissement imm\u00e9diat apr\u00e8s le traitement au laser, protection solaire pendant plusieurs semaines.<\/li><li><strong>Type de peau :<\/strong> <br>Convient \u00e0 tous les types de peau<\/li><li><strong>R\u00e9sultat enti\u00e8rement visible :<\/strong> <br>apr\u00e8s 4 \u00e0 6 mois<\/li><\/ul>\t\t\t\t\t\t\t\t<\/div>\n\t\t\t\t<\/div>\n\t\t\t\t\t<\/div>\n\t\t<\/div>\n\t\t\t\t<div class=\"elementor-column elementor-col-50 elementor-top-column elementor-element elementor-element-d957423 parent-sticky\" data-id=\"d957423\" data-element_type=\"column\" data-e-type=\"column\">\n\t\t\t<div class=\"elementor-widget-wrap elementor-element-populated\">\n\t\t\t\t\t\t<div class=\"elementor-element elementor-element-c5828b9 elementor-widget elementor-widget-heading\" data-id=\"c5828b9\" data-element_type=\"widget\" data-e-type=\"widget\" data-widget_type=\"heading.default\">\n\t\t\t\t<div class=\"elementor-widget-container\">\n\t\t\t\t\t<h2 class=\"elementor-heading-title elementor-size-default\">Faits sur le lifting Venezia<\/h2>\t\t\t\t<\/div>\n\t\t\t\t<\/div>\n\t\t\t\t<div class=\"elementor-element elementor-element-bd2fadc titlesticky  elementor-widget elementor-widget-text-editor\" data-id=\"bd2fadc\" data-element_type=\"widget\" data-e-type=\"widget\" data-widget_type=\"text-editor.default\">\n\t\t\t\t<div class=\"elementor-widget-container\">\n\t\t\t\t\t\t\t\t\t<ul><li><strong>Type de traitement :<br><\/strong>non-\/softablative<\/li><li><strong>Dur\u00e9e du traitement :<br><\/strong>environ 20 &#8211; 30 min.<\/li><li><strong>Anesth\u00e9sie :<br><\/strong>cr\u00e8me anesth\u00e9siante locale<\/li><li><strong>Traitement :<\/strong> <br>ambulatoire, 3 traitements au total \u00e0 4 semaines d&rsquo;intervalle<\/li><li><strong>Traitement post-op\u00e9ratoire :<\/strong> <br>Refroidissement imm\u00e9diat apr\u00e8s le traitement au laser, protection solaire pendant plusieurs semaines.<\/li><li><strong>Type de peau :<\/strong> <br>Convient \u00e0 tous les types de peau<\/li><li><strong>Aptitude \u00e0 la vie en soci\u00e9t\u00e9 :<\/strong> <br>apr\u00e8s environ 2 jours<\/li><\/ul>\t\t\t\t\t\t\t\t<\/div>\n\t\t\t\t<\/div>\n\t\t\t\t\t<\/div>\n\t\t<\/div>\n\t\t\t\t\t<\/div>\n\t\t<\/section>\n\t\t\t\t<section class=\"elementor-section elementor-top-section elementor-element elementor-element-23e0fb6 elementor-section-boxed elementor-section-height-default elementor-section-height-default\" data-id=\"23e0fb6\" data-element_type=\"section\" data-e-type=\"section\">\n\t\t\t\t\t\t<div class=\"elementor-container elementor-column-gap-default\">\n\t\t\t\t\t<div class=\"elementor-column elementor-col-100 elementor-top-column elementor-element elementor-element-c148940\" data-id=\"c148940\" data-element_type=\"column\" data-e-type=\"column\">\n\t\t\t<div class=\"elementor-widget-wrap elementor-element-populated\">\n\t\t\t\t\t\t<div class=\"elementor-element elementor-element-778e8a3 elementor-widget elementor-widget-heading\" data-id=\"778e8a3\" data-element_type=\"widget\" data-e-type=\"widget\" data-widget_type=\"heading.default\">\n\t\t\t\t<div class=\"elementor-widget-container\">\n\t\t\t\t\t<h2 class=\"elementor-heading-title elementor-size-default\">Questions fr\u00e9quentes sur la th\u00e9rapie laser de la peau  <\/h2>\t\t\t\t<\/div>\n\t\t\t\t<\/div>\n\t\t\t\t<div class=\"elementor-element elementor-element-afec92b elementor-widget elementor-widget-accordion\" data-id=\"afec92b\" data-element_type=\"widget\" data-e-type=\"widget\" data-widget_type=\"accordion.default\">\n\t\t\t\t<div class=\"elementor-widget-container\">\n\t\t\t\t\t\t\t<div class=\"elementor-accordion\">\n\t\t\t\t\t\t\t<div class=\"elementor-accordion-item\">\n\t\t\t\t\t<h3 id=\"elementor-tab-title-1841\" class=\"elementor-tab-title\" data-tab=\"1\" role=\"button\" aria-controls=\"elementor-tab-content-1841\" aria-expanded=\"false\">\n\t\t\t\t\t\t\t\t\t\t\t\t\t<span class=\"elementor-accordion-icon elementor-accordion-icon-left\" aria-hidden=\"true\">\n\t\t\t\t\t\t\t\t\t\t\t\t\t\t\t<span class=\"elementor-accordion-icon-closed\"><i class=\"fas fa-plus\"><\/i><\/span>\n\t\t\t\t\t\t\t\t<span class=\"elementor-accordion-icon-opened\"><i class=\"fas fa-minus\"><\/i><\/span>\n\t\t\t\t\t\t\t\t\t\t\t\t\t\t<\/span>\n\t\t\t\t\t\t\t\t\t\t\t\t<a class=\"elementor-accordion-title\" tabindex=\"0\">Pour quels traitements le laser CO\u2082 fractionn\u00e9 est-il particuli\u00e8rement adapt\u00e9 ?<\/a>\n\t\t\t\t\t<\/h3>\n\t\t\t\t\t<div id=\"elementor-tab-content-1841\" class=\"elementor-tab-content elementor-clearfix\" data-tab=\"1\" role=\"region\" aria-labelledby=\"elementor-tab-title-1841\"><p>Cette technique convient parfaitement au rajeunissement du visage (r\u00e9duction des rides), au rafra\u00eechissement de la peau, \u00e0 l&rsquo;am\u00e9lioration de l&rsquo;aspect de la peau, \u00e0 l&rsquo;affinement du grain de peau en cas de pores dilat\u00e9s, de l\u00e9sions dues au soleil et de l\u00e9g\u00e8res cicatrices\/cicatrices d&rsquo;acn\u00e9, ainsi qu&rsquo;au rel\u00e2chement cutan\u00e9 du visage, du cou, du d\u00e9collet\u00e9 ou des mains.<\/p>\n<p>.<\/p>\n<\/div>\n\t\t\t\t<\/div>\n\t\t\t\t\t\t\t<div class=\"elementor-accordion-item\">\n\t\t\t\t\t<h3 id=\"elementor-tab-title-1842\" class=\"elementor-tab-title\" data-tab=\"2\" role=\"button\" aria-controls=\"elementor-tab-content-1842\" aria-expanded=\"false\">\n\t\t\t\t\t\t\t\t\t\t\t\t\t<span class=\"elementor-accordion-icon elementor-accordion-icon-left\" aria-hidden=\"true\">\n\t\t\t\t\t\t\t\t\t\t\t\t\t\t\t<span class=\"elementor-accordion-icon-closed\"><i class=\"fas fa-plus\"><\/i><\/span>\n\t\t\t\t\t\t\t\t<span class=\"elementor-accordion-icon-opened\"><i class=\"fas fa-minus\"><\/i><\/span>\n\t\t\t\t\t\t\t\t\t\t\t\t\t\t<\/span>\n\t\t\t\t\t\t\t\t\t\t\t\t<a class=\"elementor-accordion-title\" tabindex=\"0\">Quels sont les composants qui jouent un r\u00f4le dans le laser ?<\/a>\n\t\t\t\t\t<\/h3>\n\t\t\t\t\t<div id=\"elementor-tab-content-1842\" class=\"elementor-tab-content elementor-clearfix\" data-tab=\"2\" role=\"region\" aria-labelledby=\"elementor-tab-title-1842\"><p>Le<strong> laser<\/strong> est un <strong>laser CO\u2082 fractionn\u00e9<\/strong> moderne pour un renouvellement doux et efficace de la peau.<br \/>Il combine la <strong>technologie CO\u2082<\/strong> \u00e9prouv\u00e9e avec une <strong>ablation fractionn\u00e9e<\/strong> innovante pour traiter les probl\u00e8mes de peau de mani\u00e8re cibl\u00e9e tout en stimulant la r\u00e9g\u00e9n\u00e9ration naturelle.<\/p>\n<\/div>\n\t\t\t\t<\/div>\n\t\t\t\t\t\t\t<div class=\"elementor-accordion-item\">\n\t\t\t\t\t<h3 id=\"elementor-tab-title-1843\" class=\"elementor-tab-title\" data-tab=\"3\" role=\"button\" aria-controls=\"elementor-tab-content-1843\" aria-expanded=\"false\">\n\t\t\t\t\t\t\t\t\t\t\t\t\t<span class=\"elementor-accordion-icon elementor-accordion-icon-left\" aria-hidden=\"true\">\n\t\t\t\t\t\t\t\t\t\t\t\t\t\t\t<span class=\"elementor-accordion-icon-closed\"><i class=\"fas fa-plus\"><\/i><\/span>\n\t\t\t\t\t\t\t\t<span class=\"elementor-accordion-icon-opened\"><i class=\"fas fa-minus\"><\/i><\/span>\n\t\t\t\t\t\t\t\t\t\t\t\t\t\t<\/span>\n\t\t\t\t\t\t\t\t\t\t\t\t<a class=\"elementor-accordion-title\" tabindex=\"0\">Comment fonctionne ce laser ?<\/a>\n\t\t\t\t\t<\/h3>\n\t\t\t\t\t<div id=\"elementor-tab-content-1843\" class=\"elementor-tab-content elementor-clearfix\" data-tab=\"3\" role=\"region\" aria-labelledby=\"elementor-tab-title-1843\"><p>Il contribue \u00e0 stimuler la <strong>formation de collag\u00e8ne et d&rsquo;\u00e9lastine<\/strong> dans les couches profondes de la peau et entra\u00eene une am\u00e9lioration significative de la <strong>structure, de la fermet\u00e9 et du teint<\/strong>, avec un temps de r\u00e9cup\u00e9ration nettement plus court qu&rsquo;avec les lasers CO\u2082 traditionnels.<\/p>\n<\/div>\n\t\t\t\t<\/div>\n\t\t\t\t\t\t\t<div class=\"elementor-accordion-item\">\n\t\t\t\t\t<h3 id=\"elementor-tab-title-1844\" class=\"elementor-tab-title\" data-tab=\"4\" role=\"button\" aria-controls=\"elementor-tab-content-1844\" aria-expanded=\"false\">\n\t\t\t\t\t\t\t\t\t\t\t\t\t<span class=\"elementor-accordion-icon elementor-accordion-icon-left\" aria-hidden=\"true\">\n\t\t\t\t\t\t\t\t\t\t\t\t\t\t\t<span class=\"elementor-accordion-icon-closed\"><i class=\"fas fa-plus\"><\/i><\/span>\n\t\t\t\t\t\t\t\t<span class=\"elementor-accordion-icon-opened\"><i class=\"fas fa-minus\"><\/i><\/span>\n\t\t\t\t\t\t\t\t\t\t\t\t\t\t<\/span>\n\t\t\t\t\t\t\t\t\t\t\t\t<a class=\"elementor-accordion-title\" tabindex=\"0\">Quels sont les \u00e9l\u00e9ments \u00e0 prendre en compte pour le suivi ?<\/a>\n\t\t\t\t\t<\/h3>\n\t\t\t\t\t<div id=\"elementor-tab-content-1844\" class=\"elementor-tab-content elementor-clearfix\" data-tab=\"4\" role=\"region\" aria-labelledby=\"elementor-tab-title-1844\"><p>Apr\u00e8s la th\u00e9rapie au laser CO\u2082 fractionn\u00e9, la zone de peau trait\u00e9e doit \u00eatre refroidie selon nos instructions.<\/p>\n<p>Plusieurs semaines apr\u00e8s le traitement, veillez \u00e9galement \u00e0 vous prot\u00e9ger suffisamment du soleil.<\/p>\n<\/div>\n\t\t\t\t<\/div>\n\t\t\t\t\t\t\t<div class=\"elementor-accordion-item\">\n\t\t\t\t\t<h3 id=\"elementor-tab-title-1845\" class=\"elementor-tab-title\" data-tab=\"5\" role=\"button\" aria-controls=\"elementor-tab-content-1845\" aria-expanded=\"false\">\n\t\t\t\t\t\t\t\t\t\t\t\t\t<span class=\"elementor-accordion-icon elementor-accordion-icon-left\" aria-hidden=\"true\">\n\t\t\t\t\t\t\t\t\t\t\t\t\t\t\t<span class=\"elementor-accordion-icon-closed\"><i class=\"fas fa-plus\"><\/i><\/span>\n\t\t\t\t\t\t\t\t<span class=\"elementor-accordion-icon-opened\"><i class=\"fas fa-minus\"><\/i><\/span>\n\t\t\t\t\t\t\t\t\t\t\t\t\t\t<\/span>\n\t\t\t\t\t\t\t\t\t\t\t\t<a class=\"elementor-accordion-title\" tabindex=\"0\">Combien de temps de repos dois-je prendre apr\u00e8s le traitement des rides ?<\/a>\n\t\t\t\t\t<\/h3>\n\t\t\t\t\t<div id=\"elementor-tab-content-1845\" class=\"elementor-tab-content elementor-clearfix\" data-tab=\"5\" role=\"region\" aria-labelledby=\"elementor-tab-title-1845\"><p>Variante 1 : ablatif :<\/p>\n<p>Variante 2 : non-\/soft-ablatif :<\/p>\n<\/div>\n\t\t\t\t<\/div>\n\t\t\t\t\t\t\t\t<\/div>\n\t\t\t\t\t\t<\/div>\n\t\t\t\t<\/div>\n\t\t\t\t\t<\/div>\n\t\t<\/div>\n\t\t\t\t\t<\/div>\n\t\t<\/section>\n\t\t\t\t<section class=\"elementor-section elementor-top-section elementor-element elementor-element-1372c544 elementor-reverse-mobile elementor-section-boxed elementor-section-height-default elementor-section-height-default\" data-id=\"1372c544\" data-element_type=\"section\" data-e-type=\"section\">\n\t\t\t\t\t\t<div class=\"elementor-container elementor-column-gap-default\">\n\t\t\t\t\t<div class=\"elementor-column elementor-col-100 elementor-top-column elementor-element elementor-element-7efd0820\" data-id=\"7efd0820\" data-element_type=\"column\" data-e-type=\"column\">\n\t\t\t<div class=\"elementor-widget-wrap elementor-element-populated\">\n\t\t\t\t\t\t<div class=\"elementor-element elementor-element-6f83c38a elementor-widget elementor-widget-heading\" data-id=\"6f83c38a\" data-element_type=\"widget\" data-e-type=\"widget\" data-widget_type=\"heading.default\">\n\t\t\t\t<div class=\"elementor-widget-container\">\n\t\t\t\t\t<h2 class=\"elementor-heading-title elementor-size-default\">Th\u00e8mes li\u00e9s \u00e0 la peau, aux rides, aux cicatrices<\/h2>\t\t\t\t<\/div>\n\t\t\t\t<\/div>\n\t\t\t\t<div class=\"elementor-element elementor-element-6c046f72 elementor-widget elementor-widget-text-editor\" data-id=\"6c046f72\" data-element_type=\"widget\" data-e-type=\"widget\" data-widget_type=\"text-editor.default\">\n\t\t\t\t<div class=\"elementor-widget-container\">\n\t\t\t\t\t\t\t\t\t<ul><li><a href=\"https:\/\/www.yuveo.de\/fr\/rides\/lifting-au-fil\/\">Lifting au fil<\/a><\/li><li><a href=\"https:\/\/www.yuveo.de\/fr\/rides\/traitement-des-rides-avec-sculptra\/\">Sculptra\u00ae &#8211; le produit<\/a><\/li><li><a href=\"https:\/\/www.yuveo.de\/fr\/rides\/injections-de-rides-avec-profhilo\/\">Profhilo<\/a><\/li><li><a href=\"https:\/\/www.yuveo.de\/fr\/rides\/traitement-des-rides-avec-lacide-hyaluronique\/\">Injection d&rsquo;acide hyaluronique dans les rides<\/a><\/li><li><a href=\"https:\/\/www.yuveo.de\/fr\/rides\/les-rides-rides-du-visage\/\">Rides du visage<\/a><\/li><li><a href=\"https:\/\/www.yuveo.de\/fr\/rides\/needling\/\">Needling<\/a><\/li><li><a href=\"https:\/\/www.yuveo.de\/fr\/op\/sans-chirurgie\/\">Bttx<\/a><\/li><li><a href=\"https:\/\/www.yuveo.de\/fr\/lexikon\/produits-de-comblement-pour-les-rides-et-le-visage\/\">Filler<\/a><\/li><\/ul>\t\t\t\t\t\t\t\t<\/div>\n\t\t\t\t<\/div>\n\t\t\t\t\t<\/div>\n\t\t<\/div>\n\t\t\t\t\t<\/div>\n\t\t<\/section>\n\t\t\t\t<\/div>\n\t\t","protected":false},"excerpt":{"rendered":"<p>Le traitement au laser fractionn\u00e9 pour le traitement des rides et le rajeunissement de la peau fait partie de la gamme de traitements esth\u00e9tiques et doux de la clinique Yuveo. Cette technique laser nous permet de r\u00e9duire les rides, d&rsquo;am\u00e9liorer la structure de votre peau et d&rsquo;obtenir un effet de rajeunissement de la peau du [&hellip;]<\/p>\n","protected":false},"author":1,"featured_media":0,"parent":40452,"menu_order":0,"comment_status":"closed","ping_status":"closed","template":"","meta":{"_acf_changed":false,"footnotes":""},"class_list":["post-43443","page","type-page","status-publish","hentry"],"acf":[],"_links":{"self":[{"href":"https:\/\/www.yuveo.de\/fr\/wp-json\/wp\/v2\/pages\/43443","targetHints":{"allow":["GET"]}}],"collection":[{"href":"https:\/\/www.yuveo.de\/fr\/wp-json\/wp\/v2\/pages"}],"about":[{"href":"https:\/\/www.yuveo.de\/fr\/wp-json\/wp\/v2\/types\/page"}],"author":[{"embeddable":true,"href":"https:\/\/www.yuveo.de\/fr\/wp-json\/wp\/v2\/users\/1"}],"replies":[{"embeddable":true,"href":"https:\/\/www.yuveo.de\/fr\/wp-json\/wp\/v2\/comments?post=43443"}],"version-history":[{"count":1,"href":"https:\/\/www.yuveo.de\/fr\/wp-json\/wp\/v2\/pages\/43443\/revisions"}],"predecessor-version":[{"id":43444,"href":"https:\/\/www.yuveo.de\/fr\/wp-json\/wp\/v2\/pages\/43443\/revisions\/43444"}],"up":[{"embeddable":true,"href":"https:\/\/www.yuveo.de\/fr\/wp-json\/wp\/v2\/pages\/40452"}],"wp:attachment":[{"href":"https:\/\/www.yuveo.de\/fr\/wp-json\/wp\/v2\/media?parent=43443"}],"curies":[{"name":"wp","href":"https:\/\/api.w.org\/{rel}","templated":true}]}}