{"id":40497,"date":"2021-02-16T09:21:49","date_gmt":"2021-02-16T08:21:49","guid":{"rendered":"https:\/\/dev.yuveo.eu\/corps\/lifting-du-bras-bras-superieur\/"},"modified":"2025-08-13T14:53:18","modified_gmt":"2025-08-13T12:53:18","slug":"lifting-du-bras-bras-superieur","status":"publish","type":"page","link":"https:\/\/www.yuveo.de\/fr\/op\/corps\/lifting-du-bras-bras-superieur\/","title":{"rendered":"Lifting du bras \/ bras sup\u00e9rieur"},"content":{"rendered":"\t\t<div data-elementor-type=\"wp-page\" data-elementor-id=\"40497\" class=\"elementor elementor-40497 elementor-13323\" data-elementor-post-type=\"page\">\n\t\t\t\t\t\t<section class=\"elementor-section elementor-top-section elementor-element elementor-element-419b5d1a elementor-section-boxed elementor-section-height-default elementor-section-height-default\" data-id=\"419b5d1a\" data-element_type=\"section\" data-e-type=\"section\">\n\t\t\t\t\t\t<div class=\"elementor-container elementor-column-gap-default\">\n\t\t\t\t\t<div class=\"elementor-column elementor-col-50 elementor-top-column elementor-element elementor-element-251343d3\" data-id=\"251343d3\" data-element_type=\"column\" data-e-type=\"column\">\n\t\t\t<div class=\"elementor-widget-wrap elementor-element-populated\">\n\t\t\t\t\t\t<div class=\"elementor-element elementor-element-25f126dd elementor-widget elementor-widget-text-editor\" data-id=\"25f126dd\" data-element_type=\"widget\" data-e-type=\"widget\" data-widget_type=\"text-editor.default\">\n\t\t\t\t<div class=\"elementor-widget-container\">\n\t\t\t\t\t\t\t\t\t<p>Les patients de la clinique Yuveo de D\u00fcsseldorf qui s&rsquo;int\u00e9ressent au <strong>lifting du bras<\/strong> sont g\u00e9n\u00e9ralement ceux qui ont subi une <strong>perte de poids<\/strong> importante.<\/p><p>L&rsquo;am\u00e9lioration du bien-\u00eatre physique est alors souvent \u00e9clips\u00e9e par l&rsquo;exc\u00e8s de peau flasque<a href=\"https:\/\/www.yuveo.de\/fr\/lexikon\/peau-flasque\/\">(rel\u00e2chement cutan\u00e9<\/a>) et les d\u00e9p\u00f4ts de graisse r\u00e9siduels.<\/p><p>En effet, il ne s&rsquo;agit pas toujours d&rsquo;un simple exc\u00e8s de peau. Les d\u00e9p\u00f4ts de graisse r\u00e9siduels sont typiquement localis\u00e9s sur la face post\u00e9rieure et interne du bras. <\/p><p>Il n&rsquo;est pas rare que les extensions axillaires de la poitrine soient en outre g\u00eanantes et puissent laisser un bourrelet g\u00eanant apr\u00e8s un lifting des bras avec des bras plus minces et plus fermes.<\/p><p>Il est donc logique d&rsquo;aspirer cette graisse d&rsquo;essieu pour obtenir un ensemble plus harmonieux.<\/p><p>De m\u00eame, les personnes dont <strong>la peau est pr\u00e9-vieillie<\/strong> (g\u00e9n\u00e9ralement par le soleil et la nicotine) et qui ne sont pas satisfaites de la situation au niveau du bras ne voient souvent qu&rsquo;une seule possibilit\u00e9 d&rsquo;am\u00e9lioration par le biais d&rsquo;un lifting du bras.<\/p>\t\t\t\t\t\t\t\t<\/div>\n\t\t\t\t<\/div>\n\t\t\t\t\t<\/div>\n\t\t<\/div>\n\t\t\t\t<div class=\"elementor-column elementor-col-50 elementor-top-column elementor-element elementor-element-3373bedf\" data-id=\"3373bedf\" data-element_type=\"column\" data-e-type=\"column\">\n\t\t\t<div class=\"elementor-widget-wrap elementor-element-populated\">\n\t\t\t\t\t\t<div class=\"elementor-element elementor-element-6156d835 elementor-widget elementor-widget-table-of-contents\" data-id=\"6156d835\" data-element_type=\"widget\" data-e-type=\"widget\" data-settings=\"{&quot;exclude_headings_by_selector&quot;:[],&quot;headings_by_tags&quot;:[&quot;h1&quot;,&quot;h2&quot;],&quot;marker_view&quot;:&quot;bullets&quot;,&quot;no_headings_message&quot;:&quot;No headings were found on this page.&quot;,&quot;icon&quot;:{&quot;value&quot;:&quot;fas fa-circle&quot;,&quot;library&quot;:&quot;fa-solid&quot;},&quot;min_height&quot;:{&quot;unit&quot;:&quot;px&quot;,&quot;size&quot;:&quot;&quot;,&quot;sizes&quot;:[]},&quot;min_height_tablet&quot;:{&quot;unit&quot;:&quot;px&quot;,&quot;size&quot;:&quot;&quot;,&quot;sizes&quot;:[]},&quot;min_height_mobile&quot;:{&quot;unit&quot;:&quot;px&quot;,&quot;size&quot;:&quot;&quot;,&quot;sizes&quot;:[]}}\" data-widget_type=\"table-of-contents.default\">\n\t\t\t\t<div class=\"elementor-widget-container\">\n\t\t\t\t\t\t\t\t\t<div class=\"elementor-toc__header\">\n\t\t\t\t\t\t<h4 class=\"elementor-toc__header-title\">\n\t\t\t\tContenu\t\t\t<\/h4>\n\t\t\t\t\t\t\t\t<\/div>\n\t\t\t\t<div id=\"elementor-toc__6156d835\" class=\"elementor-toc__body\">\n\t\t\t<div class=\"elementor-toc__spinner-container\">\n\t\t\t\t<i class=\"elementor-toc__spinner eicon-animation-spin eicon-loading\" aria-hidden=\"true\"><\/i>\t\t\t<\/div>\n\t\t<\/div>\n\t\t\t\t\t\t<\/div>\n\t\t\t\t<\/div>\n\t\t\t\t\t<\/div>\n\t\t<\/div>\n\t\t\t\t\t<\/div>\n\t\t<\/section>\n\t\t\t\t<section class=\"elementor-section elementor-top-section elementor-element elementor-element-6967c731 elementor-section-height-min-height hosec elementor-section-stretched elementor-section-boxed elementor-section-height-default elementor-section-items-middle\" data-id=\"6967c731\" data-element_type=\"section\" data-e-type=\"section\" data-settings=\"{&quot;background_background&quot;:&quot;classic&quot;,&quot;stretch_section&quot;:&quot;section-stretched&quot;}\">\n\t\t\t\t\t\t<div class=\"elementor-container elementor-column-gap-default\">\n\t\t\t\t\t<div class=\"elementor-column elementor-col-50 elementor-top-column elementor-element elementor-element-499a959e\" data-id=\"499a959e\" data-element_type=\"column\" data-e-type=\"column\">\n\t\t\t<div class=\"elementor-widget-wrap elementor-element-populated\">\n\t\t\t\t\t\t<div class=\"elementor-element elementor-element-3ff1546a elementor-widget elementor-widget-heading\" data-id=\"3ff1546a\" data-element_type=\"widget\" data-e-type=\"widget\" data-widget_type=\"heading.default\">\n\t\t\t\t<div class=\"elementor-widget-container\">\n\t\t\t\t\t<p class=\"elementor-heading-title elementor-size-default\">Clinique Yuveo<\/p>\t\t\t\t<\/div>\n\t\t\t\t<\/div>\n\t\t\t\t<div class=\"elementor-element elementor-element-23656626 elementor-widget elementor-widget-heading\" data-id=\"23656626\" data-element_type=\"widget\" data-e-type=\"widget\" data-widget_type=\"heading.default\">\n\t\t\t\t<div class=\"elementor-widget-container\">\n\t\t\t\t\t<h2 class=\"elementor-heading-title elementor-size-default\">Particularit\u00e9s du lifting du bras<\/h2>\t\t\t\t<\/div>\n\t\t\t\t<\/div>\n\t\t\t\t<div class=\"elementor-element elementor-element-443c6b60 elementor-widget elementor-widget-text-editor\" data-id=\"443c6b60\" data-element_type=\"widget\" data-e-type=\"widget\" data-widget_type=\"text-editor.default\">\n\t\t\t\t<div class=\"elementor-widget-container\">\n\t\t\t\t\t\t\t\t\t<p>Un effet secondaire bienvenu se produit lors du raffermissement de l&rsquo;exc\u00e8s de tissu du bras, car une partie des glandes sudoripares est \u00e9galement \u00e9limin\u00e9e.<\/p>\t\t\t\t\t\t\t\t<\/div>\n\t\t\t\t<\/div>\n\t\t\t\t<div class=\"elementor-element elementor-element-5331cc19 elementor-align-left elementor-tablet-align-left elementor-widget elementor-widget-button\" data-id=\"5331cc19\" data-element_type=\"widget\" data-e-type=\"widget\" data-widget_type=\"button.default\">\n\t\t\t\t<div class=\"elementor-widget-container\">\n\t\t\t\t\t\t\t\t\t<div class=\"elementor-button-wrapper\">\n\t\t\t\t\t<a class=\"elementor-button elementor-button-link elementor-size-md\" href=\"https:\/\/www.yuveo.de\/fr\/prendre-rendez-vous\/\">\n\t\t\t\t\t\t<span class=\"elementor-button-content-wrapper\">\n\t\t\t\t\t\t<span class=\"elementor-button-icon\">\n\t\t\t\t<i aria-hidden=\"true\" class=\"fas fa-long-arrow-alt-right\"><\/i>\t\t\t<\/span>\n\t\t\t\t\t\t\t\t\t<span class=\"elementor-button-text\">Prendre rendez-vous<\/span>\n\t\t\t\t\t<\/span>\n\t\t\t\t\t<\/a>\n\t\t\t\t<\/div>\n\t\t\t\t\t\t\t\t<\/div>\n\t\t\t\t<\/div>\n\t\t\t\t\t<\/div>\n\t\t<\/div>\n\t\t\t\t<div class=\"elementor-column elementor-col-50 elementor-top-column elementor-element elementor-element-7a682f5e\" data-id=\"7a682f5e\" data-element_type=\"column\" data-e-type=\"column\" data-settings=\"{&quot;motion_fx_motion_fx_scrolling&quot;:&quot;yes&quot;,&quot;motion_fx_translateY_effect&quot;:&quot;yes&quot;,&quot;motion_fx_translateY_speed&quot;:{&quot;unit&quot;:&quot;px&quot;,&quot;size&quot;:&quot;1&quot;,&quot;sizes&quot;:[]},&quot;motion_fx_translateY_affectedRange&quot;:{&quot;unit&quot;:&quot;%&quot;,&quot;size&quot;:&quot;&quot;,&quot;sizes&quot;:{&quot;start&quot;:&quot;0&quot;,&quot;end&quot;:&quot;50&quot;}},&quot;motion_fx_opacity_effect&quot;:&quot;yes&quot;,&quot;motion_fx_opacity_range&quot;:{&quot;unit&quot;:&quot;%&quot;,&quot;size&quot;:&quot;&quot;,&quot;sizes&quot;:{&quot;start&quot;:&quot;0&quot;,&quot;end&quot;:&quot;30&quot;}},&quot;motion_fx_devices&quot;:[&quot;desktop&quot;,&quot;tablet&quot;],&quot;motion_fx_opacity_direction&quot;:&quot;out-in&quot;,&quot;motion_fx_opacity_level&quot;:{&quot;unit&quot;:&quot;px&quot;,&quot;size&quot;:10,&quot;sizes&quot;:[]}}\">\n\t\t\t<div class=\"elementor-widget-wrap elementor-element-populated\">\n\t\t\t\t\t\t<section class=\"elementor-section elementor-inner-section elementor-element elementor-element-3260f41e elementor-section-boxed elementor-section-height-default elementor-section-height-default\" data-id=\"3260f41e\" data-element_type=\"section\" data-e-type=\"section\">\n\t\t\t\t\t\t<div class=\"elementor-container elementor-column-gap-default\">\n\t\t\t\t\t<div class=\"elementor-column elementor-col-50 elementor-inner-column elementor-element elementor-element-4908bf21\" data-id=\"4908bf21\" data-element_type=\"column\" data-e-type=\"column\">\n\t\t\t<div class=\"elementor-widget-wrap elementor-element-populated\">\n\t\t\t\t\t\t<div class=\"elementor-element elementor-element-22090bbd elementor-cta--skin-cover elementor-cta--valign-middle elementor-widget elementor-widget-call-to-action\" data-id=\"22090bbd\" data-element_type=\"widget\" data-e-type=\"widget\" data-widget_type=\"call-to-action.default\">\n\t\t\t\t<div class=\"elementor-widget-container\">\n\t\t\t\t\t\t\t<div class=\"elementor-cta\">\n\t\t\t\t\t<div class=\"elementor-cta__bg-wrapper\">\n\t\t\t\t<div class=\"elementor-cta__bg elementor-bg\" style=\"background-image: url();\" role=\"img\" aria-label=\"\"><\/div>\n\t\t\t\t<div class=\"elementor-cta__bg-overlay\"><\/div>\n\t\t\t<\/div>\n\t\t\t\t\t\t\t<div class=\"elementor-cta__content\">\n\t\t\t\t\n\t\t\t\t\t\t\t\t\t<h3 class=\"elementor-cta__title elementor-cta__content-item elementor-content-item\">\n\t\t\t\t\t\tGraisse d'axe g\u00eanante\t\t\t\t\t<\/h3>\n\t\t\t\t\n\t\t\t\t\t\t\t\t\t<div class=\"elementor-cta__description elementor-cta__content-item elementor-content-item\">\n\t\t\t\t\t\tLes robes d'\u00e9t\u00e9 ou les tops l\u00e9gers sont \u00e0 nouveau tr\u00e8s faciles \u00e0 porter une fois que la graisse des aisselles a \u00e9t\u00e9 \u00e9limin\u00e9e.\t\t\t\t\t<\/div>\n\t\t\t\t\n\t\t\t\t\t\t\t<\/div>\n\t\t\t\t\t\t<\/div>\n\t\t\t\t\t\t<\/div>\n\t\t\t\t<\/div>\n\t\t\t\t\t<\/div>\n\t\t<\/div>\n\t\t\t\t<div class=\"elementor-column elementor-col-50 elementor-inner-column elementor-element elementor-element-5d937178\" data-id=\"5d937178\" data-element_type=\"column\" data-e-type=\"column\">\n\t\t\t<div class=\"elementor-widget-wrap elementor-element-populated\">\n\t\t\t\t\t\t<div class=\"elementor-element elementor-element-5876b3dd elementor-cta--skin-cover elementor-cta--valign-middle elementor-widget elementor-widget-call-to-action\" data-id=\"5876b3dd\" data-element_type=\"widget\" data-e-type=\"widget\" data-widget_type=\"call-to-action.default\">\n\t\t\t\t<div class=\"elementor-widget-container\">\n\t\t\t\t\t\t\t<a class=\"elementor-cta\" href=\"https:\/\/www.yuveo.de\/fr\/op\/corps\/raffermissement-de-la-peau\/\">\n\t\t\t\t\t<div class=\"elementor-cta__bg-wrapper\">\n\t\t\t\t<div class=\"elementor-cta__bg elementor-bg\" style=\"background-image: url();\" role=\"img\" aria-label=\"\"><\/div>\n\t\t\t\t<div class=\"elementor-cta__bg-overlay\"><\/div>\n\t\t\t<\/div>\n\t\t\t\t\t\t\t<div class=\"elementor-cta__content\">\n\t\t\t\t\n\t\t\t\t\t\t\t\t\t<h3 class=\"elementor-cta__title elementor-cta__content-item elementor-content-item\">\n\t\t\t\t\t\tApr\u00e8s une perte de poids\t\t\t\t\t<\/h3>\n\t\t\t\t\n\t\t\t\t\t\t\t\t\t<div class=\"elementor-cta__description elementor-cta__content-item elementor-content-item\">\n\t\t\t\t\t\tLes exc\u00e8s de peau et les d\u00e9p\u00f4ts de graisse restants peuvent \u00eatre tr\u00e8s bien corrig\u00e9s par un lifting du bras.\t\t\t\t\t<\/div>\n\t\t\t\t\n\t\t\t\t\t\t\t<\/div>\n\t\t\t\t\t\t<\/a>\n\t\t\t\t\t\t<\/div>\n\t\t\t\t<\/div>\n\t\t\t\t\t<\/div>\n\t\t<\/div>\n\t\t\t\t\t<\/div>\n\t\t<\/section>\n\t\t\t\t<section class=\"elementor-section elementor-inner-section elementor-element elementor-element-6c560b59 elementor-section-boxed elementor-section-height-default elementor-section-height-default\" data-id=\"6c560b59\" data-element_type=\"section\" data-e-type=\"section\">\n\t\t\t\t\t\t<div class=\"elementor-container elementor-column-gap-default\">\n\t\t\t\t\t<div class=\"elementor-column elementor-col-50 elementor-inner-column elementor-element elementor-element-5e2f8b02\" data-id=\"5e2f8b02\" data-element_type=\"column\" data-e-type=\"column\">\n\t\t\t<div class=\"elementor-widget-wrap elementor-element-populated\">\n\t\t\t\t\t\t<div class=\"elementor-element elementor-element-7afae98d elementor-cta--skin-cover elementor-cta--valign-middle elementor-widget elementor-widget-call-to-action\" data-id=\"7afae98d\" data-element_type=\"widget\" data-e-type=\"widget\" data-widget_type=\"call-to-action.default\">\n\t\t\t\t<div class=\"elementor-widget-container\">\n\t\t\t\t\t\t\t<div class=\"elementor-cta\">\n\t\t\t\t\t<div class=\"elementor-cta__bg-wrapper\">\n\t\t\t\t<div class=\"elementor-cta__bg elementor-bg\" style=\"background-image: url();\" role=\"img\" aria-label=\"\"><\/div>\n\t\t\t\t<div class=\"elementor-cta__bg-overlay\"><\/div>\n\t\t\t<\/div>\n\t\t\t\t\t\t\t<div class=\"elementor-cta__content\">\n\t\t\t\t\n\t\t\t\t\t\t\t\t\t<h3 class=\"elementor-cta__title elementor-cta__content-item elementor-content-item\">\n\t\t\t\t\t\tDeux types de m\u00e9thodes chirurgicales\t\t\t\t\t<\/h3>\n\t\t\t\t\n\t\t\t\t\t\t\t\t\t<div class=\"elementor-cta__description elementor-cta__content-item elementor-content-item\">\n\t\t\t\t\t\tLa coupe est bas\u00e9e sur une coupe en T ou en L. Elle est adapt\u00e9e individuellement. \t\t\t\t\t<\/div>\n\t\t\t\t\n\t\t\t\t\t\t\t<\/div>\n\t\t\t\t\t\t<\/div>\n\t\t\t\t\t\t<\/div>\n\t\t\t\t<\/div>\n\t\t\t\t\t<\/div>\n\t\t<\/div>\n\t\t\t\t<div class=\"elementor-column elementor-col-50 elementor-inner-column elementor-element elementor-element-702e45b2\" data-id=\"702e45b2\" data-element_type=\"column\" data-e-type=\"column\">\n\t\t\t<div class=\"elementor-widget-wrap elementor-element-populated\">\n\t\t\t\t\t\t<div class=\"elementor-element elementor-element-7057e00 elementor-cta--skin-cover elementor-cta--valign-middle elementor-widget elementor-widget-call-to-action\" data-id=\"7057e00\" data-element_type=\"widget\" data-e-type=\"widget\" data-widget_type=\"call-to-action.default\">\n\t\t\t\t<div class=\"elementor-widget-container\">\n\t\t\t\t\t\t\t<a class=\"elementor-cta\" href=\"https:\/\/www.yuveo.de\/fr\/op\/operation-du-sein-duesseldorf\/raffermissement-des-seins\/\">\n\t\t\t\t\t<div class=\"elementor-cta__bg-wrapper\">\n\t\t\t\t<div class=\"elementor-cta__bg elementor-bg\" style=\"background-image: url();\" role=\"img\" aria-label=\"\"><\/div>\n\t\t\t\t<div class=\"elementor-cta__bg-overlay\"><\/div>\n\t\t\t<\/div>\n\t\t\t\t\t\t\t<div class=\"elementor-cta__content\">\n\t\t\t\t\n\t\t\t\t\t\t\t\t\t<h3 class=\"elementor-cta__title elementor-cta__content-item elementor-content-item\">\n\t\t\t\t\t\tChirurgie combin\u00e9e\t\t\t\t\t<\/h3>\n\t\t\t\t\n\t\t\t\t\t\t\t\t\t<div class=\"elementor-cta__description elementor-cta__content-item elementor-content-item\">\n\t\t\t\t\t\tUne combinaison avec un lifting des seins et une liposuccion peut \u00eatre utile.\t\t\t\t\t<\/div>\n\t\t\t\t\n\t\t\t\t\t\t\t<\/div>\n\t\t\t\t\t\t<\/a>\n\t\t\t\t\t\t<\/div>\n\t\t\t\t<\/div>\n\t\t\t\t\t<\/div>\n\t\t<\/div>\n\t\t\t\t\t<\/div>\n\t\t<\/section>\n\t\t\t\t\t<\/div>\n\t\t<\/div>\n\t\t\t\t\t<\/div>\n\t\t<\/section>\n\t\t\t\t<section class=\"elementor-section elementor-top-section elementor-element elementor-element-5a22e783 elementor-section-boxed elementor-section-height-default elementor-section-height-default\" data-id=\"5a22e783\" data-element_type=\"section\" data-e-type=\"section\">\n\t\t\t\t\t\t<div class=\"elementor-container elementor-column-gap-default\">\n\t\t\t\t\t<div class=\"elementor-column elementor-col-50 elementor-top-column elementor-element elementor-element-7ba18af3\" data-id=\"7ba18af3\" data-element_type=\"column\" data-e-type=\"column\">\n\t\t\t<div class=\"elementor-widget-wrap elementor-element-populated\">\n\t\t\t\t\t\t<div class=\"elementor-element elementor-element-2603a11b elementor-widget elementor-widget-heading\" data-id=\"2603a11b\" data-element_type=\"widget\" data-e-type=\"widget\" data-widget_type=\"heading.default\">\n\t\t\t\t<div class=\"elementor-widget-container\">\n\t\t\t\t\t<h2 class=\"elementor-heading-title elementor-size-default\">Op\u00e9ration de lifting du bras<\/h2>\t\t\t\t<\/div>\n\t\t\t\t<\/div>\n\t\t\t\t<div class=\"elementor-element elementor-element-18b569e3 elementor-widget elementor-widget-text-editor\" data-id=\"18b569e3\" data-element_type=\"widget\" data-e-type=\"widget\" data-widget_type=\"text-editor.default\">\n\t\t\t\t<div class=\"elementor-widget-container\">\n\t\t\t\t\t\t\t\t\t<h3>D\u00e9roulement de l&rsquo;op\u00e9ration<\/h3><p>Pour le <strong>lifting du bras<\/strong>, l&rsquo;anesth\u00e9sie <strong>g\u00e9n\u00e9rale<\/strong> est pr\u00e9f\u00e9rable, bien qu&rsquo;une anesth\u00e9sie locale avec s\u00e9dation soit \u00e9galement possible si les l\u00e9sions ne sont pas trop importantes.<\/p><p>En principe, l&rsquo;intervention peut \u00eatre r\u00e9alis\u00e9e <strong>en ambulatoire<\/strong>. Toutefois, pour les op\u00e9rations plus \u00e9tendues, il est recommand\u00e9 de rester au moins <strong>une nuit en<\/strong> observation. <\/p><p>Apr\u00e8s l&rsquo;op\u00e9ration, il est important de limiter les mouvements du bras et d&rsquo;appliquer un <strong>traitement de compression<\/strong> \u00e0 l&rsquo;aide de manchons pour une bonne cicatrisation.<\/p><p>Le <strong>lifting des bras<\/strong> permet \u00e9galement de corriger le <strong>rel\u00e2chement extr\u00eame des bras,<\/strong> g\u00e9n\u00e9ralement d\u00fb \u00e0 une perte de poids importante. Dans certains cas, il peut \u00eatre utile de poursuivre les incisions jusqu&rsquo;\u00e0 la poitrine (avec un <a href=\"https:\/\/www.yuveo.de\/fr\/op\/operation-du-sein-duesseldorf\/raffermissement-des-seins\/\">raffermissement simultan\u00e9 de la poitrine<\/a>) ou jusqu&rsquo;au c\u00f4t\u00e9 de la cage thoracique. <\/p><p>Pour optimiser le r\u00e9sultat, il est souvent judicieux de combiner le lifting avec une <a href=\"https:\/\/www.yuveo.de\/fr\/lexikon\/liposuccion-des-bras-et-de-la-partie-superieure-des-bras\/\">liposuccion des bras<\/a>, en particulier pour les bras un peu plus forts. Il ne faut cependant pas oublier que cette liposuccion impose une charge suppl\u00e9mentaire aux tissus, notamment en ce qui concerne la circulation sanguine. C&rsquo;est pourquoi, si une grande quantit\u00e9 de graisse doit \u00eatre retir\u00e9e dans un premier temps, les deux interventions doivent \u00eatre r\u00e9alis\u00e9es s\u00e9par\u00e9ment. Apr\u00e8s la <a href=\"https:\/\/www.yuveo.de\/fr\/op\/corps\/liposuccion-duesseldorf\/\">liposuccion<\/a>, les tissus ont alors suffisamment de temps pour se r\u00e9tablir.   <\/p><h3>Guide de coupe<\/h3><p>Avant le lifting du bras, nous marquons la ligne d&rsquo;incision estim\u00e9e avec une peinture bien adh\u00e9rente. Cette ligne d&rsquo;incision d\u00e9pend de l&rsquo;ampleur de l&rsquo;exc\u00e9dent de tissu. <\/p><p>L&rsquo;incision s&rsquo;\u00e9tend g\u00e9n\u00e9ralement de l&rsquo;aisselle presque jusqu&rsquo;\u00e0 l&rsquo;articulation du coude et passe par la face interne du bras. Au niveau de l&rsquo;aisselle, la ligne est incurv\u00e9e afin de pr\u00e9server la libert\u00e9 de mouvement de l&rsquo;articulation de l&rsquo;\u00e9paule en cas de r\u00e9traction ult\u00e9rieure de la cicatrice. <\/p><p>Nous \u00e9vitons \u00e9galement la formation d&rsquo;un cordon cicatriciel qui peut se manifester par des douleurs de traction lors de l&rsquo;\u00e9l\u00e9vation du bras.<\/p>\t\t\t\t\t\t\t\t<\/div>\n\t\t\t\t<\/div>\n\t\t\t\t\t<\/div>\n\t\t<\/div>\n\t\t\t\t<div class=\"elementor-column elementor-col-50 elementor-top-column elementor-element elementor-element-2f77850d parent-sticky\" data-id=\"2f77850d\" data-element_type=\"column\" data-e-type=\"column\">\n\t\t\t<div class=\"elementor-widget-wrap elementor-element-populated\">\n\t\t\t\t\t\t<div class=\"elementor-element elementor-element-c37d6f8 elementor-widget elementor-widget-image\" data-id=\"c37d6f8\" data-element_type=\"widget\" data-e-type=\"widget\" data-widget_type=\"image.default\">\n\t\t\t\t<div class=\"elementor-widget-container\">\n\t\t\t\t\t\t\t\t\t\t\t\t<figure class=\"wp-caption\">\n\t\t\t\t\t\t\t\t\t\t<img fetchpriority=\"high\" decoding=\"async\" width=\"367\" height=\"600\" src=\"https:\/\/www.yuveo.de\/wp-content\/uploads\/2021\/03\/oberarmstraffung-10251w.jpg\" class=\"attachment-large size-large wp-image-40501\" alt=\"Oberarmstraffung\" srcset=\"https:\/\/www.yuveo.de\/wp-content\/uploads\/2021\/03\/oberarmstraffung-10251w.jpg 367w, https:\/\/www.yuveo.de\/wp-content\/uploads\/2021\/03\/oberarmstraffung-10251w-184x300.jpg 184w\" sizes=\"(max-width: 367px) 100vw, 367px\" \/>\t\t\t\t\t\t\t\t\t\t\t<figcaption class=\"widget-image-caption wp-caption-text\">Les zones de peau marqu\u00e9es en clair sont retir\u00e9es. La longueur des incisions peut varier en fonction de l'exc\u00e8s de peau. Les images du haut montrent un trac\u00e9 d'incision possible pour le lifting du bras en T et la cicatrice qui en r\u00e9sulte. Les deux autres images : Incision en L du lifting du bras sup\u00e9rieur avec la cicatrice correspondante.   <\/figcaption>\n\t\t\t\t\t\t\t\t\t\t<\/figure>\n\t\t\t\t\t\t\t\t\t<\/div>\n\t\t\t\t<\/div>\n\t\t\t\t<div class=\"elementor-element elementor-element-d3f07b4 titlesticky  elementor-widget elementor-widget-image\" data-id=\"d3f07b4\" data-element_type=\"widget\" data-e-type=\"widget\" data-widget_type=\"image.default\">\n\t\t\t\t<div class=\"elementor-widget-container\">\n\t\t\t\t\t\t\t\t\t\t\t\t\t\t\t<img decoding=\"async\" width=\"367\" height=\"600\" src=\"https:\/\/www.yuveo.de\/wp-content\/uploads\/2021\/03\/oberarmlifting-oberarme-straffen-10252w.jpg\" class=\"attachment-large size-large wp-image-40503\" alt=\"Oberarmstraffung\" srcset=\"https:\/\/www.yuveo.de\/wp-content\/uploads\/2021\/03\/oberarmlifting-oberarme-straffen-10252w.jpg 367w, https:\/\/www.yuveo.de\/wp-content\/uploads\/2021\/03\/oberarmlifting-oberarme-straffen-10252w-184x300.jpg 184w\" sizes=\"(max-width: 367px) 100vw, 367px\" \/>\t\t\t\t\t\t\t\t\t\t\t\t\t\t\t<\/div>\n\t\t\t\t<\/div>\n\t\t\t\t\t<\/div>\n\t\t<\/div>\n\t\t\t\t\t<\/div>\n\t\t<\/section>\n\t\t\t\t<section class=\"elementor-section elementor-top-section elementor-element elementor-element-313c16a6 elementor-section-boxed elementor-section-height-default elementor-section-height-default\" data-id=\"313c16a6\" data-element_type=\"section\" data-e-type=\"section\">\n\t\t\t\t\t\t<div class=\"elementor-container elementor-column-gap-default\">\n\t\t\t\t\t<div class=\"elementor-column elementor-col-50 elementor-top-column elementor-element elementor-element-567b34a5\" data-id=\"567b34a5\" data-element_type=\"column\" data-e-type=\"column\">\n\t\t\t<div class=\"elementor-widget-wrap elementor-element-populated\">\n\t\t\t\t\t\t<div class=\"elementor-element elementor-element-5bb69fb4 elementor-widget elementor-widget-heading\" data-id=\"5bb69fb4\" data-element_type=\"widget\" data-e-type=\"widget\" data-widget_type=\"heading.default\">\n\t\t\t\t<div class=\"elementor-widget-container\">\n\t\t\t\t\t<h2 class=\"elementor-heading-title elementor-size-default\">Questions fr\u00e9quentes sur le lifting du bras  <\/h2>\t\t\t\t<\/div>\n\t\t\t\t<\/div>\n\t\t\t\t<div class=\"elementor-element elementor-element-657b4fb7 elementor-widget elementor-widget-accordion\" data-id=\"657b4fb7\" data-element_type=\"widget\" data-e-type=\"widget\" data-widget_type=\"accordion.default\">\n\t\t\t\t<div class=\"elementor-widget-container\">\n\t\t\t\t\t\t\t<div class=\"elementor-accordion\">\n\t\t\t\t\t\t\t<div class=\"elementor-accordion-item\">\n\t\t\t\t\t<h3 id=\"elementor-tab-title-1701\" class=\"elementor-tab-title\" data-tab=\"1\" role=\"button\" aria-controls=\"elementor-tab-content-1701\" aria-expanded=\"false\">\n\t\t\t\t\t\t\t\t\t\t\t\t\t<span class=\"elementor-accordion-icon elementor-accordion-icon-left\" aria-hidden=\"true\">\n\t\t\t\t\t\t\t\t\t\t\t\t\t\t\t<span class=\"elementor-accordion-icon-closed\"><i class=\"fas fa-plus\"><\/i><\/span>\n\t\t\t\t\t\t\t\t<span class=\"elementor-accordion-icon-opened\"><i class=\"fas fa-minus\"><\/i><\/span>\n\t\t\t\t\t\t\t\t\t\t\t\t\t\t<\/span>\n\t\t\t\t\t\t\t\t\t\t\t\t<a class=\"elementor-accordion-title\" tabindex=\"0\">Comment l'exc\u00e9dent de tissu est-il corrig\u00e9 lors du lifting du bras ?<\/a>\n\t\t\t\t\t<\/h3>\n\t\t\t\t\t<div id=\"elementor-tab-content-1701\" class=\"elementor-tab-content elementor-clearfix\" data-tab=\"1\" role=\"region\" aria-labelledby=\"elementor-tab-title-1701\"><p>Non seulement l&rsquo;<strong>exc\u00e8s de peau<\/strong>, mais aussi l&rsquo;<strong>exc\u00e8s de graisse<\/strong> sont \u00e9limin\u00e9s lors du lifting du bras, presque jusqu&rsquo;\u00e0 l&rsquo;enveloppe fibreuse externe du muscle.<\/p>\n<p>Nous \u00e9pargnons les vaisseaux et les nerfs lors de cette intervention et suturons ensuite la plaie en plusieurs couches.<\/p>\n<p>Nous facilitons l&rsquo;\u00e9vacuation de l&rsquo;eau de la plaie ou du sang \u00e0 l&rsquo;aide de drains ou de petites languettes.<\/p>\n<p>Cela se produit surtout au cours des premiers jours et peut entra\u00eener une l\u00e9g\u00e8re mac\u00e9ration du pansement (tout \u00e0 fait normale dans une moindre mesure).<\/p>\n<\/div>\n\t\t\t\t<\/div>\n\t\t\t\t\t\t\t<div class=\"elementor-accordion-item\">\n\t\t\t\t\t<h3 id=\"elementor-tab-title-1702\" class=\"elementor-tab-title\" data-tab=\"2\" role=\"button\" aria-controls=\"elementor-tab-content-1702\" aria-expanded=\"false\">\n\t\t\t\t\t\t\t\t\t\t\t\t\t<span class=\"elementor-accordion-icon elementor-accordion-icon-left\" aria-hidden=\"true\">\n\t\t\t\t\t\t\t\t\t\t\t\t\t\t\t<span class=\"elementor-accordion-icon-closed\"><i class=\"fas fa-plus\"><\/i><\/span>\n\t\t\t\t\t\t\t\t<span class=\"elementor-accordion-icon-opened\"><i class=\"fas fa-minus\"><\/i><\/span>\n\t\t\t\t\t\t\t\t\t\t\t\t\t\t<\/span>\n\t\t\t\t\t\t\t\t\t\t\t\t<a class=\"elementor-accordion-title\" tabindex=\"0\">Pas de transpiration des aisselles apr\u00e8s un lifting du bras ?<\/a>\n\t\t\t\t\t<\/h3>\n\t\t\t\t\t<div id=\"elementor-tab-content-1702\" class=\"elementor-tab-content elementor-clearfix\" data-tab=\"2\" role=\"region\" aria-labelledby=\"elementor-tab-title-1702\"><p>Dans le cadre du lifting du bras, les glandes sudoripares et une grande partie des poils des aisselles sont souvent partiellement enlev\u00e9s. Cela va de soi, d&rsquo;autant plus que l&rsquo;incision s&rsquo;\u00e9tend jusqu&rsquo;\u00e0 l&rsquo;aisselle. La plupart des femmes consid\u00e8rent cela comme un <strong>effet secondaire<\/strong> <strong>agr\u00e9able<\/strong> <img decoding=\"async\" class=\"emoji\" draggable=\"false\" src=\"https:\/\/s.w.org\/images\/core\/emoji\/11\/svg\/1f642.svg\" alt=\"\ud83d\ude42\"> du lifting du bras.  <\/p>\n<\/div>\n\t\t\t\t<\/div>\n\t\t\t\t\t\t\t<div class=\"elementor-accordion-item\">\n\t\t\t\t\t<h3 id=\"elementor-tab-title-1703\" class=\"elementor-tab-title\" data-tab=\"3\" role=\"button\" aria-controls=\"elementor-tab-content-1703\" aria-expanded=\"false\">\n\t\t\t\t\t\t\t\t\t\t\t\t\t<span class=\"elementor-accordion-icon elementor-accordion-icon-left\" aria-hidden=\"true\">\n\t\t\t\t\t\t\t\t\t\t\t\t\t\t\t<span class=\"elementor-accordion-icon-closed\"><i class=\"fas fa-plus\"><\/i><\/span>\n\t\t\t\t\t\t\t\t<span class=\"elementor-accordion-icon-opened\"><i class=\"fas fa-minus\"><\/i><\/span>\n\t\t\t\t\t\t\t\t\t\t\t\t\t\t<\/span>\n\t\t\t\t\t\t\t\t\t\t\t\t<a class=\"elementor-accordion-title\" tabindex=\"0\">Comment se d\u00e9roule le traitement post-op\u00e9ratoire du lifting des bras ?<\/a>\n\t\t\t\t\t<\/h3>\n\t\t\t\t\t<div id=\"elementor-tab-content-1703\" class=\"elementor-tab-content elementor-clearfix\" data-tab=\"3\" role=\"region\" aria-labelledby=\"elementor-tab-title-1703\"><div id=\"main-content\">\n<article id=\"post-5492\" class=\"post-5492 infos type-infos status-publish hentry\">\n<div class=\"entry-content\">\n<div id=\"et-boc\">\n<div class=\"et_pb_section et_pb_section_0 et_pb_with_background et_section_regular\">\n<div class=\"et_animated et_pb_row et_pb_row_1 slideTop\">\n<div class=\"et_pb_column et_pb_column_4_4 et_pb_column_1 et-last-child\">\n<div class=\"et_pb_text et_pb_module et_pb_bg_layout_light et_pb_text_align_left et_pb_text_2\">\n<div class=\"et_pb_text_inner\">\n<div class=\"hauptfeld-cont\">\n<div class=\"hauptfeld-mi\">\n<div class=\"hauptfeld-mi-verlunten\">\n<div class=\"inhalt\">\n<p>Le <strong>traitement postop\u00e9ratoire<\/strong> d\u00e9pend toujours des r\u00e9sultats obtenus avant le lifting du bras et de l&rsquo;\u00e9tendue n\u00e9cessaire de l&rsquo;op\u00e9ration.<\/p>\n<h4>Associations :<\/h4>\n<p>Les pansements contenant <strong>des antibiotiques<\/strong> ou des <strong>pommades<\/strong> antiseptiques (c&rsquo;est-\u00e0-dire des pommades qui tuent les bact\u00e9ries) sont pr\u00e9f\u00e9r\u00e9s apr\u00e8s le lifting du bras en raison de la proximit\u00e9 de la r\u00e9gion des aisselles. Nous changeons r\u00e9guli\u00e8rement ces pansements. De plus, lors du changement de pansement, les points de suture sont humidifi\u00e9s avec un spray d\u00e9sinfectant.  <\/p>\n<h4>Importance du traitement par compression :<\/h4>\n<p>Le traitement par compression apr\u00e8s le lifting du bras pendant environ 6 semaines est extr\u00eamement important. Imm\u00e9diatement apr\u00e8s l&rsquo;op\u00e9ration, il est possible d&rsquo;appliquer un bandage, puis des <strong>manchons de compression<\/strong> mesur\u00e9s ou, dans certains cas, fabriqu\u00e9s sur mesure, sont volontiers recommand\u00e9s. Si la compression est tr\u00e8s forte sur le bras, mais pas sur l&rsquo;avant-bras, l&rsquo;avant-bras et la main enti\u00e8re peuvent gonfler consid\u00e9rablement. Cela peut \u00eatre \u00e9vit\u00e9 en ajoutant un bandage \u00e0 l&rsquo;avant-bras.   <\/p>\n<h4>Limitation des mouvements<\/h4>\n<p>Tous les mouvements qui entra\u00eenent une instabilit\u00e9 de la suture et de la cicatrice doivent \u00eatre r\u00e9duits apr\u00e8s le lifting du bras, surtout pendant les 2 \u00e0 3 premi\u00e8res semaines.<\/p>\n<p>Les mouvements de l&rsquo;articulation de l&rsquo;\u00e9paule et de la ceinture scapulaire en g\u00e9n\u00e9ral, notamment l&rsquo;\u00e9cartement lat\u00e9ral du bras, sont d\u00e9favorables \u00e0 l&rsquo;\u00e9volution de la gu\u00e9rison.<\/p>\n<p><strong>Le sport<\/strong> doit \u00eatre arr\u00eat\u00e9 ou r\u00e9duit pendant au moins 6 semaines. Il en va de m\u00eame pour tous les mouvements au-dessus de la t\u00eate. <\/p>\n<h4>des fils :<\/h4>\n<p>Les fils sont retir\u00e9s <strong>environ deux semaines<\/strong> apr\u00e8s le lifting du bras. Les fils profonds se dissolvent d&rsquo;eux-m\u00eames. <\/p>\n<h4>Gonflement et ecchymoses :<\/h4>\n<p>Au cours des premiers jours et semaines, il est normal que la peau gonfle et pr\u00e9sente de l\u00e9g\u00e8res ecchymoses (m\u00eame in\u00e9gales sur les c\u00f4t\u00e9s). Cette situation doit \u00eatre am\u00e9lior\u00e9e par le mat\u00e9riel de compression. <\/p>\n<\/div>\n<\/div>\n<\/div>\n<\/div>\n<\/div>\n<\/div>\n<\/div>\n<\/div>\n<\/div>\n<\/div>\n<\/div>\n<\/article>\n<\/div>\n<\/div>\n\t\t\t\t<\/div>\n\t\t\t\t\t\t\t\t\t\t<script type=\"application\/ld+json\">{\"@context\":\"https:\\\/\\\/schema.org\",\"@type\":\"FAQPage\",\"mainEntity\":[{\"@type\":\"Question\",\"name\":\"Comment l'exc\\u00e9dent de tissu est-il corrig\\u00e9 lors du lifting du bras ?\",\"acceptedAnswer\":{\"@type\":\"Answer\",\"text\":\"<p>Non seulement l&rsquo;<strong>exc\\u00e8s de peau<\\\/strong>, mais aussi l&rsquo;<strong>exc\\u00e8s de graisse<\\\/strong> sont \\u00e9limin\\u00e9s lors du lifting du bras, presque jusqu&rsquo;\\u00e0 l&rsquo;enveloppe fibreuse externe du muscle.<\\\/p>\\n<p>Nous \\u00e9pargnons les vaisseaux et les nerfs lors de cette intervention et suturons ensuite la plaie en plusieurs couches.<\\\/p>\\n<p>Nous facilitons l&rsquo;\\u00e9vacuation de l&rsquo;eau de la plaie ou du sang \\u00e0 l&rsquo;aide de drains ou de petites languettes.<\\\/p>\\n<p>Cela se produit surtout au cours des premiers jours et peut entra\\u00eener une l\\u00e9g\\u00e8re mac\\u00e9ration du pansement (tout \\u00e0 fait normale dans une moindre mesure).<\\\/p>\\n\"}},{\"@type\":\"Question\",\"name\":\"Pas de transpiration des aisselles apr\\u00e8s un lifting du bras ?\",\"acceptedAnswer\":{\"@type\":\"Answer\",\"text\":\"<p>Dans le cadre du lifting du bras, les glandes sudoripares et une grande partie des poils des aisselles sont souvent partiellement enlev\\u00e9s. Cela va de soi, d&rsquo;autant plus que l&rsquo;incision s&rsquo;\\u00e9tend jusqu&rsquo;\\u00e0 l&rsquo;aisselle. La plupart des femmes consid\\u00e8rent cela comme un <strong>effet secondaire<\\\/strong> <strong>agr\\u00e9able<\\\/strong> <img class=\\\"emoji\\\" draggable=\\\"false\\\" src=\\\"https:\\\/\\\/s.w.org\\\/images\\\/core\\\/emoji\\\/11\\\/svg\\\/1f642.svg\\\" alt=\\\"\\ud83d\\ude42\\\"> du lifting du bras.  <\\\/p>\\n\"}},{\"@type\":\"Question\",\"name\":\"Comment se d\\u00e9roule le traitement post-op\\u00e9ratoire du lifting des bras ?\",\"acceptedAnswer\":{\"@type\":\"Answer\",\"text\":\"<div id=\\\"main-content\\\">\\n<article id=\\\"post-5492\\\" class=\\\"post-5492 infos type-infos status-publish hentry\\\">\\n<div class=\\\"entry-content\\\">\\n<div id=\\\"et-boc\\\">\\n<div class=\\\"et_pb_section et_pb_section_0 et_pb_with_background et_section_regular\\\">\\n<div class=\\\"et_animated et_pb_row et_pb_row_1 slideTop\\\">\\n<div class=\\\"et_pb_column et_pb_column_4_4 et_pb_column_1 et-last-child\\\">\\n<div class=\\\"et_pb_text et_pb_module et_pb_bg_layout_light et_pb_text_align_left et_pb_text_2\\\">\\n<div class=\\\"et_pb_text_inner\\\">\\n<div class=\\\"hauptfeld-cont\\\">\\n<div class=\\\"hauptfeld-mi\\\">\\n<div class=\\\"hauptfeld-mi-verlunten\\\">\\n<div class=\\\"inhalt\\\">\\n<p>Le <strong>traitement postop\\u00e9ratoire<\\\/strong> d\\u00e9pend toujours des r\\u00e9sultats obtenus avant le lifting du bras et de l&rsquo;\\u00e9tendue n\\u00e9cessaire de l&rsquo;op\\u00e9ration.<\\\/p>\\n<h4>Associations :<\\\/h4>\\n<p>Les pansements contenant <strong>des antibiotiques<\\\/strong> ou des <strong>pommades<\\\/strong> antiseptiques (c&rsquo;est-\\u00e0-dire des pommades qui tuent les bact\\u00e9ries) sont pr\\u00e9f\\u00e9r\\u00e9s apr\\u00e8s le lifting du bras en raison de la proximit\\u00e9 de la r\\u00e9gion des aisselles. Nous changeons r\\u00e9guli\\u00e8rement ces pansements. De plus, lors du changement de pansement, les points de suture sont humidifi\\u00e9s avec un spray d\\u00e9sinfectant.  <\\\/p>\\n<h4>Importance du traitement par compression :<\\\/h4>\\n<p>Le traitement par compression apr\\u00e8s le lifting du bras pendant environ 6 semaines est extr\\u00eamement important. Imm\\u00e9diatement apr\\u00e8s l&rsquo;op\\u00e9ration, il est possible d&rsquo;appliquer un bandage, puis des <strong>manchons de compression<\\\/strong> mesur\\u00e9s ou, dans certains cas, fabriqu\\u00e9s sur mesure, sont volontiers recommand\\u00e9s. Si la compression est tr\\u00e8s forte sur le bras, mais pas sur l&rsquo;avant-bras, l&rsquo;avant-bras et la main enti\\u00e8re peuvent gonfler consid\\u00e9rablement. Cela peut \\u00eatre \\u00e9vit\\u00e9 en ajoutant un bandage \\u00e0 l&rsquo;avant-bras.   <\\\/p>\\n<h4>Limitation des mouvements<\\\/h4>\\n<p>Tous les mouvements qui entra\\u00eenent une instabilit\\u00e9 de la suture et de la cicatrice doivent \\u00eatre r\\u00e9duits apr\\u00e8s le lifting du bras, surtout pendant les 2 \\u00e0 3 premi\\u00e8res semaines.<\\\/p>\\n<p>Les mouvements de l&rsquo;articulation de l&rsquo;\\u00e9paule et de la ceinture scapulaire en g\\u00e9n\\u00e9ral, notamment l&rsquo;\\u00e9cartement lat\\u00e9ral du bras, sont d\\u00e9favorables \\u00e0 l&rsquo;\\u00e9volution de la gu\\u00e9rison.<\\\/p>\\n<p><strong>Le sport<\\\/strong> doit \\u00eatre arr\\u00eat\\u00e9 ou r\\u00e9duit pendant au moins 6 semaines. Il en va de m\\u00eame pour tous les mouvements au-dessus de la t\\u00eate. <\\\/p>\\n<h4>des fils :<\\\/h4>\\n<p>Les fils sont retir\\u00e9s <strong>environ deux semaines<\\\/strong> apr\\u00e8s le lifting du bras. Les fils profonds se dissolvent d&rsquo;eux-m\\u00eames. <\\\/p>\\n<h4>Gonflement et ecchymoses :<\\\/h4>\\n<p>Au cours des premiers jours et semaines, il est normal que la peau gonfle et pr\\u00e9sente de l\\u00e9g\\u00e8res ecchymoses (m\\u00eame in\\u00e9gales sur les c\\u00f4t\\u00e9s). Cette situation doit \\u00eatre am\\u00e9lior\\u00e9e par le mat\\u00e9riel de compression. <\\\/p>\\n<\\\/div>\\n<\\\/div>\\n<\\\/div>\\n<\\\/div>\\n<\\\/div>\\n<\\\/div>\\n<\\\/div>\\n<\\\/div>\\n<\\\/div>\\n<\\\/div>\\n<\\\/div>\\n<\\\/article>\\n<\\\/div>\\n\"}}]}<\/script>\n\t\t\t\t\t<\/div>\n\t\t\t\t\t\t<\/div>\n\t\t\t\t<\/div>\n\t\t\t\t\t<\/div>\n\t\t<\/div>\n\t\t\t\t<div class=\"elementor-column elementor-col-50 elementor-top-column elementor-element elementor-element-1103f0f1 parent-sticky\" data-id=\"1103f0f1\" data-element_type=\"column\" data-e-type=\"column\">\n\t\t\t<div class=\"elementor-widget-wrap elementor-element-populated\">\n\t\t\t\t\t\t<div class=\"elementor-element elementor-element-78e7dc82 elementor-widget elementor-widget-heading\" data-id=\"78e7dc82\" data-element_type=\"widget\" data-e-type=\"widget\" data-widget_type=\"heading.default\">\n\t\t\t\t<div class=\"elementor-widget-container\">\n\t\t\t\t\t<h2 class=\"elementor-heading-title elementor-size-default\">V\u00e9rification des faits<\/h2>\t\t\t\t<\/div>\n\t\t\t\t<\/div>\n\t\t\t\t<div class=\"elementor-element elementor-element-2eb9f8ff titlesticky  elementor-widget elementor-widget-text-editor\" data-id=\"2eb9f8ff\" data-element_type=\"widget\" data-e-type=\"widget\" data-widget_type=\"text-editor.default\">\n\t\t\t\t<div class=\"elementor-widget-container\">\n\t\t\t\t\t\t\t\t\t<ul>\n \t<li><strong>Praticiens :<\/strong> Dr Schumann et Dr Schumann-Averkiou<\/li>\n \t<li>\n\n<strong>Anesth\u00e9sie :\n<\/strong> anesth\u00e9sie locale avec s\u00e9dation, anesth\u00e9sie g\u00e9n\u00e9rale<\/li>\n \t<li><strong>S\u00e9jour en clinique :<\/strong>\nen ambulatoire ou 1 jour d&rsquo;hospitalisation<\/li>\n \t<li><strong>Traitement post-op\u00e9ratoire :<\/strong>\nManchons de compression jusqu&rsquo;\u00e0 6 semaines apr\u00e8s l&rsquo;op\u00e9ration<\/li>\n \t<li><strong>Enlever les points de suture :<\/strong>\napr\u00e8s environ 2 semaines<\/li>\n \t<li><strong>Sport :<\/strong>\nAbstention de sport pendant 6 semaines<\/li>\n<\/ul>\t\t\t\t\t\t\t\t<\/div>\n\t\t\t\t<\/div>\n\t\t\t\t\t<\/div>\n\t\t<\/div>\n\t\t\t\t\t<\/div>\n\t\t<\/section>\n\t\t\t\t<section class=\"elementor-section elementor-top-section elementor-element elementor-element-5afe1f7e elementor-reverse-mobile elementor-section-boxed elementor-section-height-default elementor-section-height-default\" data-id=\"5afe1f7e\" data-element_type=\"section\" data-e-type=\"section\">\n\t\t\t\t\t\t<div class=\"elementor-container elementor-column-gap-default\">\n\t\t\t\t\t<div class=\"elementor-column elementor-col-50 elementor-top-column elementor-element elementor-element-4b56f890\" data-id=\"4b56f890\" data-element_type=\"column\" data-e-type=\"column\">\n\t\t\t<div class=\"elementor-widget-wrap elementor-element-populated\">\n\t\t\t\t\t\t<div class=\"elementor-element elementor-element-70334564 elementor-widget elementor-widget-heading\" data-id=\"70334564\" data-element_type=\"widget\" data-e-type=\"widget\" data-widget_type=\"heading.default\">\n\t\t\t\t<div class=\"elementor-widget-container\">\n\t\t\t\t\t<h2 class=\"elementor-heading-title elementor-size-default\">Plus d'informations et sujets connexes<\/h2>\t\t\t\t<\/div>\n\t\t\t\t<\/div>\n\t\t\t\t<div class=\"elementor-element elementor-element-7c2cf48b elementor-widget elementor-widget-text-editor\" data-id=\"7c2cf48b\" data-element_type=\"widget\" data-e-type=\"widget\" data-widget_type=\"text-editor.default\">\n\t\t\t\t<div class=\"elementor-widget-container\">\n\t\t\t\t\t\t\t\t\t<ul><li><a href=\"https:\/\/www.yuveo.de\/fr\/lexikon\/complication-du-lifting-du-bras\/\">Complications li\u00e9es au raffermissement des bras<\/a><\/li><li>Pour en savoir plus sur la transpiration des aisselles, consultez les rubriques <a href=\"https:\/\/www.yuveo.de\/fr\/lexikon\/hyperhidrose-traitement-chirurgie\/\">Hyperhidrose<\/a> et <a href=\"https:\/\/www.yuveo.de\/fr\/op\/corps\/enlevement-des-glandes-sudoripares\/\">\u00c9limination des glandes sudoripares<\/a>.<\/li><\/ul><p><strong>Termes techniques :<\/strong><\/p><ul><li><em>Pexie du bras<\/em> = lifting du bras, lifting du bras<\/li><\/ul>\t\t\t\t\t\t\t\t<\/div>\n\t\t\t\t<\/div>\n\t\t\t\t\t<\/div>\n\t\t<\/div>\n\t\t\t\t<div class=\"elementor-column elementor-col-50 elementor-top-column elementor-element elementor-element-7ebeb4e3\" data-id=\"7ebeb4e3\" data-element_type=\"column\" data-e-type=\"column\">\n\t\t\t<div class=\"elementor-widget-wrap elementor-element-populated\">\n\t\t\t\t\t\t<div class=\"elementor-element elementor-element-24e90329 elementor-widget elementor-widget-image\" data-id=\"24e90329\" data-element_type=\"widget\" data-e-type=\"widget\" data-widget_type=\"image.default\">\n\t\t\t\t<div class=\"elementor-widget-container\">\n\t\t\t\t\t\t\t\t\t\t\t\t\t\t\t<img decoding=\"async\" width=\"300\" height=\"199\" src=\"https:\/\/www.yuveo.de\/wp-content\/uploads\/2021\/03\/hautstraffung-10-300-2.jpg\" class=\"attachment-large size-large wp-image-40504\" alt=\"Straffen der Oberarme\" \/>\t\t\t\t\t\t\t\t\t\t\t\t\t\t\t<\/div>\n\t\t\t\t<\/div>\n\t\t\t\t\t<\/div>\n\t\t<\/div>\n\t\t\t\t\t<\/div>\n\t\t<\/section>\n\t\t\t\t<\/div>\n\t\t","protected":false},"excerpt":{"rendered":"<p>Les patients de la clinique Yuveo de D\u00fcsseldorf qui s&rsquo;int\u00e9ressent au lifting du bras sont g\u00e9n\u00e9ralement ceux qui ont subi une perte de poids importante. L&rsquo;am\u00e9lioration du bien-\u00eatre physique est alors souvent \u00e9clips\u00e9e par l&rsquo;exc\u00e8s de peau flasque(rel\u00e2chement cutan\u00e9) et les d\u00e9p\u00f4ts de graisse r\u00e9siduels. En effet, il ne s&rsquo;agit pas toujours d&rsquo;un simple exc\u00e8s [&hellip;]<\/p>\n","protected":false},"author":1,"featured_media":0,"parent":40484,"menu_order":0,"comment_status":"closed","ping_status":"closed","template":"","meta":{"_acf_changed":false,"footnotes":""},"class_list":["post-40497","page","type-page","status-publish","hentry"],"acf":[],"_links":{"self":[{"href":"https:\/\/www.yuveo.de\/fr\/wp-json\/wp\/v2\/pages\/40497","targetHints":{"allow":["GET"]}}],"collection":[{"href":"https:\/\/www.yuveo.de\/fr\/wp-json\/wp\/v2\/pages"}],"about":[{"href":"https:\/\/www.yuveo.de\/fr\/wp-json\/wp\/v2\/types\/page"}],"author":[{"embeddable":true,"href":"https:\/\/www.yuveo.de\/fr\/wp-json\/wp\/v2\/users\/1"}],"replies":[{"embeddable":true,"href":"https:\/\/www.yuveo.de\/fr\/wp-json\/wp\/v2\/comments?post=40497"}],"version-history":[{"count":4,"href":"https:\/\/www.yuveo.de\/fr\/wp-json\/wp\/v2\/pages\/40497\/revisions"}],"predecessor-version":[{"id":41769,"href":"https:\/\/www.yuveo.de\/fr\/wp-json\/wp\/v2\/pages\/40497\/revisions\/41769"}],"up":[{"embeddable":true,"href":"https:\/\/www.yuveo.de\/fr\/wp-json\/wp\/v2\/pages\/40484"}],"wp:attachment":[{"href":"https:\/\/www.yuveo.de\/fr\/wp-json\/wp\/v2\/media?parent=40497"}],"curies":[{"name":"wp","href":"https:\/\/api.w.org\/{rel}","templated":true}]}}