{"id":40469,"date":"2021-02-16T09:25:09","date_gmt":"2021-02-16T08:25:09","guid":{"rendered":"https:\/\/dev.yuveo.eu\/aspiration-des-glandes-sudoripares\/"},"modified":"2025-09-02T09:42:24","modified_gmt":"2025-09-02T07:42:24","slug":"aspiration-des-glandes-sudoripares","status":"publish","type":"page","link":"https:\/\/www.yuveo.de\/fr\/op\/corps\/aspiration-des-glandes-sudoripares\/","title":{"rendered":"Aspiration des glandes sudoripares"},"content":{"rendered":"\t\t<div data-elementor-type=\"wp-page\" data-elementor-id=\"40469\" class=\"elementor elementor-40469 elementor-13341\" data-elementor-post-type=\"page\">\n\t\t\t\t\t\t<section class=\"elementor-section elementor-top-section elementor-element elementor-element-35bc64db elementor-section-boxed elementor-section-height-default elementor-section-height-default\" data-id=\"35bc64db\" data-element_type=\"section\" data-e-type=\"section\">\n\t\t\t\t\t\t<div class=\"elementor-container elementor-column-gap-default\">\n\t\t\t\t\t<div class=\"elementor-column elementor-col-50 elementor-top-column elementor-element elementor-element-64a1ab4c\" data-id=\"64a1ab4c\" data-element_type=\"column\" data-e-type=\"column\">\n\t\t\t<div class=\"elementor-widget-wrap elementor-element-populated\">\n\t\t\t\t\t\t<div class=\"elementor-element elementor-element-25c201b5 elementor-widget elementor-widget-text-editor\" data-id=\"25c201b5\" data-element_type=\"widget\" data-e-type=\"widget\" data-widget_type=\"text-editor.default\">\n\t\t\t\t<div class=\"elementor-widget-container\">\n\t\t\t\t\t\t\t\t\t<p>A la clinique Yuveo de D\u00fcsseldorf, l&rsquo;<strong>aspiration des glandes sud<\/strong> oripares fait partie int\u00e9grante de l&rsquo;<a href=\"https:\/\/www.yuveo.de\/fr\/op\/corps\/enlevement-des-glandes-sudoripares\/\">\u00e9limination des glandes sudoripares<\/a>.<\/p><p>Notre \u00e9quipe de chirurgiens plasticiens exp\u00e9riment\u00e9s vous recommande l&rsquo;aspiration des glandes sudoripares lorsqu&rsquo;il ne s&rsquo;agit pas d&rsquo;une transpiration g\u00e9n\u00e9rale du corps due \u00e0 des causes m\u00e9dicales g\u00e9n\u00e9rales, mais d&rsquo;une <strong>transpiration<\/strong> accrue <strong>des aisselles<\/strong><a href=\"https:\/\/www.yuveo.de\/fr\/lexikon\/hyperhidrose-traitement-chirurgie\/\">(hyperhidrose axillaire<\/a>). Celle-ci est fr\u00e9quente dans les familles et peut \u00eatre efficacement att\u00e9nu\u00e9e par une aspiration des glandes sudoripares. <\/p>\t\t\t\t\t\t\t\t<\/div>\n\t\t\t\t<\/div>\n\t\t\t\t\t<\/div>\n\t\t<\/div>\n\t\t\t\t<div class=\"elementor-column elementor-col-50 elementor-top-column elementor-element elementor-element-7070b980\" data-id=\"7070b980\" data-element_type=\"column\" data-e-type=\"column\">\n\t\t\t<div class=\"elementor-widget-wrap elementor-element-populated\">\n\t\t\t\t\t\t<div class=\"elementor-element elementor-element-4c1026c9 elementor-widget elementor-widget-table-of-contents\" data-id=\"4c1026c9\" data-element_type=\"widget\" data-e-type=\"widget\" data-settings=\"{&quot;exclude_headings_by_selector&quot;:[],&quot;headings_by_tags&quot;:[&quot;h1&quot;,&quot;h2&quot;],&quot;marker_view&quot;:&quot;bullets&quot;,&quot;no_headings_message&quot;:&quot;No headings were found on this page.&quot;,&quot;icon&quot;:{&quot;value&quot;:&quot;fas fa-circle&quot;,&quot;library&quot;:&quot;fa-solid&quot;},&quot;min_height&quot;:{&quot;unit&quot;:&quot;px&quot;,&quot;size&quot;:&quot;&quot;,&quot;sizes&quot;:[]},&quot;min_height_tablet&quot;:{&quot;unit&quot;:&quot;px&quot;,&quot;size&quot;:&quot;&quot;,&quot;sizes&quot;:[]},&quot;min_height_mobile&quot;:{&quot;unit&quot;:&quot;px&quot;,&quot;size&quot;:&quot;&quot;,&quot;sizes&quot;:[]}}\" data-widget_type=\"table-of-contents.default\">\n\t\t\t\t<div class=\"elementor-widget-container\">\n\t\t\t\t\t\t\t\t\t<div class=\"elementor-toc__header\">\n\t\t\t\t\t\t<h4 class=\"elementor-toc__header-title\">\n\t\t\t\tContenu\t\t\t<\/h4>\n\t\t\t\t\t\t\t\t<\/div>\n\t\t\t\t<div id=\"elementor-toc__4c1026c9\" class=\"elementor-toc__body\">\n\t\t\t<div class=\"elementor-toc__spinner-container\">\n\t\t\t\t<i class=\"elementor-toc__spinner eicon-animation-spin eicon-loading\" aria-hidden=\"true\"><\/i>\t\t\t<\/div>\n\t\t<\/div>\n\t\t\t\t\t\t<\/div>\n\t\t\t\t<\/div>\n\t\t\t\t\t<\/div>\n\t\t<\/div>\n\t\t\t\t\t<\/div>\n\t\t<\/section>\n\t\t\t\t<section class=\"elementor-section elementor-top-section elementor-element elementor-element-75693177 elementor-section-height-min-height hosec elementor-section-stretched elementor-section-boxed elementor-section-height-default elementor-section-items-middle\" data-id=\"75693177\" data-element_type=\"section\" data-e-type=\"section\" data-settings=\"{&quot;background_background&quot;:&quot;classic&quot;,&quot;stretch_section&quot;:&quot;section-stretched&quot;}\">\n\t\t\t\t\t\t<div class=\"elementor-container elementor-column-gap-default\">\n\t\t\t\t\t<div class=\"elementor-column elementor-col-50 elementor-top-column elementor-element elementor-element-386347df\" data-id=\"386347df\" data-element_type=\"column\" data-e-type=\"column\">\n\t\t\t<div class=\"elementor-widget-wrap elementor-element-populated\">\n\t\t\t\t\t\t<div class=\"elementor-element elementor-element-6668d9de elementor-widget elementor-widget-heading\" data-id=\"6668d9de\" data-element_type=\"widget\" data-e-type=\"widget\" data-widget_type=\"heading.default\">\n\t\t\t\t<div class=\"elementor-widget-container\">\n\t\t\t\t\t<p class=\"elementor-heading-title elementor-size-default\">Clinique Yuveo<\/p>\t\t\t\t<\/div>\n\t\t\t\t<\/div>\n\t\t\t\t<div class=\"elementor-element elementor-element-4c9ee43a elementor-widget elementor-widget-heading\" data-id=\"4c9ee43a\" data-element_type=\"widget\" data-e-type=\"widget\" data-widget_type=\"heading.default\">\n\t\t\t\t<div class=\"elementor-widget-container\">\n\t\t\t\t\t<h2 class=\"elementor-heading-title elementor-size-default\">Particularit\u00e9s de l'aspiration des glandes sudoripares<\/h2>\t\t\t\t<\/div>\n\t\t\t\t<\/div>\n\t\t\t\t<div class=\"elementor-element elementor-element-488cc5c6 elementor-widget elementor-widget-text-editor\" data-id=\"488cc5c6\" data-element_type=\"widget\" data-e-type=\"widget\" data-widget_type=\"text-editor.default\">\n\t\t\t\t<div class=\"elementor-widget-container\">\n\t\t\t\t\t\t\t\t\t<p>Elle est r\u00e9alis\u00e9e dans l&rsquo;esprit de la liposuccion et constitue une proc\u00e9dure plus douce que l&rsquo;ablation des glandes sudoripares.<\/p>\t\t\t\t\t\t\t\t<\/div>\n\t\t\t\t<\/div>\n\t\t\t\t<div class=\"elementor-element elementor-element-19420970 elementor-align-left elementor-tablet-align-left elementor-widget elementor-widget-button\" data-id=\"19420970\" data-element_type=\"widget\" data-e-type=\"widget\" data-widget_type=\"button.default\">\n\t\t\t\t<div class=\"elementor-widget-container\">\n\t\t\t\t\t\t\t\t\t<div class=\"elementor-button-wrapper\">\n\t\t\t\t\t<a class=\"elementor-button elementor-button-link elementor-size-md\" href=\"https:\/\/www.yuveo.de\/fr\/prendre-rendez-vous\/\">\n\t\t\t\t\t\t<span class=\"elementor-button-content-wrapper\">\n\t\t\t\t\t\t<span class=\"elementor-button-icon\">\n\t\t\t\t<i aria-hidden=\"true\" class=\"fas fa-long-arrow-alt-right\"><\/i>\t\t\t<\/span>\n\t\t\t\t\t\t\t\t\t<span class=\"elementor-button-text\">Prendre rendez-vous<\/span>\n\t\t\t\t\t<\/span>\n\t\t\t\t\t<\/a>\n\t\t\t\t<\/div>\n\t\t\t\t\t\t\t\t<\/div>\n\t\t\t\t<\/div>\n\t\t\t\t\t<\/div>\n\t\t<\/div>\n\t\t\t\t<div class=\"elementor-column elementor-col-50 elementor-top-column elementor-element elementor-element-7f46b5df\" data-id=\"7f46b5df\" data-element_type=\"column\" data-e-type=\"column\" data-settings=\"{&quot;motion_fx_motion_fx_scrolling&quot;:&quot;yes&quot;,&quot;motion_fx_translateY_effect&quot;:&quot;yes&quot;,&quot;motion_fx_translateY_speed&quot;:{&quot;unit&quot;:&quot;px&quot;,&quot;size&quot;:&quot;1&quot;,&quot;sizes&quot;:[]},&quot;motion_fx_translateY_affectedRange&quot;:{&quot;unit&quot;:&quot;%&quot;,&quot;size&quot;:&quot;&quot;,&quot;sizes&quot;:{&quot;start&quot;:&quot;0&quot;,&quot;end&quot;:&quot;50&quot;}},&quot;motion_fx_opacity_effect&quot;:&quot;yes&quot;,&quot;motion_fx_opacity_range&quot;:{&quot;unit&quot;:&quot;%&quot;,&quot;size&quot;:&quot;&quot;,&quot;sizes&quot;:{&quot;start&quot;:&quot;0&quot;,&quot;end&quot;:&quot;30&quot;}},&quot;motion_fx_devices&quot;:[&quot;desktop&quot;,&quot;tablet&quot;],&quot;motion_fx_opacity_direction&quot;:&quot;out-in&quot;,&quot;motion_fx_opacity_level&quot;:{&quot;unit&quot;:&quot;px&quot;,&quot;size&quot;:10,&quot;sizes&quot;:[]}}\">\n\t\t\t<div class=\"elementor-widget-wrap elementor-element-populated\">\n\t\t\t\t\t\t<section class=\"elementor-section elementor-inner-section elementor-element elementor-element-433ce78a elementor-section-boxed elementor-section-height-default elementor-section-height-default\" data-id=\"433ce78a\" data-element_type=\"section\" data-e-type=\"section\">\n\t\t\t\t\t\t<div class=\"elementor-container elementor-column-gap-default\">\n\t\t\t\t\t<div class=\"elementor-column elementor-col-50 elementor-inner-column elementor-element elementor-element-6dab1889\" data-id=\"6dab1889\" data-element_type=\"column\" data-e-type=\"column\">\n\t\t\t<div class=\"elementor-widget-wrap elementor-element-populated\">\n\t\t\t\t\t\t<div class=\"elementor-element elementor-element-5c35b354 elementor-cta--skin-cover elementor-cta--valign-middle elementor-widget elementor-widget-call-to-action\" data-id=\"5c35b354\" data-element_type=\"widget\" data-e-type=\"widget\" data-widget_type=\"call-to-action.default\">\n\t\t\t\t<div class=\"elementor-widget-container\">\n\t\t\t\t\t\t\t<div class=\"elementor-cta\">\n\t\t\t\t\t<div class=\"elementor-cta__bg-wrapper\">\n\t\t\t\t<div class=\"elementor-cta__bg elementor-bg\" style=\"background-image: url();\" role=\"img\" aria-label=\"\"><\/div>\n\t\t\t\t<div class=\"elementor-cta__bg-overlay\"><\/div>\n\t\t\t<\/div>\n\t\t\t\t\t\t\t<div class=\"elementor-cta__content\">\n\t\t\t\t\n\t\t\t\t\t\t\t\t\t<h3 class=\"elementor-cta__title elementor-cta__content-item elementor-content-item\">\n\t\t\t\t\t\tAspiration des glandes sudoripares\t\t\t\t\t<\/h3>\n\t\t\t\t\n\t\t\t\t\t\t\t\t\t<div class=\"elementor-cta__description elementor-cta__content-item elementor-content-item\">\n\t\t\t\t\t\tLa transpiration accrue des aisselles peut \u00eatre efficacement r\u00e9duite par l'aspiration des glandes sudoripares.\t\t\t\t\t<\/div>\n\t\t\t\t\n\t\t\t\t\t\t\t<\/div>\n\t\t\t\t\t\t<\/div>\n\t\t\t\t\t\t<\/div>\n\t\t\t\t<\/div>\n\t\t\t\t\t<\/div>\n\t\t<\/div>\n\t\t\t\t<div class=\"elementor-column elementor-col-50 elementor-inner-column elementor-element elementor-element-32b3eff9\" data-id=\"32b3eff9\" data-element_type=\"column\" data-e-type=\"column\">\n\t\t\t<div class=\"elementor-widget-wrap elementor-element-populated\">\n\t\t\t\t\t\t<div class=\"elementor-element elementor-element-77ed27ec elementor-cta--skin-cover elementor-cta--valign-middle elementor-widget elementor-widget-call-to-action\" data-id=\"77ed27ec\" data-element_type=\"widget\" data-e-type=\"widget\" data-widget_type=\"call-to-action.default\">\n\t\t\t\t<div class=\"elementor-widget-container\">\n\t\t\t\t\t\t\t<a class=\"elementor-cta\" href=\"https:\/\/www.yuveo.de\/fr\/op\/corps\/enlevement-des-glandes-sudoripares\/\">\n\t\t\t\t\t<div class=\"elementor-cta__bg-wrapper\">\n\t\t\t\t<div class=\"elementor-cta__bg elementor-bg\" style=\"background-image: url();\" role=\"img\" aria-label=\"\"><\/div>\n\t\t\t\t<div class=\"elementor-cta__bg-overlay\"><\/div>\n\t\t\t<\/div>\n\t\t\t\t\t\t\t<div class=\"elementor-cta__content\">\n\t\t\t\t\n\t\t\t\t\t\t\t\t\t<h3 class=\"elementor-cta__title elementor-cta__content-item elementor-content-item\">\n\t\t\t\t\t\tEnl\u00e8vement des glandes sudoripares\t\t\t\t\t<\/h3>\n\t\t\t\t\n\t\t\t\t\t\t\t\t\t<div class=\"elementor-cta__description elementor-cta__content-item elementor-content-item\">\n\t\t\t\t\t\tIl s'agit non seulement d'aspirer les glandes sudoripares, mais aussi de proc\u00e9der \u00e0 un curetage des tissus.\t\t\t\t\t<\/div>\n\t\t\t\t\n\t\t\t\t\t\t\t<\/div>\n\t\t\t\t\t\t<\/a>\n\t\t\t\t\t\t<\/div>\n\t\t\t\t<\/div>\n\t\t\t\t\t<\/div>\n\t\t<\/div>\n\t\t\t\t\t<\/div>\n\t\t<\/section>\n\t\t\t\t<section class=\"elementor-section elementor-inner-section elementor-element elementor-element-47cefc27 elementor-section-boxed elementor-section-height-default elementor-section-height-default\" data-id=\"47cefc27\" data-element_type=\"section\" data-e-type=\"section\">\n\t\t\t\t\t\t<div class=\"elementor-container elementor-column-gap-default\">\n\t\t\t\t\t<div class=\"elementor-column elementor-col-50 elementor-inner-column elementor-element elementor-element-44d3eebb\" data-id=\"44d3eebb\" data-element_type=\"column\" data-e-type=\"column\">\n\t\t\t<div class=\"elementor-widget-wrap elementor-element-populated\">\n\t\t\t\t\t\t<div class=\"elementor-element elementor-element-6bb3521 elementor-cta--skin-cover elementor-cta--valign-middle elementor-widget elementor-widget-call-to-action\" data-id=\"6bb3521\" data-element_type=\"widget\" data-e-type=\"widget\" data-widget_type=\"call-to-action.default\">\n\t\t\t\t<div class=\"elementor-widget-container\">\n\t\t\t\t\t\t\t<a class=\"elementor-cta\" href=\"https:\/\/www.yuveo.de\/fr\/op\/corps\/liposuccion-duesseldorf\/\">\n\t\t\t\t\t<div class=\"elementor-cta__bg-wrapper\">\n\t\t\t\t<div class=\"elementor-cta__bg elementor-bg\" style=\"background-image: url();\" role=\"img\" aria-label=\"\"><\/div>\n\t\t\t\t<div class=\"elementor-cta__bg-overlay\"><\/div>\n\t\t\t<\/div>\n\t\t\t\t\t\t\t<div class=\"elementor-cta__content\">\n\t\t\t\t\n\t\t\t\t\t\t\t\t\t<h3 class=\"elementor-cta__title elementor-cta__content-item elementor-content-item\">\n\t\t\t\t\t\tLiposuccion\t\t\t\t\t<\/h3>\n\t\t\t\t\n\t\t\t\t\t\t\t\t\t<div class=\"elementor-cta__description elementor-cta__content-item elementor-content-item\">\n\t\t\t\t\t\tLes glandes sudoripares sont enlev\u00e9es \u00e0 la mani\u00e8re d'une liposuccion.\t\t\t\t\t<\/div>\n\t\t\t\t\n\t\t\t\t\t\t\t<\/div>\n\t\t\t\t\t\t<\/a>\n\t\t\t\t\t\t<\/div>\n\t\t\t\t<\/div>\n\t\t\t\t\t<\/div>\n\t\t<\/div>\n\t\t\t\t<div class=\"elementor-column elementor-col-50 elementor-inner-column elementor-element elementor-element-47e2df8e\" data-id=\"47e2df8e\" data-element_type=\"column\" data-e-type=\"column\">\n\t\t\t<div class=\"elementor-widget-wrap elementor-element-populated\">\n\t\t\t\t\t\t<div class=\"elementor-element elementor-element-31441536 elementor-cta--skin-cover elementor-cta--valign-middle elementor-widget elementor-widget-call-to-action\" data-id=\"31441536\" data-element_type=\"widget\" data-e-type=\"widget\" data-widget_type=\"call-to-action.default\">\n\t\t\t\t<div class=\"elementor-widget-container\">\n\t\t\t\t\t\t\t<a class=\"elementor-cta\" href=\"https:\/\/www.yuveo.de\/fr\/op\/corps\/lifting-du-bras-bras-superieur\/\">\n\t\t\t\t\t<div class=\"elementor-cta__bg-wrapper\">\n\t\t\t\t<div class=\"elementor-cta__bg elementor-bg\" style=\"background-image: url();\" role=\"img\" aria-label=\"\"><\/div>\n\t\t\t\t<div class=\"elementor-cta__bg-overlay\"><\/div>\n\t\t\t<\/div>\n\t\t\t\t\t\t\t<div class=\"elementor-cta__content\">\n\t\t\t\t\n\t\t\t\t\t\t\t\t\t<h3 class=\"elementor-cta__title elementor-cta__content-item elementor-content-item\">\n\t\t\t\t\t\tLifting du bras\t\t\t\t\t<\/h3>\n\t\t\t\t\n\t\t\t\t\t\t\t\t\t<div class=\"elementor-cta__description elementor-cta__content-item elementor-content-item\">\n\t\t\t\t\t\tUn effet secondaire positif du lifting du bras est l'\u00e9limination d'une partie des glandes sudoripares.\t\t\t\t\t<\/div>\n\t\t\t\t\n\t\t\t\t\t\t\t<\/div>\n\t\t\t\t\t\t<\/a>\n\t\t\t\t\t\t<\/div>\n\t\t\t\t<\/div>\n\t\t\t\t\t<\/div>\n\t\t<\/div>\n\t\t\t\t\t<\/div>\n\t\t<\/section>\n\t\t\t\t\t<\/div>\n\t\t<\/div>\n\t\t\t\t\t<\/div>\n\t\t<\/section>\n\t\t\t\t<section class=\"elementor-section elementor-top-section elementor-element elementor-element-4e08115a elementor-section-boxed elementor-section-height-default elementor-section-height-default\" data-id=\"4e08115a\" data-element_type=\"section\" data-e-type=\"section\">\n\t\t\t\t\t\t<div class=\"elementor-container elementor-column-gap-default\">\n\t\t\t\t\t<div class=\"elementor-column elementor-col-50 elementor-top-column elementor-element elementor-element-3d53333f\" data-id=\"3d53333f\" data-element_type=\"column\" data-e-type=\"column\">\n\t\t\t<div class=\"elementor-widget-wrap elementor-element-populated\">\n\t\t\t\t\t\t<div class=\"elementor-element elementor-element-348c42d2 elementor-widget elementor-widget-heading\" data-id=\"348c42d2\" data-element_type=\"widget\" data-e-type=\"widget\" data-widget_type=\"heading.default\">\n\t\t\t\t<div class=\"elementor-widget-container\">\n\t\t\t\t\t<h2 class=\"elementor-heading-title elementor-size-default\">Proc\u00e9dure d'aspiration des glandes sudoripares<\/h2>\t\t\t\t<\/div>\n\t\t\t\t<\/div>\n\t\t\t\t<div class=\"elementor-element elementor-element-40675f1f elementor-widget elementor-widget-text-editor\" data-id=\"40675f1f\" data-element_type=\"widget\" data-e-type=\"widget\" data-widget_type=\"text-editor.default\">\n\t\t\t\t<div class=\"elementor-widget-container\">\n\t\t\t\t\t\t\t\t\t<h3>Anesth\u00e9sie, narcose, dur\u00e9e de l&rsquo;op\u00e9ration<\/h3><p>Dans notre clinique de D\u00fcsseldorf, l&rsquo;ablation des glandes sudoripares se fait dans la plupart des cas <strong>sous s\u00e9dation<\/strong> et anesth\u00e9sie locale. En principe, l&rsquo;op\u00e9ration peut toutefois \u00eatre r\u00e9alis\u00e9e sous <strong>anesth\u00e9sie locale<\/strong> uniquement. <\/p><p>Comme la solution tumescente, qui contient l&rsquo;anesth\u00e9siant et du sel de cuisine, doit agir pendant un certain temps, l&rsquo;intervention dure environ <strong>60 \u00e0 90 minutes<\/strong>.<\/p><h3>Op\u00e9ration &#8211; liposuccion<\/h3><p>Comme nous l&rsquo;avons d\u00e9j\u00e0 mentionn\u00e9, l&rsquo;<strong>aspiration des glandes sudoripares<\/strong> fait g\u00e9n\u00e9ralement partie du curetage par aspiration. L&rsquo;op\u00e9ration commence comme pour la <a href=\"https:\/\/www.yuveo.de\/fr\/op\/corps\/liposuccion-duesseldorf\/\">liposuccion<\/a>. <\/p><p>Votre chirurgien plasticien injecte tout d&rsquo;abord une solution tumescente qui contient entre autres l&rsquo;anesth\u00e9siant. Cette solution doit agir <strong>pendant 20 \u00e0 30 minutes<\/strong> afin de faire gonfler les cellules des glandes sudoripares et d&rsquo;obtenir un soulagement ad\u00e9quat de la douleur. <\/p><p>Nous pratiquons une incision d&rsquo;environ 5 mm dans le pli de l&rsquo;aisselle, par laquelle sont introduites les <strong>canules d<\/strong> &lsquo;aspiration. Le processus est similaire \u00e0 celui de la liposuccion, \u00e0 la diff\u00e9rence que le tissu r\u00e9cup\u00e9r\u00e9 contient de nombreux <strong>composants de glandes sudoripares<\/strong>. <\/p><p>Les vaisseaux et les nerfs situ\u00e9s en profondeur sont \u00e9pargn\u00e9s pendant l&rsquo;op\u00e9ration.<\/p>\t\t\t\t\t\t\t\t<\/div>\n\t\t\t\t<\/div>\n\t\t\t\t\t<\/div>\n\t\t<\/div>\n\t\t\t\t<div class=\"elementor-column elementor-col-50 elementor-top-column elementor-element elementor-element-1a858bbc parent-sticky\" data-id=\"1a858bbc\" data-element_type=\"column\" data-e-type=\"column\">\n\t\t\t<div class=\"elementor-widget-wrap elementor-element-populated\">\n\t\t\t\t\t\t<div class=\"elementor-element elementor-element-732098bb titlesticky  elementor-widget elementor-widget-image\" data-id=\"732098bb\" data-element_type=\"widget\" data-e-type=\"widget\" data-widget_type=\"image.default\">\n\t\t\t\t<div class=\"elementor-widget-container\">\n\t\t\t\t\t\t\t\t\t\t\t\t<figure class=\"wp-caption\">\n\t\t\t\t\t\t\t\t\t\t<img fetchpriority=\"high\" decoding=\"async\" width=\"400\" height=\"403\" src=\"https:\/\/www.yuveo.de\/wp-content\/uploads\/2021\/03\/schweissdruesenabsaugung-10331w.jpg\" class=\"attachment-large size-large wp-image-40470\" alt=\"Schwei\u00dfdr\u00fcsenabsaugung\" srcset=\"https:\/\/www.yuveo.de\/wp-content\/uploads\/2021\/03\/schweissdruesenabsaugung-10331w.jpg 400w, https:\/\/www.yuveo.de\/wp-content\/uploads\/2021\/03\/schweissdruesenabsaugung-10331w-298x300.jpg 298w, https:\/\/www.yuveo.de\/wp-content\/uploads\/2021\/03\/schweissdruesenabsaugung-10331w-150x150.jpg 150w\" sizes=\"(max-width: 400px) 100vw, 400px\" \/>\t\t\t\t\t\t\t\t\t\t\t<figcaption class=\"widget-image-caption wp-caption-text\">Sur l'illustration, vous voyez la zone typiquement touch\u00e9e par la transpiration excessive, o\u00f9 l'aspiration des glandes sudoripares doit \u00eatre effectu\u00e9e. La petite ligne transversale repr\u00e9sente le point d'injection, c'est-\u00e0-dire la voie d'acc\u00e8s. <\/figcaption>\n\t\t\t\t\t\t\t\t\t\t<\/figure>\n\t\t\t\t\t\t\t\t\t<\/div>\n\t\t\t\t<\/div>\n\t\t\t\t\t<\/div>\n\t\t<\/div>\n\t\t\t\t\t<\/div>\n\t\t<\/section>\n\t\t\t\t<section class=\"elementor-section elementor-top-section elementor-element elementor-element-6bf82639 elementor-section-boxed elementor-section-height-default elementor-section-height-default\" data-id=\"6bf82639\" data-element_type=\"section\" data-e-type=\"section\">\n\t\t\t\t\t\t<div class=\"elementor-container elementor-column-gap-default\">\n\t\t\t\t\t<div class=\"elementor-column elementor-col-50 elementor-top-column elementor-element elementor-element-5c3aea8c\" data-id=\"5c3aea8c\" data-element_type=\"column\" data-e-type=\"column\">\n\t\t\t<div class=\"elementor-widget-wrap elementor-element-populated\">\n\t\t\t\t\t\t<div class=\"elementor-element elementor-element-2a559ff2 elementor-widget elementor-widget-heading\" data-id=\"2a559ff2\" data-element_type=\"widget\" data-e-type=\"widget\" data-widget_type=\"heading.default\">\n\t\t\t\t<div class=\"elementor-widget-container\">\n\t\t\t\t\t<h2 class=\"elementor-heading-title elementor-size-default\">Questions fr\u00e9quentes sur l'aspiration des glandes sudoripares  <\/h2>\t\t\t\t<\/div>\n\t\t\t\t<\/div>\n\t\t\t\t<div class=\"elementor-element elementor-element-23d25d4 elementor-widget elementor-widget-accordion\" data-id=\"23d25d4\" data-element_type=\"widget\" data-e-type=\"widget\" data-widget_type=\"accordion.default\">\n\t\t\t\t<div class=\"elementor-widget-container\">\n\t\t\t\t\t\t\t<div class=\"elementor-accordion\">\n\t\t\t\t\t\t\t<div class=\"elementor-accordion-item\">\n\t\t\t\t\t<h3 id=\"elementor-tab-title-3751\" class=\"elementor-tab-title\" data-tab=\"1\" role=\"button\" aria-controls=\"elementor-tab-content-3751\" aria-expanded=\"false\">\n\t\t\t\t\t\t\t\t\t\t\t\t\t<span class=\"elementor-accordion-icon elementor-accordion-icon-left\" aria-hidden=\"true\">\n\t\t\t\t\t\t\t\t\t\t\t\t\t\t\t<span class=\"elementor-accordion-icon-closed\"><i class=\"fas fa-plus\"><\/i><\/span>\n\t\t\t\t\t\t\t\t<span class=\"elementor-accordion-icon-opened\"><i class=\"fas fa-minus\"><\/i><\/span>\n\t\t\t\t\t\t\t\t\t\t\t\t\t\t<\/span>\n\t\t\t\t\t\t\t\t\t\t\t\t<a class=\"elementor-accordion-title\" tabindex=\"0\">Une nouvelle transpiration peut-elle persister apr\u00e8s l'ablation des glandes sudoripares ?<\/a>\n\t\t\t\t\t<\/h3>\n\t\t\t\t\t<div id=\"elementor-tab-content-3751\" class=\"elementor-tab-content elementor-clearfix\" data-tab=\"1\" role=\"region\" aria-labelledby=\"elementor-tab-title-3751\"><p>Les <strong>glandes sudoripares<\/strong> sont tr\u00e8s r\u00e9sistantes. M\u00eame apr\u00e8s une aspiration agressive des glandes sudoripares, elles peuvent se r\u00e9g\u00e9n\u00e9rer et entra\u00eener une nouvelle transpiration des aisselles. L&rsquo;objectif du traitement ne peut gu\u00e8re \u00eatre d&rsquo;ass\u00e9cher compl\u00e8tement les aisselles. Il s&rsquo;agit plut\u00f4t de <strong>r\u00e9duire<\/strong> consid\u00e9rablement la transpiration des aisselles.   <\/p>\n<p>Si l&rsquo;aspiration des glandes sudoripares n&rsquo;a pas \u00e9t\u00e9 effectu\u00e9e avec suffisamment de v\u00e9h\u00e9mence et que la transpiration des aisselles est encore nettement plus importante, l&rsquo;<strong>op\u00e9ration<\/strong> peut <strong>\u00eatre r\u00e9p\u00e9t\u00e9e<\/strong> sans probl\u00e8me \u00e0 la clinique Yuveo de D\u00fcsseldorf.<\/p>\n<\/div>\n\t\t\t\t<\/div>\n\t\t\t\t\t\t\t<div class=\"elementor-accordion-item\">\n\t\t\t\t\t<h3 id=\"elementor-tab-title-3752\" class=\"elementor-tab-title\" data-tab=\"2\" role=\"button\" aria-controls=\"elementor-tab-content-3752\" aria-expanded=\"false\">\n\t\t\t\t\t\t\t\t\t\t\t\t\t<span class=\"elementor-accordion-icon elementor-accordion-icon-left\" aria-hidden=\"true\">\n\t\t\t\t\t\t\t\t\t\t\t\t\t\t\t<span class=\"elementor-accordion-icon-closed\"><i class=\"fas fa-plus\"><\/i><\/span>\n\t\t\t\t\t\t\t\t<span class=\"elementor-accordion-icon-opened\"><i class=\"fas fa-minus\"><\/i><\/span>\n\t\t\t\t\t\t\t\t\t\t\t\t\t\t<\/span>\n\t\t\t\t\t\t\t\t\t\t\t\t<a class=\"elementor-accordion-title\" tabindex=\"0\">Peut-il y avoir une diminution de la sensibilit\u00e9 de la peau \u00e0 l'int\u00e9rieur du bras ?<\/a>\n\t\t\t\t\t<\/h3>\n\t\t\t\t\t<div id=\"elementor-tab-content-3752\" class=\"elementor-tab-content elementor-clearfix\" data-tab=\"2\" role=\"region\" aria-labelledby=\"elementor-tab-title-3752\"><p>Bien que l&rsquo;<strong>aspiration des glandes sudoripares soit moins agressive que l&rsquo;excision des tissus<\/strong>, elle peut \u00e9galement irriter les nerfs cutan\u00e9s. La plupart du temps, c&rsquo;est un nerf qui part du thorax, traverse l&rsquo;aisselle et se dirige vers le bras qui est touch\u00e9. <\/p>\n<p>Cela peut signifier une <strong>diminution de la sensibilit\u00e9<\/strong> de la face interne du bras. Elle dispara\u00eet g\u00e9n\u00e9ralement en quelques jours ou quelques semaines. <\/p>\n<\/div>\n\t\t\t\t<\/div>\n\t\t\t\t\t\t\t<div class=\"elementor-accordion-item\">\n\t\t\t\t\t<h3 id=\"elementor-tab-title-3753\" class=\"elementor-tab-title\" data-tab=\"3\" role=\"button\" aria-controls=\"elementor-tab-content-3753\" aria-expanded=\"false\">\n\t\t\t\t\t\t\t\t\t\t\t\t\t<span class=\"elementor-accordion-icon elementor-accordion-icon-left\" aria-hidden=\"true\">\n\t\t\t\t\t\t\t\t\t\t\t\t\t\t\t<span class=\"elementor-accordion-icon-closed\"><i class=\"fas fa-plus\"><\/i><\/span>\n\t\t\t\t\t\t\t\t<span class=\"elementor-accordion-icon-opened\"><i class=\"fas fa-minus\"><\/i><\/span>\n\t\t\t\t\t\t\t\t\t\t\t\t\t\t<\/span>\n\t\t\t\t\t\t\t\t\t\t\t\t<a class=\"elementor-accordion-title\" tabindex=\"0\">Comment s'effectue le suivi ?<\/a>\n\t\t\t\t\t<\/h3>\n\t\t\t\t\t<div id=\"elementor-tab-content-3753\" class=\"elementor-tab-content elementor-clearfix\" data-tab=\"3\" role=\"region\" aria-labelledby=\"elementor-tab-title-3753\"><p>Dans l&rsquo;ensemble, la <strong>cicatrisation<\/strong> est <strong>plus rapide<\/strong> avec l&rsquo;aspiration des glandes sudoripares, car il n&rsquo;y a pas de curetage des tissus.<\/p>\n<p>Apr\u00e8s l&rsquo;aspiration des glandes sudoripares, les petites incisions sont<strong> sutur\u00e9es de mani\u00e8re l\u00e2che<\/strong> afin de permettre \u00e0 l&rsquo;eau de la plaie, qui s&rsquo;est accumul\u00e9e apr\u00e8s l&rsquo;op\u00e9ration, de<strong> s<\/strong>&lsquo;\u00e9chapper.<\/p>\n<p>Un <strong>pansement compressif<\/strong> r\u00e9duit le gonflement, la formation d&rsquo;h\u00e9matomes et l&rsquo;accumulation de liquide de la plaie.<\/p>\n<p>Pendant les 7 jours qui suivent l&rsquo;aspiration des glandes sudoripares, vous devez \u00e9viter de <strong>bouger<\/strong> au niveau de l&rsquo;\u00e9paule et d&rsquo;\u00e9carter les bras afin d&rsquo;assurer une meilleure cicatrisation. Ensuite, vous pouvez commencer \u00e0 faire des exercices de mouvement prudents. <\/p>\n<\/div>\n\t\t\t\t<\/div>\n\t\t\t\t\t\t\t<div class=\"elementor-accordion-item\">\n\t\t\t\t\t<h3 id=\"elementor-tab-title-3754\" class=\"elementor-tab-title\" data-tab=\"4\" role=\"button\" aria-controls=\"elementor-tab-content-3754\" aria-expanded=\"false\">\n\t\t\t\t\t\t\t\t\t\t\t\t\t<span class=\"elementor-accordion-icon elementor-accordion-icon-left\" aria-hidden=\"true\">\n\t\t\t\t\t\t\t\t\t\t\t\t\t\t\t<span class=\"elementor-accordion-icon-closed\"><i class=\"fas fa-plus\"><\/i><\/span>\n\t\t\t\t\t\t\t\t<span class=\"elementor-accordion-icon-opened\"><i class=\"fas fa-minus\"><\/i><\/span>\n\t\t\t\t\t\t\t\t\t\t\t\t\t\t<\/span>\n\t\t\t\t\t\t\t\t\t\t\t\t<a class=\"elementor-accordion-title\" tabindex=\"0\">Quels sont les co\u00fbts ?<\/a>\n\t\t\t\t\t<\/h3>\n\t\t\t\t\t<div id=\"elementor-tab-content-3754\" class=\"elementor-tab-content elementor-clearfix\" data-tab=\"4\" role=\"region\" aria-labelledby=\"elementor-tab-title-3754\"><div class=\"inhalt\">\n<p><img decoding=\"async\" class=\"size-medium wp-image-17849 alignright\" src=\"https:\/\/www.yuveo.de\/wp-content\/uploads\/2021\/03\/kosten-plastische-chirurgie-300x200.jpg\" alt=\"Co\u00fbts\" width=\"300\" height=\"200\" srcset=\"https:\/\/www.yuveo.de\/wp-content\/uploads\/2021\/03\/kosten-plastische-chirurgie-300x200.jpg 300w, https:\/\/www.yuveo.de\/wp-content\/uploads\/2021\/03\/kosten-plastische-chirurgie.jpg 424w\" sizes=\"(max-width: 300px) 100vw, 300px\" \/>Nous vous donnons ici un aper\u00e7u des <strong>facteurs de co\u00fbts<\/strong>:<\/p>\n<ul>\n<li>OP<\/li>\n<li>Sommeil cr\u00e9pusculaire<\/li>\n<li>Anesth\u00e9sie g\u00e9n\u00e9rale<\/li>\n<li>S\u00e9jour en clinique<\/li>\n<\/ul>\n<p>Pour plus de d\u00e9tails, consultez la rubrique <a href=\"https:\/\/www.yuveo.de\/fr\/op\/corps\/enlevement-des-glandes-sudoripares\/\">\u00c9limination des glandes sudoripares<\/a>.<\/p>\n<p>Pour des prix plus pr\u00e9cis et plus d&rsquo;informations sur l&rsquo;ablation des glandes sudoripares, veuillez consulter votre chirurgien plasticien \u00e0 D\u00fcsseldorf.<\/p>\n<\/div>\n<\/div>\n\t\t\t\t<\/div>\n\t\t\t\t\t\t\t\t\t\t<script type=\"application\/ld+json\">{\"@context\":\"https:\\\/\\\/schema.org\",\"@type\":\"FAQPage\",\"mainEntity\":[{\"@type\":\"Question\",\"name\":\"Une nouvelle transpiration peut-elle persister apr\\u00e8s l'ablation des glandes sudoripares ?\",\"acceptedAnswer\":{\"@type\":\"Answer\",\"text\":\"<p>Les <strong>glandes sudoripares<\\\/strong> sont tr\\u00e8s r\\u00e9sistantes. M\\u00eame apr\\u00e8s une aspiration agressive des glandes sudoripares, elles peuvent se r\\u00e9g\\u00e9n\\u00e9rer et entra\\u00eener une nouvelle transpiration des aisselles. L&rsquo;objectif du traitement ne peut gu\\u00e8re \\u00eatre d&rsquo;ass\\u00e9cher compl\\u00e8tement les aisselles. Il s&rsquo;agit plut\\u00f4t de <strong>r\\u00e9duire<\\\/strong> consid\\u00e9rablement la transpiration des aisselles.   <\\\/p>\\n<p>Si l&rsquo;aspiration des glandes sudoripares n&rsquo;a pas \\u00e9t\\u00e9 effectu\\u00e9e avec suffisamment de v\\u00e9h\\u00e9mence et que la transpiration des aisselles est encore nettement plus importante, l&rsquo;<strong>op\\u00e9ration<\\\/strong> peut <strong>\\u00eatre r\\u00e9p\\u00e9t\\u00e9e<\\\/strong> sans probl\\u00e8me \\u00e0 la clinique Yuveo de D\\u00fcsseldorf.<\\\/p>\\n\"}},{\"@type\":\"Question\",\"name\":\"Peut-il y avoir une diminution de la sensibilit\\u00e9 de la peau \\u00e0 l'int\\u00e9rieur du bras ?\",\"acceptedAnswer\":{\"@type\":\"Answer\",\"text\":\"<p>Bien que l&rsquo;<strong>aspiration des glandes sudoripares soit moins agressive que l&rsquo;excision des tissus<\\\/strong>, elle peut \\u00e9galement irriter les nerfs cutan\\u00e9s. La plupart du temps, c&rsquo;est un nerf qui part du thorax, traverse l&rsquo;aisselle et se dirige vers le bras qui est touch\\u00e9. <\\\/p>\\n<p>Cela peut signifier une <strong>diminution de la sensibilit\\u00e9<\\\/strong> de la face interne du bras. Elle dispara\\u00eet g\\u00e9n\\u00e9ralement en quelques jours ou quelques semaines. <\\\/p>\\n\"}},{\"@type\":\"Question\",\"name\":\"Comment s'effectue le suivi ?\",\"acceptedAnswer\":{\"@type\":\"Answer\",\"text\":\"<p>Dans l&rsquo;ensemble, la <strong>cicatrisation<\\\/strong> est <strong>plus rapide<\\\/strong> avec l&rsquo;aspiration des glandes sudoripares, car il n&rsquo;y a pas de curetage des tissus.<\\\/p>\\n<p>Apr\\u00e8s l&rsquo;aspiration des glandes sudoripares, les petites incisions sont<strong> sutur\\u00e9es de mani\\u00e8re l\\u00e2che<\\\/strong> afin de permettre \\u00e0 l&rsquo;eau de la plaie, qui s&rsquo;est accumul\\u00e9e apr\\u00e8s l&rsquo;op\\u00e9ration, de<strong> s<\\\/strong>&lsquo;\\u00e9chapper.<\\\/p>\\n<p>Un <strong>pansement compressif<\\\/strong> r\\u00e9duit le gonflement, la formation d&rsquo;h\\u00e9matomes et l&rsquo;accumulation de liquide de la plaie.<\\\/p>\\n<p>Pendant les 7 jours qui suivent l&rsquo;aspiration des glandes sudoripares, vous devez \\u00e9viter de <strong>bouger<\\\/strong> au niveau de l&rsquo;\\u00e9paule et d&rsquo;\\u00e9carter les bras afin d&rsquo;assurer une meilleure cicatrisation. Ensuite, vous pouvez commencer \\u00e0 faire des exercices de mouvement prudents. <\\\/p>\\n\"}},{\"@type\":\"Question\",\"name\":\"Quels sont les co\\u00fbts ?\",\"acceptedAnswer\":{\"@type\":\"Answer\",\"text\":\"<div class=\\\"inhalt\\\">\\n<p><img class=\\\"size-medium wp-image-17849 alignright\\\" src=\\\"https:\\\/\\\/www.yuveo.de\\\/wp-content\\\/uploads\\\/2021\\\/03\\\/kosten-plastische-chirurgie-300x200.jpg\\\" alt=\\\"Co\\u00fbts\\\" width=\\\"300\\\" height=\\\"200\\\">Nous vous donnons ici un aper\\u00e7u des <strong>facteurs de co\\u00fbts<\\\/strong>:<\\\/p>\\n<ul>\\n<li>OP<\\\/li>\\n<li>Sommeil cr\\u00e9pusculaire<\\\/li>\\n<li>Anesth\\u00e9sie g\\u00e9n\\u00e9rale<\\\/li>\\n<li>S\\u00e9jour en clinique<\\\/li>\\n<\\\/ul>\\n<p>Pour plus de d\\u00e9tails, consultez la rubrique <a href=\\\"https:\\\/\\\/www.yuveo.de\\\/fr\\\/op\\\/corps\\\/enlevement-des-glandes-sudoripares\\\/\\\">\\u00c9limination des glandes sudoripares<\\\/a>.<\\\/p>\\n<p>Pour des prix plus pr\\u00e9cis et plus d&rsquo;informations sur l&rsquo;ablation des glandes sudoripares, veuillez consulter votre chirurgien plasticien \\u00e0 D\\u00fcsseldorf.<\\\/p>\\n<\\\/div>\\n\"}}]}<\/script>\n\t\t\t\t\t<\/div>\n\t\t\t\t\t\t<\/div>\n\t\t\t\t<\/div>\n\t\t\t\t\t<\/div>\n\t\t<\/div>\n\t\t\t\t<div class=\"elementor-column elementor-col-50 elementor-top-column elementor-element elementor-element-47272dd5 parent-sticky\" data-id=\"47272dd5\" data-element_type=\"column\" data-e-type=\"column\">\n\t\t\t<div class=\"elementor-widget-wrap elementor-element-populated\">\n\t\t\t\t\t\t<div class=\"elementor-element elementor-element-5c16d795 elementor-widget elementor-widget-heading\" data-id=\"5c16d795\" data-element_type=\"widget\" data-e-type=\"widget\" data-widget_type=\"heading.default\">\n\t\t\t\t<div class=\"elementor-widget-container\">\n\t\t\t\t\t<h2 class=\"elementor-heading-title elementor-size-default\">V\u00e9rification des faits<\/h2>\t\t\t\t<\/div>\n\t\t\t\t<\/div>\n\t\t\t\t<div class=\"elementor-element elementor-element-43dad419 titlesticky  elementor-widget elementor-widget-text-editor\" data-id=\"43dad419\" data-element_type=\"widget\" data-e-type=\"widget\" data-widget_type=\"text-editor.default\">\n\t\t\t\t<div class=\"elementor-widget-container\">\n\t\t\t\t\t\t\t\t\t<ul><li><strong>Praticiens :<\/strong> Dr Schumann et Dr Schumann-Averkiou<\/li><li><p><strong>Dur\u00e9e du traitement :<br><\/strong> environ 60 \u00e0 90 minutes<\/p><\/li><li><strong>Anesth\u00e9sie :<br><\/strong> anesth\u00e9sie locale, anesth\u00e9sie cr\u00e9pusculaire<\/li><li><strong>S\u00e9jour en clinique :<\/strong><br>ambulatoire<\/li><li><strong>Traitement postop\u00e9ratoire :<\/strong><br>pansement compressif, limitation des mouvements pendant 7 jours apr\u00e8s l&rsquo;intervention.<\/li><li><strong>Co\u00fbt :<\/strong> sur demande<\/li><\/ul>\t\t\t\t\t\t\t\t<\/div>\n\t\t\t\t<\/div>\n\t\t\t\t\t<\/div>\n\t\t<\/div>\n\t\t\t\t\t<\/div>\n\t\t<\/section>\n\t\t\t\t<section class=\"elementor-section elementor-top-section elementor-element elementor-element-6e4f2eb7 elementor-reverse-mobile elementor-section-boxed elementor-section-height-default elementor-section-height-default\" data-id=\"6e4f2eb7\" data-element_type=\"section\" data-e-type=\"section\">\n\t\t\t\t\t\t<div class=\"elementor-container elementor-column-gap-default\">\n\t\t\t\t\t<div class=\"elementor-column elementor-col-50 elementor-top-column elementor-element elementor-element-2f4c4d9b\" data-id=\"2f4c4d9b\" data-element_type=\"column\" data-e-type=\"column\">\n\t\t\t<div class=\"elementor-widget-wrap elementor-element-populated\">\n\t\t\t\t\t\t<div class=\"elementor-element elementor-element-3726054 elementor-widget elementor-widget-heading\" data-id=\"3726054\" data-element_type=\"widget\" data-e-type=\"widget\" data-widget_type=\"heading.default\">\n\t\t\t\t<div class=\"elementor-widget-container\">\n\t\t\t\t\t<h2 class=\"elementor-heading-title elementor-size-default\">Informations et sujets connexes<\/h2>\t\t\t\t<\/div>\n\t\t\t\t<\/div>\n\t\t\t\t<div class=\"elementor-element elementor-element-1ff967de elementor-widget elementor-widget-text-editor\" data-id=\"1ff967de\" data-element_type=\"widget\" data-e-type=\"widget\" data-widget_type=\"text-editor.default\">\n\t\t\t\t<div class=\"elementor-widget-container\">\n\t\t\t\t\t\t\t\t\t<p>Les <strong>termes techniques<\/strong> importants sont expliqu\u00e9s lors de l&rsquo;<a href=\"https:\/\/www.yuveo.de\/fr\/op\/corps\/enlevement-des-glandes-sudoripares\/\">ablation des glandes sudoripares<\/a>: <a href=\"https:\/\/www.yuveo.de\/fr\/lexikon\/hyperhidrose-traitement-chirurgie\/\">hyperhidrose axillaire<\/a>, curetage et lipo-curetage, etc.<\/p><p><strong>Sujets connexes :<\/strong><\/p><ul><li><a href=\"https:\/\/www.yuveo.de\/fr\/op\/corps\/liposuccion-duesseldorf\/\">Liposuccion<\/a><\/li><li><a href=\"https:\/\/www.yuveo.de\/fr\/op\/corps\/lifting-du-bras-bras-superieur\/\">Lifting du bras<\/a><\/li><\/ul>\t\t\t\t\t\t\t\t<\/div>\n\t\t\t\t<\/div>\n\t\t\t\t\t<\/div>\n\t\t<\/div>\n\t\t\t\t<div class=\"elementor-column elementor-col-50 elementor-top-column elementor-element elementor-element-76e73eb2\" data-id=\"76e73eb2\" data-element_type=\"column\" data-e-type=\"column\">\n\t\t\t<div class=\"elementor-widget-wrap elementor-element-populated\">\n\t\t\t\t\t\t<div class=\"elementor-element elementor-element-2629d611 elementor-widget elementor-widget-image\" data-id=\"2629d611\" data-element_type=\"widget\" data-e-type=\"widget\" data-widget_type=\"image.default\">\n\t\t\t\t<div class=\"elementor-widget-container\">\n\t\t\t\t\t\t\t\t\t\t\t\t\t\t\t<img decoding=\"async\" width=\"371\" height=\"500\" src=\"https:\/\/www.yuveo.de\/wp-content\/uploads\/2021\/03\/schweissdruesenentfernung-10129w.jpg\" class=\"attachment-large size-large wp-image-40479\" alt=\"Schwei\u00dfdr\u00fcsenentfernung\" srcset=\"https:\/\/www.yuveo.de\/wp-content\/uploads\/2021\/03\/schweissdruesenentfernung-10129w.jpg 371w, https:\/\/www.yuveo.de\/wp-content\/uploads\/2021\/03\/schweissdruesenentfernung-10129w-223x300.jpg 223w\" sizes=\"(max-width: 371px) 100vw, 371px\" \/>\t\t\t\t\t\t\t\t\t\t\t\t\t\t\t<\/div>\n\t\t\t\t<\/div>\n\t\t\t\t\t<\/div>\n\t\t<\/div>\n\t\t\t\t\t<\/div>\n\t\t<\/section>\n\t\t\t\t<\/div>\n\t\t","protected":false},"excerpt":{"rendered":"<p>A la clinique Yuveo de D\u00fcsseldorf, l&rsquo;aspiration des glandes sud oripares fait partie int\u00e9grante de l&rsquo;\u00e9limination des glandes sudoripares. Notre \u00e9quipe de chirurgiens plasticiens exp\u00e9riment\u00e9s vous recommande l&rsquo;aspiration des glandes sudoripares lorsqu&rsquo;il ne s&rsquo;agit pas d&rsquo;une transpiration g\u00e9n\u00e9rale du corps due \u00e0 des causes m\u00e9dicales g\u00e9n\u00e9rales, mais d&rsquo;une transpiration accrue des aisselles(hyperhidrose axillaire). Celle-ci est [&hellip;]<\/p>\n","protected":false},"author":1,"featured_media":0,"parent":40484,"menu_order":0,"comment_status":"closed","ping_status":"closed","template":"","meta":{"_acf_changed":false,"footnotes":""},"class_list":["post-40469","page","type-page","status-publish","hentry"],"acf":[],"_links":{"self":[{"href":"https:\/\/www.yuveo.de\/fr\/wp-json\/wp\/v2\/pages\/40469","targetHints":{"allow":["GET"]}}],"collection":[{"href":"https:\/\/www.yuveo.de\/fr\/wp-json\/wp\/v2\/pages"}],"about":[{"href":"https:\/\/www.yuveo.de\/fr\/wp-json\/wp\/v2\/types\/page"}],"author":[{"embeddable":true,"href":"https:\/\/www.yuveo.de\/fr\/wp-json\/wp\/v2\/users\/1"}],"replies":[{"embeddable":true,"href":"https:\/\/www.yuveo.de\/fr\/wp-json\/wp\/v2\/comments?post=40469"}],"version-history":[{"count":10,"href":"https:\/\/www.yuveo.de\/fr\/wp-json\/wp\/v2\/pages\/40469\/revisions"}],"predecessor-version":[{"id":42912,"href":"https:\/\/www.yuveo.de\/fr\/wp-json\/wp\/v2\/pages\/40469\/revisions\/42912"}],"up":[{"embeddable":true,"href":"https:\/\/www.yuveo.de\/fr\/wp-json\/wp\/v2\/pages\/40484"}],"wp:attachment":[{"href":"https:\/\/www.yuveo.de\/fr\/wp-json\/wp\/v2\/media?parent=40469"}],"curies":[{"name":"wp","href":"https:\/\/api.w.org\/{rel}","templated":true}]}}