{"id":40212,"date":"2023-06-28T09:44:22","date_gmt":"2023-06-28T07:44:22","guid":{"rendered":"https:\/\/dev.yuveo.eu\/implants-faciaux-sur-mesure\/"},"modified":"2025-09-02T12:13:05","modified_gmt":"2025-09-02T10:13:05","slug":"implants-faciaux-sur-mesure","status":"publish","type":"page","link":"https:\/\/www.yuveo.de\/fr\/op\/tete\/implants-faciaux\/implants-faciaux-sur-mesure\/","title":{"rendered":"Implants faciaux sur mesure"},"content":{"rendered":"\t\t<div data-elementor-type=\"wp-page\" data-elementor-id=\"40212\" class=\"elementor elementor-40212 elementor-34888\" data-elementor-post-type=\"page\">\n\t\t\t\t\t\t<section class=\"elementor-section elementor-top-section elementor-element elementor-element-7be2cd0f elementor-section-boxed elementor-section-height-default elementor-section-height-default\" data-id=\"7be2cd0f\" data-element_type=\"section\" data-e-type=\"section\">\n\t\t\t\t\t\t<div class=\"elementor-container elementor-column-gap-default\">\n\t\t\t\t\t<div class=\"elementor-column elementor-col-50 elementor-top-column elementor-element elementor-element-bab1c6d\" data-id=\"bab1c6d\" data-element_type=\"column\" data-e-type=\"column\">\n\t\t\t<div class=\"elementor-widget-wrap elementor-element-populated\">\n\t\t\t\t\t\t<div class=\"elementor-element elementor-element-4f8b08a3 elementor-widget elementor-widget-text-editor\" data-id=\"4f8b08a3\" data-element_type=\"widget\" data-e-type=\"widget\" data-widget_type=\"text-editor.default\">\n\t\t\t\t<div class=\"elementor-widget-container\">\n\t\t\t\t\t\t\t\t\t<div class=\"elementor-element elementor-element-7b6ae9e9 elementor-widget elementor-widget-text-editor\" data-id=\"7b6ae9e9\" data-element_type=\"widget\" data-widget_type=\"text-editor.default\"><div class=\"elementor-widget-container\"><div class=\"elementor-text-editor elementor-clearfix\"><p>Les implants faciaux sur mesure vous offrent de nombreuses possibilit\u00e9s pour red\u00e9finir le profil et le contour de votre visage.<\/p><p>Souvent, nos patients s&rsquo;adressent \u00e0 nous parce qu&rsquo;ils souhaitent des modifications esth\u00e9tiques de leur visage, que nous pouvons tr\u00e8s bien r\u00e9aliser, entre autres, avec des implants.<\/p><p>N&rsquo;h\u00e9sitez pas \u00e0 nous contacter pour toute question !  <\/p><p>Dr Ren\u00e9 Schumann et Dr Daphnie Schumann-Averkiou<\/p><\/div><\/div><\/div>\t\t\t\t\t\t\t\t<\/div>\n\t\t\t\t<\/div>\n\t\t\t\t\t<\/div>\n\t\t<\/div>\n\t\t\t\t<div class=\"elementor-column elementor-col-50 elementor-top-column elementor-element elementor-element-bc6ccd6\" data-id=\"bc6ccd6\" data-element_type=\"column\" data-e-type=\"column\">\n\t\t\t<div class=\"elementor-widget-wrap elementor-element-populated\">\n\t\t\t\t\t\t<div class=\"elementor-element elementor-element-6b2d52b8 elementor-widget elementor-widget-table-of-contents\" data-id=\"6b2d52b8\" data-element_type=\"widget\" data-e-type=\"widget\" data-settings=\"{&quot;exclude_headings_by_selector&quot;:[],&quot;headings_by_tags&quot;:[&quot;h1&quot;,&quot;h2&quot;],&quot;marker_view&quot;:&quot;bullets&quot;,&quot;no_headings_message&quot;:&quot;No headings were found on this page.&quot;,&quot;icon&quot;:{&quot;value&quot;:&quot;fas fa-circle&quot;,&quot;library&quot;:&quot;fa-solid&quot;},&quot;min_height&quot;:{&quot;unit&quot;:&quot;px&quot;,&quot;size&quot;:&quot;&quot;,&quot;sizes&quot;:[]},&quot;min_height_tablet&quot;:{&quot;unit&quot;:&quot;px&quot;,&quot;size&quot;:&quot;&quot;,&quot;sizes&quot;:[]},&quot;min_height_mobile&quot;:{&quot;unit&quot;:&quot;px&quot;,&quot;size&quot;:&quot;&quot;,&quot;sizes&quot;:[]}}\" data-widget_type=\"table-of-contents.default\">\n\t\t\t\t<div class=\"elementor-widget-container\">\n\t\t\t\t\t\t\t\t\t<div class=\"elementor-toc__header\">\n\t\t\t\t\t\t<h4 class=\"elementor-toc__header-title\">\n\t\t\t\tContenu\t\t\t<\/h4>\n\t\t\t\t\t\t\t\t<\/div>\n\t\t\t\t<div id=\"elementor-toc__6b2d52b8\" class=\"elementor-toc__body\">\n\t\t\t<div class=\"elementor-toc__spinner-container\">\n\t\t\t\t<i class=\"elementor-toc__spinner eicon-animation-spin eicon-loading\" aria-hidden=\"true\"><\/i>\t\t\t<\/div>\n\t\t<\/div>\n\t\t\t\t\t\t<\/div>\n\t\t\t\t<\/div>\n\t\t\t\t\t<\/div>\n\t\t<\/div>\n\t\t\t\t\t<\/div>\n\t\t<\/section>\n\t\t\t\t<section class=\"elementor-section elementor-top-section elementor-element elementor-element-d724393 elementor-section-height-min-height hosec elementor-section-stretched elementor-section-boxed elementor-section-height-default elementor-section-items-middle\" data-id=\"d724393\" data-element_type=\"section\" data-e-type=\"section\" data-settings=\"{&quot;background_background&quot;:&quot;classic&quot;,&quot;stretch_section&quot;:&quot;section-stretched&quot;}\">\n\t\t\t\t\t\t<div class=\"elementor-container elementor-column-gap-default\">\n\t\t\t\t\t<div class=\"elementor-column elementor-col-50 elementor-top-column elementor-element elementor-element-3f46c4a3\" data-id=\"3f46c4a3\" data-element_type=\"column\" data-e-type=\"column\">\n\t\t\t<div class=\"elementor-widget-wrap elementor-element-populated\">\n\t\t\t\t\t\t<div class=\"elementor-element elementor-element-4475142 elementor-widget elementor-widget-heading\" data-id=\"4475142\" data-element_type=\"widget\" data-e-type=\"widget\" data-widget_type=\"heading.default\">\n\t\t\t\t<div class=\"elementor-widget-container\">\n\t\t\t\t\t<p class=\"elementor-heading-title elementor-size-default\">Clinique Yuveo<\/p>\t\t\t\t<\/div>\n\t\t\t\t<\/div>\n\t\t\t\t<div class=\"elementor-element elementor-element-2cbdfe2e elementor-widget elementor-widget-heading\" data-id=\"2cbdfe2e\" data-element_type=\"widget\" data-e-type=\"widget\" data-widget_type=\"heading.default\">\n\t\t\t\t<div class=\"elementor-widget-container\">\n\t\t\t\t\t<h2 class=\"elementor-heading-title elementor-size-default\">Particularit\u00e9s des implants faciaux sur mesure<\/h2>\t\t\t\t<\/div>\n\t\t\t\t<\/div>\n\t\t\t\t<div class=\"elementor-element elementor-element-55a6672e elementor-widget elementor-widget-text-editor\" data-id=\"55a6672e\" data-element_type=\"widget\" data-e-type=\"widget\" data-widget_type=\"text-editor.default\">\n\t\t\t\t<div class=\"elementor-widget-container\">\n\t\t\t\t\t\t\t\t\t<p>Compar\u00e9s aux implants standard, les implants faciaux sur mesure sont absolument personnalis\u00e9s et uniques.  <\/p>\t\t\t\t\t\t\t\t<\/div>\n\t\t\t\t<\/div>\n\t\t\t\t<div class=\"elementor-element elementor-element-43054a66 elementor-align-left elementor-tablet-align-left elementor-widget elementor-widget-button\" data-id=\"43054a66\" data-element_type=\"widget\" data-e-type=\"widget\" data-widget_type=\"button.default\">\n\t\t\t\t<div class=\"elementor-widget-container\">\n\t\t\t\t\t\t\t\t\t<div class=\"elementor-button-wrapper\">\n\t\t\t\t\t<a class=\"elementor-button elementor-button-link elementor-size-md\" href=\"https:\/\/www.yuveo.de\/fr\/prendre-rendez-vous\/\">\n\t\t\t\t\t\t<span class=\"elementor-button-content-wrapper\">\n\t\t\t\t\t\t<span class=\"elementor-button-icon\">\n\t\t\t\t<i aria-hidden=\"true\" class=\"fas fa-long-arrow-alt-right\"><\/i>\t\t\t<\/span>\n\t\t\t\t\t\t\t\t\t<span class=\"elementor-button-text\">Prendre rendez-vous<\/span>\n\t\t\t\t\t<\/span>\n\t\t\t\t\t<\/a>\n\t\t\t\t<\/div>\n\t\t\t\t\t\t\t\t<\/div>\n\t\t\t\t<\/div>\n\t\t\t\t\t<\/div>\n\t\t<\/div>\n\t\t\t\t<div class=\"elementor-column elementor-col-50 elementor-top-column elementor-element elementor-element-64ba397e\" data-id=\"64ba397e\" data-element_type=\"column\" data-e-type=\"column\" data-settings=\"{&quot;motion_fx_motion_fx_scrolling&quot;:&quot;yes&quot;,&quot;motion_fx_translateY_effect&quot;:&quot;yes&quot;,&quot;motion_fx_translateY_speed&quot;:{&quot;unit&quot;:&quot;px&quot;,&quot;size&quot;:&quot;1&quot;,&quot;sizes&quot;:[]},&quot;motion_fx_translateY_affectedRange&quot;:{&quot;unit&quot;:&quot;%&quot;,&quot;size&quot;:&quot;&quot;,&quot;sizes&quot;:{&quot;start&quot;:&quot;0&quot;,&quot;end&quot;:&quot;50&quot;}},&quot;motion_fx_opacity_effect&quot;:&quot;yes&quot;,&quot;motion_fx_opacity_range&quot;:{&quot;unit&quot;:&quot;%&quot;,&quot;size&quot;:&quot;&quot;,&quot;sizes&quot;:{&quot;start&quot;:&quot;0&quot;,&quot;end&quot;:&quot;30&quot;}},&quot;motion_fx_devices&quot;:[&quot;desktop&quot;,&quot;tablet&quot;],&quot;motion_fx_opacity_direction&quot;:&quot;out-in&quot;,&quot;motion_fx_opacity_level&quot;:{&quot;unit&quot;:&quot;px&quot;,&quot;size&quot;:10,&quot;sizes&quot;:[]}}\">\n\t\t\t<div class=\"elementor-widget-wrap elementor-element-populated\">\n\t\t\t\t\t\t<section class=\"elementor-section elementor-inner-section elementor-element elementor-element-18fe49cd elementor-section-boxed elementor-section-height-default elementor-section-height-default\" data-id=\"18fe49cd\" data-element_type=\"section\" data-e-type=\"section\">\n\t\t\t\t\t\t<div class=\"elementor-container elementor-column-gap-default\">\n\t\t\t\t\t<div class=\"elementor-column elementor-col-50 elementor-inner-column elementor-element elementor-element-7bce4169\" data-id=\"7bce4169\" data-element_type=\"column\" data-e-type=\"column\">\n\t\t\t<div class=\"elementor-widget-wrap elementor-element-populated\">\n\t\t\t\t\t\t<div class=\"elementor-element elementor-element-6e591770 elementor-cta--skin-cover elementor-cta--valign-middle elementor-widget elementor-widget-call-to-action\" data-id=\"6e591770\" data-element_type=\"widget\" data-e-type=\"widget\" data-widget_type=\"call-to-action.default\">\n\t\t\t\t<div class=\"elementor-widget-container\">\n\t\t\t\t\t\t\t<div class=\"elementor-cta\">\n\t\t\t\t\t<div class=\"elementor-cta__bg-wrapper\">\n\t\t\t\t<div class=\"elementor-cta__bg elementor-bg\" style=\"background-image: url();\" role=\"img\" aria-label=\"\"><\/div>\n\t\t\t\t<div class=\"elementor-cta__bg-overlay\"><\/div>\n\t\t\t<\/div>\n\t\t\t\t\t\t\t<div class=\"elementor-cta__content\">\n\t\t\t\t\n\t\t\t\t\t\t\t\t\t<h3 class=\"elementor-cta__title elementor-cta__content-item elementor-content-item\">\n\t\t\t\t\t\tImplant facial sur mesure\t\t\t\t\t<\/h3>\n\t\t\t\t\n\t\t\t\t\t\t\t\t\t<div class=\"elementor-cta__description elementor-cta__content-item elementor-content-item\">\n\t\t\t\t\t\tAjustement id\u00e9al : con\u00e7u par ordinateur et fabriqu\u00e9 \u00e0 partir de scans CT 3D, parfaitement adapt\u00e9 \u00e0 votre visage !\t\t\t\t\t<\/div>\n\t\t\t\t\n\t\t\t\t\t\t\t<\/div>\n\t\t\t\t\t\t<\/div>\n\t\t\t\t\t\t<\/div>\n\t\t\t\t<\/div>\n\t\t\t\t\t<\/div>\n\t\t<\/div>\n\t\t\t\t<div class=\"elementor-column elementor-col-50 elementor-inner-column elementor-element elementor-element-21eaaafb\" data-id=\"21eaaafb\" data-element_type=\"column\" data-e-type=\"column\">\n\t\t\t<div class=\"elementor-widget-wrap elementor-element-populated\">\n\t\t\t\t\t\t<div class=\"elementor-element elementor-element-41ccdbf7 elementor-cta--skin-cover elementor-cta--valign-middle elementor-widget elementor-widget-call-to-action\" data-id=\"41ccdbf7\" data-element_type=\"widget\" data-e-type=\"widget\" data-widget_type=\"call-to-action.default\">\n\t\t\t\t<div class=\"elementor-widget-container\">\n\t\t\t\t\t\t\t<div class=\"elementor-cta\">\n\t\t\t\t\t<div class=\"elementor-cta__bg-wrapper\">\n\t\t\t\t<div class=\"elementor-cta__bg elementor-bg\" style=\"background-image: url();\" role=\"img\" aria-label=\"\"><\/div>\n\t\t\t\t<div class=\"elementor-cta__bg-overlay\"><\/div>\n\t\t\t<\/div>\n\t\t\t\t\t\t\t<div class=\"elementor-cta__content\">\n\t\t\t\t\n\t\t\t\t\t\t\t\t\t<h3 class=\"elementor-cta__title elementor-cta__content-item elementor-content-item\">\n\t\t\t\t\t\tEsth\u00e9tique du visage\t\t\t\t\t<\/h3>\n\t\t\t\t\n\t\t\t\t\t\t\t\t\t<div class=\"elementor-cta__description elementor-cta__content-item elementor-content-item\">\n\t\t\t\t\t\tNous obtenons les meilleurs r\u00e9sultats possibles pour l'esth\u00e9tique de votre visage gr\u00e2ce \u00e0 un ajustement parfait avec d'innombrables variantes de conception.\t\t\t\t\t<\/div>\n\t\t\t\t\n\t\t\t\t\t\t\t<\/div>\n\t\t\t\t\t\t<\/div>\n\t\t\t\t\t\t<\/div>\n\t\t\t\t<\/div>\n\t\t\t\t\t<\/div>\n\t\t<\/div>\n\t\t\t\t\t<\/div>\n\t\t<\/section>\n\t\t\t\t<section class=\"elementor-section elementor-inner-section elementor-element elementor-element-f79b3ef elementor-section-boxed elementor-section-height-default elementor-section-height-default\" data-id=\"f79b3ef\" data-element_type=\"section\" data-e-type=\"section\">\n\t\t\t\t\t\t<div class=\"elementor-container elementor-column-gap-default\">\n\t\t\t\t\t<div class=\"elementor-column elementor-col-50 elementor-inner-column elementor-element elementor-element-705837a7\" data-id=\"705837a7\" data-element_type=\"column\" data-e-type=\"column\">\n\t\t\t<div class=\"elementor-widget-wrap elementor-element-populated\">\n\t\t\t\t\t\t<div class=\"elementor-element elementor-element-2466a2ba elementor-cta--skin-cover elementor-cta--valign-middle elementor-widget elementor-widget-call-to-action\" data-id=\"2466a2ba\" data-element_type=\"widget\" data-e-type=\"widget\" data-widget_type=\"call-to-action.default\">\n\t\t\t\t<div class=\"elementor-widget-container\">\n\t\t\t\t\t\t\t<div class=\"elementor-cta\">\n\t\t\t\t\t<div class=\"elementor-cta__bg-wrapper\">\n\t\t\t\t<div class=\"elementor-cta__bg elementor-bg\" style=\"background-image: url();\" role=\"img\" aria-label=\"\"><\/div>\n\t\t\t\t<div class=\"elementor-cta__bg-overlay\"><\/div>\n\t\t\t<\/div>\n\t\t\t\t\t\t\t<div class=\"elementor-cta__content\">\n\t\t\t\t\n\t\t\t\t\t\t\t\t\t<h3 class=\"elementor-cta__title elementor-cta__content-item elementor-content-item\">\n\t\t\t\t\t\tReconstruction faciale apr\u00e8s chirurgie\t\t\t\t\t<\/h3>\n\t\t\t\t\n\t\t\t\t\t\t\t\t\t<div class=\"elementor-cta__description elementor-cta__content-item elementor-content-item\">\n\t\t\t\t\t\tHarmonisation du contour du visage apr\u00e8s une op\u00e9ration (de chirurgie maxillo-faciale)  \t\t\t\t\t<\/div>\n\t\t\t\t\n\t\t\t\t\t\t\t<\/div>\n\t\t\t\t\t\t<\/div>\n\t\t\t\t\t\t<\/div>\n\t\t\t\t<\/div>\n\t\t\t\t\t<\/div>\n\t\t<\/div>\n\t\t\t\t<div class=\"elementor-column elementor-col-50 elementor-inner-column elementor-element elementor-element-53abfa96\" data-id=\"53abfa96\" data-element_type=\"column\" data-e-type=\"column\">\n\t\t\t<div class=\"elementor-widget-wrap elementor-element-populated\">\n\t\t\t\t\t\t<div class=\"elementor-element elementor-element-70d64cd7 elementor-cta--skin-cover elementor-cta--valign-middle elementor-widget elementor-widget-call-to-action\" data-id=\"70d64cd7\" data-element_type=\"widget\" data-e-type=\"widget\" data-widget_type=\"call-to-action.default\">\n\t\t\t\t<div class=\"elementor-widget-container\">\n\t\t\t\t\t\t\t<a class=\"elementor-cta\" href=\"#\">\n\t\t\t\t\t<div class=\"elementor-cta__bg-wrapper\">\n\t\t\t\t<div class=\"elementor-cta__bg elementor-bg\" style=\"background-image: url();\" role=\"img\" aria-label=\"\"><\/div>\n\t\t\t\t<div class=\"elementor-cta__bg-overlay\"><\/div>\n\t\t\t<\/div>\n\t\t\t\t\t\t\t<div class=\"elementor-cta__content\">\n\t\t\t\t\n\t\t\t\t\t\t\t\t\t<h3 class=\"elementor-cta__title elementor-cta__content-item elementor-content-item\">\n\t\t\t\t\t\tFabrication assist\u00e9e par scanner\t\t\t\t\t<\/h3>\n\t\t\t\t\n\t\t\t\t\t\t\t\t\t<div class=\"elementor-cta__description elementor-cta__content-item elementor-content-item\">\n\t\t\t\t\t\tPlanification et ex\u00e9cution exactes de l'op\u00e9ration gr\u00e2ce aux scans CT 3D\t\t\t\t\t<\/div>\n\t\t\t\t\n\t\t\t\t\t\t\t<\/div>\n\t\t\t\t\t\t<\/a>\n\t\t\t\t\t\t<\/div>\n\t\t\t\t<\/div>\n\t\t\t\t\t<\/div>\n\t\t<\/div>\n\t\t\t\t\t<\/div>\n\t\t<\/section>\n\t\t\t\t\t<\/div>\n\t\t<\/div>\n\t\t\t\t\t<\/div>\n\t\t<\/section>\n\t\t\t\t<section class=\"elementor-section elementor-top-section elementor-element elementor-element-741a1692 elementor-section-boxed elementor-section-height-default elementor-section-height-default\" data-id=\"741a1692\" data-element_type=\"section\" data-e-type=\"section\">\n\t\t\t\t\t\t<div class=\"elementor-container elementor-column-gap-default\">\n\t\t\t\t\t<div class=\"elementor-column elementor-col-50 elementor-top-column elementor-element elementor-element-37f2b069\" data-id=\"37f2b069\" data-element_type=\"column\" data-e-type=\"column\">\n\t\t\t<div class=\"elementor-widget-wrap elementor-element-populated\">\n\t\t\t\t\t\t<div class=\"elementor-element elementor-element-77646641 elementor-widget elementor-widget-heading\" data-id=\"77646641\" data-element_type=\"widget\" data-e-type=\"widget\" data-widget_type=\"heading.default\">\n\t\t\t\t<div class=\"elementor-widget-container\">\n\t\t\t\t\t<h2 class=\"elementor-heading-title elementor-size-default\">Les implants faciaux - uniques, faits pour vous !<\/h2>\t\t\t\t<\/div>\n\t\t\t\t<\/div>\n\t\t\t\t<div class=\"elementor-element elementor-element-261ca1af elementor-widget elementor-widget-text-editor\" data-id=\"261ca1af\" data-element_type=\"widget\" data-e-type=\"widget\" data-widget_type=\"text-editor.default\">\n\t\t\t\t<div class=\"elementor-widget-container\">\n\t\t\t\t\t\t\t\t\t<p>Dans le cadre d&rsquo;une <strong>consultation<\/strong> personnelle, nous r\u00e9pondons tr\u00e8s volontiers \u00e0 vos souhaits concernant la modification du visage envisag\u00e9e.<\/p><p>Dans le cadre du <strong>diagnostic<\/strong>, des scanners 3D de votre squelette facial sont utilis\u00e9s pour l&rsquo;imagerie.<\/p><p>Elles nous donnent un aper\u00e7u exact de votre anatomie faciale et constituent une base pr\u00e9cieuse pour la planification ult\u00e9rieure.<\/p><p><strong>Des mod\u00e8les virtuels d&rsquo;implants<\/strong> sont con\u00e7us sur la base des scans, puis convertis en mod\u00e8les physiques. Ceux-ci poss\u00e8dent une forme unique qui s&rsquo;adapte merveilleusement \u00e0 la forme de votre visage. <\/p><p>Nous vous permettons \u00e9galement de planifier pr\u00e9cis\u00e9ment une intervention chirurgicale \u00e0 l&rsquo;avance gr\u00e2ce aux scanners 3D.<\/p>\t\t\t\t\t\t\t\t<\/div>\n\t\t\t\t<\/div>\n\t\t\t\t\t<\/div>\n\t\t<\/div>\n\t\t\t\t<div class=\"elementor-column elementor-col-50 elementor-top-column elementor-element elementor-element-1483426c parent-sticky\" data-id=\"1483426c\" data-element_type=\"column\" data-e-type=\"column\">\n\t\t\t<div class=\"elementor-widget-wrap elementor-element-populated\">\n\t\t\t\t\t\t<div class=\"elementor-element elementor-element-40737358 titlesticky  elementor-widget elementor-widget-image\" data-id=\"40737358\" data-element_type=\"widget\" data-e-type=\"widget\" data-widget_type=\"image.default\">\n\t\t\t\t<div class=\"elementor-widget-container\">\n\t\t\t\t\t\t\t\t\t\t\t\t<figure class=\"wp-caption\">\n\t\t\t\t\t\t\t\t\t\t<img fetchpriority=\"high\" decoding=\"async\" width=\"600\" height=\"384\" src=\"https:\/\/www.yuveo.de\/wp-content\/uploads\/2022\/06\/schlaefenimplantat-RS-600px.jpg\" class=\"attachment-large size-large wp-image-40239\" alt=\"Schl\u00e4fenimplantat\" srcset=\"https:\/\/www.yuveo.de\/wp-content\/uploads\/2022\/06\/schlaefenimplantat-RS-600px.jpg 600w, https:\/\/www.yuveo.de\/wp-content\/uploads\/2022\/06\/schlaefenimplantat-RS-600px-300x192.jpg 300w\" sizes=\"(max-width: 600px) 100vw, 600px\" \/>\t\t\t\t\t\t\t\t\t\t\t<figcaption class=\"widget-image-caption wp-caption-text\">Implant temporal<\/figcaption>\n\t\t\t\t\t\t\t\t\t\t<\/figure>\n\t\t\t\t\t\t\t\t\t<\/div>\n\t\t\t\t<\/div>\n\t\t\t\t\t<\/div>\n\t\t<\/div>\n\t\t\t\t\t<\/div>\n\t\t<\/section>\n\t\t\t\t<section class=\"elementor-section elementor-top-section elementor-element elementor-element-306375ef elementor-section-boxed elementor-section-height-default elementor-section-height-default\" data-id=\"306375ef\" data-element_type=\"section\" data-e-type=\"section\">\n\t\t\t\t\t\t<div class=\"elementor-container elementor-column-gap-default\">\n\t\t\t\t\t<div class=\"elementor-column elementor-col-50 elementor-top-column elementor-element elementor-element-5b46c142\" data-id=\"5b46c142\" data-element_type=\"column\" data-e-type=\"column\">\n\t\t\t<div class=\"elementor-widget-wrap elementor-element-populated\">\n\t\t\t\t\t\t<div class=\"elementor-element elementor-element-3ad030e2 elementor-widget elementor-widget-heading\" data-id=\"3ad030e2\" data-element_type=\"widget\" data-e-type=\"widget\" data-widget_type=\"heading.default\">\n\t\t\t\t<div class=\"elementor-widget-container\">\n\t\t\t\t\t<h2 class=\"elementor-heading-title elementor-size-default\">Questions fr\u00e9quentes sur ces implants faciaux sp\u00e9ciaux<\/h2>\t\t\t\t<\/div>\n\t\t\t\t<\/div>\n\t\t\t\t<div class=\"elementor-element elementor-element-75a50505 elementor-widget elementor-widget-accordion\" data-id=\"75a50505\" data-element_type=\"widget\" data-e-type=\"widget\" data-widget_type=\"accordion.default\">\n\t\t\t\t<div class=\"elementor-widget-container\">\n\t\t\t\t\t\t\t<div class=\"elementor-accordion\">\n\t\t\t\t\t\t\t<div class=\"elementor-accordion-item\">\n\t\t\t\t\t<h3 id=\"elementor-tab-title-1971\" class=\"elementor-tab-title\" data-tab=\"1\" role=\"button\" aria-controls=\"elementor-tab-content-1971\" aria-expanded=\"false\">\n\t\t\t\t\t\t\t\t\t\t\t\t\t<span class=\"elementor-accordion-icon elementor-accordion-icon-left\" aria-hidden=\"true\">\n\t\t\t\t\t\t\t\t\t\t\t\t\t\t\t<span class=\"elementor-accordion-icon-closed\"><i class=\"fas fa-plus\"><\/i><\/span>\n\t\t\t\t\t\t\t\t<span class=\"elementor-accordion-icon-opened\"><i class=\"fas fa-minus\"><\/i><\/span>\n\t\t\t\t\t\t\t\t\t\t\t\t\t\t<\/span>\n\t\t\t\t\t\t\t\t\t\t\t\t<a class=\"elementor-accordion-title\" tabindex=\"0\">Comment les implants sont-ils fabriqu\u00e9s ?<\/a>\n\t\t\t\t\t<\/h3>\n\t\t\t\t\t<div id=\"elementor-tab-content-1971\" class=\"elementor-tab-content elementor-clearfix\" data-tab=\"1\" role=\"region\" aria-labelledby=\"elementor-tab-title-1971\"><p>Ces implants faciaux sp\u00e9cialement adapt\u00e9s et personnalis\u00e9s sont fabriqu\u00e9s par CAD-CAM sur la base des scanners 3D. Ils sont fabriqu\u00e9s en silicone dur. <\/p><\/p>\n<\/div>\n\t\t\t\t<\/div>\n\t\t\t\t\t\t\t<div class=\"elementor-accordion-item\">\n\t\t\t\t\t<h3 id=\"elementor-tab-title-1972\" class=\"elementor-tab-title\" data-tab=\"2\" role=\"button\" aria-controls=\"elementor-tab-content-1972\" aria-expanded=\"false\">\n\t\t\t\t\t\t\t\t\t\t\t\t\t<span class=\"elementor-accordion-icon elementor-accordion-icon-left\" aria-hidden=\"true\">\n\t\t\t\t\t\t\t\t\t\t\t\t\t\t\t<span class=\"elementor-accordion-icon-closed\"><i class=\"fas fa-plus\"><\/i><\/span>\n\t\t\t\t\t\t\t\t<span class=\"elementor-accordion-icon-opened\"><i class=\"fas fa-minus\"><\/i><\/span>\n\t\t\t\t\t\t\t\t\t\t\t\t\t\t<\/span>\n\t\t\t\t\t\t\t\t\t\t\t\t<a class=\"elementor-accordion-title\" tabindex=\"0\">Est-ce que cela permet de compenser les asym\u00e9tries du visage ?<\/a>\n\t\t\t\t\t<\/h3>\n\t\t\t\t\t<div id=\"elementor-tab-content-1972\" class=\"elementor-tab-content elementor-clearfix\" data-tab=\"2\" role=\"region\" aria-labelledby=\"elementor-tab-title-1972\"><p>Nous recevons des patients qui pr\u00e9sentent des asym\u00e9tries faciales et qui souhaitent les corriger.<\/p>\n<p>Nous pouvons, entre autres, utiliser des implants pour mieux d\u00e9finir un menton sous-d\u00e9velopp\u00e9 ou pour faire ressortir les pommettes.  <\/p>\n<\/div>\n\t\t\t\t<\/div>\n\t\t\t\t\t\t\t<div class=\"elementor-accordion-item\">\n\t\t\t\t\t<h3 id=\"elementor-tab-title-1973\" class=\"elementor-tab-title\" data-tab=\"3\" role=\"button\" aria-controls=\"elementor-tab-content-1973\" aria-expanded=\"false\">\n\t\t\t\t\t\t\t\t\t\t\t\t\t<span class=\"elementor-accordion-icon elementor-accordion-icon-left\" aria-hidden=\"true\">\n\t\t\t\t\t\t\t\t\t\t\t\t\t\t\t<span class=\"elementor-accordion-icon-closed\"><i class=\"fas fa-plus\"><\/i><\/span>\n\t\t\t\t\t\t\t\t<span class=\"elementor-accordion-icon-opened\"><i class=\"fas fa-minus\"><\/i><\/span>\n\t\t\t\t\t\t\t\t\t\t\t\t\t\t<\/span>\n\t\t\t\t\t\t\t\t\t\t\t\t<a class=\"elementor-accordion-title\" tabindex=\"0\">L'augmentation des implants peut-elle \u00eatre utile apr\u00e8s une chirurgie de r\u00e9adaptation de la m\u00e2choire ?<\/a>\n\t\t\t\t\t<\/h3>\n\t\t\t\t\t<div id=\"elementor-tab-content-1973\" class=\"elementor-tab-content elementor-clearfix\" data-tab=\"3\" role=\"region\" aria-labelledby=\"elementor-tab-title-1973\"><p>Oui, nous pouvons obtenir ici de tr\u00e8s beaux r\u00e9sultats pour les patients qui pr\u00e9sentent des irr\u00e9gularit\u00e9s marqu\u00e9es de leur contour facial apr\u00e8s des op\u00e9rations de r\u00e9orientation de la m\u00e2choire.<\/p>\n<p>Les implants CAD\/CAM apportent un \u00e9quilibre esth\u00e9tique apr\u00e8s les op\u00e9rations de conversion.<\/p>\n<p>Le r\u00e9sultat est une harmonisation des structures du visage qui vous convient \u00e0 merveille.<\/p>\n<\/div>\n\t\t\t\t<\/div>\n\t\t\t\t\t\t\t<div class=\"elementor-accordion-item\">\n\t\t\t\t\t<h3 id=\"elementor-tab-title-1974\" class=\"elementor-tab-title\" data-tab=\"4\" role=\"button\" aria-controls=\"elementor-tab-content-1974\" aria-expanded=\"false\">\n\t\t\t\t\t\t\t\t\t\t\t\t\t<span class=\"elementor-accordion-icon elementor-accordion-icon-left\" aria-hidden=\"true\">\n\t\t\t\t\t\t\t\t\t\t\t\t\t\t\t<span class=\"elementor-accordion-icon-closed\"><i class=\"fas fa-plus\"><\/i><\/span>\n\t\t\t\t\t\t\t\t<span class=\"elementor-accordion-icon-opened\"><i class=\"fas fa-minus\"><\/i><\/span>\n\t\t\t\t\t\t\t\t\t\t\t\t\t\t<\/span>\n\t\t\t\t\t\t\t\t\t\t\t\t<a class=\"elementor-accordion-title\" tabindex=\"0\">Une reconstruction est-elle possible apr\u00e8s une r\u00e9duction osseuse pr\u00e9alable ?<\/a>\n\t\t\t\t\t<\/h3>\n\t\t\t\t\t<div id=\"elementor-tab-content-1974\" class=\"elementor-tab-content elementor-clearfix\" data-tab=\"4\" role=\"region\" aria-labelledby=\"elementor-tab-title-1974\"><p>Nous proposons aux patients qui ont d\u00e9j\u00e0 subi une op\u00e9ration pr\u00e9c\u00e9dente de r\u00e9duction osseuse, mais qui ne sont pas satisfaits du r\u00e9sultat, une possibilit\u00e9 de reconstruction gr\u00e2ce aux implants faciaux sur mesure.<\/p>\n<\/p>\n<\/p><\/p>\n<\/div>\n\t\t\t\t<\/div>\n\t\t\t\t\t\t\t<div class=\"elementor-accordion-item\">\n\t\t\t\t\t<h3 id=\"elementor-tab-title-1975\" class=\"elementor-tab-title\" data-tab=\"5\" role=\"button\" aria-controls=\"elementor-tab-content-1975\" aria-expanded=\"false\">\n\t\t\t\t\t\t\t\t\t\t\t\t\t<span class=\"elementor-accordion-icon elementor-accordion-icon-left\" aria-hidden=\"true\">\n\t\t\t\t\t\t\t\t\t\t\t\t\t\t\t<span class=\"elementor-accordion-icon-closed\"><i class=\"fas fa-plus\"><\/i><\/span>\n\t\t\t\t\t\t\t\t<span class=\"elementor-accordion-icon-opened\"><i class=\"fas fa-minus\"><\/i><\/span>\n\t\t\t\t\t\t\t\t\t\t\t\t\t\t<\/span>\n\t\t\t\t\t\t\t\t\t\t\t\t<a class=\"elementor-accordion-title\" tabindex=\"0\">Cette intervention est-elle utile pour des raisons purement esth\u00e9tiques ?<\/a>\n\t\t\t\t\t<\/h3>\n\t\t\t\t\t<div id=\"elementor-tab-content-1975\" class=\"elementor-tab-content elementor-clearfix\" data-tab=\"5\" role=\"region\" aria-labelledby=\"elementor-tab-title-1975\"><p>Oui, m\u00eame pour des raisons purement esth\u00e9tiques, une telle intervention est tout \u00e0 fait judicieuse.<\/p>\n<p>Gr\u00e2ce aux implants CAD\/CAM, nous obtenons les changements souhait\u00e9s qui affectent votre squelette facial.<\/p>\n<p>L&rsquo;avantage ici est le r\u00e9sultat durable qui vous restera toute votre vie.<\/p>\n<p>Notre \u00e9quipe r\u00e9pond pr\u00e9cis\u00e9ment \u00e0 vos souhaits et trouve pour vous une tr\u00e8s belle solution esth\u00e9tique.<\/p>\n<\/div>\n\t\t\t\t<\/div>\n\t\t\t\t\t\t\t\t<\/div>\n\t\t\t\t\t\t<\/div>\n\t\t\t\t<\/div>\n\t\t\t\t\t<\/div>\n\t\t<\/div>\n\t\t\t\t<div class=\"elementor-column elementor-col-50 elementor-top-column elementor-element elementor-element-17433161 parent-sticky\" data-id=\"17433161\" data-element_type=\"column\" data-e-type=\"column\">\n\t\t\t<div class=\"elementor-widget-wrap elementor-element-populated\">\n\t\t\t\t\t\t<div class=\"elementor-element elementor-element-7dce0f19 elementor-widget elementor-widget-heading\" data-id=\"7dce0f19\" data-element_type=\"widget\" data-e-type=\"widget\" data-widget_type=\"heading.default\">\n\t\t\t\t<div class=\"elementor-widget-container\">\n\t\t\t\t\t<h2 class=\"elementor-heading-title elementor-size-default\">Avantages des implants faciaux planifi\u00e9s par scanner<\/h2>\t\t\t\t<\/div>\n\t\t\t\t<\/div>\n\t\t\t\t<div class=\"elementor-element elementor-element-433e0d29 titlesticky  elementor-widget elementor-widget-text-editor\" data-id=\"433e0d29\" data-element_type=\"widget\" data-e-type=\"widget\" data-widget_type=\"text-editor.default\">\n\t\t\t\t<div class=\"elementor-widget-container\">\n\t\t\t\t\t\t\t\t\t<h3>R\u00e9sultat durable<\/h3><p>Ces implants fournissent un r\u00e9sultat durablement stable et beau. Ils restent g\u00e9n\u00e9ralement \u00e0 vie dans le corps. Leur stabilit\u00e9 est assur\u00e9e par le silicone dur utilis\u00e9. Ce mat\u00e9riau est tr\u00e8s solide et r\u00e9sistant, m\u00eame en cas d&rsquo;\u00e9ventuelles blessures au visage dues \u00e0 un accident.   <\/p><h3>Planifi\u00e9 par CT et personnalis\u00e9<\/h3><p>Ces variantes sont des fabrications sp\u00e9ciales uniques &#8211; exactement adapt\u00e9es aux besoins du patient.<\/p><h3>Ne glisse pas<\/h3><p>Une fois que les implants faciaux sont implant\u00e9s sous le p\u00e9rioste, ils sont bien fix\u00e9s et ne bougent pas.<\/p>\t\t\t\t\t\t\t\t<\/div>\n\t\t\t\t<\/div>\n\t\t\t\t\t<\/div>\n\t\t<\/div>\n\t\t\t\t\t<\/div>\n\t\t<\/section>\n\t\t\t\t<section class=\"elementor-section elementor-top-section elementor-element elementor-element-6649851c elementor-reverse-mobile elementor-section-boxed elementor-section-height-default elementor-section-height-default\" data-id=\"6649851c\" data-element_type=\"section\" data-e-type=\"section\">\n\t\t\t\t\t\t<div class=\"elementor-container elementor-column-gap-default\">\n\t\t\t\t\t<div class=\"elementor-column elementor-col-50 elementor-top-column elementor-element elementor-element-5c3f5cbb\" data-id=\"5c3f5cbb\" data-element_type=\"column\" data-e-type=\"column\">\n\t\t\t<div class=\"elementor-widget-wrap elementor-element-populated\">\n\t\t\t\t\t\t<div class=\"elementor-element elementor-element-308955cb elementor-widget elementor-widget-heading\" data-id=\"308955cb\" data-element_type=\"widget\" data-e-type=\"widget\" data-widget_type=\"heading.default\">\n\t\t\t\t<div class=\"elementor-widget-container\">\n\t\t\t\t\t<h2 class=\"elementor-heading-title elementor-size-default\">Sujets connexes  <\/h2>\t\t\t\t<\/div>\n\t\t\t\t<\/div>\n\t\t\t\t<div class=\"elementor-element elementor-element-359ea elementor-widget elementor-widget-text-editor\" data-id=\"359ea\" data-element_type=\"widget\" data-e-type=\"widget\" data-widget_type=\"text-editor.default\">\n\t\t\t\t<div class=\"elementor-widget-container\">\n\t\t\t\t\t\t\t\t\t<p>Nous vous donnons ici d&rsquo;autres indications sur les proc\u00e9dures esth\u00e9tiques et plastiques pour le visage :<\/p><ul><li><a href=\"https:\/\/www.yuveo.de\/fr\/op\/tete\/lifting-du-visage-duesseldorf\/\">Lifting du visage<\/a><\/li><li><a href=\"https:\/\/www.yuveo.de\/fr\/op\/tete\/mini-lifting\/\">Mini lifting<\/a><\/li><li><a href=\"https:\/\/www.yuveo.de\/fr\/op\/tete\/correction-de-profil\/\">Correction de profil<\/a><\/li><li><a href=\"https:\/\/www.yuveo.de\/fr\/lexikon\/double-menton\/\">Aspiration du double menton<\/a><\/li><li><a href=\"https:\/\/www.yuveo.de\/fr\/lexikon\/liposuccion-du-visage-et-des-joues\/\">Liposuccion du visage et de la joue<\/a><\/li><li><a href=\"https:\/\/www.yuveo.de\/fr\/op\/tete\/correction-des-joues\/\">Correction des joues<\/a><\/li><li><a href=\"https:\/\/www.yuveo.de\/fr\/op\/tete\/implants-faciaux\/correction-des-tempes-avec-des-implants\/\">Correction des tempes avec des implants<\/a><\/li><li><a href=\"https:\/\/www.yuveo.de\/fr\/op\/tete\/lifting-du-front\/\">Lifting du front<\/a><\/li><li><a href=\"https:\/\/www.yuveo.de\/fr\/lexikon\/augmentation-du-menton-et-implants-mentonniers-chirurgie-esthetique-duesseldorf\/\">Augmentation du menton avec des implants<\/a><\/li><li><a href=\"https:\/\/www.yuveo.de\/fr\/op\/tete\/correction-du-menton\/operation-jawline-avec-implants-dangle-mandibulaire\/\">Op\u00e9ration Jawline<\/a><\/li><li><a href=\"https:\/\/www.yuveo.de\/fr\/op\/tete\/correction-du-menton\/operation-jawline-avec-implants-dangle-mandibulaire\/\">Implant angulaire mandibulaire<\/a><\/li><li><a href=\"https:\/\/www.yuveo.de\/fr\/op\/tete\/correction-du-menton\/contouring-jawline\/\">Contouring Jawline<\/a><\/li><\/ul>\t\t\t\t\t\t\t\t<\/div>\n\t\t\t\t<\/div>\n\t\t\t\t\t<\/div>\n\t\t<\/div>\n\t\t\t\t<div class=\"elementor-column elementor-col-50 elementor-top-column elementor-element elementor-element-82c1ee\" data-id=\"82c1ee\" data-element_type=\"column\" data-e-type=\"column\">\n\t\t\t<div class=\"elementor-widget-wrap elementor-element-populated\">\n\t\t\t\t\t\t<div class=\"elementor-element elementor-element-661bc8d5 elementor-widget elementor-widget-image\" data-id=\"661bc8d5\" data-element_type=\"widget\" data-e-type=\"widget\" data-widget_type=\"image.default\">\n\t\t\t\t<div class=\"elementor-widget-container\">\n\t\t\t\t\t\t\t\t\t\t\t\t<figure class=\"wp-caption\">\n\t\t\t\t\t\t\t\t\t\t<img decoding=\"async\" width=\"600\" height=\"488\" src=\"https:\/\/www.yuveo.de\/wp-content\/uploads\/2022\/06\/kieferwinkelimplantat-RS-600px-w.jpg\" class=\"attachment-large size-large wp-image-40220\" alt=\"yuveo\" srcset=\"https:\/\/www.yuveo.de\/wp-content\/uploads\/2022\/06\/kieferwinkelimplantat-RS-600px-w.jpg 600w, https:\/\/www.yuveo.de\/wp-content\/uploads\/2022\/06\/kieferwinkelimplantat-RS-600px-w-300x244.jpg 300w\" sizes=\"(max-width: 600px) 100vw, 600px\">\t\t\t\t\t\t\t\t\t\t\t<figcaption class=\"widget-image-caption wp-caption-text\">Implant d'angle mandibulaire<\/figcaption>\n\t\t\t\t\t\t\t\t\t\t<\/figure>\n\t\t\t\t\t\t\t\t\t<\/div>\n\t\t\t\t<\/div>\n\t\t\t\t\t<\/div>\n\t\t<\/div>\n\t\t\t\t\t<\/div>\n\t\t<\/section>\n\t\t\t\t<\/div>\n\t\t","protected":false},"excerpt":{"rendered":"<p>Les implants faciaux sur mesure vous offrent de nombreuses possibilit\u00e9s pour red\u00e9finir le profil et le contour de votre visage. Souvent, nos patients s&rsquo;adressent \u00e0 nous parce qu&rsquo;ils souhaitent des modifications esth\u00e9tiques de leur visage, que nous pouvons tr\u00e8s bien r\u00e9aliser, entre autres, avec des implants. N&rsquo;h\u00e9sitez pas \u00e0 nous contacter pour toute question ! [&hellip;]<\/p>\n","protected":false},"author":1,"featured_media":0,"parent":40585,"menu_order":0,"comment_status":"closed","ping_status":"closed","template":"","meta":{"_acf_changed":false,"footnotes":""},"class_list":["post-40212","page","type-page","status-publish","hentry"],"acf":[],"_links":{"self":[{"href":"https:\/\/www.yuveo.de\/fr\/wp-json\/wp\/v2\/pages\/40212","targetHints":{"allow":["GET"]}}],"collection":[{"href":"https:\/\/www.yuveo.de\/fr\/wp-json\/wp\/v2\/pages"}],"about":[{"href":"https:\/\/www.yuveo.de\/fr\/wp-json\/wp\/v2\/types\/page"}],"author":[{"embeddable":true,"href":"https:\/\/www.yuveo.de\/fr\/wp-json\/wp\/v2\/users\/1"}],"replies":[{"embeddable":true,"href":"https:\/\/www.yuveo.de\/fr\/wp-json\/wp\/v2\/comments?post=40212"}],"version-history":[{"count":6,"href":"https:\/\/www.yuveo.de\/fr\/wp-json\/wp\/v2\/pages\/40212\/revisions"}],"predecessor-version":[{"id":42982,"href":"https:\/\/www.yuveo.de\/fr\/wp-json\/wp\/v2\/pages\/40212\/revisions\/42982"}],"up":[{"embeddable":true,"href":"https:\/\/www.yuveo.de\/fr\/wp-json\/wp\/v2\/pages\/40585"}],"wp:attachment":[{"href":"https:\/\/www.yuveo.de\/fr\/wp-json\/wp\/v2\/media?parent=40212"}],"curies":[{"name":"wp","href":"https:\/\/api.w.org\/{rel}","templated":true}]}}