{"id":40184,"date":"2022-09-29T12:28:02","date_gmt":"2022-09-29T10:28:02","guid":{"rendered":"https:\/\/dev.yuveo.eu\/implants-frontaux\/"},"modified":"2025-09-02T10:17:36","modified_gmt":"2025-09-02T08:17:36","slug":"implants-frontaux","status":"publish","type":"page","link":"https:\/\/www.yuveo.de\/fr\/op\/tete\/implants-faciaux\/implants-frontaux\/","title":{"rendered":"Implants frontaux"},"content":{"rendered":"\t\t<div data-elementor-type=\"wp-page\" data-elementor-id=\"40184\" class=\"elementor elementor-40184 elementor-34273\" data-elementor-post-type=\"page\">\n\t\t\t\t\t\t<section class=\"elementor-section elementor-top-section elementor-element elementor-element-21690fa elementor-section-boxed elementor-section-height-default elementor-section-height-default\" data-id=\"21690fa\" data-element_type=\"section\" data-e-type=\"section\">\n\t\t\t\t\t\t<div class=\"elementor-container elementor-column-gap-default\">\n\t\t\t\t\t<div class=\"elementor-column elementor-col-50 elementor-top-column elementor-element elementor-element-384e1e49\" data-id=\"384e1e49\" data-element_type=\"column\" data-e-type=\"column\">\n\t\t\t<div class=\"elementor-widget-wrap elementor-element-populated\">\n\t\t\t\t\t\t<div class=\"elementor-element elementor-element-1a522b64 elementor-widget elementor-widget-text-editor\" data-id=\"1a522b64\" data-element_type=\"widget\" data-e-type=\"widget\" data-widget_type=\"text-editor.default\">\n\t\t\t\t<div class=\"elementor-widget-container\">\n\t\t\t\t\t\t\t\t\t<div class=\"elementor-element elementor-element-7b6ae9e9 elementor-widget elementor-widget-text-editor\" data-id=\"7b6ae9e9\" data-element_type=\"widget\" data-widget_type=\"text-editor.default\"><div class=\"elementor-widget-container\"><div class=\"elementor-text-editor elementor-clearfix\"><p>Les implants frontaux sont b\u00e9n\u00e9fiques pour les personnes ayant ce que l&rsquo;on appelle un \u00ab\u00a0front fuyant\u00a0\u00bb, qui essaient g\u00e9n\u00e9ralement de couvrir leur front avec leurs cheveux. La plupart du temps, l&rsquo;insatisfaction vis-\u00e0-vis de l&rsquo;esth\u00e9tique du visage persiste. En g\u00e9n\u00e9ral, la personne \u00e9vite de se faire photographier parce que c&rsquo;est d\u00e9sagr\u00e9able.  <\/p><p>De plus, chez les hommes, les sourcils sont parfois tr\u00e8s prononc\u00e9s et forment des bourrelets. Un implant frontal peut alors contribuer \u00e0 harmoniser cette zone. <\/p><p>Chaque personne est unique, c&rsquo;est pourquoi les implants frontaux en plastique sont planifi\u00e9s et fabriqu\u00e9s individuellement pour vous par nos chirurgiens plasticiens \u00e0 D\u00fcsseldorf.<\/p><\/div><\/div><\/div>\t\t\t\t\t\t\t\t<\/div>\n\t\t\t\t<\/div>\n\t\t\t\t\t<\/div>\n\t\t<\/div>\n\t\t\t\t<div class=\"elementor-column elementor-col-50 elementor-top-column elementor-element elementor-element-6d7e48fd\" data-id=\"6d7e48fd\" data-element_type=\"column\" data-e-type=\"column\">\n\t\t\t<div class=\"elementor-widget-wrap elementor-element-populated\">\n\t\t\t\t\t\t<div class=\"elementor-element elementor-element-2409937d elementor-widget elementor-widget-table-of-contents\" data-id=\"2409937d\" data-element_type=\"widget\" data-e-type=\"widget\" data-settings=\"{&quot;exclude_headings_by_selector&quot;:[],&quot;headings_by_tags&quot;:[&quot;h1&quot;,&quot;h2&quot;],&quot;marker_view&quot;:&quot;bullets&quot;,&quot;no_headings_message&quot;:&quot;No headings were found on this page.&quot;,&quot;icon&quot;:{&quot;value&quot;:&quot;fas fa-circle&quot;,&quot;library&quot;:&quot;fa-solid&quot;},&quot;min_height&quot;:{&quot;unit&quot;:&quot;px&quot;,&quot;size&quot;:&quot;&quot;,&quot;sizes&quot;:[]},&quot;min_height_tablet&quot;:{&quot;unit&quot;:&quot;px&quot;,&quot;size&quot;:&quot;&quot;,&quot;sizes&quot;:[]},&quot;min_height_mobile&quot;:{&quot;unit&quot;:&quot;px&quot;,&quot;size&quot;:&quot;&quot;,&quot;sizes&quot;:[]}}\" data-widget_type=\"table-of-contents.default\">\n\t\t\t\t<div class=\"elementor-widget-container\">\n\t\t\t\t\t\t\t\t\t<div class=\"elementor-toc__header\">\n\t\t\t\t\t\t<h4 class=\"elementor-toc__header-title\">\n\t\t\t\tContenu\t\t\t<\/h4>\n\t\t\t\t\t\t\t\t<\/div>\n\t\t\t\t<div id=\"elementor-toc__2409937d\" class=\"elementor-toc__body\">\n\t\t\t<div class=\"elementor-toc__spinner-container\">\n\t\t\t\t<i class=\"elementor-toc__spinner eicon-animation-spin eicon-loading\" aria-hidden=\"true\"><\/i>\t\t\t<\/div>\n\t\t<\/div>\n\t\t\t\t\t\t<\/div>\n\t\t\t\t<\/div>\n\t\t\t\t\t<\/div>\n\t\t<\/div>\n\t\t\t\t\t<\/div>\n\t\t<\/section>\n\t\t\t\t<section class=\"elementor-section elementor-top-section elementor-element elementor-element-6d69a17e elementor-section-height-min-height hosec elementor-section-stretched elementor-section-boxed elementor-section-height-default elementor-section-items-middle\" data-id=\"6d69a17e\" data-element_type=\"section\" data-e-type=\"section\" data-settings=\"{&quot;background_background&quot;:&quot;classic&quot;,&quot;stretch_section&quot;:&quot;section-stretched&quot;}\">\n\t\t\t\t\t\t<div class=\"elementor-container elementor-column-gap-default\">\n\t\t\t\t\t<div class=\"elementor-column elementor-col-50 elementor-top-column elementor-element elementor-element-2fbe3db5\" data-id=\"2fbe3db5\" data-element_type=\"column\" data-e-type=\"column\">\n\t\t\t<div class=\"elementor-widget-wrap elementor-element-populated\">\n\t\t\t\t\t\t<div class=\"elementor-element elementor-element-514b7d3 elementor-widget elementor-widget-heading\" data-id=\"514b7d3\" data-element_type=\"widget\" data-e-type=\"widget\" data-widget_type=\"heading.default\">\n\t\t\t\t<div class=\"elementor-widget-container\">\n\t\t\t\t\t<p class=\"elementor-heading-title elementor-size-default\">Clinique Yuveo<\/p>\t\t\t\t<\/div>\n\t\t\t\t<\/div>\n\t\t\t\t<div class=\"elementor-element elementor-element-738149b8 elementor-widget elementor-widget-heading\" data-id=\"738149b8\" data-element_type=\"widget\" data-e-type=\"widget\" data-widget_type=\"heading.default\">\n\t\t\t\t<div class=\"elementor-widget-container\">\n\t\t\t\t\t<h2 class=\"elementor-heading-title elementor-size-default\">Particularit\u00e9s des implants frontaux<\/h2>\t\t\t\t<\/div>\n\t\t\t\t<\/div>\n\t\t\t\t<div class=\"elementor-element elementor-element-7285769e elementor-widget elementor-widget-text-editor\" data-id=\"7285769e\" data-element_type=\"widget\" data-e-type=\"widget\" data-widget_type=\"text-editor.default\">\n\t\t\t\t<div class=\"elementor-widget-container\">\n\t\t\t\t\t\t\t\t\t<p>Les implants frontaux sont fabriqu\u00e9s sur mesure afin de s&rsquo;adapter id\u00e9alement \u00e0 l&rsquo;anatomie de chaque patient.<\/p>\t\t\t\t\t\t\t\t<\/div>\n\t\t\t\t<\/div>\n\t\t\t\t<div class=\"elementor-element elementor-element-3a0d32c8 elementor-align-left elementor-tablet-align-left elementor-widget elementor-widget-button\" data-id=\"3a0d32c8\" data-element_type=\"widget\" data-e-type=\"widget\" data-widget_type=\"button.default\">\n\t\t\t\t<div class=\"elementor-widget-container\">\n\t\t\t\t\t\t\t\t\t<div class=\"elementor-button-wrapper\">\n\t\t\t\t\t<a class=\"elementor-button elementor-button-link elementor-size-md\" href=\"https:\/\/www.yuveo.de\/fr\/prendre-rendez-vous\/\">\n\t\t\t\t\t\t<span class=\"elementor-button-content-wrapper\">\n\t\t\t\t\t\t<span class=\"elementor-button-icon\">\n\t\t\t\t<i aria-hidden=\"true\" class=\"fas fa-long-arrow-alt-right\"><\/i>\t\t\t<\/span>\n\t\t\t\t\t\t\t\t\t<span class=\"elementor-button-text\">Prendre rendez-vous<\/span>\n\t\t\t\t\t<\/span>\n\t\t\t\t\t<\/a>\n\t\t\t\t<\/div>\n\t\t\t\t\t\t\t\t<\/div>\n\t\t\t\t<\/div>\n\t\t\t\t\t<\/div>\n\t\t<\/div>\n\t\t\t\t<div class=\"elementor-column elementor-col-50 elementor-top-column elementor-element elementor-element-1dc574f3\" data-id=\"1dc574f3\" data-element_type=\"column\" data-e-type=\"column\" data-settings=\"{&quot;motion_fx_motion_fx_scrolling&quot;:&quot;yes&quot;,&quot;motion_fx_translateY_effect&quot;:&quot;yes&quot;,&quot;motion_fx_translateY_speed&quot;:{&quot;unit&quot;:&quot;px&quot;,&quot;size&quot;:&quot;1&quot;,&quot;sizes&quot;:[]},&quot;motion_fx_translateY_affectedRange&quot;:{&quot;unit&quot;:&quot;%&quot;,&quot;size&quot;:&quot;&quot;,&quot;sizes&quot;:{&quot;start&quot;:&quot;0&quot;,&quot;end&quot;:&quot;50&quot;}},&quot;motion_fx_opacity_effect&quot;:&quot;yes&quot;,&quot;motion_fx_opacity_range&quot;:{&quot;unit&quot;:&quot;%&quot;,&quot;size&quot;:&quot;&quot;,&quot;sizes&quot;:{&quot;start&quot;:&quot;0&quot;,&quot;end&quot;:&quot;30&quot;}},&quot;motion_fx_devices&quot;:[&quot;desktop&quot;,&quot;tablet&quot;],&quot;motion_fx_opacity_direction&quot;:&quot;out-in&quot;,&quot;motion_fx_opacity_level&quot;:{&quot;unit&quot;:&quot;px&quot;,&quot;size&quot;:10,&quot;sizes&quot;:[]}}\">\n\t\t\t<div class=\"elementor-widget-wrap elementor-element-populated\">\n\t\t\t\t\t\t<section class=\"elementor-section elementor-inner-section elementor-element elementor-element-22cee6ed elementor-section-boxed elementor-section-height-default elementor-section-height-default\" data-id=\"22cee6ed\" data-element_type=\"section\" data-e-type=\"section\">\n\t\t\t\t\t\t<div class=\"elementor-container elementor-column-gap-default\">\n\t\t\t\t\t<div class=\"elementor-column elementor-col-50 elementor-inner-column elementor-element elementor-element-69087a98\" data-id=\"69087a98\" data-element_type=\"column\" data-e-type=\"column\">\n\t\t\t<div class=\"elementor-widget-wrap elementor-element-populated\">\n\t\t\t\t\t\t<div class=\"elementor-element elementor-element-3863e0cf elementor-cta--skin-cover elementor-cta--valign-middle elementor-widget elementor-widget-call-to-action\" data-id=\"3863e0cf\" data-element_type=\"widget\" data-e-type=\"widget\" data-widget_type=\"call-to-action.default\">\n\t\t\t\t<div class=\"elementor-widget-container\">\n\t\t\t\t\t\t\t<div class=\"elementor-cta\">\n\t\t\t\t\t<div class=\"elementor-cta__bg-wrapper\">\n\t\t\t\t<div class=\"elementor-cta__bg elementor-bg\" style=\"background-image: url();\" role=\"img\" aria-label=\"\"><\/div>\n\t\t\t\t<div class=\"elementor-cta__bg-overlay\"><\/div>\n\t\t\t<\/div>\n\t\t\t\t\t\t\t<div class=\"elementor-cta__content\">\n\t\t\t\t\n\t\t\t\t\t\t\t\t\t<h3 class=\"elementor-cta__title elementor-cta__content-item elementor-content-item\">\n\t\t\t\t\t\tImplants frontaux\t\t\t\t\t<\/h3>\n\t\t\t\t\n\t\t\t\t\t\t\t\t\t<div class=\"elementor-cta__description elementor-cta__content-item elementor-content-item\">\n\t\t\t\t\t\tNous travaillons avec des implants sur mesure en plastique durable.  \t\t\t\t\t<\/div>\n\t\t\t\t\n\t\t\t\t\t\t\t<\/div>\n\t\t\t\t\t\t<\/div>\n\t\t\t\t\t\t<\/div>\n\t\t\t\t<\/div>\n\t\t\t\t\t<\/div>\n\t\t<\/div>\n\t\t\t\t<div class=\"elementor-column elementor-col-50 elementor-inner-column elementor-element elementor-element-4a3a94fd\" data-id=\"4a3a94fd\" data-element_type=\"column\" data-e-type=\"column\">\n\t\t\t<div class=\"elementor-widget-wrap elementor-element-populated\">\n\t\t\t\t\t\t<div class=\"elementor-element elementor-element-5561a8cb elementor-cta--skin-cover elementor-cta--valign-middle elementor-widget elementor-widget-call-to-action\" data-id=\"5561a8cb\" data-element_type=\"widget\" data-e-type=\"widget\" data-widget_type=\"call-to-action.default\">\n\t\t\t\t<div class=\"elementor-widget-container\">\n\t\t\t\t\t\t\t<a class=\"elementor-cta\" href=\"https:\/\/www.yuveo.de\/fr\/op\/tete\/implants-faciaux\/\">\n\t\t\t\t\t<div class=\"elementor-cta__bg-wrapper\">\n\t\t\t\t<div class=\"elementor-cta__bg elementor-bg\" style=\"background-image: url();\" role=\"img\" aria-label=\"\"><\/div>\n\t\t\t\t<div class=\"elementor-cta__bg-overlay\"><\/div>\n\t\t\t<\/div>\n\t\t\t\t\t\t\t<div class=\"elementor-cta__content\">\n\t\t\t\t\n\t\t\t\t\t\t\t\t\t<h3 class=\"elementor-cta__title elementor-cta__content-item elementor-content-item\">\n\t\t\t\t\t\tImplants faciaux\t\t\t\t\t<\/h3>\n\t\t\t\t\n\t\t\t\t\t\t\t\t\t<div class=\"elementor-cta__description elementor-cta__content-item elementor-content-item\">\n\t\t\t\t\t\tLes implants faciaux servent aux corrections esth\u00e9tiques du visage et s'adaptent parfaitement.\t\t\t\t\t<\/div>\n\t\t\t\t\n\t\t\t\t\t\t\t<\/div>\n\t\t\t\t\t\t<\/a>\n\t\t\t\t\t\t<\/div>\n\t\t\t\t<\/div>\n\t\t\t\t\t<\/div>\n\t\t<\/div>\n\t\t\t\t\t<\/div>\n\t\t<\/section>\n\t\t\t\t<section class=\"elementor-section elementor-inner-section elementor-element elementor-element-45373136 elementor-section-boxed elementor-section-height-default elementor-section-height-default\" data-id=\"45373136\" data-element_type=\"section\" data-e-type=\"section\">\n\t\t\t\t\t\t<div class=\"elementor-container elementor-column-gap-default\">\n\t\t\t\t\t<div class=\"elementor-column elementor-col-50 elementor-inner-column elementor-element elementor-element-3df7e1a0\" data-id=\"3df7e1a0\" data-element_type=\"column\" data-e-type=\"column\">\n\t\t\t<div class=\"elementor-widget-wrap elementor-element-populated\">\n\t\t\t\t\t\t<div class=\"elementor-element elementor-element-7eb82b2b elementor-cta--skin-cover elementor-cta--valign-middle elementor-widget elementor-widget-call-to-action\" data-id=\"7eb82b2b\" data-element_type=\"widget\" data-e-type=\"widget\" data-widget_type=\"call-to-action.default\">\n\t\t\t\t<div class=\"elementor-widget-container\">\n\t\t\t\t\t\t\t<a class=\"elementor-cta\" href=\"https:\/\/www.yuveo.de\/fr\/op\/tete\/implants-faciaux\/correction-des-tempes-avec-des-implants\/\">\n\t\t\t\t\t<div class=\"elementor-cta__bg-wrapper\">\n\t\t\t\t<div class=\"elementor-cta__bg elementor-bg\" style=\"background-image: url();\" role=\"img\" aria-label=\"\"><\/div>\n\t\t\t\t<div class=\"elementor-cta__bg-overlay\"><\/div>\n\t\t\t<\/div>\n\t\t\t\t\t\t\t<div class=\"elementor-cta__content\">\n\t\t\t\t\n\t\t\t\t\t\t\t\t\t<h3 class=\"elementor-cta__title elementor-cta__content-item elementor-content-item\">\n\t\t\t\t\t\tImplants temporaux\t\t\t\t\t<\/h3>\n\t\t\t\t\n\t\t\t\t\t\t\t\t\t<div class=\"elementor-cta__description elementor-cta__content-item elementor-content-item\">\n\t\t\t\t\t\tNous pouvons corriger chirurgicalement les tempes affaiss\u00e9es de mani\u00e8re permanente \u00e0 l'aide d'implants temporaux s\u00e9lectionn\u00e9s.\t\t\t\t\t<\/div>\n\t\t\t\t\n\t\t\t\t\t\t\t<\/div>\n\t\t\t\t\t\t<\/a>\n\t\t\t\t\t\t<\/div>\n\t\t\t\t<\/div>\n\t\t\t\t\t<\/div>\n\t\t<\/div>\n\t\t\t\t<div class=\"elementor-column elementor-col-50 elementor-inner-column elementor-element elementor-element-53785483\" data-id=\"53785483\" data-element_type=\"column\" data-e-type=\"column\">\n\t\t\t<div class=\"elementor-widget-wrap elementor-element-populated\">\n\t\t\t\t\t\t<div class=\"elementor-element elementor-element-627ce0f0 elementor-cta--skin-cover elementor-cta--valign-middle elementor-widget elementor-widget-call-to-action\" data-id=\"627ce0f0\" data-element_type=\"widget\" data-e-type=\"widget\" data-widget_type=\"call-to-action.default\">\n\t\t\t\t<div class=\"elementor-widget-container\">\n\t\t\t\t\t\t\t<a class=\"elementor-cta\" href=\"https:\/\/www.yuveo.de\/fr\/op\/tete\/correction-du-menton\/operation-jawline-avec-implants-dangle-mandibulaire\/\">\n\t\t\t\t\t<div class=\"elementor-cta__bg-wrapper\">\n\t\t\t\t<div class=\"elementor-cta__bg elementor-bg\" style=\"background-image: url();\" role=\"img\" aria-label=\"\"><\/div>\n\t\t\t\t<div class=\"elementor-cta__bg-overlay\"><\/div>\n\t\t\t<\/div>\n\t\t\t\t\t\t\t<div class=\"elementor-cta__content\">\n\t\t\t\t\n\t\t\t\t\t\t\t\t\t<h3 class=\"elementor-cta__title elementor-cta__content-item elementor-content-item\">\n\t\t\t\t\t\tOp\u00e9ration Jawline\t\t\t\t\t<\/h3>\n\t\t\t\t\n\t\t\t\t\t\t\t\t\t<div class=\"elementor-cta__description elementor-cta__content-item elementor-content-item\">\n\t\t\t\t\t\tLes patients dont la m\u00e2choire inf\u00e9rieure est proportionnellement petite peuvent tirer un avantage de cette th\u00e9rapie.  \t\t\t\t\t<\/div>\n\t\t\t\t\n\t\t\t\t\t\t\t<\/div>\n\t\t\t\t\t\t<\/a>\n\t\t\t\t\t\t<\/div>\n\t\t\t\t<\/div>\n\t\t\t\t\t<\/div>\n\t\t<\/div>\n\t\t\t\t\t<\/div>\n\t\t<\/section>\n\t\t\t\t\t<\/div>\n\t\t<\/div>\n\t\t\t\t\t<\/div>\n\t\t<\/section>\n\t\t\t\t<section class=\"elementor-section elementor-top-section elementor-element elementor-element-6ee25440 elementor-section-boxed elementor-section-height-default elementor-section-height-default\" data-id=\"6ee25440\" data-element_type=\"section\" data-e-type=\"section\">\n\t\t\t\t\t\t<div class=\"elementor-container elementor-column-gap-default\">\n\t\t\t\t\t<div class=\"elementor-column elementor-col-50 elementor-top-column elementor-element elementor-element-766ce328\" data-id=\"766ce328\" data-element_type=\"column\" data-e-type=\"column\">\n\t\t\t<div class=\"elementor-widget-wrap elementor-element-populated\">\n\t\t\t\t\t\t<div class=\"elementor-element elementor-element-64219d44 elementor-widget elementor-widget-heading\" data-id=\"64219d44\" data-element_type=\"widget\" data-e-type=\"widget\" data-widget_type=\"heading.default\">\n\t\t\t\t<div class=\"elementor-widget-container\">\n\t\t\t\t\t<h2 class=\"elementor-heading-title elementor-size-default\">Correction du front avec des implants frontaux<\/h2>\t\t\t\t<\/div>\n\t\t\t\t<\/div>\n\t\t\t\t<div class=\"elementor-element elementor-element-6f4f1b18 elementor-widget elementor-widget-text-editor\" data-id=\"6f4f1b18\" data-element_type=\"widget\" data-e-type=\"widget\" data-widget_type=\"text-editor.default\">\n\t\t\t\t<div class=\"elementor-widget-container\">\n\t\t\t\t\t\t\t\t\t<p>L&rsquo;op\u00e9ration est pr\u00e9c\u00e9d\u00e9e d&rsquo;une consultation et d&rsquo;une planification approfondies. Nous vous impliquons \u00e9troitement dans les \u00e9tapes essentielles et vous avez d\u00e9j\u00e0 une id\u00e9e de la mani\u00e8re dont l&rsquo;implant s&rsquo;adaptera et modifiera la forme de votre front. <\/p><p>L&rsquo;op\u00e9ration prend environ 2 \u00e0 3 heures et vous recevez une anesth\u00e9sie g\u00e9n\u00e9rale pour cela.<\/p><h3>D\u00e9roulement de l&rsquo;op\u00e9ration<\/h3><p>Nous d\u00e9tachons le cuir chevelu de l&rsquo;os du cr\u00e2ne au niveau du front. Nous pla\u00e7ons ensuite l&rsquo;implant frontal personnalis\u00e9 sur l&rsquo;os et le fixons solidement avec de minuscules vis. <\/p><p>Nous assurons ensuite une suture multicouche esth\u00e9tique et s\u00fbre de la plaie.<\/p><p>Nous vous recommandons de rester une nuit en observation \u00e0 la clinique Yuveo apr\u00e8s l&rsquo;intervention.<\/p>\t\t\t\t\t\t\t\t<\/div>\n\t\t\t\t<\/div>\n\t\t\t\t\t<\/div>\n\t\t<\/div>\n\t\t\t\t<div class=\"elementor-column elementor-col-50 elementor-top-column elementor-element elementor-element-4c4cdf4 parent-sticky\" data-id=\"4c4cdf4\" data-element_type=\"column\" data-e-type=\"column\">\n\t\t\t<div class=\"elementor-widget-wrap elementor-element-populated\">\n\t\t\t\t\t\t<div class=\"elementor-element elementor-element-42c7cc2 titlesticky  elementor-widget elementor-widget-image\" data-id=\"42c7cc2\" data-element_type=\"widget\" data-e-type=\"widget\" data-widget_type=\"image.default\">\n\t\t\t\t<div class=\"elementor-widget-container\">\n\t\t\t\t\t\t\t\t\t\t\t\t\t\t\t<img fetchpriority=\"high\" decoding=\"async\" width=\"700\" height=\"467\" src=\"https:\/\/www.yuveo.de\/wp-content\/uploads\/2022\/10\/dr-schumann-2021-4-2.jpg\" class=\"attachment-large size-large wp-image-40187\" alt=\"Frau, Gesicht, Stirnimplantate\" srcset=\"https:\/\/www.yuveo.de\/wp-content\/uploads\/2022\/10\/dr-schumann-2021-4-2.jpg 700w, https:\/\/www.yuveo.de\/wp-content\/uploads\/2022\/10\/dr-schumann-2021-4-2-300x200.jpg 300w\" sizes=\"(max-width: 700px) 100vw, 700px\" \/>\t\t\t\t\t\t\t\t\t\t\t\t\t\t\t<\/div>\n\t\t\t\t<\/div>\n\t\t\t\t\t<\/div>\n\t\t<\/div>\n\t\t\t\t\t<\/div>\n\t\t<\/section>\n\t\t\t\t<section class=\"elementor-section elementor-top-section elementor-element elementor-element-2693316b elementor-section-boxed elementor-section-height-default elementor-section-height-default\" data-id=\"2693316b\" data-element_type=\"section\" data-e-type=\"section\">\n\t\t\t\t\t\t<div class=\"elementor-container elementor-column-gap-default\">\n\t\t\t\t\t<div class=\"elementor-column elementor-col-50 elementor-top-column elementor-element elementor-element-ae3c90d\" data-id=\"ae3c90d\" data-element_type=\"column\" data-e-type=\"column\">\n\t\t\t<div class=\"elementor-widget-wrap elementor-element-populated\">\n\t\t\t\t\t\t<div class=\"elementor-element elementor-element-5b39f4ea elementor-widget elementor-widget-heading\" data-id=\"5b39f4ea\" data-element_type=\"widget\" data-e-type=\"widget\" data-widget_type=\"heading.default\">\n\t\t\t\t<div class=\"elementor-widget-container\">\n\t\t\t\t\t<h2 class=\"elementor-heading-title elementor-size-default\">Plus de d\u00e9tails sur la correction du front  <\/h2>\t\t\t\t<\/div>\n\t\t\t\t<\/div>\n\t\t\t\t<div class=\"elementor-element elementor-element-74d85e5c elementor-widget elementor-widget-accordion\" data-id=\"74d85e5c\" data-element_type=\"widget\" data-e-type=\"widget\" data-widget_type=\"accordion.default\">\n\t\t\t\t<div class=\"elementor-widget-container\">\n\t\t\t\t\t\t\t<div class=\"elementor-accordion\">\n\t\t\t\t\t\t\t<div class=\"elementor-accordion-item\">\n\t\t\t\t\t<h3 id=\"elementor-tab-title-1961\" class=\"elementor-tab-title\" data-tab=\"1\" role=\"button\" aria-controls=\"elementor-tab-content-1961\" aria-expanded=\"false\">\n\t\t\t\t\t\t\t\t\t\t\t\t\t<span class=\"elementor-accordion-icon elementor-accordion-icon-left\" aria-hidden=\"true\">\n\t\t\t\t\t\t\t\t\t\t\t\t\t\t\t<span class=\"elementor-accordion-icon-closed\"><i class=\"fas fa-plus\"><\/i><\/span>\n\t\t\t\t\t\t\t\t<span class=\"elementor-accordion-icon-opened\"><i class=\"fas fa-minus\"><\/i><\/span>\n\t\t\t\t\t\t\t\t\t\t\t\t\t\t<\/span>\n\t\t\t\t\t\t\t\t\t\t\t\t<a class=\"elementor-accordion-title\" tabindex=\"0\">Consultation d\u00e9taill\u00e9e avant l'op\u00e9ration<\/a>\n\t\t\t\t\t<\/h3>\n\t\t\t\t\t<div id=\"elementor-tab-content-1961\" class=\"elementor-tab-content elementor-clearfix\" data-tab=\"1\" role=\"region\" aria-labelledby=\"elementor-tab-title-1961\"><p>Lors de notre entretien personnel \u00e0 la clinique, vous avez la possibilit\u00e9 de nous exposer vos souhaits concernant la correction du front et de nous poser des questions sur l&rsquo;intervention.<\/p>\n<p>Notre approche comprend une anamn\u00e8se approfondie, un examen clinique et un diagnostic par imagerie.<\/p>\n<p>Sur la base de ces faits, l&rsquo;implant est fabriqu\u00e9 pour vous.<\/p>\n<p>Nos chirurgiens plasticiens vous expliquent bien entendu les variantes de la m\u00e9thode op\u00e9ratoire, les risques et les complications ainsi que le d\u00e9roulement de l&rsquo;op\u00e9ration.<\/p>\n<p>En outre, notre \u00e9quipe d&rsquo;anesth\u00e9sie vous informera sur l&rsquo;anesth\u00e9sie g\u00e9n\u00e9rale.<\/p>\n<\/div>\n\t\t\t\t<\/div>\n\t\t\t\t\t\t\t<div class=\"elementor-accordion-item\">\n\t\t\t\t\t<h3 id=\"elementor-tab-title-1962\" class=\"elementor-tab-title\" data-tab=\"2\" role=\"button\" aria-controls=\"elementor-tab-content-1962\" aria-expanded=\"false\">\n\t\t\t\t\t\t\t\t\t\t\t\t\t<span class=\"elementor-accordion-icon elementor-accordion-icon-left\" aria-hidden=\"true\">\n\t\t\t\t\t\t\t\t\t\t\t\t\t\t\t<span class=\"elementor-accordion-icon-closed\"><i class=\"fas fa-plus\"><\/i><\/span>\n\t\t\t\t\t\t\t\t<span class=\"elementor-accordion-icon-opened\"><i class=\"fas fa-minus\"><\/i><\/span>\n\t\t\t\t\t\t\t\t\t\t\t\t\t\t<\/span>\n\t\t\t\t\t\t\t\t\t\t\t\t<a class=\"elementor-accordion-title\" tabindex=\"0\">Conditions pr\u00e9alables \u00e0 cette intervention<\/a>\n\t\t\t\t\t<\/h3>\n\t\t\t\t\t<div id=\"elementor-tab-content-1962\" class=\"elementor-tab-content elementor-clearfix\" data-tab=\"2\" role=\"region\" aria-labelledby=\"elementor-tab-title-1962\"><p>Si vous souhaitez faire corriger esth\u00e9tiquement votre front fuyant \u00e0 l&rsquo;aide d&rsquo;un implant, vous devez remplir les conditions suivantes :<\/p>\n<ul>\n<li>sant\u00e9 physique g\u00e9n\u00e9rale<\/li>\n<li>\u00c2ge minimum : 18 ans<\/li>\n<li>Avantageux : cheveux \u00e9pais sur la t\u00eate<\/li>\n<li>Visage et cr\u00e2ne sans ant\u00e9c\u00e9dents m\u00e9dicaux<\/li>\n<li>un tissu conjonctif sain<\/li>\n<\/ul>\n<\/div>\n\t\t\t\t<\/div>\n\t\t\t\t\t\t\t<div class=\"elementor-accordion-item\">\n\t\t\t\t\t<h3 id=\"elementor-tab-title-1963\" class=\"elementor-tab-title\" data-tab=\"3\" role=\"button\" aria-controls=\"elementor-tab-content-1963\" aria-expanded=\"false\">\n\t\t\t\t\t\t\t\t\t\t\t\t\t<span class=\"elementor-accordion-icon elementor-accordion-icon-left\" aria-hidden=\"true\">\n\t\t\t\t\t\t\t\t\t\t\t\t\t\t\t<span class=\"elementor-accordion-icon-closed\"><i class=\"fas fa-plus\"><\/i><\/span>\n\t\t\t\t\t\t\t\t<span class=\"elementor-accordion-icon-opened\"><i class=\"fas fa-minus\"><\/i><\/span>\n\t\t\t\t\t\t\t\t\t\t\t\t\t\t<\/span>\n\t\t\t\t\t\t\t\t\t\t\t\t<a class=\"elementor-accordion-title\" tabindex=\"0\">Am\u00e9liorer l'apparence avec des implants frontaux<\/a>\n\t\t\t\t\t<\/h3>\n\t\t\t\t\t<div id=\"elementor-tab-content-1963\" class=\"elementor-tab-content elementor-clearfix\" data-tab=\"3\" role=\"region\" aria-labelledby=\"elementor-tab-title-1963\"><p>Chacun d&rsquo;entre vous a une forme de visage qui lui est propre. Nous nous y adaptons lors de votre traitement et corrigeons votre front fuyant avec des implants personnalis\u00e9s. <\/p>\n<p>Elles sont fabriqu\u00e9es en plastique selon une planification au millim\u00e8tre pr\u00e8s.<\/p>\n<\/div>\n\t\t\t\t<\/div>\n\t\t\t\t\t\t\t<div class=\"elementor-accordion-item\">\n\t\t\t\t\t<h3 id=\"elementor-tab-title-1964\" class=\"elementor-tab-title\" data-tab=\"4\" role=\"button\" aria-controls=\"elementor-tab-content-1964\" aria-expanded=\"false\">\n\t\t\t\t\t\t\t\t\t\t\t\t\t<span class=\"elementor-accordion-icon elementor-accordion-icon-left\" aria-hidden=\"true\">\n\t\t\t\t\t\t\t\t\t\t\t\t\t\t\t<span class=\"elementor-accordion-icon-closed\"><i class=\"fas fa-plus\"><\/i><\/span>\n\t\t\t\t\t\t\t\t<span class=\"elementor-accordion-icon-opened\"><i class=\"fas fa-minus\"><\/i><\/span>\n\t\t\t\t\t\t\t\t\t\t\t\t\t\t<\/span>\n\t\t\t\t\t\t\t\t\t\t\t\t<a class=\"elementor-accordion-title\" tabindex=\"0\">Sympt\u00f4mes possibles apr\u00e8s l'op\u00e9ration<\/a>\n\t\t\t\t\t<\/h3>\n\t\t\t\t\t<div id=\"elementor-tab-content-1964\" class=\"elementor-tab-content elementor-clearfix\" data-tab=\"4\" role=\"region\" aria-labelledby=\"elementor-tab-title-1964\"><p>Apr\u00e8s l&rsquo;intervention, un gonflement est \u00e0 pr\u00e9voir dans la zone de l&rsquo;op\u00e9ration. Cela peut provoquer une l\u00e9g\u00e8re douleur et une sensation de tension. De l&rsquo;eau se forme \u00e0 cet endroit apr\u00e8s l&rsquo;intervention, mais elle dispara\u00eet au bout de quelques jours.  <\/p>\n<\/div>\n\t\t\t\t<\/div>\n\t\t\t\t\t\t\t<div class=\"elementor-accordion-item\">\n\t\t\t\t\t<h3 id=\"elementor-tab-title-1965\" class=\"elementor-tab-title\" data-tab=\"5\" role=\"button\" aria-controls=\"elementor-tab-content-1965\" aria-expanded=\"false\">\n\t\t\t\t\t\t\t\t\t\t\t\t\t<span class=\"elementor-accordion-icon elementor-accordion-icon-left\" aria-hidden=\"true\">\n\t\t\t\t\t\t\t\t\t\t\t\t\t\t\t<span class=\"elementor-accordion-icon-closed\"><i class=\"fas fa-plus\"><\/i><\/span>\n\t\t\t\t\t\t\t\t<span class=\"elementor-accordion-icon-opened\"><i class=\"fas fa-minus\"><\/i><\/span>\n\t\t\t\t\t\t\t\t\t\t\t\t\t\t<\/span>\n\t\t\t\t\t\t\t\t\t\t\t\t<a class=\"elementor-accordion-title\" tabindex=\"0\">Suivi de la correction du front avec des implants frontaux<\/a>\n\t\t\t\t\t<\/h3>\n\t\t\t\t\t<div id=\"elementor-tab-content-1965\" class=\"elementor-tab-content elementor-clearfix\" data-tab=\"5\" role=\"region\" aria-labelledby=\"elementor-tab-title-1965\"><p>Nous vous fournissons des analg\u00e9siques d\u00e9congestionnants qui soulagent les douleurs qui apparaissent.<\/p>\n<p>Nous vous appliquons un bandage sur la t\u00eate qui sert \u00e0 limiter l&rsquo;enflure.<\/p>\n<p>En outre, on vous fournira des compresses r\u00e9frig\u00e9rantes qui vous permettront de refroidir votre front pendant quelques heures.<\/p>\n<p>Nous vous informons \u00e9galement sur le repos physique et d&rsquo;autres d\u00e9tails apr\u00e8s la <a href=\"https:\/\/dev.yuveo.eu\/op\/kopf\/stirnkorrektur\/\" target=\"_blank\" rel=\"noopener\">correction du front<\/a>.<\/p>\n<\/div>\n\t\t\t\t<\/div>\n\t\t\t\t\t\t\t<div class=\"elementor-accordion-item\">\n\t\t\t\t\t<h3 id=\"elementor-tab-title-1966\" class=\"elementor-tab-title\" data-tab=\"6\" role=\"button\" aria-controls=\"elementor-tab-content-1966\" aria-expanded=\"false\">\n\t\t\t\t\t\t\t\t\t\t\t\t\t<span class=\"elementor-accordion-icon elementor-accordion-icon-left\" aria-hidden=\"true\">\n\t\t\t\t\t\t\t\t\t\t\t\t\t\t\t<span class=\"elementor-accordion-icon-closed\"><i class=\"fas fa-plus\"><\/i><\/span>\n\t\t\t\t\t\t\t\t<span class=\"elementor-accordion-icon-opened\"><i class=\"fas fa-minus\"><\/i><\/span>\n\t\t\t\t\t\t\t\t\t\t\t\t\t\t<\/span>\n\t\t\t\t\t\t\t\t\t\t\t\t<a class=\"elementor-accordion-title\" tabindex=\"0\">Complications apr\u00e8s cette op\u00e9ration<\/a>\n\t\t\t\t\t<\/h3>\n\t\t\t\t\t<div id=\"elementor-tab-content-1966\" class=\"elementor-tab-content elementor-clearfix\" data-tab=\"6\" role=\"region\" aria-labelledby=\"elementor-tab-title-1966\"><p>Comme pour toute intervention chirurgicale, des infections, des saignements postop\u00e9ratoires ou une g\u00eane due \u00e0 l&rsquo;anesth\u00e9sie peuvent survenir.<\/p>\n<h4>Vous en saurez plus en lisant ce qui suit :<\/h4>\n<ul>\n<li>Des gonflements de dur\u00e9e variable peuvent appara\u00eetre.<\/li>\n<li>Il est fr\u00e9quent que la sensation de la zone op\u00e9ratoire soit limit\u00e9e dans le temps.<\/li>\n<li>Rarement, les nerfs sensitifs peuvent \u00eatre bless\u00e9s.<\/li>\n<li>Les cicatrices peuvent \u00eatre plus visibles dans certains cas. La perte \u00e9ventuelle de cheveux est prise en compte. Une correction ult\u00e9rieure est parfois souhaitable.  <\/li>\n<\/ul>\n<\/div>\n\t\t\t\t<\/div>\n\t\t\t\t\t\t\t\t<\/div>\n\t\t\t\t\t\t<\/div>\n\t\t\t\t<\/div>\n\t\t\t\t\t<\/div>\n\t\t<\/div>\n\t\t\t\t<div class=\"elementor-column elementor-col-50 elementor-top-column elementor-element elementor-element-2048c057 parent-sticky\" data-id=\"2048c057\" data-element_type=\"column\" data-e-type=\"column\">\n\t\t\t<div class=\"elementor-widget-wrap elementor-element-populated\">\n\t\t\t\t\t\t<div class=\"elementor-element elementor-element-76efd5a3 elementor-widget elementor-widget-heading\" data-id=\"76efd5a3\" data-element_type=\"widget\" data-e-type=\"widget\" data-widget_type=\"heading.default\">\n\t\t\t\t<div class=\"elementor-widget-container\">\n\t\t\t\t\t<h2 class=\"elementor-heading-title elementor-size-default\">Faits<\/h2>\t\t\t\t<\/div>\n\t\t\t\t<\/div>\n\t\t\t\t<div class=\"elementor-element elementor-element-370b8494 titlesticky  elementor-widget elementor-widget-text-editor\" data-id=\"370b8494\" data-element_type=\"widget\" data-e-type=\"widget\" data-widget_type=\"text-editor.default\">\n\t\t\t\t<div class=\"elementor-widget-container\">\n\t\t\t\t\t\t\t\t\t<ul><li><strong>Praticien : <\/strong>Dr. Rene Schumann<strong><br><\/strong><\/li><li><strong>Dur\u00e9e du traitement :<br><\/strong> environ 2 \u00e0 3 heures<\/li><li><strong>Anesth\u00e9sie :<br><\/strong> Anesth\u00e9sie g\u00e9n\u00e9rale<\/li><li><strong>S\u00e9jour en clinique :<\/strong> <br>Hospitalisation de nuit<\/li><li><strong>Traitement postop\u00e9ratoire :<\/strong> <br>bandage de la t\u00eate, analg\u00e9sique, refroidissement, fils auto-dissolvants, retrait des agrafes apr\u00e8s 3 semaines  <\/li><\/ul>\t\t\t\t\t\t\t\t<\/div>\n\t\t\t\t<\/div>\n\t\t\t\t\t<\/div>\n\t\t<\/div>\n\t\t\t\t\t<\/div>\n\t\t<\/section>\n\t\t\t\t<section class=\"elementor-section elementor-top-section elementor-element elementor-element-4b9b51db elementor-reverse-mobile elementor-section-boxed elementor-section-height-default elementor-section-height-default\" data-id=\"4b9b51db\" data-element_type=\"section\" data-e-type=\"section\">\n\t\t\t\t\t\t<div class=\"elementor-container elementor-column-gap-default\">\n\t\t\t\t\t<div class=\"elementor-column elementor-col-50 elementor-top-column elementor-element elementor-element-4b8a65d\" data-id=\"4b8a65d\" data-element_type=\"column\" data-e-type=\"column\">\n\t\t\t<div class=\"elementor-widget-wrap elementor-element-populated\">\n\t\t\t\t\t\t<div class=\"elementor-element elementor-element-5aea538c elementor-widget elementor-widget-heading\" data-id=\"5aea538c\" data-element_type=\"widget\" data-e-type=\"widget\" data-widget_type=\"heading.default\">\n\t\t\t\t<div class=\"elementor-widget-container\">\n\t\t\t\t\t<h2 class=\"elementor-heading-title elementor-size-default\">Plus d'informations sur la chirurgie implantaire du visage<\/h2>\t\t\t\t<\/div>\n\t\t\t\t<\/div>\n\t\t\t\t<div class=\"elementor-element elementor-element-10630128 elementor-widget elementor-widget-text-editor\" data-id=\"10630128\" data-element_type=\"widget\" data-e-type=\"widget\" data-widget_type=\"text-editor.default\">\n\t\t\t\t<div class=\"elementor-widget-container\">\n\t\t\t\t\t\t\t\t\t<p><a href=\"https:\/\/dev.yuveo.eu\/op\/kopf\/gesichtsimplantate\/\" target=\"_blank\" rel=\"noopener\">Implants faciaux<\/a><\/p><p><a href=\"https:\/\/dev.yuveo.eu\/op\/kopf\/facelifting\/schlaefenkorrektur\/\" target=\"_blank\" rel=\"noopener\">Correction des tempes<\/a><\/p><p><a href=\"https:\/\/dev.yuveo.eu\/op\/kopf\/gesichtsimplantate\/traenenrinnenimplantate-bei-augenringen-unterlidimplantate\/\" target=\"_blank\" rel=\"noopener\">Implant de goutti\u00e8re lacrymale<\/a><\/p><p><a href=\"https:\/\/dev.yuveo.eu\/op\/kopf\/schaedelkorrektur-mit-schaedelimplantaten-nach-mass\/\" target=\"_blank\" rel=\"noopener\">Implant cr\u00e2nien<\/a><\/p><p><a href=\"https:\/\/dev.yuveo.eu\/op\/kopf\/hinterkopfimplantate\/\" target=\"_blank\" rel=\"noopener\">Implant occipital<\/a><\/p><p><a href=\"https:\/\/dev.yuveo.eu\/op\/kopf\/kinnkorrektur\/jawline-operation-mit-unterkieferwinkel-implantaten\/\" target=\"_blank\" rel=\"noopener\">Implant angulaire mandibulaire<\/a><\/p><p><a href=\"https:\/\/dev.yuveo.eu\/op\/kopf\/kinnkorrektur\/jawline-operation-mit-unterkieferwinkel-implantaten\/\" target=\"_blank\" rel=\"noopener\">Op\u00e9ration Jawline<\/a><\/p><p><a href=\"https:\/\/dev.yuveo.eu\/lexikon\/wangenimplantate\/\" target=\"_blank\" rel=\"noopener\">Implant de joue<\/a><\/p>\t\t\t\t\t\t\t\t<\/div>\n\t\t\t\t<\/div>\n\t\t\t\t\t<\/div>\n\t\t<\/div>\n\t\t\t\t<div class=\"elementor-column elementor-col-50 elementor-top-column elementor-element elementor-element-765897bb\" data-id=\"765897bb\" data-element_type=\"column\" data-e-type=\"column\">\n\t\t\t<div class=\"elementor-widget-wrap elementor-element-populated\">\n\t\t\t\t\t\t<div class=\"elementor-element elementor-element-1d0df1e4 elementor-widget elementor-widget-image\" data-id=\"1d0df1e4\" data-element_type=\"widget\" data-e-type=\"widget\" data-widget_type=\"image.default\">\n\t\t\t\t<div class=\"elementor-widget-container\">\n\t\t\t\t\t\t\t\t\t\t\t\t\t\t\t<img decoding=\"async\" width=\"800\" height=\"534\" src=\"https:\/\/www.yuveo.de\/wp-content\/uploads\/2022\/10\/shutterstock_1152798965-1024x683.jpg\" class=\"attachment-large size-large wp-image-40186\" alt=\"Familie, Thema Stirnimplantate\" srcset=\"https:\/\/www.yuveo.de\/wp-content\/uploads\/2022\/10\/shutterstock_1152798965-1024x683.jpg 1024w, https:\/\/www.yuveo.de\/wp-content\/uploads\/2022\/10\/shutterstock_1152798965-300x200.jpg 300w, https:\/\/www.yuveo.de\/wp-content\/uploads\/2022\/10\/shutterstock_1152798965-768x512.jpg 768w, https:\/\/www.yuveo.de\/wp-content\/uploads\/2022\/10\/shutterstock_1152798965-1536x1024.jpg 1536w, https:\/\/www.yuveo.de\/wp-content\/uploads\/2022\/10\/shutterstock_1152798965-2048x1365.jpg 2048w\" sizes=\"(max-width: 800px) 100vw, 800px\" \/>\t\t\t\t\t\t\t\t\t\t\t\t\t\t\t<\/div>\n\t\t\t\t<\/div>\n\t\t\t\t\t<\/div>\n\t\t<\/div>\n\t\t\t\t\t<\/div>\n\t\t<\/section>\n\t\t\t\t<\/div>\n\t\t","protected":false},"excerpt":{"rendered":"<p>Les implants frontaux sont b\u00e9n\u00e9fiques pour les personnes ayant ce que l&rsquo;on appelle un \u00ab\u00a0front fuyant\u00a0\u00bb, qui essaient g\u00e9n\u00e9ralement de couvrir leur front avec leurs cheveux. La plupart du temps, l&rsquo;insatisfaction vis-\u00e0-vis de l&rsquo;esth\u00e9tique du visage persiste. En g\u00e9n\u00e9ral, la personne \u00e9vite de se faire photographier parce que c&rsquo;est d\u00e9sagr\u00e9able. De plus, chez les hommes, [&hellip;]<\/p>\n","protected":false},"author":1,"featured_media":0,"parent":40585,"menu_order":0,"comment_status":"closed","ping_status":"closed","template":"","meta":{"_acf_changed":false,"footnotes":""},"class_list":["post-40184","page","type-page","status-publish","hentry"],"acf":[],"_links":{"self":[{"href":"https:\/\/www.yuveo.de\/fr\/wp-json\/wp\/v2\/pages\/40184","targetHints":{"allow":["GET"]}}],"collection":[{"href":"https:\/\/www.yuveo.de\/fr\/wp-json\/wp\/v2\/pages"}],"about":[{"href":"https:\/\/www.yuveo.de\/fr\/wp-json\/wp\/v2\/types\/page"}],"author":[{"embeddable":true,"href":"https:\/\/www.yuveo.de\/fr\/wp-json\/wp\/v2\/users\/1"}],"replies":[{"embeddable":true,"href":"https:\/\/www.yuveo.de\/fr\/wp-json\/wp\/v2\/comments?post=40184"}],"version-history":[{"count":8,"href":"https:\/\/www.yuveo.de\/fr\/wp-json\/wp\/v2\/pages\/40184\/revisions"}],"predecessor-version":[{"id":42964,"href":"https:\/\/www.yuveo.de\/fr\/wp-json\/wp\/v2\/pages\/40184\/revisions\/42964"}],"up":[{"embeddable":true,"href":"https:\/\/www.yuveo.de\/fr\/wp-json\/wp\/v2\/pages\/40585"}],"wp:attachment":[{"href":"https:\/\/www.yuveo.de\/fr\/wp-json\/wp\/v2\/media?parent=40184"}],"curies":[{"name":"wp","href":"https:\/\/api.w.org\/{rel}","templated":true}]}}